{"id":972,"date":"2025-03-10T14:25:21","date_gmt":"2025-03-10T13:25:21","guid":{"rendered":"https:\/\/www.luxurylivingmarbella.com\/areas\/marbella"},"modified":"2025-03-15T13:59:05","modified_gmt":"2025-03-15T12:59:05","slug":"marbella","status":"publish","type":"page","link":"https:\/\/www.luxurylivingmarbella.com\/es\/areas\/marbella","title":{"rendered":"Marbella"},"content":{"rendered":"\n<div class=\"wp-block-group has-global-padding is-layout-constrained wp-block-group-is-layout-constrained\">\n<h1 class=\"wp-block-heading\">propiedades en venta en Marbella<\/h1>\n\n\n\t<div class=\"wpb--card-container\">\r\n\t\t<div class=\"wpb--card wpb--card-reduced\">\n\t<div class=\"wpb--aspect-box wpb--portrait\">\n\t\t<div class=\"wpb--overflow-hidden\">\n\t\t\t\t\t\t\t\t\t<div class=\"f-carousel\">\n\t\t\t\t\t\t\t\t<div class=\"f-carousel__slide\">\n\t\t\t\t\t<img decoding=\"async\" class=\"wpb--image-fit\" loading=\"lazy\" src=\"https:\/\/www.luxurylivingmarbella.com\/wp-content\/uploads\/inmoba\/thumb-sale-1.5-exact-696980-0.webp\" alt=\"Una Finca Contempor\u00e1nea Ic\u00f3nica con Vistas Panor\u00e1micas al Mar y la Monta\u00f1a en Sierra Blanca\" \/>\n\t\t\t\t<\/div>\n\t\t\t\t\t\t\t\t<div class=\"f-carousel__slide\">\n\t\t\t\t\t<img class=\"wpb--image-fit\" loading=\"lazy\" data-lazy-src=\"https:\/\/www.luxurylivingmarbella.com\/wp-content\/uploads\/inmoba\/thumb-sale-1.5-exact-696980-1.webp\" alt=\"Una Finca Contempor\u00e1nea Ic\u00f3nica con Vistas Panor\u00e1micas al Mar y la Monta\u00f1a en Sierra Blanca\" \/>\n\t\t\t\t<\/div>\n\t\t\t\t\t\t\t\t<div class=\"f-carousel__slide\">\n\t\t\t\t\t<img class=\"wpb--image-fit\" loading=\"lazy\" data-lazy-src=\"https:\/\/www.luxurylivingmarbella.com\/wp-content\/uploads\/inmoba\/thumb-sale-1.5-exact-696980-2.webp\" alt=\"Una Finca Contempor\u00e1nea Ic\u00f3nica con Vistas Panor\u00e1micas al Mar y la Monta\u00f1a en Sierra Blanca\" \/>\n\t\t\t\t<\/div>\n\t\t\t\t\t\t\t\t<div class=\"f-carousel__slide\">\n\t\t\t\t\t<img class=\"wpb--image-fit\" loading=\"lazy\" data-lazy-src=\"https:\/\/www.luxurylivingmarbella.com\/wp-content\/uploads\/inmoba\/thumb-sale-1.5-exact-696980-3.webp\" alt=\"Una Finca Contempor\u00e1nea Ic\u00f3nica con Vistas Panor\u00e1micas al Mar y la Monta\u00f1a en Sierra Blanca\" \/>\n\t\t\t\t<\/div>\n\t\t\t\t\t\t\t\t<div class=\"f-carousel__slide\">\n\t\t\t\t\t<img class=\"wpb--image-fit\" loading=\"lazy\" data-lazy-src=\"https:\/\/www.luxurylivingmarbella.com\/wp-content\/uploads\/inmoba\/thumb-sale-1.5-exact-696980-4.webp\" alt=\"Una Finca Contempor\u00e1nea Ic\u00f3nica con Vistas Panor\u00e1micas al Mar y la Monta\u00f1a en Sierra Blanca\" \/>\n\t\t\t\t<\/div>\n\t\t\t\t\t\t\t\t<div class=\"f-carousel__slide\">\n\t\t\t\t\t<img class=\"wpb--image-fit\" loading=\"lazy\" data-lazy-src=\"https:\/\/www.luxurylivingmarbella.com\/wp-content\/uploads\/inmoba\/thumb-sale-1.5-exact-696980-5.webp\" alt=\"Una Finca Contempor\u00e1nea Ic\u00f3nica con Vistas Panor\u00e1micas al Mar y la Monta\u00f1a en Sierra Blanca\" \/>\n\t\t\t\t<\/div>\n\t\t\t\t\t\t\t\t<div class=\"f-carousel__slide\">\n\t\t\t\t\t<img class=\"wpb--image-fit\" loading=\"lazy\" data-lazy-src=\"https:\/\/www.luxurylivingmarbella.com\/wp-content\/uploads\/inmoba\/thumb-sale-1.5-exact-696980-6.webp\" alt=\"Una Finca Contempor\u00e1nea Ic\u00f3nica con Vistas Panor\u00e1micas al Mar y la Monta\u00f1a en Sierra Blanca\" \/>\n\t\t\t\t<\/div>\n\t\t\t\t\t\t\t\t<div class=\"f-carousel__slide\">\n\t\t\t\t\t<img class=\"wpb--image-fit\" loading=\"lazy\" data-lazy-src=\"https:\/\/www.luxurylivingmarbella.com\/wp-content\/uploads\/inmoba\/thumb-sale-1.5-exact-696980-7.webp\" alt=\"Una Finca Contempor\u00e1nea Ic\u00f3nica con Vistas Panor\u00e1micas al Mar y la Monta\u00f1a en Sierra Blanca\" \/>\n\t\t\t\t<\/div>\n\t\t\t\t\t\t\t\t<div class=\"f-carousel__slide\">\n\t\t\t\t\t<img class=\"wpb--image-fit\" loading=\"lazy\" data-lazy-src=\"https:\/\/www.luxurylivingmarbella.com\/wp-content\/uploads\/inmoba\/thumb-sale-1.5-exact-696980-8.webp\" alt=\"Una Finca Contempor\u00e1nea Ic\u00f3nica con Vistas Panor\u00e1micas al Mar y la Monta\u00f1a en Sierra Blanca\" \/>\n\t\t\t\t<\/div>\n\t\t\t\t\t\t\t\t<div class=\"f-carousel__slide\">\n\t\t\t\t\t<img class=\"wpb--image-fit\" loading=\"lazy\" data-lazy-src=\"https:\/\/www.luxurylivingmarbella.com\/wp-content\/uploads\/inmoba\/thumb-sale-1.5-exact-696980-9.webp\" alt=\"Una Finca Contempor\u00e1nea Ic\u00f3nica con Vistas Panor\u00e1micas al Mar y la Monta\u00f1a en Sierra Blanca\" \/>\n\t\t\t\t<\/div>\n\t\t\t\t\t\t\t\t<div class=\"f-carousel__slide\">\n\t\t\t\t\t<img class=\"wpb--image-fit\" loading=\"lazy\" data-lazy-src=\"https:\/\/www.luxurylivingmarbella.com\/wp-content\/uploads\/inmoba\/thumb-sale-1.5-exact-696980-10.webp\" alt=\"Una Finca Contempor\u00e1nea Ic\u00f3nica con Vistas Panor\u00e1micas al Mar y la Monta\u00f1a en Sierra Blanca\" \/>\n\t\t\t\t<\/div>\n\t\t\t\t\t\t\t\t<div class=\"f-carousel__slide\">\n\t\t\t\t\t<img class=\"wpb--image-fit\" loading=\"lazy\" data-lazy-src=\"https:\/\/www.luxurylivingmarbella.com\/wp-content\/uploads\/inmoba\/thumb-sale-1.5-exact-696980-11.webp\" alt=\"Una Finca Contempor\u00e1nea Ic\u00f3nica con Vistas Panor\u00e1micas al Mar y la Monta\u00f1a en Sierra Blanca\" \/>\n\t\t\t\t<\/div>\n\t\t\t\t\t\t\t\t<div class=\"f-carousel__slide\">\n\t\t\t\t\t<img class=\"wpb--image-fit\" loading=\"lazy\" data-lazy-src=\"https:\/\/www.luxurylivingmarbella.com\/wp-content\/uploads\/inmoba\/thumb-sale-1.5-exact-696980-12.webp\" alt=\"Una Finca Contempor\u00e1nea Ic\u00f3nica con Vistas Panor\u00e1micas al Mar y la Monta\u00f1a en Sierra Blanca\" \/>\n\t\t\t\t<\/div>\n\t\t\t\t\t\t\t\t<div class=\"f-carousel__slide\">\n\t\t\t\t\t<img class=\"wpb--image-fit\" loading=\"lazy\" data-lazy-src=\"https:\/\/www.luxurylivingmarbella.com\/wp-content\/uploads\/inmoba\/thumb-sale-1.5-exact-696980-13.webp\" alt=\"Una Finca Contempor\u00e1nea Ic\u00f3nica con Vistas Panor\u00e1micas al Mar y la Monta\u00f1a en Sierra Blanca\" \/>\n\t\t\t\t<\/div>\n\t\t\t\t\t\t\t\t<div class=\"f-carousel__slide\">\n\t\t\t\t\t<img class=\"wpb--image-fit\" loading=\"lazy\" data-lazy-src=\"https:\/\/www.luxurylivingmarbella.com\/wp-content\/uploads\/inmoba\/thumb-sale-1.5-exact-696980-14.webp\" alt=\"Una Finca Contempor\u00e1nea Ic\u00f3nica con Vistas Panor\u00e1micas al Mar y la Monta\u00f1a en Sierra Blanca\" \/>\n\t\t\t\t<\/div>\n\t\t\t\t\t\t\t\t<div class=\"f-carousel__slide\">\n\t\t\t\t\t<img class=\"wpb--image-fit\" loading=\"lazy\" data-lazy-src=\"https:\/\/www.luxurylivingmarbella.com\/wp-content\/uploads\/inmoba\/thumb-sale-1.5-exact-696980-15.webp\" alt=\"Una Finca Contempor\u00e1nea Ic\u00f3nica con Vistas Panor\u00e1micas al Mar y la Monta\u00f1a en Sierra Blanca\" \/>\n\t\t\t\t<\/div>\n\t\t\t\t\t\t\t\t<div class=\"f-carousel__slide\">\n\t\t\t\t\t<img class=\"wpb--image-fit\" loading=\"lazy\" data-lazy-src=\"https:\/\/www.luxurylivingmarbella.com\/wp-content\/uploads\/inmoba\/thumb-sale-1.5-exact-696980-16.webp\" alt=\"Una Finca Contempor\u00e1nea Ic\u00f3nica con Vistas Panor\u00e1micas al Mar y la Monta\u00f1a en Sierra Blanca\" \/>\n\t\t\t\t<\/div>\n\t\t\t\t\t\t\t\t<div class=\"f-carousel__slide\">\n\t\t\t\t\t<img class=\"wpb--image-fit\" loading=\"lazy\" data-lazy-src=\"https:\/\/www.luxurylivingmarbella.com\/wp-content\/uploads\/inmoba\/thumb-sale-1.5-exact-696980-17.webp\" alt=\"Una Finca Contempor\u00e1nea Ic\u00f3nica con Vistas Panor\u00e1micas al Mar y la Monta\u00f1a en Sierra Blanca\" \/>\n\t\t\t\t<\/div>\n\t\t\t\t\t\t\t\t<div class=\"f-carousel__slide\">\n\t\t\t\t\t<img class=\"wpb--image-fit\" loading=\"lazy\" data-lazy-src=\"https:\/\/www.luxurylivingmarbella.com\/wp-content\/uploads\/inmoba\/thumb-sale-1.5-exact-696980-18.webp\" alt=\"Una Finca Contempor\u00e1nea Ic\u00f3nica con Vistas Panor\u00e1micas al Mar y la Monta\u00f1a en Sierra Blanca\" \/>\n\t\t\t\t<\/div>\n\t\t\t\t\t\t\t\t<div class=\"f-carousel__slide\">\n\t\t\t\t\t<img class=\"wpb--image-fit\" loading=\"lazy\" data-lazy-src=\"https:\/\/www.luxurylivingmarbella.com\/wp-content\/uploads\/inmoba\/thumb-sale-1.5-exact-696980-19.webp\" alt=\"Una Finca Contempor\u00e1nea Ic\u00f3nica con Vistas Panor\u00e1micas al Mar y la Monta\u00f1a en Sierra Blanca\" \/>\n\t\t\t\t<\/div>\n\t\t\t\t\t\t\t\t<div class=\"f-carousel__slide\">\n\t\t\t\t\t<img class=\"wpb--image-fit\" loading=\"lazy\" data-lazy-src=\"https:\/\/www.luxurylivingmarbella.com\/wp-content\/uploads\/inmoba\/thumb-sale-1.5-exact-696980-20.webp\" alt=\"Una Finca Contempor\u00e1nea Ic\u00f3nica con Vistas Panor\u00e1micas al Mar y la Monta\u00f1a en Sierra Blanca\" \/>\n\t\t\t\t<\/div>\n\t\t\t\t\t\t\t\t<div class=\"f-carousel__slide\">\n\t\t\t\t\t<img class=\"wpb--image-fit\" loading=\"lazy\" data-lazy-src=\"https:\/\/www.luxurylivingmarbella.com\/wp-content\/uploads\/inmoba\/thumb-sale-1.5-exact-696980-21.webp\" alt=\"Una Finca Contempor\u00e1nea Ic\u00f3nica con Vistas Panor\u00e1micas al Mar y la Monta\u00f1a en Sierra Blanca\" \/>\n\t\t\t\t<\/div>\n\t\t\t\t\t\t\t\t<div class=\"f-carousel__slide\">\n\t\t\t\t\t<img class=\"wpb--image-fit\" loading=\"lazy\" data-lazy-src=\"https:\/\/www.luxurylivingmarbella.com\/wp-content\/uploads\/inmoba\/thumb-sale-1.5-exact-696980-22.webp\" alt=\"Una Finca Contempor\u00e1nea Ic\u00f3nica con Vistas Panor\u00e1micas al Mar y la Monta\u00f1a en Sierra Blanca\" \/>\n\t\t\t\t<\/div>\n\t\t\t\t\t\t\t\t<div class=\"f-carousel__slide\">\n\t\t\t\t\t<img class=\"wpb--image-fit\" loading=\"lazy\" data-lazy-src=\"https:\/\/www.luxurylivingmarbella.com\/wp-content\/uploads\/inmoba\/thumb-sale-1.5-exact-696980-23.webp\" alt=\"Una Finca Contempor\u00e1nea Ic\u00f3nica con Vistas Panor\u00e1micas al Mar y la Monta\u00f1a en Sierra Blanca\" \/>\n\t\t\t\t<\/div>\n\t\t\t\t\t\t\t\t<div class=\"f-carousel__slide\">\n\t\t\t\t\t<img class=\"wpb--image-fit\" loading=\"lazy\" data-lazy-src=\"https:\/\/www.luxurylivingmarbella.com\/wp-content\/uploads\/inmoba\/thumb-sale-1.5-exact-696980-24.webp\" alt=\"Una Finca Contempor\u00e1nea Ic\u00f3nica con Vistas Panor\u00e1micas al Mar y la Monta\u00f1a en Sierra Blanca\" \/>\n\t\t\t\t<\/div>\n\t\t\t\t\t\t\t\t<div class=\"f-carousel__slide\">\n\t\t\t\t\t<img class=\"wpb--image-fit\" loading=\"lazy\" data-lazy-src=\"https:\/\/www.luxurylivingmarbella.com\/wp-content\/uploads\/inmoba\/thumb-sale-1.5-exact-696980-25.webp\" alt=\"Una Finca Contempor\u00e1nea Ic\u00f3nica con Vistas Panor\u00e1micas al Mar y la Monta\u00f1a en Sierra Blanca\" \/>\n\t\t\t\t<\/div>\n\t\t\t\t\t\t\t\t<div class=\"f-carousel__slide\">\n\t\t\t\t\t<img class=\"wpb--image-fit\" loading=\"lazy\" data-lazy-src=\"https:\/\/www.luxurylivingmarbella.com\/wp-content\/uploads\/inmoba\/thumb-sale-1.5-exact-696980-26.webp\" alt=\"Una Finca Contempor\u00e1nea Ic\u00f3nica con Vistas Panor\u00e1micas al Mar y la Monta\u00f1a en Sierra Blanca\" \/>\n\t\t\t\t<\/div>\n\t\t\t\t\t\t\t\t<div class=\"f-carousel__slide\">\n\t\t\t\t\t<img class=\"wpb--image-fit\" loading=\"lazy\" data-lazy-src=\"https:\/\/www.luxurylivingmarbella.com\/wp-content\/uploads\/inmoba\/thumb-sale-1.5-exact-696980-27.webp\" alt=\"Una Finca Contempor\u00e1nea Ic\u00f3nica con Vistas Panor\u00e1micas al Mar y la Monta\u00f1a en Sierra Blanca\" \/>\n\t\t\t\t<\/div>\n\t\t\t\t\t\t\t\t<div class=\"f-carousel__slide\">\n\t\t\t\t\t<img class=\"wpb--image-fit\" loading=\"lazy\" data-lazy-src=\"https:\/\/www.luxurylivingmarbella.com\/wp-content\/uploads\/inmoba\/thumb-sale-1.5-exact-696980-28.webp\" alt=\"Una Finca Contempor\u00e1nea Ic\u00f3nica con Vistas Panor\u00e1micas al Mar y la Monta\u00f1a en Sierra Blanca\" \/>\n\t\t\t\t<\/div>\n\t\t\t\t\t\t\t\t<div class=\"f-carousel__slide\">\n\t\t\t\t\t<img class=\"wpb--image-fit\" loading=\"lazy\" data-lazy-src=\"https:\/\/www.luxurylivingmarbella.com\/wp-content\/uploads\/inmoba\/thumb-sale-1.5-exact-696980-29.webp\" alt=\"Una Finca Contempor\u00e1nea Ic\u00f3nica con Vistas Panor\u00e1micas al Mar y la Monta\u00f1a en Sierra Blanca\" \/>\n\t\t\t\t<\/div>\n\t\t\t\t\t\t\t\t<div class=\"f-carousel__slide\">\n\t\t\t\t\t<img class=\"wpb--image-fit\" loading=\"lazy\" data-lazy-src=\"https:\/\/www.luxurylivingmarbella.com\/wp-content\/uploads\/inmoba\/thumb-sale-1.5-exact-696980-30.webp\" alt=\"Una Finca Contempor\u00e1nea Ic\u00f3nica con Vistas Panor\u00e1micas al Mar y la Monta\u00f1a en Sierra Blanca\" \/>\n\t\t\t\t<\/div>\n\t\t\t\t\t\t\t\t<div class=\"f-carousel__slide\">\n\t\t\t\t\t<img class=\"wpb--image-fit\" loading=\"lazy\" data-lazy-src=\"https:\/\/www.luxurylivingmarbella.com\/wp-content\/uploads\/inmoba\/thumb-sale-1.5-exact-696980-31.webp\" alt=\"Una Finca Contempor\u00e1nea Ic\u00f3nica con Vistas Panor\u00e1micas al Mar y la Monta\u00f1a en Sierra Blanca\" \/>\n\t\t\t\t<\/div>\n\t\t\t\t\t\t\t\t<div class=\"f-carousel__slide\">\n\t\t\t\t\t<img class=\"wpb--image-fit\" loading=\"lazy\" data-lazy-src=\"https:\/\/www.luxurylivingmarbella.com\/wp-content\/uploads\/inmoba\/thumb-sale-1.5-exact-696980-32.webp\" alt=\"Una Finca Contempor\u00e1nea Ic\u00f3nica con Vistas Panor\u00e1micas al Mar y la Monta\u00f1a en Sierra Blanca\" \/>\n\t\t\t\t<\/div>\n\t\t\t\t\t\t\t<\/div>\n\t\t\t\t\t<\/div>\n\t\t<div class=\"wpb--action-container\">\n\t\t\t <button>Ver detalles<\/button>\n\t\t<\/div>\n\t<\/div>\n\t<div class=\"wpb--card-body\">\n\t\t<span class=\"wpb--card-body-location\"><span>687-00339P<\/span> | Sierra Blanca - Marbella Golden Mile<\/span>\n\t\t<h2 class=\"wpb--card-title\">\n\t\t\t<a class=\"wpb--stretched-link\" href=\"\/es\/propiedad\/venta-sierra-blanca-villa-696980\">\n\t\t\t\tUna Finca Contempor\u00e1nea Ic\u00f3nica con Vistas Panor\u00e1micas al Mar y la Monta\u00f1a en Sierra Blanca\t\t\t<\/a>\n\t\t<\/h2>\n\t\t<div class=\"wpb--card-data\">\n\t\t\t<div class=\"wpb--card-locationref\">\n\t\t\t\t<ul class=\"wpb--card-features\">\n\t\t\t\t\t\t\t\t\t\t<li>7  Dormitorios<\/li>\n\t\t\t\t\t\t\t\t\t\t<li>10  Ba\u00f1os<\/li>\n\t\t\t\t\t\t\t\t\t\t<li>2.013 m&sup2; Plano<\/li>\n\t\t\t\t\t\t\t\t\t\t<li>1.953 m&sup2; Const.<\/li>\n\t\t\t\t\t\t\t\t\t<\/ul>\n\t\t\t<\/div>\n\t\t\t<div class=\"wpb--card-price\">\n\t\t\t\t20.000.000 &euro;\t\t\t<\/div>\n\t\t<\/div>\n\t<\/div>\n<\/div><div class=\"wpb--card wpb--card-reduced\">\n\t<div class=\"wpb--aspect-box wpb--portrait\">\n\t\t<div class=\"wpb--overflow-hidden\">\n\t\t\t\t\t\t\t\t\t<div class=\"f-carousel\">\n\t\t\t\t\t\t\t\t<div class=\"f-carousel__slide\">\n\t\t\t\t\t<img decoding=\"async\" class=\"wpb--image-fit\" loading=\"lazy\" src=\"https:\/\/www.luxurylivingmarbella.com\/wp-content\/uploads\/inmoba\/thumb-sale-1.5-exact-696062-0.webp\" alt=\"Apartamento contempor\u00e1neo con vistas panor\u00e1micas en Puerto Ban\u00fas\" \/>\n\t\t\t\t<\/div>\n\t\t\t\t\t\t\t\t<div class=\"f-carousel__slide\">\n\t\t\t\t\t<img class=\"wpb--image-fit\" loading=\"lazy\" data-lazy-src=\"https:\/\/www.luxurylivingmarbella.com\/wp-content\/uploads\/inmoba\/thumb-sale-1.5-exact-696062-1.webp\" alt=\"Apartamento contempor\u00e1neo con vistas panor\u00e1micas en Puerto Ban\u00fas\" \/>\n\t\t\t\t<\/div>\n\t\t\t\t\t\t\t\t<div class=\"f-carousel__slide\">\n\t\t\t\t\t<img class=\"wpb--image-fit\" loading=\"lazy\" data-lazy-src=\"https:\/\/www.luxurylivingmarbella.com\/wp-content\/uploads\/inmoba\/thumb-sale-1.5-exact-696062-2.webp\" alt=\"Apartamento contempor\u00e1neo con vistas panor\u00e1micas en Puerto Ban\u00fas\" \/>\n\t\t\t\t<\/div>\n\t\t\t\t\t\t\t\t<div class=\"f-carousel__slide\">\n\t\t\t\t\t<img class=\"wpb--image-fit\" loading=\"lazy\" data-lazy-src=\"https:\/\/www.luxurylivingmarbella.com\/wp-content\/uploads\/inmoba\/thumb-sale-1.5-exact-696062-3.webp\" alt=\"Apartamento contempor\u00e1neo con vistas panor\u00e1micas en Puerto Ban\u00fas\" \/>\n\t\t\t\t<\/div>\n\t\t\t\t\t\t\t\t<div class=\"f-carousel__slide\">\n\t\t\t\t\t<img class=\"wpb--image-fit\" loading=\"lazy\" data-lazy-src=\"https:\/\/www.luxurylivingmarbella.com\/wp-content\/uploads\/inmoba\/thumb-sale-1.5-exact-696062-4.webp\" alt=\"Apartamento contempor\u00e1neo con vistas panor\u00e1micas en Puerto Ban\u00fas\" \/>\n\t\t\t\t<\/div>\n\t\t\t\t\t\t\t\t<div class=\"f-carousel__slide\">\n\t\t\t\t\t<img class=\"wpb--image-fit\" loading=\"lazy\" data-lazy-src=\"https:\/\/www.luxurylivingmarbella.com\/wp-content\/uploads\/inmoba\/thumb-sale-1.5-exact-696062-5.webp\" alt=\"Apartamento contempor\u00e1neo con vistas panor\u00e1micas en Puerto Ban\u00fas\" \/>\n\t\t\t\t<\/div>\n\t\t\t\t\t\t\t\t<div class=\"f-carousel__slide\">\n\t\t\t\t\t<img class=\"wpb--image-fit\" loading=\"lazy\" data-lazy-src=\"https:\/\/www.luxurylivingmarbella.com\/wp-content\/uploads\/inmoba\/thumb-sale-1.5-exact-696062-6.webp\" alt=\"Apartamento contempor\u00e1neo con vistas panor\u00e1micas en Puerto Ban\u00fas\" \/>\n\t\t\t\t<\/div>\n\t\t\t\t\t\t\t\t<div class=\"f-carousel__slide\">\n\t\t\t\t\t<img class=\"wpb--image-fit\" loading=\"lazy\" data-lazy-src=\"https:\/\/www.luxurylivingmarbella.com\/wp-content\/uploads\/inmoba\/thumb-sale-1.5-exact-696062-7.webp\" alt=\"Apartamento contempor\u00e1neo con vistas panor\u00e1micas en Puerto Ban\u00fas\" \/>\n\t\t\t\t<\/div>\n\t\t\t\t\t\t\t\t<div class=\"f-carousel__slide\">\n\t\t\t\t\t<img class=\"wpb--image-fit\" loading=\"lazy\" data-lazy-src=\"https:\/\/www.luxurylivingmarbella.com\/wp-content\/uploads\/inmoba\/thumb-sale-1.5-exact-696062-8.webp\" alt=\"Apartamento contempor\u00e1neo con vistas panor\u00e1micas en Puerto Ban\u00fas\" \/>\n\t\t\t\t<\/div>\n\t\t\t\t\t\t\t\t<div class=\"f-carousel__slide\">\n\t\t\t\t\t<img class=\"wpb--image-fit\" loading=\"lazy\" data-lazy-src=\"https:\/\/www.luxurylivingmarbella.com\/wp-content\/uploads\/inmoba\/thumb-sale-1.5-exact-696062-9.webp\" alt=\"Apartamento contempor\u00e1neo con vistas panor\u00e1micas en Puerto Ban\u00fas\" \/>\n\t\t\t\t<\/div>\n\t\t\t\t\t\t\t\t<div class=\"f-carousel__slide\">\n\t\t\t\t\t<img class=\"wpb--image-fit\" loading=\"lazy\" data-lazy-src=\"https:\/\/www.luxurylivingmarbella.com\/wp-content\/uploads\/inmoba\/thumb-sale-1.5-exact-696062-10.webp\" alt=\"Apartamento contempor\u00e1neo con vistas panor\u00e1micas en Puerto Ban\u00fas\" \/>\n\t\t\t\t<\/div>\n\t\t\t\t\t\t\t\t<div class=\"f-carousel__slide\">\n\t\t\t\t\t<img class=\"wpb--image-fit\" loading=\"lazy\" data-lazy-src=\"https:\/\/www.luxurylivingmarbella.com\/wp-content\/uploads\/inmoba\/thumb-sale-1.5-exact-696062-11.webp\" alt=\"Apartamento contempor\u00e1neo con vistas panor\u00e1micas en Puerto Ban\u00fas\" \/>\n\t\t\t\t<\/div>\n\t\t\t\t\t\t\t\t<div class=\"f-carousel__slide\">\n\t\t\t\t\t<img class=\"wpb--image-fit\" loading=\"lazy\" data-lazy-src=\"https:\/\/www.luxurylivingmarbella.com\/wp-content\/uploads\/inmoba\/thumb-sale-1.5-exact-696062-12.webp\" alt=\"Apartamento contempor\u00e1neo con vistas panor\u00e1micas en Puerto Ban\u00fas\" \/>\n\t\t\t\t<\/div>\n\t\t\t\t\t\t\t\t<div class=\"f-carousel__slide\">\n\t\t\t\t\t<img class=\"wpb--image-fit\" loading=\"lazy\" data-lazy-src=\"https:\/\/www.luxurylivingmarbella.com\/wp-content\/uploads\/inmoba\/thumb-sale-1.5-exact-696062-13.webp\" alt=\"Apartamento contempor\u00e1neo con vistas panor\u00e1micas en Puerto Ban\u00fas\" \/>\n\t\t\t\t<\/div>\n\t\t\t\t\t\t\t\t<div class=\"f-carousel__slide\">\n\t\t\t\t\t<img class=\"wpb--image-fit\" loading=\"lazy\" data-lazy-src=\"https:\/\/www.luxurylivingmarbella.com\/wp-content\/uploads\/inmoba\/thumb-sale-1.5-exact-696062-14.webp\" alt=\"Apartamento contempor\u00e1neo con vistas panor\u00e1micas en Puerto Ban\u00fas\" \/>\n\t\t\t\t<\/div>\n\t\t\t\t\t\t\t\t<div class=\"f-carousel__slide\">\n\t\t\t\t\t<img class=\"wpb--image-fit\" loading=\"lazy\" data-lazy-src=\"https:\/\/www.luxurylivingmarbella.com\/wp-content\/uploads\/inmoba\/thumb-sale-1.5-exact-696062-15.webp\" alt=\"Apartamento contempor\u00e1neo con vistas panor\u00e1micas en Puerto Ban\u00fas\" \/>\n\t\t\t\t<\/div>\n\t\t\t\t\t\t\t\t<div class=\"f-carousel__slide\">\n\t\t\t\t\t<img class=\"wpb--image-fit\" loading=\"lazy\" data-lazy-src=\"https:\/\/www.luxurylivingmarbella.com\/wp-content\/uploads\/inmoba\/thumb-sale-1.5-exact-696062-16.webp\" alt=\"Apartamento contempor\u00e1neo con vistas panor\u00e1micas en Puerto Ban\u00fas\" \/>\n\t\t\t\t<\/div>\n\t\t\t\t\t\t\t\t<div class=\"f-carousel__slide\">\n\t\t\t\t\t<img class=\"wpb--image-fit\" loading=\"lazy\" data-lazy-src=\"https:\/\/www.luxurylivingmarbella.com\/wp-content\/uploads\/inmoba\/thumb-sale-1.5-exact-696062-17.webp\" alt=\"Apartamento contempor\u00e1neo con vistas panor\u00e1micas en Puerto Ban\u00fas\" \/>\n\t\t\t\t<\/div>\n\t\t\t\t\t\t\t\t<div class=\"f-carousel__slide\">\n\t\t\t\t\t<img class=\"wpb--image-fit\" loading=\"lazy\" data-lazy-src=\"https:\/\/www.luxurylivingmarbella.com\/wp-content\/uploads\/inmoba\/thumb-sale-1.5-exact-696062-18.webp\" alt=\"Apartamento contempor\u00e1neo con vistas panor\u00e1micas en Puerto Ban\u00fas\" \/>\n\t\t\t\t<\/div>\n\t\t\t\t\t\t\t\t<div class=\"f-carousel__slide\">\n\t\t\t\t\t<img class=\"wpb--image-fit\" loading=\"lazy\" data-lazy-src=\"https:\/\/www.luxurylivingmarbella.com\/wp-content\/uploads\/inmoba\/thumb-sale-1.5-exact-696062-19.webp\" alt=\"Apartamento contempor\u00e1neo con vistas panor\u00e1micas en Puerto Ban\u00fas\" \/>\n\t\t\t\t<\/div>\n\t\t\t\t\t\t\t<\/div>\n\t\t\t\t\t<\/div>\n\t\t<div class=\"wpb--action-container\">\n\t\t\t <button>Ver detalles<\/button>\n\t\t<\/div>\n\t<\/div>\n\t<div class=\"wpb--card-body\">\n\t\t<span class=\"wpb--card-body-location\"><span>687-00337P<\/span> | Marbella - Puerto Banus<\/span>\n\t\t<h2 class=\"wpb--card-title\">\n\t\t\t<a class=\"wpb--stretched-link\" href=\"\/es\/propiedad\/venta-marbella-puerto-banus-apartamento-696062\">\n\t\t\t\tApartamento contempor\u00e1neo con vistas panor\u00e1micas en Puerto Ban\u00fas\t\t\t<\/a>\n\t\t<\/h2>\n\t\t<div class=\"wpb--card-data\">\n\t\t\t<div class=\"wpb--card-locationref\">\n\t\t\t\t<ul class=\"wpb--card-features\">\n\t\t\t\t\t\t\t\t\t\t<li>3  Dormitorios<\/li>\n\t\t\t\t\t\t\t\t\t\t<li>3  Ba\u00f1os<\/li>\n\t\t\t\t\t\t\t\t\t\t<li>121 m&sup2; Const.<\/li>\n\t\t\t\t\t\t\t\t\t<\/ul>\n\t\t\t<\/div>\n\t\t\t<div class=\"wpb--card-price\">\n\t\t\t\t2.950.000 &euro;\t\t\t<\/div>\n\t\t<\/div>\n\t<\/div>\n<\/div><div class=\"wpb--card wpb--card-reduced\">\n\t<div class=\"wpb--aspect-box wpb--portrait\">\n\t\t<div class=\"wpb--overflow-hidden\">\n\t\t\t\t\t\t\t\t\t<div class=\"f-carousel\">\n\t\t\t\t\t\t\t\t<div class=\"f-carousel__slide\">\n\t\t\t\t\t<img decoding=\"async\" class=\"wpb--image-fit\" loading=\"lazy\" src=\"https:\/\/www.luxurylivingmarbella.com\/wp-content\/uploads\/inmoba\/thumb-sale-1.5-exact-696052-0.webp\" alt=\"Villa contempor\u00e1nea de cuatro dormitorios con vistas al golf y al mar en Nueva Andaluc\u00eda\" \/>\n\t\t\t\t<\/div>\n\t\t\t\t\t\t\t\t<div class=\"f-carousel__slide\">\n\t\t\t\t\t<img class=\"wpb--image-fit\" loading=\"lazy\" data-lazy-src=\"https:\/\/www.luxurylivingmarbella.com\/wp-content\/uploads\/inmoba\/thumb-sale-1.5-exact-696052-1.webp\" alt=\"Villa contempor\u00e1nea de cuatro dormitorios con vistas al golf y al mar en Nueva Andaluc\u00eda\" \/>\n\t\t\t\t<\/div>\n\t\t\t\t\t\t\t\t<div class=\"f-carousel__slide\">\n\t\t\t\t\t<img class=\"wpb--image-fit\" loading=\"lazy\" data-lazy-src=\"https:\/\/www.luxurylivingmarbella.com\/wp-content\/uploads\/inmoba\/thumb-sale-1.5-exact-696052-2.webp\" alt=\"Villa contempor\u00e1nea de cuatro dormitorios con vistas al golf y al mar en Nueva Andaluc\u00eda\" \/>\n\t\t\t\t<\/div>\n\t\t\t\t\t\t\t\t<div class=\"f-carousel__slide\">\n\t\t\t\t\t<img class=\"wpb--image-fit\" loading=\"lazy\" data-lazy-src=\"https:\/\/www.luxurylivingmarbella.com\/wp-content\/uploads\/inmoba\/thumb-sale-1.5-exact-696052-3.webp\" alt=\"Villa contempor\u00e1nea de cuatro dormitorios con vistas al golf y al mar en Nueva Andaluc\u00eda\" \/>\n\t\t\t\t<\/div>\n\t\t\t\t\t\t\t\t<div class=\"f-carousel__slide\">\n\t\t\t\t\t<img class=\"wpb--image-fit\" loading=\"lazy\" data-lazy-src=\"https:\/\/www.luxurylivingmarbella.com\/wp-content\/uploads\/inmoba\/thumb-sale-1.5-exact-696052-4.webp\" alt=\"Villa contempor\u00e1nea de cuatro dormitorios con vistas al golf y al mar en Nueva Andaluc\u00eda\" \/>\n\t\t\t\t<\/div>\n\t\t\t\t\t\t\t\t<div class=\"f-carousel__slide\">\n\t\t\t\t\t<img class=\"wpb--image-fit\" loading=\"lazy\" data-lazy-src=\"https:\/\/www.luxurylivingmarbella.com\/wp-content\/uploads\/inmoba\/thumb-sale-1.5-exact-696052-5.webp\" alt=\"Villa contempor\u00e1nea de cuatro dormitorios con vistas al golf y al mar en Nueva Andaluc\u00eda\" \/>\n\t\t\t\t<\/div>\n\t\t\t\t\t\t\t\t<div class=\"f-carousel__slide\">\n\t\t\t\t\t<img class=\"wpb--image-fit\" loading=\"lazy\" data-lazy-src=\"https:\/\/www.luxurylivingmarbella.com\/wp-content\/uploads\/inmoba\/thumb-sale-1.5-exact-696052-6.webp\" alt=\"Villa contempor\u00e1nea de cuatro dormitorios con vistas al golf y al mar en Nueva Andaluc\u00eda\" \/>\n\t\t\t\t<\/div>\n\t\t\t\t\t\t\t\t<div class=\"f-carousel__slide\">\n\t\t\t\t\t<img class=\"wpb--image-fit\" loading=\"lazy\" data-lazy-src=\"https:\/\/www.luxurylivingmarbella.com\/wp-content\/uploads\/inmoba\/thumb-sale-1.5-exact-696052-7.webp\" alt=\"Villa contempor\u00e1nea de cuatro dormitorios con vistas al golf y al mar en Nueva Andaluc\u00eda\" \/>\n\t\t\t\t<\/div>\n\t\t\t\t\t\t\t\t<div class=\"f-carousel__slide\">\n\t\t\t\t\t<img class=\"wpb--image-fit\" loading=\"lazy\" data-lazy-src=\"https:\/\/www.luxurylivingmarbella.com\/wp-content\/uploads\/inmoba\/thumb-sale-1.5-exact-696052-8.webp\" alt=\"Villa contempor\u00e1nea de cuatro dormitorios con vistas al golf y al mar en Nueva Andaluc\u00eda\" \/>\n\t\t\t\t<\/div>\n\t\t\t\t\t\t\t\t<div class=\"f-carousel__slide\">\n\t\t\t\t\t<img class=\"wpb--image-fit\" loading=\"lazy\" data-lazy-src=\"https:\/\/www.luxurylivingmarbella.com\/wp-content\/uploads\/inmoba\/thumb-sale-1.5-exact-696052-9.webp\" alt=\"Villa contempor\u00e1nea de cuatro dormitorios con vistas al golf y al mar en Nueva Andaluc\u00eda\" \/>\n\t\t\t\t<\/div>\n\t\t\t\t\t\t\t\t<div class=\"f-carousel__slide\">\n\t\t\t\t\t<img class=\"wpb--image-fit\" loading=\"lazy\" data-lazy-src=\"https:\/\/www.luxurylivingmarbella.com\/wp-content\/uploads\/inmoba\/thumb-sale-1.5-exact-696052-10.webp\" alt=\"Villa contempor\u00e1nea de cuatro dormitorios con vistas al golf y al mar en Nueva Andaluc\u00eda\" \/>\n\t\t\t\t<\/div>\n\t\t\t\t\t\t\t\t<div class=\"f-carousel__slide\">\n\t\t\t\t\t<img class=\"wpb--image-fit\" loading=\"lazy\" data-lazy-src=\"https:\/\/www.luxurylivingmarbella.com\/wp-content\/uploads\/inmoba\/thumb-sale-1.5-exact-696052-11.webp\" alt=\"Villa contempor\u00e1nea de cuatro dormitorios con vistas al golf y al mar en Nueva Andaluc\u00eda\" \/>\n\t\t\t\t<\/div>\n\t\t\t\t\t\t\t\t<div class=\"f-carousel__slide\">\n\t\t\t\t\t<img class=\"wpb--image-fit\" loading=\"lazy\" data-lazy-src=\"https:\/\/www.luxurylivingmarbella.com\/wp-content\/uploads\/inmoba\/thumb-sale-1.5-exact-696052-12.webp\" alt=\"Villa contempor\u00e1nea de cuatro dormitorios con vistas al golf y al mar en Nueva Andaluc\u00eda\" \/>\n\t\t\t\t<\/div>\n\t\t\t\t\t\t\t\t<div class=\"f-carousel__slide\">\n\t\t\t\t\t<img class=\"wpb--image-fit\" loading=\"lazy\" data-lazy-src=\"https:\/\/www.luxurylivingmarbella.com\/wp-content\/uploads\/inmoba\/thumb-sale-1.5-exact-696052-13.webp\" alt=\"Villa contempor\u00e1nea de cuatro dormitorios con vistas al golf y al mar en Nueva Andaluc\u00eda\" \/>\n\t\t\t\t<\/div>\n\t\t\t\t\t\t\t\t<div class=\"f-carousel__slide\">\n\t\t\t\t\t<img class=\"wpb--image-fit\" loading=\"lazy\" data-lazy-src=\"https:\/\/www.luxurylivingmarbella.com\/wp-content\/uploads\/inmoba\/thumb-sale-1.5-exact-696052-14.webp\" alt=\"Villa contempor\u00e1nea de cuatro dormitorios con vistas al golf y al mar en Nueva Andaluc\u00eda\" \/>\n\t\t\t\t<\/div>\n\t\t\t\t\t\t\t\t<div class=\"f-carousel__slide\">\n\t\t\t\t\t<img class=\"wpb--image-fit\" loading=\"lazy\" data-lazy-src=\"https:\/\/www.luxurylivingmarbella.com\/wp-content\/uploads\/inmoba\/thumb-sale-1.5-exact-696052-15.webp\" alt=\"Villa contempor\u00e1nea de cuatro dormitorios con vistas al golf y al mar en Nueva Andaluc\u00eda\" \/>\n\t\t\t\t<\/div>\n\t\t\t\t\t\t\t\t<div class=\"f-carousel__slide\">\n\t\t\t\t\t<img class=\"wpb--image-fit\" loading=\"lazy\" data-lazy-src=\"https:\/\/www.luxurylivingmarbella.com\/wp-content\/uploads\/inmoba\/thumb-sale-1.5-exact-696052-16.webp\" alt=\"Villa contempor\u00e1nea de cuatro dormitorios con vistas al golf y al mar en Nueva Andaluc\u00eda\" \/>\n\t\t\t\t<\/div>\n\t\t\t\t\t\t\t\t<div class=\"f-carousel__slide\">\n\t\t\t\t\t<img class=\"wpb--image-fit\" loading=\"lazy\" data-lazy-src=\"https:\/\/www.luxurylivingmarbella.com\/wp-content\/uploads\/inmoba\/thumb-sale-1.5-exact-696052-17.webp\" alt=\"Villa contempor\u00e1nea de cuatro dormitorios con vistas al golf y al mar en Nueva Andaluc\u00eda\" \/>\n\t\t\t\t<\/div>\n\t\t\t\t\t\t\t\t<div class=\"f-carousel__slide\">\n\t\t\t\t\t<img class=\"wpb--image-fit\" loading=\"lazy\" data-lazy-src=\"https:\/\/www.luxurylivingmarbella.com\/wp-content\/uploads\/inmoba\/thumb-sale-1.5-exact-696052-18.webp\" alt=\"Villa contempor\u00e1nea de cuatro dormitorios con vistas al golf y al mar en Nueva Andaluc\u00eda\" \/>\n\t\t\t\t<\/div>\n\t\t\t\t\t\t\t\t<div class=\"f-carousel__slide\">\n\t\t\t\t\t<img class=\"wpb--image-fit\" loading=\"lazy\" data-lazy-src=\"https:\/\/www.luxurylivingmarbella.com\/wp-content\/uploads\/inmoba\/thumb-sale-1.5-exact-696052-19.webp\" alt=\"Villa contempor\u00e1nea de cuatro dormitorios con vistas al golf y al mar en Nueva Andaluc\u00eda\" \/>\n\t\t\t\t<\/div>\n\t\t\t\t\t\t\t\t<div class=\"f-carousel__slide\">\n\t\t\t\t\t<img class=\"wpb--image-fit\" loading=\"lazy\" data-lazy-src=\"\/wp-content\/plugins\/inmobaliaplugin\/image.php?u=B98Le8~d7M9k3DegpEFZhS0lI_F8U4XZVz~HWxt~mGgYekxX9nCAxh0ZjtE2u9zqepXEUrVLqfm8KeIGW6Gtyd4X99qRlVetJiAwF~Ry7pb2KBHJjXTI00oPAuYf40uWFZl8Zs~4GRYYJqnn9dlFb4TqM9Cg1XCDnw--&i=696052-20&s=500&f=sale&r=1.5&ro=exact&k=20\" alt=\"Villa contempor\u00e1nea de cuatro dormitorios con vistas al golf y al mar en Nueva Andaluc\u00eda\" \/>\n\t\t\t\t<\/div>\n\t\t\t\t\t\t\t\t<div class=\"f-carousel__slide\">\n\t\t\t\t\t<img class=\"wpb--image-fit\" loading=\"lazy\" data-lazy-src=\"\/wp-content\/plugins\/inmobaliaplugin\/image.php?u=B98Le8~d7M9k3DegpEFZhS0lI_F8U4XZVz~HWxt~mGgYekxX9nCAxh0ZjtE2u9zqepXEUrVLqfm8KeIGW6Gtyd4X99qRlVetJiAwF~Ry7pb2I0VVcnFR~c0e1sCn67iNWRc3uI4kOt0pxbKcidWwIux7M1cJl6jG9w--&i=696052-21&s=500&f=sale&r=1.5&ro=exact&k=21\" alt=\"Villa contempor\u00e1nea de cuatro dormitorios con vistas al golf y al mar en Nueva Andaluc\u00eda\" \/>\n\t\t\t\t<\/div>\n\t\t\t\t\t\t\t\t<div class=\"f-carousel__slide\">\n\t\t\t\t\t<img class=\"wpb--image-fit\" loading=\"lazy\" data-lazy-src=\"\/wp-content\/plugins\/inmobaliaplugin\/image.php?u=B98Le8~d7M9k3DegpEFZhS0lI_F8U4XZVz~HWxt~mGgYekxX9nCAxh0ZjtE2u9zqepXEUrVLqfm8KeIGW6Gtyd4X99qRlVetJiAwF~Ry7pb2IgEnu76p2~cvsSvuNeO9DyYmdKMMBn8IEHuxijejwFTjpjdERNWqVw--&i=696052-22&s=500&f=sale&r=1.5&ro=exact&k=22\" alt=\"Villa contempor\u00e1nea de cuatro dormitorios con vistas al golf y al mar en Nueva Andaluc\u00eda\" \/>\n\t\t\t\t<\/div>\n\t\t\t\t\t\t\t\t<div class=\"f-carousel__slide\">\n\t\t\t\t\t<img class=\"wpb--image-fit\" loading=\"lazy\" data-lazy-src=\"https:\/\/www.luxurylivingmarbella.com\/wp-content\/uploads\/inmoba\/thumb-sale-1.5-exact-696052-23.webp\" alt=\"Villa contempor\u00e1nea de cuatro dormitorios con vistas al golf y al mar en Nueva Andaluc\u00eda\" \/>\n\t\t\t\t<\/div>\n\t\t\t\t\t\t\t\t<div class=\"f-carousel__slide\">\n\t\t\t\t\t<img class=\"wpb--image-fit\" loading=\"lazy\" data-lazy-src=\"https:\/\/www.luxurylivingmarbella.com\/wp-content\/uploads\/inmoba\/thumb-sale-1.5-exact-696052-24.webp\" alt=\"Villa contempor\u00e1nea de cuatro dormitorios con vistas al golf y al mar en Nueva Andaluc\u00eda\" \/>\n\t\t\t\t<\/div>\n\t\t\t\t\t\t\t\t<div class=\"f-carousel__slide\">\n\t\t\t\t\t<img class=\"wpb--image-fit\" loading=\"lazy\" data-lazy-src=\"\/wp-content\/plugins\/inmobaliaplugin\/image.php?u=B98Le8~d7M9k3DegpEFZhS0lI_F8U4XZVz~HWxt~mGgYekxX9nCAxh0ZjtE2u9zqepXEUrVLqfm8KeIGW6Gtyd4X99qRlVetJiAwF~Ry7pb2KY2RMFlpjWB86TL_P0qMyBW3LUtPjOo3gioDiUpMiZlyWkxQDGK3dg--&i=696052-25&s=500&f=sale&r=1.5&ro=exact&k=25\" alt=\"Villa contempor\u00e1nea de cuatro dormitorios con vistas al golf y al mar en Nueva Andaluc\u00eda\" \/>\n\t\t\t\t<\/div>\n\t\t\t\t\t\t\t\t<div class=\"f-carousel__slide\">\n\t\t\t\t\t<img class=\"wpb--image-fit\" loading=\"lazy\" data-lazy-src=\"\/wp-content\/plugins\/inmobaliaplugin\/image.php?u=B98Le8~d7M9k3DegpEFZhS0lI_F8U4XZVz~HWxt~mGgYekxX9nCAxh0ZjtE2u9zqepXEUrVLqfm8KeIGW6Gtyd4X99qRlVetJiAwF~Ry7pb2KEsYjv51N_gb5LfYdyH8Q_SQmzco7EisOF_~K0j0aYw3gwymlXtWWQ--&i=696052-26&s=500&f=sale&r=1.5&ro=exact&k=26\" alt=\"Villa contempor\u00e1nea de cuatro dormitorios con vistas al golf y al mar en Nueva Andaluc\u00eda\" \/>\n\t\t\t\t<\/div>\n\t\t\t\t\t\t\t\t<div class=\"f-carousel__slide\">\n\t\t\t\t\t<img class=\"wpb--image-fit\" loading=\"lazy\" data-lazy-src=\"https:\/\/www.luxurylivingmarbella.com\/wp-content\/uploads\/inmoba\/thumb-sale-1.5-exact-696052-27.webp\" alt=\"Villa contempor\u00e1nea de cuatro dormitorios con vistas al golf y al mar en Nueva Andaluc\u00eda\" \/>\n\t\t\t\t<\/div>\n\t\t\t\t\t\t\t\t<div class=\"f-carousel__slide\">\n\t\t\t\t\t<img class=\"wpb--image-fit\" loading=\"lazy\" data-lazy-src=\"https:\/\/www.luxurylivingmarbella.com\/wp-content\/uploads\/inmoba\/thumb-sale-1.5-exact-696052-28.webp\" alt=\"Villa contempor\u00e1nea de cuatro dormitorios con vistas al golf y al mar en Nueva Andaluc\u00eda\" \/>\n\t\t\t\t<\/div>\n\t\t\t\t\t\t\t\t<div class=\"f-carousel__slide\">\n\t\t\t\t\t<img class=\"wpb--image-fit\" loading=\"lazy\" data-lazy-src=\"\/wp-content\/plugins\/inmobaliaplugin\/image.php?u=B98Le8~d7M9k3DegpEFZhS0lI_F8U4XZVz~HWxt~mGgYekxX9nCAxh0ZjtE2u9zqepXEUrVLqfm8KeIGW6Gtyd4X99qRlVetJiAwF~Ry7pb2dHF7mRk0cp4fmM3rJheXSI44xsl2dUW5J9cvHVJ_lVO6Iq3Nvb~d3w--&i=696052-29&s=500&f=sale&r=1.5&ro=exact&k=29\" alt=\"Villa contempor\u00e1nea de cuatro dormitorios con vistas al golf y al mar en Nueva Andaluc\u00eda\" \/>\n\t\t\t\t<\/div>\n\t\t\t\t\t\t\t\t<div class=\"f-carousel__slide\">\n\t\t\t\t\t<img class=\"wpb--image-fit\" loading=\"lazy\" data-lazy-src=\"https:\/\/www.luxurylivingmarbella.com\/wp-content\/uploads\/inmoba\/thumb-sale-1.5-exact-696052-30.webp\" alt=\"Villa contempor\u00e1nea de cuatro dormitorios con vistas al golf y al mar en Nueva Andaluc\u00eda\" \/>\n\t\t\t\t<\/div>\n\t\t\t\t\t\t\t\t<div class=\"f-carousel__slide\">\n\t\t\t\t\t<img class=\"wpb--image-fit\" loading=\"lazy\" data-lazy-src=\"\/wp-content\/plugins\/inmobaliaplugin\/image.php?u=B98Le8~d7M9k3DegpEFZhS0lI_F8U4XZVz~HWxt~mGgYekxX9nCAxh0ZjtE2u9zqepXEUrVLqfm8KeIGW6Gtyd4X99qRlVetJiAwF~Ry7pb2IxPCT0yq~SlHlXd1Zxx71SnGJ42N3jOx8Eg4~6Q~9vwLhJsAyMJTKw--&i=696052-31&s=500&f=sale&r=1.5&ro=exact&k=31\" alt=\"Villa contempor\u00e1nea de cuatro dormitorios con vistas al golf y al mar en Nueva Andaluc\u00eda\" \/>\n\t\t\t\t<\/div>\n\t\t\t\t\t\t\t\t<div class=\"f-carousel__slide\">\n\t\t\t\t\t<img class=\"wpb--image-fit\" loading=\"lazy\" data-lazy-src=\"https:\/\/www.luxurylivingmarbella.com\/wp-content\/uploads\/inmoba\/thumb-sale-1.5-exact-696052-32.webp\" alt=\"Villa contempor\u00e1nea de cuatro dormitorios con vistas al golf y al mar en Nueva Andaluc\u00eda\" \/>\n\t\t\t\t<\/div>\n\t\t\t\t\t\t\t\t<div class=\"f-carousel__slide\">\n\t\t\t\t\t<img class=\"wpb--image-fit\" loading=\"lazy\" data-lazy-src=\"https:\/\/www.luxurylivingmarbella.com\/wp-content\/uploads\/inmoba\/thumb-sale-1.5-exact-696052-33.webp\" alt=\"Villa contempor\u00e1nea de cuatro dormitorios con vistas al golf y al mar en Nueva Andaluc\u00eda\" \/>\n\t\t\t\t<\/div>\n\t\t\t\t\t\t\t\t<div class=\"f-carousel__slide\">\n\t\t\t\t\t<img class=\"wpb--image-fit\" loading=\"lazy\" data-lazy-src=\"\/wp-content\/plugins\/inmobaliaplugin\/image.php?u=B98Le8~d7M9k3DegpEFZhS0lI_F8U4XZVz~HWxt~mGgYekxX9nCAxh0ZjtE2u9zqepXEUrVLqfm8KeIGW6Gtyd4X99qRlVetJiAwF~Ry7pb2JqVIet9X56eBiodXHIr2wnt2qi5IOSOXf7_pL~a7f8tceFRtxbUrxg--&i=696052-34&s=500&f=sale&r=1.5&ro=exact&k=34\" alt=\"Villa contempor\u00e1nea de cuatro dormitorios con vistas al golf y al mar en Nueva Andaluc\u00eda\" \/>\n\t\t\t\t<\/div>\n\t\t\t\t\t\t\t\t<div class=\"f-carousel__slide\">\n\t\t\t\t\t<img class=\"wpb--image-fit\" loading=\"lazy\" data-lazy-src=\"https:\/\/www.luxurylivingmarbella.com\/wp-content\/uploads\/inmoba\/thumb-sale-1.5-exact-696052-35.webp\" alt=\"Villa contempor\u00e1nea de cuatro dormitorios con vistas al golf y al mar en Nueva Andaluc\u00eda\" \/>\n\t\t\t\t<\/div>\n\t\t\t\t\t\t\t\t<div class=\"f-carousel__slide\">\n\t\t\t\t\t<img class=\"wpb--image-fit\" loading=\"lazy\" data-lazy-src=\"\/wp-content\/plugins\/inmobaliaplugin\/image.php?u=B98Le8~d7M9k3DegpEFZhS0lI_F8U4XZVz~HWxt~mGgYekxX9nCAxh0ZjtE2u9zqepXEUrVLqfm8KeIGW6Gtyd4X99qRlVetJiAwF~Ry7pb2c9NY9tA7cNVvQKTZBvL7HcSmPm_OIPjo3QPSJ3mkUiYItuciPWO53g--&i=696052-36&s=500&f=sale&r=1.5&ro=exact&k=36\" alt=\"Villa contempor\u00e1nea de cuatro dormitorios con vistas al golf y al mar en Nueva Andaluc\u00eda\" \/>\n\t\t\t\t<\/div>\n\t\t\t\t\t\t\t\t<div class=\"f-carousel__slide\">\n\t\t\t\t\t<img class=\"wpb--image-fit\" loading=\"lazy\" data-lazy-src=\"https:\/\/www.luxurylivingmarbella.com\/wp-content\/uploads\/inmoba\/thumb-sale-1.5-exact-696052-37.webp\" alt=\"Villa contempor\u00e1nea de cuatro dormitorios con vistas al golf y al mar en Nueva Andaluc\u00eda\" \/>\n\t\t\t\t<\/div>\n\t\t\t\t\t\t\t\t<div class=\"f-carousel__slide\">\n\t\t\t\t\t<img class=\"wpb--image-fit\" loading=\"lazy\" data-lazy-src=\"https:\/\/www.luxurylivingmarbella.com\/wp-content\/uploads\/inmoba\/thumb-sale-1.5-exact-696052-38.webp\" alt=\"Villa contempor\u00e1nea de cuatro dormitorios con vistas al golf y al mar en Nueva Andaluc\u00eda\" \/>\n\t\t\t\t<\/div>\n\t\t\t\t\t\t\t\t<div class=\"f-carousel__slide\">\n\t\t\t\t\t<img class=\"wpb--image-fit\" loading=\"lazy\" data-lazy-src=\"https:\/\/www.luxurylivingmarbella.com\/wp-content\/uploads\/inmoba\/thumb-sale-1.5-exact-696052-39.webp\" alt=\"Villa contempor\u00e1nea de cuatro dormitorios con vistas al golf y al mar en Nueva Andaluc\u00eda\" \/>\n\t\t\t\t<\/div>\n\t\t\t\t\t\t\t\t<div class=\"f-carousel__slide\">\n\t\t\t\t\t<img class=\"wpb--image-fit\" loading=\"lazy\" data-lazy-src=\"https:\/\/www.luxurylivingmarbella.com\/wp-content\/uploads\/inmoba\/thumb-sale-1.5-exact-696052-40.webp\" alt=\"Villa contempor\u00e1nea de cuatro dormitorios con vistas al golf y al mar en Nueva Andaluc\u00eda\" \/>\n\t\t\t\t<\/div>\n\t\t\t\t\t\t\t<\/div>\n\t\t\t\t\t<\/div>\n\t\t<div class=\"wpb--action-container\">\n\t\t\t <button>Ver detalles<\/button>\n\t\t<\/div>\n\t<\/div>\n\t<div class=\"wpb--card-body\">\n\t\t<span class=\"wpb--card-body-location\"><span>687-00336P<\/span> | Nueva Andalucia - Marbella<\/span>\n\t\t<h2 class=\"wpb--card-title\">\n\t\t\t<a class=\"wpb--stretched-link\" href=\"\/es\/propiedad\/venta-nueva-andalucia-villa-696052\">\n\t\t\t\tVilla contempor\u00e1nea de cuatro dormitorios con vistas al golf y al mar en Nueva Andaluc\u00eda\t\t\t<\/a>\n\t\t<\/h2>\n\t\t<div class=\"wpb--card-data\">\n\t\t\t<div class=\"wpb--card-locationref\">\n\t\t\t\t<ul class=\"wpb--card-features\">\n\t\t\t\t\t\t\t\t\t\t<li>4  Dormitorios<\/li>\n\t\t\t\t\t\t\t\t\t\t<li>4  Ba\u00f1os<\/li>\n\t\t\t\t\t\t\t\t\t\t<li>911 m&sup2; Plano<\/li>\n\t\t\t\t\t\t\t\t\t\t<li>224 m&sup2; Const.<\/li>\n\t\t\t\t\t\t\t\t\t<\/ul>\n\t\t\t<\/div>\n\t\t\t<div class=\"wpb--card-price\">\n\t\t\t\t4.250.000 &euro;\t\t\t<\/div>\n\t\t<\/div>\n\t<\/div>\n<\/div><div class=\"wpb--card wpb--card-reduced\">\n\t<div class=\"wpb--aspect-box wpb--portrait\">\n\t\t<div class=\"wpb--overflow-hidden\">\n\t\t\t\t\t\t\t\t\t<div class=\"f-carousel\">\n\t\t\t\t\t\t\t\t<div class=\"f-carousel__slide\">\n\t\t\t\t\t<img decoding=\"async\" class=\"wpb--image-fit\" loading=\"lazy\" src=\"https:\/\/www.luxurylivingmarbella.com\/wp-content\/uploads\/inmoba\/thumb-sale-1.5-exact-695224-0.webp\" alt=\"Villa contempor\u00e1nea en comunidad cerrada en el Golf Valley de Marbella\" \/>\n\t\t\t\t<\/div>\n\t\t\t\t\t\t\t\t<div class=\"f-carousel__slide\">\n\t\t\t\t\t<img class=\"wpb--image-fit\" loading=\"lazy\" data-lazy-src=\"https:\/\/www.luxurylivingmarbella.com\/wp-content\/uploads\/inmoba\/thumb-sale-1.5-exact-695224-1.webp\" alt=\"Villa contempor\u00e1nea en comunidad cerrada en el Golf Valley de Marbella\" \/>\n\t\t\t\t<\/div>\n\t\t\t\t\t\t\t\t<div class=\"f-carousel__slide\">\n\t\t\t\t\t<img class=\"wpb--image-fit\" loading=\"lazy\" data-lazy-src=\"https:\/\/www.luxurylivingmarbella.com\/wp-content\/uploads\/inmoba\/thumb-sale-1.5-exact-695224-2.webp\" alt=\"Villa contempor\u00e1nea en comunidad cerrada en el Golf Valley de Marbella\" \/>\n\t\t\t\t<\/div>\n\t\t\t\t\t\t\t\t<div class=\"f-carousel__slide\">\n\t\t\t\t\t<img class=\"wpb--image-fit\" loading=\"lazy\" data-lazy-src=\"https:\/\/www.luxurylivingmarbella.com\/wp-content\/uploads\/inmoba\/thumb-sale-1.5-exact-695224-3.webp\" alt=\"Villa contempor\u00e1nea en comunidad cerrada en el Golf Valley de Marbella\" \/>\n\t\t\t\t<\/div>\n\t\t\t\t\t\t\t\t<div class=\"f-carousel__slide\">\n\t\t\t\t\t<img class=\"wpb--image-fit\" loading=\"lazy\" data-lazy-src=\"https:\/\/www.luxurylivingmarbella.com\/wp-content\/uploads\/inmoba\/thumb-sale-1.5-exact-695224-4.webp\" alt=\"Villa contempor\u00e1nea en comunidad cerrada en el Golf Valley de Marbella\" \/>\n\t\t\t\t<\/div>\n\t\t\t\t\t\t\t\t<div class=\"f-carousel__slide\">\n\t\t\t\t\t<img class=\"wpb--image-fit\" loading=\"lazy\" data-lazy-src=\"https:\/\/www.luxurylivingmarbella.com\/wp-content\/uploads\/inmoba\/thumb-sale-1.5-exact-695224-5.webp\" alt=\"Villa contempor\u00e1nea en comunidad cerrada en el Golf Valley de Marbella\" \/>\n\t\t\t\t<\/div>\n\t\t\t\t\t\t\t\t<div class=\"f-carousel__slide\">\n\t\t\t\t\t<img class=\"wpb--image-fit\" loading=\"lazy\" data-lazy-src=\"https:\/\/www.luxurylivingmarbella.com\/wp-content\/uploads\/inmoba\/thumb-sale-1.5-exact-695224-6.webp\" alt=\"Villa contempor\u00e1nea en comunidad cerrada en el Golf Valley de Marbella\" \/>\n\t\t\t\t<\/div>\n\t\t\t\t\t\t\t\t<div class=\"f-carousel__slide\">\n\t\t\t\t\t<img class=\"wpb--image-fit\" loading=\"lazy\" data-lazy-src=\"https:\/\/www.luxurylivingmarbella.com\/wp-content\/uploads\/inmoba\/thumb-sale-1.5-exact-695224-7.webp\" alt=\"Villa contempor\u00e1nea en comunidad cerrada en el Golf Valley de Marbella\" \/>\n\t\t\t\t<\/div>\n\t\t\t\t\t\t\t\t<div class=\"f-carousel__slide\">\n\t\t\t\t\t<img class=\"wpb--image-fit\" loading=\"lazy\" data-lazy-src=\"https:\/\/www.luxurylivingmarbella.com\/wp-content\/uploads\/inmoba\/thumb-sale-1.5-exact-695224-8.webp\" alt=\"Villa contempor\u00e1nea en comunidad cerrada en el Golf Valley de Marbella\" \/>\n\t\t\t\t<\/div>\n\t\t\t\t\t\t\t\t<div class=\"f-carousel__slide\">\n\t\t\t\t\t<img class=\"wpb--image-fit\" loading=\"lazy\" data-lazy-src=\"https:\/\/www.luxurylivingmarbella.com\/wp-content\/uploads\/inmoba\/thumb-sale-1.5-exact-695224-9.webp\" alt=\"Villa contempor\u00e1nea en comunidad cerrada en el Golf Valley de Marbella\" \/>\n\t\t\t\t<\/div>\n\t\t\t\t\t\t\t\t<div class=\"f-carousel__slide\">\n\t\t\t\t\t<img class=\"wpb--image-fit\" loading=\"lazy\" data-lazy-src=\"https:\/\/www.luxurylivingmarbella.com\/wp-content\/uploads\/inmoba\/thumb-sale-1.5-exact-695224-10.webp\" alt=\"Villa contempor\u00e1nea en comunidad cerrada en el Golf Valley de Marbella\" \/>\n\t\t\t\t<\/div>\n\t\t\t\t\t\t\t\t<div class=\"f-carousel__slide\">\n\t\t\t\t\t<img class=\"wpb--image-fit\" loading=\"lazy\" data-lazy-src=\"https:\/\/www.luxurylivingmarbella.com\/wp-content\/uploads\/inmoba\/thumb-sale-1.5-exact-695224-11.webp\" alt=\"Villa contempor\u00e1nea en comunidad cerrada en el Golf Valley de Marbella\" \/>\n\t\t\t\t<\/div>\n\t\t\t\t\t\t\t\t<div class=\"f-carousel__slide\">\n\t\t\t\t\t<img class=\"wpb--image-fit\" loading=\"lazy\" data-lazy-src=\"https:\/\/www.luxurylivingmarbella.com\/wp-content\/uploads\/inmoba\/thumb-sale-1.5-exact-695224-12.webp\" alt=\"Villa contempor\u00e1nea en comunidad cerrada en el Golf Valley de Marbella\" \/>\n\t\t\t\t<\/div>\n\t\t\t\t\t\t\t\t<div class=\"f-carousel__slide\">\n\t\t\t\t\t<img class=\"wpb--image-fit\" loading=\"lazy\" data-lazy-src=\"https:\/\/www.luxurylivingmarbella.com\/wp-content\/uploads\/inmoba\/thumb-sale-1.5-exact-695224-13.webp\" alt=\"Villa contempor\u00e1nea en comunidad cerrada en el Golf Valley de Marbella\" \/>\n\t\t\t\t<\/div>\n\t\t\t\t\t\t\t\t<div class=\"f-carousel__slide\">\n\t\t\t\t\t<img class=\"wpb--image-fit\" loading=\"lazy\" data-lazy-src=\"https:\/\/www.luxurylivingmarbella.com\/wp-content\/uploads\/inmoba\/thumb-sale-1.5-exact-695224-14.webp\" alt=\"Villa contempor\u00e1nea en comunidad cerrada en el Golf Valley de Marbella\" \/>\n\t\t\t\t<\/div>\n\t\t\t\t\t\t\t\t<div class=\"f-carousel__slide\">\n\t\t\t\t\t<img class=\"wpb--image-fit\" loading=\"lazy\" data-lazy-src=\"https:\/\/www.luxurylivingmarbella.com\/wp-content\/uploads\/inmoba\/thumb-sale-1.5-exact-695224-15.webp\" alt=\"Villa contempor\u00e1nea en comunidad cerrada en el Golf Valley de Marbella\" \/>\n\t\t\t\t<\/div>\n\t\t\t\t\t\t\t\t<div class=\"f-carousel__slide\">\n\t\t\t\t\t<img class=\"wpb--image-fit\" loading=\"lazy\" data-lazy-src=\"https:\/\/www.luxurylivingmarbella.com\/wp-content\/uploads\/inmoba\/thumb-sale-1.5-exact-695224-16.webp\" alt=\"Villa contempor\u00e1nea en comunidad cerrada en el Golf Valley de Marbella\" \/>\n\t\t\t\t<\/div>\n\t\t\t\t\t\t\t\t<div class=\"f-carousel__slide\">\n\t\t\t\t\t<img class=\"wpb--image-fit\" loading=\"lazy\" data-lazy-src=\"https:\/\/www.luxurylivingmarbella.com\/wp-content\/uploads\/inmoba\/thumb-sale-1.5-exact-695224-17.webp\" alt=\"Villa contempor\u00e1nea en comunidad cerrada en el Golf Valley de Marbella\" \/>\n\t\t\t\t<\/div>\n\t\t\t\t\t\t\t\t<div class=\"f-carousel__slide\">\n\t\t\t\t\t<img class=\"wpb--image-fit\" loading=\"lazy\" data-lazy-src=\"https:\/\/www.luxurylivingmarbella.com\/wp-content\/uploads\/inmoba\/thumb-sale-1.5-exact-695224-18.webp\" alt=\"Villa contempor\u00e1nea en comunidad cerrada en el Golf Valley de Marbella\" \/>\n\t\t\t\t<\/div>\n\t\t\t\t\t\t\t\t<div class=\"f-carousel__slide\">\n\t\t\t\t\t<img class=\"wpb--image-fit\" loading=\"lazy\" data-lazy-src=\"https:\/\/www.luxurylivingmarbella.com\/wp-content\/uploads\/inmoba\/thumb-sale-1.5-exact-695224-19.webp\" alt=\"Villa contempor\u00e1nea en comunidad cerrada en el Golf Valley de Marbella\" \/>\n\t\t\t\t<\/div>\n\t\t\t\t\t\t\t\t<div class=\"f-carousel__slide\">\n\t\t\t\t\t<img class=\"wpb--image-fit\" loading=\"lazy\" data-lazy-src=\"https:\/\/www.luxurylivingmarbella.com\/wp-content\/uploads\/inmoba\/thumb-sale-1.5-exact-695224-20.webp\" alt=\"Villa contempor\u00e1nea en comunidad cerrada en el Golf Valley de Marbella\" \/>\n\t\t\t\t<\/div>\n\t\t\t\t\t\t\t\t<div class=\"f-carousel__slide\">\n\t\t\t\t\t<img class=\"wpb--image-fit\" loading=\"lazy\" data-lazy-src=\"https:\/\/www.luxurylivingmarbella.com\/wp-content\/uploads\/inmoba\/thumb-sale-1.5-exact-695224-21.webp\" alt=\"Villa contempor\u00e1nea en comunidad cerrada en el Golf Valley de Marbella\" \/>\n\t\t\t\t<\/div>\n\t\t\t\t\t\t\t\t<div class=\"f-carousel__slide\">\n\t\t\t\t\t<img class=\"wpb--image-fit\" loading=\"lazy\" data-lazy-src=\"https:\/\/www.luxurylivingmarbella.com\/wp-content\/uploads\/inmoba\/thumb-sale-1.5-exact-695224-22.webp\" alt=\"Villa contempor\u00e1nea en comunidad cerrada en el Golf Valley de Marbella\" \/>\n\t\t\t\t<\/div>\n\t\t\t\t\t\t\t<\/div>\n\t\t\t\t\t<\/div>\n\t\t<div class=\"wpb--action-container\">\n\t\t\t <button>Ver detalles<\/button>\n\t\t<\/div>\n\t<\/div>\n\t<div class=\"wpb--card-body\">\n\t\t<span class=\"wpb--card-body-location\"><span>687-00335P<\/span> | Marbella Country Club - Nueva Andalucia<\/span>\n\t\t<h2 class=\"wpb--card-title\">\n\t\t\t<a class=\"wpb--stretched-link\" href=\"\/es\/propiedad\/venta-marbella-country-club-villa-695224\">\n\t\t\t\tVilla contempor\u00e1nea en comunidad cerrada en el Golf Valley de Marbella\t\t\t<\/a>\n\t\t<\/h2>\n\t\t<div class=\"wpb--card-data\">\n\t\t\t<div class=\"wpb--card-locationref\">\n\t\t\t\t<ul class=\"wpb--card-features\">\n\t\t\t\t\t\t\t\t\t\t<li>4  Dormitorios<\/li>\n\t\t\t\t\t\t\t\t\t\t<li>4  Ba\u00f1os<\/li>\n\t\t\t\t\t\t\t\t\t\t<li>1.035 m&sup2; Plano<\/li>\n\t\t\t\t\t\t\t\t\t\t<li>398 m&sup2; Const.<\/li>\n\t\t\t\t\t\t\t\t\t<\/ul>\n\t\t\t<\/div>\n\t\t\t<div class=\"wpb--card-price\">\n\t\t\t\t4.250.000 &euro;\t\t\t<\/div>\n\t\t<\/div>\n\t<\/div>\n<\/div><div class=\"wpb--card wpb--card-reduced\">\n\t<div class=\"wpb--aspect-box wpb--portrait\">\n\t\t<div class=\"wpb--overflow-hidden\">\n\t\t\t\t\t\t\t\t\t<div class=\"f-carousel\">\n\t\t\t\t\t\t\t\t<div class=\"f-carousel__slide\">\n\t\t\t\t\t<img decoding=\"async\" class=\"wpb--image-fit\" loading=\"lazy\" src=\"https:\/\/www.luxurylivingmarbella.com\/wp-content\/uploads\/inmoba\/thumb-sale-1.5-exact-686843-0.webp\" alt=\"Villa de lujo con vistas panor\u00e1micas al mar y a La Concha en El Rosario, Marbella\" \/>\n\t\t\t\t<\/div>\n\t\t\t\t\t\t\t\t<div class=\"f-carousel__slide\">\n\t\t\t\t\t<img class=\"wpb--image-fit\" loading=\"lazy\" data-lazy-src=\"https:\/\/www.luxurylivingmarbella.com\/wp-content\/uploads\/inmoba\/thumb-sale-1.5-exact-686843-1.webp\" alt=\"Villa de lujo con vistas panor\u00e1micas al mar y a La Concha en El Rosario, Marbella\" \/>\n\t\t\t\t<\/div>\n\t\t\t\t\t\t\t\t<div class=\"f-carousel__slide\">\n\t\t\t\t\t<img class=\"wpb--image-fit\" loading=\"lazy\" data-lazy-src=\"https:\/\/www.luxurylivingmarbella.com\/wp-content\/uploads\/inmoba\/thumb-sale-1.5-exact-686843-2.webp\" alt=\"Villa de lujo con vistas panor\u00e1micas al mar y a La Concha en El Rosario, Marbella\" \/>\n\t\t\t\t<\/div>\n\t\t\t\t\t\t\t\t<div class=\"f-carousel__slide\">\n\t\t\t\t\t<img class=\"wpb--image-fit\" loading=\"lazy\" data-lazy-src=\"https:\/\/www.luxurylivingmarbella.com\/wp-content\/uploads\/inmoba\/thumb-sale-1.5-exact-686843-3.webp\" alt=\"Villa de lujo con vistas panor\u00e1micas al mar y a La Concha en El Rosario, Marbella\" \/>\n\t\t\t\t<\/div>\n\t\t\t\t\t\t\t\t<div class=\"f-carousel__slide\">\n\t\t\t\t\t<img class=\"wpb--image-fit\" loading=\"lazy\" data-lazy-src=\"https:\/\/www.luxurylivingmarbella.com\/wp-content\/uploads\/inmoba\/thumb-sale-1.5-exact-686843-4.webp\" alt=\"Villa de lujo con vistas panor\u00e1micas al mar y a La Concha en El Rosario, Marbella\" \/>\n\t\t\t\t<\/div>\n\t\t\t\t\t\t\t\t<div class=\"f-carousel__slide\">\n\t\t\t\t\t<img class=\"wpb--image-fit\" loading=\"lazy\" data-lazy-src=\"https:\/\/www.luxurylivingmarbella.com\/wp-content\/uploads\/inmoba\/thumb-sale-1.5-exact-686843-5.webp\" alt=\"Villa de lujo con vistas panor\u00e1micas al mar y a La Concha en El Rosario, Marbella\" \/>\n\t\t\t\t<\/div>\n\t\t\t\t\t\t\t\t<div class=\"f-carousel__slide\">\n\t\t\t\t\t<img class=\"wpb--image-fit\" loading=\"lazy\" data-lazy-src=\"https:\/\/www.luxurylivingmarbella.com\/wp-content\/uploads\/inmoba\/thumb-sale-1.5-exact-686843-6.webp\" alt=\"Villa de lujo con vistas panor\u00e1micas al mar y a La Concha en El Rosario, Marbella\" \/>\n\t\t\t\t<\/div>\n\t\t\t\t\t\t\t\t<div class=\"f-carousel__slide\">\n\t\t\t\t\t<img class=\"wpb--image-fit\" loading=\"lazy\" data-lazy-src=\"https:\/\/www.luxurylivingmarbella.com\/wp-content\/uploads\/inmoba\/thumb-sale-1.5-exact-686843-7.webp\" alt=\"Villa de lujo con vistas panor\u00e1micas al mar y a La Concha en El Rosario, Marbella\" \/>\n\t\t\t\t<\/div>\n\t\t\t\t\t\t\t\t<div class=\"f-carousel__slide\">\n\t\t\t\t\t<img class=\"wpb--image-fit\" loading=\"lazy\" data-lazy-src=\"https:\/\/www.luxurylivingmarbella.com\/wp-content\/uploads\/inmoba\/thumb-sale-1.5-exact-686843-8.webp\" alt=\"Villa de lujo con vistas panor\u00e1micas al mar y a La Concha en El Rosario, Marbella\" \/>\n\t\t\t\t<\/div>\n\t\t\t\t\t\t\t\t<div class=\"f-carousel__slide\">\n\t\t\t\t\t<img class=\"wpb--image-fit\" loading=\"lazy\" data-lazy-src=\"https:\/\/www.luxurylivingmarbella.com\/wp-content\/uploads\/inmoba\/thumb-sale-1.5-exact-686843-9.webp\" alt=\"Villa de lujo con vistas panor\u00e1micas al mar y a La Concha en El Rosario, Marbella\" \/>\n\t\t\t\t<\/div>\n\t\t\t\t\t\t\t\t<div class=\"f-carousel__slide\">\n\t\t\t\t\t<img class=\"wpb--image-fit\" loading=\"lazy\" data-lazy-src=\"https:\/\/www.luxurylivingmarbella.com\/wp-content\/uploads\/inmoba\/thumb-sale-1.5-exact-686843-10.webp\" alt=\"Villa de lujo con vistas panor\u00e1micas al mar y a La Concha en El Rosario, Marbella\" \/>\n\t\t\t\t<\/div>\n\t\t\t\t\t\t\t\t<div class=\"f-carousel__slide\">\n\t\t\t\t\t<img class=\"wpb--image-fit\" loading=\"lazy\" data-lazy-src=\"https:\/\/www.luxurylivingmarbella.com\/wp-content\/uploads\/inmoba\/thumb-sale-1.5-exact-686843-11.webp\" alt=\"Villa de lujo con vistas panor\u00e1micas al mar y a La Concha en El Rosario, Marbella\" \/>\n\t\t\t\t<\/div>\n\t\t\t\t\t\t\t\t<div class=\"f-carousel__slide\">\n\t\t\t\t\t<img class=\"wpb--image-fit\" loading=\"lazy\" data-lazy-src=\"https:\/\/www.luxurylivingmarbella.com\/wp-content\/uploads\/inmoba\/thumb-sale-1.5-exact-686843-12.webp\" alt=\"Villa de lujo con vistas panor\u00e1micas al mar y a La Concha en El Rosario, Marbella\" \/>\n\t\t\t\t<\/div>\n\t\t\t\t\t\t\t\t<div class=\"f-carousel__slide\">\n\t\t\t\t\t<img class=\"wpb--image-fit\" loading=\"lazy\" data-lazy-src=\"https:\/\/www.luxurylivingmarbella.com\/wp-content\/uploads\/inmoba\/thumb-sale-1.5-exact-686843-13.webp\" alt=\"Villa de lujo con vistas panor\u00e1micas al mar y a La Concha en El Rosario, Marbella\" \/>\n\t\t\t\t<\/div>\n\t\t\t\t\t\t\t\t<div class=\"f-carousel__slide\">\n\t\t\t\t\t<img class=\"wpb--image-fit\" loading=\"lazy\" data-lazy-src=\"https:\/\/www.luxurylivingmarbella.com\/wp-content\/uploads\/inmoba\/thumb-sale-1.5-exact-686843-14.webp\" alt=\"Villa de lujo con vistas panor\u00e1micas al mar y a La Concha en El Rosario, Marbella\" \/>\n\t\t\t\t<\/div>\n\t\t\t\t\t\t\t\t<div class=\"f-carousel__slide\">\n\t\t\t\t\t<img class=\"wpb--image-fit\" loading=\"lazy\" data-lazy-src=\"https:\/\/www.luxurylivingmarbella.com\/wp-content\/uploads\/inmoba\/thumb-sale-1.5-exact-686843-15.webp\" alt=\"Villa de lujo con vistas panor\u00e1micas al mar y a La Concha en El Rosario, Marbella\" \/>\n\t\t\t\t<\/div>\n\t\t\t\t\t\t\t\t<div class=\"f-carousel__slide\">\n\t\t\t\t\t<img class=\"wpb--image-fit\" loading=\"lazy\" data-lazy-src=\"https:\/\/www.luxurylivingmarbella.com\/wp-content\/uploads\/inmoba\/thumb-sale-1.5-exact-686843-16.webp\" alt=\"Villa de lujo con vistas panor\u00e1micas al mar y a La Concha en El Rosario, Marbella\" \/>\n\t\t\t\t<\/div>\n\t\t\t\t\t\t\t\t<div class=\"f-carousel__slide\">\n\t\t\t\t\t<img class=\"wpb--image-fit\" loading=\"lazy\" data-lazy-src=\"https:\/\/www.luxurylivingmarbella.com\/wp-content\/uploads\/inmoba\/thumb-sale-1.5-exact-686843-17.webp\" alt=\"Villa de lujo con vistas panor\u00e1micas al mar y a La Concha en El Rosario, Marbella\" \/>\n\t\t\t\t<\/div>\n\t\t\t\t\t\t\t\t<div class=\"f-carousel__slide\">\n\t\t\t\t\t<img class=\"wpb--image-fit\" loading=\"lazy\" data-lazy-src=\"https:\/\/www.luxurylivingmarbella.com\/wp-content\/uploads\/inmoba\/thumb-sale-1.5-exact-686843-18.webp\" alt=\"Villa de lujo con vistas panor\u00e1micas al mar y a La Concha en El Rosario, Marbella\" \/>\n\t\t\t\t<\/div>\n\t\t\t\t\t\t\t\t<div class=\"f-carousel__slide\">\n\t\t\t\t\t<img class=\"wpb--image-fit\" loading=\"lazy\" data-lazy-src=\"https:\/\/www.luxurylivingmarbella.com\/wp-content\/uploads\/inmoba\/thumb-sale-1.5-exact-686843-19.webp\" alt=\"Villa de lujo con vistas panor\u00e1micas al mar y a La Concha en El Rosario, Marbella\" \/>\n\t\t\t\t<\/div>\n\t\t\t\t\t\t\t\t<div class=\"f-carousel__slide\">\n\t\t\t\t\t<img class=\"wpb--image-fit\" loading=\"lazy\" data-lazy-src=\"https:\/\/www.luxurylivingmarbella.com\/wp-content\/uploads\/inmoba\/thumb-sale-1.5-exact-686843-20.webp\" alt=\"Villa de lujo con vistas panor\u00e1micas al mar y a La Concha en El Rosario, Marbella\" \/>\n\t\t\t\t<\/div>\n\t\t\t\t\t\t\t\t<div class=\"f-carousel__slide\">\n\t\t\t\t\t<img class=\"wpb--image-fit\" loading=\"lazy\" data-lazy-src=\"https:\/\/www.luxurylivingmarbella.com\/wp-content\/uploads\/inmoba\/thumb-sale-1.5-exact-686843-21.webp\" alt=\"Villa de lujo con vistas panor\u00e1micas al mar y a La Concha en El Rosario, Marbella\" \/>\n\t\t\t\t<\/div>\n\t\t\t\t\t\t\t\t<div class=\"f-carousel__slide\">\n\t\t\t\t\t<img class=\"wpb--image-fit\" loading=\"lazy\" data-lazy-src=\"https:\/\/www.luxurylivingmarbella.com\/wp-content\/uploads\/inmoba\/thumb-sale-1.5-exact-686843-22.webp\" alt=\"Villa de lujo con vistas panor\u00e1micas al mar y a La Concha en El Rosario, Marbella\" \/>\n\t\t\t\t<\/div>\n\t\t\t\t\t\t\t\t<div class=\"f-carousel__slide\">\n\t\t\t\t\t<img class=\"wpb--image-fit\" loading=\"lazy\" data-lazy-src=\"https:\/\/www.luxurylivingmarbella.com\/wp-content\/uploads\/inmoba\/thumb-sale-1.5-exact-686843-23.webp\" alt=\"Villa de lujo con vistas panor\u00e1micas al mar y a La Concha en El Rosario, Marbella\" \/>\n\t\t\t\t<\/div>\n\t\t\t\t\t\t\t\t<div class=\"f-carousel__slide\">\n\t\t\t\t\t<img class=\"wpb--image-fit\" loading=\"lazy\" data-lazy-src=\"https:\/\/www.luxurylivingmarbella.com\/wp-content\/uploads\/inmoba\/thumb-sale-1.5-exact-686843-24.webp\" alt=\"Villa de lujo con vistas panor\u00e1micas al mar y a La Concha en El Rosario, Marbella\" \/>\n\t\t\t\t<\/div>\n\t\t\t\t\t\t\t\t<div class=\"f-carousel__slide\">\n\t\t\t\t\t<img class=\"wpb--image-fit\" loading=\"lazy\" data-lazy-src=\"https:\/\/www.luxurylivingmarbella.com\/wp-content\/uploads\/inmoba\/thumb-sale-1.5-exact-686843-25.webp\" alt=\"Villa de lujo con vistas panor\u00e1micas al mar y a La Concha en El Rosario, Marbella\" \/>\n\t\t\t\t<\/div>\n\t\t\t\t\t\t\t\t<div class=\"f-carousel__slide\">\n\t\t\t\t\t<img class=\"wpb--image-fit\" loading=\"lazy\" data-lazy-src=\"https:\/\/www.luxurylivingmarbella.com\/wp-content\/uploads\/inmoba\/thumb-sale-1.5-exact-686843-26.webp\" alt=\"Villa de lujo con vistas panor\u00e1micas al mar y a La Concha en El Rosario, Marbella\" \/>\n\t\t\t\t<\/div>\n\t\t\t\t\t\t\t\t<div class=\"f-carousel__slide\">\n\t\t\t\t\t<img class=\"wpb--image-fit\" loading=\"lazy\" data-lazy-src=\"https:\/\/www.luxurylivingmarbella.com\/wp-content\/uploads\/inmoba\/thumb-sale-1.5-exact-686843-27.webp\" alt=\"Villa de lujo con vistas panor\u00e1micas al mar y a La Concha en El Rosario, Marbella\" \/>\n\t\t\t\t<\/div>\n\t\t\t\t\t\t\t\t<div class=\"f-carousel__slide\">\n\t\t\t\t\t<img class=\"wpb--image-fit\" loading=\"lazy\" data-lazy-src=\"https:\/\/www.luxurylivingmarbella.com\/wp-content\/uploads\/inmoba\/thumb-sale-1.5-exact-686843-28.webp\" alt=\"Villa de lujo con vistas panor\u00e1micas al mar y a La Concha en El Rosario, Marbella\" \/>\n\t\t\t\t<\/div>\n\t\t\t\t\t\t\t\t<div class=\"f-carousel__slide\">\n\t\t\t\t\t<img class=\"wpb--image-fit\" loading=\"lazy\" data-lazy-src=\"https:\/\/www.luxurylivingmarbella.com\/wp-content\/uploads\/inmoba\/thumb-sale-1.5-exact-686843-29.webp\" alt=\"Villa de lujo con vistas panor\u00e1micas al mar y a La Concha en El Rosario, Marbella\" \/>\n\t\t\t\t<\/div>\n\t\t\t\t\t\t\t<\/div>\n\t\t\t\t\t<\/div>\n\t\t<div class=\"wpb--action-container\">\n\t\t\t <button>Ver detalles<\/button>\n\t\t<\/div>\n\t<\/div>\n\t<div class=\"wpb--card-body\">\n\t\t<span class=\"wpb--card-body-location\"><span>687-00330P<\/span> | El Rosario - Marbella Este<\/span>\n\t\t<h2 class=\"wpb--card-title\">\n\t\t\t<a class=\"wpb--stretched-link\" href=\"\/es\/propiedad\/venta-el-rosario-villa-686843\">\n\t\t\t\tVilla de lujo con vistas panor\u00e1micas al mar y a La Concha en El Rosario, Marbella\t\t\t<\/a>\n\t\t<\/h2>\n\t\t<div class=\"wpb--card-data\">\n\t\t\t<div class=\"wpb--card-locationref\">\n\t\t\t\t<ul class=\"wpb--card-features\">\n\t\t\t\t\t\t\t\t\t\t<li>5  Dormitorios<\/li>\n\t\t\t\t\t\t\t\t\t\t<li>7  Ba\u00f1os<\/li>\n\t\t\t\t\t\t\t\t\t\t<li>2.275 m&sup2; Plano<\/li>\n\t\t\t\t\t\t\t\t\t\t<li>571 m&sup2; Const.<\/li>\n\t\t\t\t\t\t\t\t\t<\/ul>\n\t\t\t<\/div>\n\t\t\t<div class=\"wpb--card-price\">\n\t\t\t\t2.950.000 &euro;\t\t\t<\/div>\n\t\t<\/div>\n\t<\/div>\n<\/div><div class=\"wpb--card wpb--card-reduced\">\n\t<div class=\"wpb--aspect-box wpb--portrait\">\n\t\t<div class=\"wpb--overflow-hidden\">\n\t\t\t\t\t\t\t\t\t<div class=\"f-carousel\">\n\t\t\t\t\t\t\t\t<div class=\"f-carousel__slide\">\n\t\t\t\t\t<img decoding=\"async\" class=\"wpb--image-fit\" loading=\"lazy\" src=\"https:\/\/www.luxurylivingmarbella.com\/wp-content\/uploads\/inmoba\/thumb-sale-1.5-exact-677009-0.webp\" alt=\"Impresionante \u00e1tico de 3 dormitorios con piscina privada y vistas al mar\" \/>\n\t\t\t\t<\/div>\n\t\t\t\t\t\t\t\t<div class=\"f-carousel__slide\">\n\t\t\t\t\t<img class=\"wpb--image-fit\" loading=\"lazy\" data-lazy-src=\"https:\/\/www.luxurylivingmarbella.com\/wp-content\/uploads\/inmoba\/thumb-sale-1.5-exact-677009-1.webp\" alt=\"Impresionante \u00e1tico de 3 dormitorios con piscina privada y vistas al mar\" \/>\n\t\t\t\t<\/div>\n\t\t\t\t\t\t\t\t<div class=\"f-carousel__slide\">\n\t\t\t\t\t<img class=\"wpb--image-fit\" loading=\"lazy\" data-lazy-src=\"https:\/\/www.luxurylivingmarbella.com\/wp-content\/uploads\/inmoba\/thumb-sale-1.5-exact-677009-2.webp\" alt=\"Impresionante \u00e1tico de 3 dormitorios con piscina privada y vistas al mar\" \/>\n\t\t\t\t<\/div>\n\t\t\t\t\t\t\t\t<div class=\"f-carousel__slide\">\n\t\t\t\t\t<img class=\"wpb--image-fit\" loading=\"lazy\" data-lazy-src=\"https:\/\/www.luxurylivingmarbella.com\/wp-content\/uploads\/inmoba\/thumb-sale-1.5-exact-677009-3.webp\" alt=\"Impresionante \u00e1tico de 3 dormitorios con piscina privada y vistas al mar\" \/>\n\t\t\t\t<\/div>\n\t\t\t\t\t\t\t\t<div class=\"f-carousel__slide\">\n\t\t\t\t\t<img class=\"wpb--image-fit\" loading=\"lazy\" data-lazy-src=\"https:\/\/www.luxurylivingmarbella.com\/wp-content\/uploads\/inmoba\/thumb-sale-1.5-exact-677009-4.webp\" alt=\"Impresionante \u00e1tico de 3 dormitorios con piscina privada y vistas al mar\" \/>\n\t\t\t\t<\/div>\n\t\t\t\t\t\t\t\t<div class=\"f-carousel__slide\">\n\t\t\t\t\t<img class=\"wpb--image-fit\" loading=\"lazy\" data-lazy-src=\"https:\/\/www.luxurylivingmarbella.com\/wp-content\/uploads\/inmoba\/thumb-sale-1.5-exact-677009-5.webp\" alt=\"Impresionante \u00e1tico de 3 dormitorios con piscina privada y vistas al mar\" \/>\n\t\t\t\t<\/div>\n\t\t\t\t\t\t\t\t<div class=\"f-carousel__slide\">\n\t\t\t\t\t<img class=\"wpb--image-fit\" loading=\"lazy\" data-lazy-src=\"https:\/\/www.luxurylivingmarbella.com\/wp-content\/uploads\/inmoba\/thumb-sale-1.5-exact-677009-6.webp\" alt=\"Impresionante \u00e1tico de 3 dormitorios con piscina privada y vistas al mar\" \/>\n\t\t\t\t<\/div>\n\t\t\t\t\t\t\t\t<div class=\"f-carousel__slide\">\n\t\t\t\t\t<img class=\"wpb--image-fit\" loading=\"lazy\" data-lazy-src=\"https:\/\/www.luxurylivingmarbella.com\/wp-content\/uploads\/inmoba\/thumb-sale-1.5-exact-677009-7.webp\" alt=\"Impresionante \u00e1tico de 3 dormitorios con piscina privada y vistas al mar\" \/>\n\t\t\t\t<\/div>\n\t\t\t\t\t\t\t\t<div class=\"f-carousel__slide\">\n\t\t\t\t\t<img class=\"wpb--image-fit\" loading=\"lazy\" data-lazy-src=\"https:\/\/www.luxurylivingmarbella.com\/wp-content\/uploads\/inmoba\/thumb-sale-1.5-exact-677009-8.webp\" alt=\"Impresionante \u00e1tico de 3 dormitorios con piscina privada y vistas al mar\" \/>\n\t\t\t\t<\/div>\n\t\t\t\t\t\t\t\t<div class=\"f-carousel__slide\">\n\t\t\t\t\t<img class=\"wpb--image-fit\" loading=\"lazy\" data-lazy-src=\"https:\/\/www.luxurylivingmarbella.com\/wp-content\/uploads\/inmoba\/thumb-sale-1.5-exact-677009-9.webp\" alt=\"Impresionante \u00e1tico de 3 dormitorios con piscina privada y vistas al mar\" \/>\n\t\t\t\t<\/div>\n\t\t\t\t\t\t\t\t<div class=\"f-carousel__slide\">\n\t\t\t\t\t<img class=\"wpb--image-fit\" loading=\"lazy\" data-lazy-src=\"https:\/\/www.luxurylivingmarbella.com\/wp-content\/uploads\/inmoba\/thumb-sale-1.5-exact-677009-10.webp\" alt=\"Impresionante \u00e1tico de 3 dormitorios con piscina privada y vistas al mar\" \/>\n\t\t\t\t<\/div>\n\t\t\t\t\t\t\t\t<div class=\"f-carousel__slide\">\n\t\t\t\t\t<img class=\"wpb--image-fit\" loading=\"lazy\" data-lazy-src=\"https:\/\/www.luxurylivingmarbella.com\/wp-content\/uploads\/inmoba\/thumb-sale-1.5-exact-677009-11.webp\" alt=\"Impresionante \u00e1tico de 3 dormitorios con piscina privada y vistas al mar\" \/>\n\t\t\t\t<\/div>\n\t\t\t\t\t\t\t\t<div class=\"f-carousel__slide\">\n\t\t\t\t\t<img class=\"wpb--image-fit\" loading=\"lazy\" data-lazy-src=\"https:\/\/www.luxurylivingmarbella.com\/wp-content\/uploads\/inmoba\/thumb-sale-1.5-exact-677009-12.webp\" alt=\"Impresionante \u00e1tico de 3 dormitorios con piscina privada y vistas al mar\" \/>\n\t\t\t\t<\/div>\n\t\t\t\t\t\t\t\t<div class=\"f-carousel__slide\">\n\t\t\t\t\t<img class=\"wpb--image-fit\" loading=\"lazy\" data-lazy-src=\"https:\/\/www.luxurylivingmarbella.com\/wp-content\/uploads\/inmoba\/thumb-sale-1.5-exact-677009-13.webp\" alt=\"Impresionante \u00e1tico de 3 dormitorios con piscina privada y vistas al mar\" \/>\n\t\t\t\t<\/div>\n\t\t\t\t\t\t\t\t<div class=\"f-carousel__slide\">\n\t\t\t\t\t<img class=\"wpb--image-fit\" loading=\"lazy\" data-lazy-src=\"https:\/\/www.luxurylivingmarbella.com\/wp-content\/uploads\/inmoba\/thumb-sale-1.5-exact-677009-14.webp\" alt=\"Impresionante \u00e1tico de 3 dormitorios con piscina privada y vistas al mar\" \/>\n\t\t\t\t<\/div>\n\t\t\t\t\t\t\t\t<div class=\"f-carousel__slide\">\n\t\t\t\t\t<img class=\"wpb--image-fit\" loading=\"lazy\" data-lazy-src=\"https:\/\/www.luxurylivingmarbella.com\/wp-content\/uploads\/inmoba\/thumb-sale-1.5-exact-677009-15.webp\" alt=\"Impresionante \u00e1tico de 3 dormitorios con piscina privada y vistas al mar\" \/>\n\t\t\t\t<\/div>\n\t\t\t\t\t\t\t\t<div class=\"f-carousel__slide\">\n\t\t\t\t\t<img class=\"wpb--image-fit\" loading=\"lazy\" data-lazy-src=\"https:\/\/www.luxurylivingmarbella.com\/wp-content\/uploads\/inmoba\/thumb-sale-1.5-exact-677009-16.webp\" alt=\"Impresionante \u00e1tico de 3 dormitorios con piscina privada y vistas al mar\" \/>\n\t\t\t\t<\/div>\n\t\t\t\t\t\t\t\t<div class=\"f-carousel__slide\">\n\t\t\t\t\t<img class=\"wpb--image-fit\" loading=\"lazy\" data-lazy-src=\"https:\/\/www.luxurylivingmarbella.com\/wp-content\/uploads\/inmoba\/thumb-sale-1.5-exact-677009-17.webp\" alt=\"Impresionante \u00e1tico de 3 dormitorios con piscina privada y vistas al mar\" \/>\n\t\t\t\t<\/div>\n\t\t\t\t\t\t\t\t<div class=\"f-carousel__slide\">\n\t\t\t\t\t<img class=\"wpb--image-fit\" loading=\"lazy\" data-lazy-src=\"https:\/\/www.luxurylivingmarbella.com\/wp-content\/uploads\/inmoba\/thumb-sale-1.5-exact-677009-18.webp\" alt=\"Impresionante \u00e1tico de 3 dormitorios con piscina privada y vistas al mar\" \/>\n\t\t\t\t<\/div>\n\t\t\t\t\t\t\t\t<div class=\"f-carousel__slide\">\n\t\t\t\t\t<img class=\"wpb--image-fit\" loading=\"lazy\" data-lazy-src=\"https:\/\/www.luxurylivingmarbella.com\/wp-content\/uploads\/inmoba\/thumb-sale-1.5-exact-677009-19.webp\" alt=\"Impresionante \u00e1tico de 3 dormitorios con piscina privada y vistas al mar\" \/>\n\t\t\t\t<\/div>\n\t\t\t\t\t\t\t\t<div class=\"f-carousel__slide\">\n\t\t\t\t\t<img class=\"wpb--image-fit\" loading=\"lazy\" data-lazy-src=\"https:\/\/www.luxurylivingmarbella.com\/wp-content\/uploads\/inmoba\/thumb-sale-1.5-exact-677009-20.webp\" alt=\"Impresionante \u00e1tico de 3 dormitorios con piscina privada y vistas al mar\" \/>\n\t\t\t\t<\/div>\n\t\t\t\t\t\t\t\t<div class=\"f-carousel__slide\">\n\t\t\t\t\t<img class=\"wpb--image-fit\" loading=\"lazy\" data-lazy-src=\"https:\/\/www.luxurylivingmarbella.com\/wp-content\/uploads\/inmoba\/thumb-sale-1.5-exact-677009-21.webp\" alt=\"Impresionante \u00e1tico de 3 dormitorios con piscina privada y vistas al mar\" \/>\n\t\t\t\t<\/div>\n\t\t\t\t\t\t\t\t<div class=\"f-carousel__slide\">\n\t\t\t\t\t<img class=\"wpb--image-fit\" loading=\"lazy\" data-lazy-src=\"https:\/\/www.luxurylivingmarbella.com\/wp-content\/uploads\/inmoba\/thumb-sale-1.5-exact-677009-22.webp\" alt=\"Impresionante \u00e1tico de 3 dormitorios con piscina privada y vistas al mar\" \/>\n\t\t\t\t<\/div>\n\t\t\t\t\t\t\t\t<div class=\"f-carousel__slide\">\n\t\t\t\t\t<img class=\"wpb--image-fit\" loading=\"lazy\" data-lazy-src=\"https:\/\/www.luxurylivingmarbella.com\/wp-content\/uploads\/inmoba\/thumb-sale-1.5-exact-677009-23.webp\" alt=\"Impresionante \u00e1tico de 3 dormitorios con piscina privada y vistas al mar\" \/>\n\t\t\t\t<\/div>\n\t\t\t\t\t\t\t\t<div class=\"f-carousel__slide\">\n\t\t\t\t\t<img class=\"wpb--image-fit\" loading=\"lazy\" data-lazy-src=\"https:\/\/www.luxurylivingmarbella.com\/wp-content\/uploads\/inmoba\/thumb-sale-1.5-exact-677009-24.webp\" alt=\"Impresionante \u00e1tico de 3 dormitorios con piscina privada y vistas al mar\" \/>\n\t\t\t\t<\/div>\n\t\t\t\t\t\t\t\t<div class=\"f-carousel__slide\">\n\t\t\t\t\t<img class=\"wpb--image-fit\" loading=\"lazy\" data-lazy-src=\"https:\/\/www.luxurylivingmarbella.com\/wp-content\/uploads\/inmoba\/thumb-sale-1.5-exact-677009-25.webp\" alt=\"Impresionante \u00e1tico de 3 dormitorios con piscina privada y vistas al mar\" \/>\n\t\t\t\t<\/div>\n\t\t\t\t\t\t\t\t<div class=\"f-carousel__slide\">\n\t\t\t\t\t<img class=\"wpb--image-fit\" loading=\"lazy\" data-lazy-src=\"https:\/\/www.luxurylivingmarbella.com\/wp-content\/uploads\/inmoba\/thumb-sale-1.5-exact-677009-26.webp\" alt=\"Impresionante \u00e1tico de 3 dormitorios con piscina privada y vistas al mar\" \/>\n\t\t\t\t<\/div>\n\t\t\t\t\t\t\t\t<div class=\"f-carousel__slide\">\n\t\t\t\t\t<img class=\"wpb--image-fit\" loading=\"lazy\" data-lazy-src=\"https:\/\/www.luxurylivingmarbella.com\/wp-content\/uploads\/inmoba\/thumb-sale-1.5-exact-677009-27.webp\" alt=\"Impresionante \u00e1tico de 3 dormitorios con piscina privada y vistas al mar\" \/>\n\t\t\t\t<\/div>\n\t\t\t\t\t\t\t\t<div class=\"f-carousel__slide\">\n\t\t\t\t\t<img class=\"wpb--image-fit\" loading=\"lazy\" data-lazy-src=\"https:\/\/www.luxurylivingmarbella.com\/wp-content\/uploads\/inmoba\/thumb-sale-1.5-exact-677009-28.webp\" alt=\"Impresionante \u00e1tico de 3 dormitorios con piscina privada y vistas al mar\" \/>\n\t\t\t\t<\/div>\n\t\t\t\t\t\t\t\t<div class=\"f-carousel__slide\">\n\t\t\t\t\t<img class=\"wpb--image-fit\" loading=\"lazy\" data-lazy-src=\"https:\/\/www.luxurylivingmarbella.com\/wp-content\/uploads\/inmoba\/thumb-sale-1.5-exact-677009-29.webp\" alt=\"Impresionante \u00e1tico de 3 dormitorios con piscina privada y vistas al mar\" \/>\n\t\t\t\t<\/div>\n\t\t\t\t\t\t\t\t<div class=\"f-carousel__slide\">\n\t\t\t\t\t<img class=\"wpb--image-fit\" loading=\"lazy\" data-lazy-src=\"https:\/\/www.luxurylivingmarbella.com\/wp-content\/uploads\/inmoba\/thumb-sale-1.5-exact-677009-30.webp\" alt=\"Impresionante \u00e1tico de 3 dormitorios con piscina privada y vistas al mar\" \/>\n\t\t\t\t<\/div>\n\t\t\t\t\t\t\t\t<div class=\"f-carousel__slide\">\n\t\t\t\t\t<img class=\"wpb--image-fit\" loading=\"lazy\" data-lazy-src=\"https:\/\/www.luxurylivingmarbella.com\/wp-content\/uploads\/inmoba\/thumb-sale-1.5-exact-677009-31.webp\" alt=\"Impresionante \u00e1tico de 3 dormitorios con piscina privada y vistas al mar\" \/>\n\t\t\t\t<\/div>\n\t\t\t\t\t\t\t\t<div class=\"f-carousel__slide\">\n\t\t\t\t\t<img class=\"wpb--image-fit\" loading=\"lazy\" data-lazy-src=\"https:\/\/www.luxurylivingmarbella.com\/wp-content\/uploads\/inmoba\/thumb-sale-1.5-exact-677009-32.webp\" alt=\"Impresionante \u00e1tico de 3 dormitorios con piscina privada y vistas al mar\" \/>\n\t\t\t\t<\/div>\n\t\t\t\t\t\t\t\t<div class=\"f-carousel__slide\">\n\t\t\t\t\t<img class=\"wpb--image-fit\" loading=\"lazy\" data-lazy-src=\"https:\/\/www.luxurylivingmarbella.com\/wp-content\/uploads\/inmoba\/thumb-sale-1.5-exact-677009-33.webp\" alt=\"Impresionante \u00e1tico de 3 dormitorios con piscina privada y vistas al mar\" \/>\n\t\t\t\t<\/div>\n\t\t\t\t\t\t\t\t<div class=\"f-carousel__slide\">\n\t\t\t\t\t<img class=\"wpb--image-fit\" loading=\"lazy\" data-lazy-src=\"https:\/\/www.luxurylivingmarbella.com\/wp-content\/uploads\/inmoba\/thumb-sale-1.5-exact-677009-34.webp\" alt=\"Impresionante \u00e1tico de 3 dormitorios con piscina privada y vistas al mar\" \/>\n\t\t\t\t<\/div>\n\t\t\t\t\t\t\t\t<div class=\"f-carousel__slide\">\n\t\t\t\t\t<img class=\"wpb--image-fit\" loading=\"lazy\" data-lazy-src=\"https:\/\/www.luxurylivingmarbella.com\/wp-content\/uploads\/inmoba\/thumb-sale-1.5-exact-677009-35.webp\" alt=\"Impresionante \u00e1tico de 3 dormitorios con piscina privada y vistas al mar\" \/>\n\t\t\t\t<\/div>\n\t\t\t\t\t\t\t\t<div class=\"f-carousel__slide\">\n\t\t\t\t\t<img class=\"wpb--image-fit\" loading=\"lazy\" data-lazy-src=\"https:\/\/www.luxurylivingmarbella.com\/wp-content\/uploads\/inmoba\/thumb-sale-1.5-exact-677009-36.webp\" alt=\"Impresionante \u00e1tico de 3 dormitorios con piscina privada y vistas al mar\" \/>\n\t\t\t\t<\/div>\n\t\t\t\t\t\t\t\t<div class=\"f-carousel__slide\">\n\t\t\t\t\t<img class=\"wpb--image-fit\" loading=\"lazy\" data-lazy-src=\"https:\/\/www.luxurylivingmarbella.com\/wp-content\/uploads\/inmoba\/thumb-sale-1.5-exact-677009-37.webp\" alt=\"Impresionante \u00e1tico de 3 dormitorios con piscina privada y vistas al mar\" \/>\n\t\t\t\t<\/div>\n\t\t\t\t\t\t\t\t<div class=\"f-carousel__slide\">\n\t\t\t\t\t<img class=\"wpb--image-fit\" loading=\"lazy\" data-lazy-src=\"https:\/\/www.luxurylivingmarbella.com\/wp-content\/uploads\/inmoba\/thumb-sale-1.5-exact-677009-38.webp\" alt=\"Impresionante \u00e1tico de 3 dormitorios con piscina privada y vistas al mar\" \/>\n\t\t\t\t<\/div>\n\t\t\t\t\t\t\t\t<div class=\"f-carousel__slide\">\n\t\t\t\t\t<img class=\"wpb--image-fit\" loading=\"lazy\" data-lazy-src=\"https:\/\/www.luxurylivingmarbella.com\/wp-content\/uploads\/inmoba\/thumb-sale-1.5-exact-677009-39.webp\" alt=\"Impresionante \u00e1tico de 3 dormitorios con piscina privada y vistas al mar\" \/>\n\t\t\t\t<\/div>\n\t\t\t\t\t\t\t\t<div class=\"f-carousel__slide\">\n\t\t\t\t\t<img class=\"wpb--image-fit\" loading=\"lazy\" data-lazy-src=\"https:\/\/www.luxurylivingmarbella.com\/wp-content\/uploads\/inmoba\/thumb-sale-1.5-exact-677009-40.webp\" alt=\"Impresionante \u00e1tico de 3 dormitorios con piscina privada y vistas al mar\" \/>\n\t\t\t\t<\/div>\n\t\t\t\t\t\t\t\t<div class=\"f-carousel__slide\">\n\t\t\t\t\t<img class=\"wpb--image-fit\" loading=\"lazy\" data-lazy-src=\"https:\/\/www.luxurylivingmarbella.com\/wp-content\/uploads\/inmoba\/thumb-sale-1.5-exact-677009-41.webp\" alt=\"Impresionante \u00e1tico de 3 dormitorios con piscina privada y vistas al mar\" \/>\n\t\t\t\t<\/div>\n\t\t\t\t\t\t\t<\/div>\n\t\t\t\t\t<\/div>\n\t\t<div class=\"wpb--action-container\">\n\t\t\t <button>Ver detalles<\/button>\n\t\t<\/div>\n\t<\/div>\n\t<div class=\"wpb--card-body\">\n\t\t<span class=\"wpb--card-body-location\"><span>687-00316P<\/span> | Palacetes Los Belvederes - Nueva Andalucia<\/span>\n\t\t<h2 class=\"wpb--card-title\">\n\t\t\t<a class=\"wpb--stretched-link\" href=\"\/es\/propiedad\/venta-palacetes-los-belvederes-atico-duplex-677009\">\n\t\t\t\tImpresionante \u00e1tico de 3 dormitorios con piscina privada y vistas al mar\t\t\t<\/a>\n\t\t<\/h2>\n\t\t<div class=\"wpb--card-data\">\n\t\t\t<div class=\"wpb--card-locationref\">\n\t\t\t\t<ul class=\"wpb--card-features\">\n\t\t\t\t\t\t\t\t\t\t<li>3  Dormitorios<\/li>\n\t\t\t\t\t\t\t\t\t\t<li>3  Ba\u00f1os<\/li>\n\t\t\t\t\t\t\t\t\t\t<li>183 m&sup2; Const.<\/li>\n\t\t\t\t\t\t\t\t\t<\/ul>\n\t\t\t<\/div>\n\t\t\t<div class=\"wpb--card-price\">\n\t\t\t\t2.650.000 &euro;\t\t\t<\/div>\n\t\t<\/div>\n\t<\/div>\n<\/div><div class=\"wpb--card wpb--card-reduced\">\n\t<div class=\"wpb--aspect-box wpb--portrait\">\n\t\t<div class=\"wpb--overflow-hidden\">\n\t\t\t\t\t\t\t\t\t<div class=\"f-carousel\">\n\t\t\t\t\t\t\t\t<div class=\"f-carousel__slide\">\n\t\t\t\t\t<img decoding=\"async\" class=\"wpb--image-fit\" loading=\"lazy\" src=\"https:\/\/www.luxurylivingmarbella.com\/wp-content\/uploads\/inmoba\/thumb-sale-1.5-exact-675922-0.webp\" alt=\"Apartamento de 3 Dormitorios reci\u00e9n reformado con vistas al mar y la monta\u00f1a en Nueva Andalucia\" \/>\n\t\t\t\t<\/div>\n\t\t\t\t\t\t\t\t<div class=\"f-carousel__slide\">\n\t\t\t\t\t<img class=\"wpb--image-fit\" loading=\"lazy\" data-lazy-src=\"https:\/\/www.luxurylivingmarbella.com\/wp-content\/uploads\/inmoba\/thumb-sale-1.5-exact-675922-1.webp\" alt=\"Apartamento de 3 Dormitorios reci\u00e9n reformado con vistas al mar y la monta\u00f1a en Nueva Andalucia\" \/>\n\t\t\t\t<\/div>\n\t\t\t\t\t\t\t\t<div class=\"f-carousel__slide\">\n\t\t\t\t\t<img class=\"wpb--image-fit\" loading=\"lazy\" data-lazy-src=\"https:\/\/www.luxurylivingmarbella.com\/wp-content\/uploads\/inmoba\/thumb-sale-1.5-exact-675922-2.webp\" alt=\"Apartamento de 3 Dormitorios reci\u00e9n reformado con vistas al mar y la monta\u00f1a en Nueva Andalucia\" \/>\n\t\t\t\t<\/div>\n\t\t\t\t\t\t\t\t<div class=\"f-carousel__slide\">\n\t\t\t\t\t<img class=\"wpb--image-fit\" loading=\"lazy\" data-lazy-src=\"https:\/\/www.luxurylivingmarbella.com\/wp-content\/uploads\/inmoba\/thumb-sale-1.5-exact-675922-3.webp\" alt=\"Apartamento de 3 Dormitorios reci\u00e9n reformado con vistas al mar y la monta\u00f1a en Nueva Andalucia\" \/>\n\t\t\t\t<\/div>\n\t\t\t\t\t\t\t\t<div class=\"f-carousel__slide\">\n\t\t\t\t\t<img class=\"wpb--image-fit\" loading=\"lazy\" data-lazy-src=\"https:\/\/www.luxurylivingmarbella.com\/wp-content\/uploads\/inmoba\/thumb-sale-1.5-exact-675922-4.webp\" alt=\"Apartamento de 3 Dormitorios reci\u00e9n reformado con vistas al mar y la monta\u00f1a en Nueva Andalucia\" \/>\n\t\t\t\t<\/div>\n\t\t\t\t\t\t\t\t<div class=\"f-carousel__slide\">\n\t\t\t\t\t<img class=\"wpb--image-fit\" loading=\"lazy\" data-lazy-src=\"https:\/\/www.luxurylivingmarbella.com\/wp-content\/uploads\/inmoba\/thumb-sale-1.5-exact-675922-5.webp\" alt=\"Apartamento de 3 Dormitorios reci\u00e9n reformado con vistas al mar y la monta\u00f1a en Nueva Andalucia\" \/>\n\t\t\t\t<\/div>\n\t\t\t\t\t\t\t\t<div class=\"f-carousel__slide\">\n\t\t\t\t\t<img class=\"wpb--image-fit\" loading=\"lazy\" data-lazy-src=\"https:\/\/www.luxurylivingmarbella.com\/wp-content\/uploads\/inmoba\/thumb-sale-1.5-exact-675922-6.webp\" alt=\"Apartamento de 3 Dormitorios reci\u00e9n reformado con vistas al mar y la monta\u00f1a en Nueva Andalucia\" \/>\n\t\t\t\t<\/div>\n\t\t\t\t\t\t\t\t<div class=\"f-carousel__slide\">\n\t\t\t\t\t<img class=\"wpb--image-fit\" loading=\"lazy\" data-lazy-src=\"https:\/\/www.luxurylivingmarbella.com\/wp-content\/uploads\/inmoba\/thumb-sale-1.5-exact-675922-7.webp\" alt=\"Apartamento de 3 Dormitorios reci\u00e9n reformado con vistas al mar y la monta\u00f1a en Nueva Andalucia\" \/>\n\t\t\t\t<\/div>\n\t\t\t\t\t\t\t\t<div class=\"f-carousel__slide\">\n\t\t\t\t\t<img class=\"wpb--image-fit\" loading=\"lazy\" data-lazy-src=\"https:\/\/www.luxurylivingmarbella.com\/wp-content\/uploads\/inmoba\/thumb-sale-1.5-exact-675922-8.webp\" alt=\"Apartamento de 3 Dormitorios reci\u00e9n reformado con vistas al mar y la monta\u00f1a en Nueva Andalucia\" \/>\n\t\t\t\t<\/div>\n\t\t\t\t\t\t\t\t<div class=\"f-carousel__slide\">\n\t\t\t\t\t<img class=\"wpb--image-fit\" loading=\"lazy\" data-lazy-src=\"https:\/\/www.luxurylivingmarbella.com\/wp-content\/uploads\/inmoba\/thumb-sale-1.5-exact-675922-9.webp\" alt=\"Apartamento de 3 Dormitorios reci\u00e9n reformado con vistas al mar y la monta\u00f1a en Nueva Andalucia\" \/>\n\t\t\t\t<\/div>\n\t\t\t\t\t\t\t\t<div class=\"f-carousel__slide\">\n\t\t\t\t\t<img class=\"wpb--image-fit\" loading=\"lazy\" data-lazy-src=\"https:\/\/www.luxurylivingmarbella.com\/wp-content\/uploads\/inmoba\/thumb-sale-1.5-exact-675922-10.webp\" alt=\"Apartamento de 3 Dormitorios reci\u00e9n reformado con vistas al mar y la monta\u00f1a en Nueva Andalucia\" \/>\n\t\t\t\t<\/div>\n\t\t\t\t\t\t\t\t<div class=\"f-carousel__slide\">\n\t\t\t\t\t<img class=\"wpb--image-fit\" loading=\"lazy\" data-lazy-src=\"https:\/\/www.luxurylivingmarbella.com\/wp-content\/uploads\/inmoba\/thumb-sale-1.5-exact-675922-11.webp\" alt=\"Apartamento de 3 Dormitorios reci\u00e9n reformado con vistas al mar y la monta\u00f1a en Nueva Andalucia\" \/>\n\t\t\t\t<\/div>\n\t\t\t\t\t\t\t\t<div class=\"f-carousel__slide\">\n\t\t\t\t\t<img class=\"wpb--image-fit\" loading=\"lazy\" data-lazy-src=\"https:\/\/www.luxurylivingmarbella.com\/wp-content\/uploads\/inmoba\/thumb-sale-1.5-exact-675922-12.webp\" alt=\"Apartamento de 3 Dormitorios reci\u00e9n reformado con vistas al mar y la monta\u00f1a en Nueva Andalucia\" \/>\n\t\t\t\t<\/div>\n\t\t\t\t\t\t\t\t<div class=\"f-carousel__slide\">\n\t\t\t\t\t<img class=\"wpb--image-fit\" loading=\"lazy\" data-lazy-src=\"https:\/\/www.luxurylivingmarbella.com\/wp-content\/uploads\/inmoba\/thumb-sale-1.5-exact-675922-13.webp\" alt=\"Apartamento de 3 Dormitorios reci\u00e9n reformado con vistas al mar y la monta\u00f1a en Nueva Andalucia\" \/>\n\t\t\t\t<\/div>\n\t\t\t\t\t\t\t\t<div class=\"f-carousel__slide\">\n\t\t\t\t\t<img class=\"wpb--image-fit\" loading=\"lazy\" data-lazy-src=\"https:\/\/www.luxurylivingmarbella.com\/wp-content\/uploads\/inmoba\/thumb-sale-1.5-exact-675922-14.webp\" alt=\"Apartamento de 3 Dormitorios reci\u00e9n reformado con vistas al mar y la monta\u00f1a en Nueva Andalucia\" \/>\n\t\t\t\t<\/div>\n\t\t\t\t\t\t\t\t<div class=\"f-carousel__slide\">\n\t\t\t\t\t<img class=\"wpb--image-fit\" loading=\"lazy\" data-lazy-src=\"https:\/\/www.luxurylivingmarbella.com\/wp-content\/uploads\/inmoba\/thumb-sale-1.5-exact-675922-15.webp\" alt=\"Apartamento de 3 Dormitorios reci\u00e9n reformado con vistas al mar y la monta\u00f1a en Nueva Andalucia\" \/>\n\t\t\t\t<\/div>\n\t\t\t\t\t\t\t\t<div class=\"f-carousel__slide\">\n\t\t\t\t\t<img class=\"wpb--image-fit\" loading=\"lazy\" data-lazy-src=\"https:\/\/www.luxurylivingmarbella.com\/wp-content\/uploads\/inmoba\/thumb-sale-1.5-exact-675922-16.webp\" alt=\"Apartamento de 3 Dormitorios reci\u00e9n reformado con vistas al mar y la monta\u00f1a en Nueva Andalucia\" \/>\n\t\t\t\t<\/div>\n\t\t\t\t\t\t\t\t<div class=\"f-carousel__slide\">\n\t\t\t\t\t<img class=\"wpb--image-fit\" loading=\"lazy\" data-lazy-src=\"https:\/\/www.luxurylivingmarbella.com\/wp-content\/uploads\/inmoba\/thumb-sale-1.5-exact-675922-17.webp\" alt=\"Apartamento de 3 Dormitorios reci\u00e9n reformado con vistas al mar y la monta\u00f1a en Nueva Andalucia\" \/>\n\t\t\t\t<\/div>\n\t\t\t\t\t\t\t\t<div class=\"f-carousel__slide\">\n\t\t\t\t\t<img class=\"wpb--image-fit\" loading=\"lazy\" data-lazy-src=\"https:\/\/www.luxurylivingmarbella.com\/wp-content\/uploads\/inmoba\/thumb-sale-1.5-exact-675922-18.webp\" alt=\"Apartamento de 3 Dormitorios reci\u00e9n reformado con vistas al mar y la monta\u00f1a en Nueva Andalucia\" \/>\n\t\t\t\t<\/div>\n\t\t\t\t\t\t\t\t<div class=\"f-carousel__slide\">\n\t\t\t\t\t<img class=\"wpb--image-fit\" loading=\"lazy\" data-lazy-src=\"https:\/\/www.luxurylivingmarbella.com\/wp-content\/uploads\/inmoba\/thumb-sale-1.5-exact-675922-19.webp\" alt=\"Apartamento de 3 Dormitorios reci\u00e9n reformado con vistas al mar y la monta\u00f1a en Nueva Andalucia\" \/>\n\t\t\t\t<\/div>\n\t\t\t\t\t\t\t\t<div class=\"f-carousel__slide\">\n\t\t\t\t\t<img class=\"wpb--image-fit\" loading=\"lazy\" data-lazy-src=\"https:\/\/www.luxurylivingmarbella.com\/wp-content\/uploads\/inmoba\/thumb-sale-1.5-exact-675922-20.webp\" alt=\"Apartamento de 3 Dormitorios reci\u00e9n reformado con vistas al mar y la monta\u00f1a en Nueva Andalucia\" \/>\n\t\t\t\t<\/div>\n\t\t\t\t\t\t\t\t<div class=\"f-carousel__slide\">\n\t\t\t\t\t<img class=\"wpb--image-fit\" loading=\"lazy\" data-lazy-src=\"https:\/\/www.luxurylivingmarbella.com\/wp-content\/uploads\/inmoba\/thumb-sale-1.5-exact-675922-21.webp\" alt=\"Apartamento de 3 Dormitorios reci\u00e9n reformado con vistas al mar y la monta\u00f1a en Nueva Andalucia\" \/>\n\t\t\t\t<\/div>\n\t\t\t\t\t\t\t\t<div class=\"f-carousel__slide\">\n\t\t\t\t\t<img class=\"wpb--image-fit\" loading=\"lazy\" data-lazy-src=\"https:\/\/www.luxurylivingmarbella.com\/wp-content\/uploads\/inmoba\/thumb-sale-1.5-exact-675922-22.webp\" alt=\"Apartamento de 3 Dormitorios reci\u00e9n reformado con vistas al mar y la monta\u00f1a en Nueva Andalucia\" \/>\n\t\t\t\t<\/div>\n\t\t\t\t\t\t\t\t<div class=\"f-carousel__slide\">\n\t\t\t\t\t<img class=\"wpb--image-fit\" loading=\"lazy\" data-lazy-src=\"https:\/\/www.luxurylivingmarbella.com\/wp-content\/uploads\/inmoba\/thumb-sale-1.5-exact-675922-23.webp\" alt=\"Apartamento de 3 Dormitorios reci\u00e9n reformado con vistas al mar y la monta\u00f1a en Nueva Andalucia\" \/>\n\t\t\t\t<\/div>\n\t\t\t\t\t\t\t\t<div class=\"f-carousel__slide\">\n\t\t\t\t\t<img class=\"wpb--image-fit\" loading=\"lazy\" data-lazy-src=\"https:\/\/www.luxurylivingmarbella.com\/wp-content\/uploads\/inmoba\/thumb-sale-1.5-exact-675922-24.webp\" alt=\"Apartamento de 3 Dormitorios reci\u00e9n reformado con vistas al mar y la monta\u00f1a en Nueva Andalucia\" \/>\n\t\t\t\t<\/div>\n\t\t\t\t\t\t\t\t<div class=\"f-carousel__slide\">\n\t\t\t\t\t<img class=\"wpb--image-fit\" loading=\"lazy\" data-lazy-src=\"https:\/\/www.luxurylivingmarbella.com\/wp-content\/uploads\/inmoba\/thumb-sale-1.5-exact-675922-25.webp\" alt=\"Apartamento de 3 Dormitorios reci\u00e9n reformado con vistas al mar y la monta\u00f1a en Nueva Andalucia\" \/>\n\t\t\t\t<\/div>\n\t\t\t\t\t\t\t\t<div class=\"f-carousel__slide\">\n\t\t\t\t\t<img class=\"wpb--image-fit\" loading=\"lazy\" data-lazy-src=\"https:\/\/www.luxurylivingmarbella.com\/wp-content\/uploads\/inmoba\/thumb-sale-1.5-exact-675922-26.webp\" alt=\"Apartamento de 3 Dormitorios reci\u00e9n reformado con vistas al mar y la monta\u00f1a en Nueva Andalucia\" \/>\n\t\t\t\t<\/div>\n\t\t\t\t\t\t\t\t<div class=\"f-carousel__slide\">\n\t\t\t\t\t<img class=\"wpb--image-fit\" loading=\"lazy\" data-lazy-src=\"https:\/\/www.luxurylivingmarbella.com\/wp-content\/uploads\/inmoba\/thumb-sale-1.5-exact-675922-27.webp\" alt=\"Apartamento de 3 Dormitorios reci\u00e9n reformado con vistas al mar y la monta\u00f1a en Nueva Andalucia\" \/>\n\t\t\t\t<\/div>\n\t\t\t\t\t\t\t\t<div class=\"f-carousel__slide\">\n\t\t\t\t\t<img class=\"wpb--image-fit\" loading=\"lazy\" data-lazy-src=\"https:\/\/www.luxurylivingmarbella.com\/wp-content\/uploads\/inmoba\/thumb-sale-1.5-exact-675922-28.webp\" alt=\"Apartamento de 3 Dormitorios reci\u00e9n reformado con vistas al mar y la monta\u00f1a en Nueva Andalucia\" \/>\n\t\t\t\t<\/div>\n\t\t\t\t\t\t\t\t<div class=\"f-carousel__slide\">\n\t\t\t\t\t<img class=\"wpb--image-fit\" loading=\"lazy\" data-lazy-src=\"https:\/\/www.luxurylivingmarbella.com\/wp-content\/uploads\/inmoba\/thumb-sale-1.5-exact-675922-29.webp\" alt=\"Apartamento de 3 Dormitorios reci\u00e9n reformado con vistas al mar y la monta\u00f1a en Nueva Andalucia\" \/>\n\t\t\t\t<\/div>\n\t\t\t\t\t\t\t\t<div class=\"f-carousel__slide\">\n\t\t\t\t\t<img class=\"wpb--image-fit\" loading=\"lazy\" data-lazy-src=\"https:\/\/www.luxurylivingmarbella.com\/wp-content\/uploads\/inmoba\/thumb-sale-1.5-exact-675922-30.webp\" alt=\"Apartamento de 3 Dormitorios reci\u00e9n reformado con vistas al mar y la monta\u00f1a en Nueva Andalucia\" \/>\n\t\t\t\t<\/div>\n\t\t\t\t\t\t\t\t<div class=\"f-carousel__slide\">\n\t\t\t\t\t<img class=\"wpb--image-fit\" loading=\"lazy\" data-lazy-src=\"https:\/\/www.luxurylivingmarbella.com\/wp-content\/uploads\/inmoba\/thumb-sale-1.5-exact-675922-31.webp\" alt=\"Apartamento de 3 Dormitorios reci\u00e9n reformado con vistas al mar y la monta\u00f1a en Nueva Andalucia\" \/>\n\t\t\t\t<\/div>\n\t\t\t\t\t\t\t\t<div class=\"f-carousel__slide\">\n\t\t\t\t\t<img class=\"wpb--image-fit\" loading=\"lazy\" data-lazy-src=\"https:\/\/www.luxurylivingmarbella.com\/wp-content\/uploads\/inmoba\/thumb-sale-1.5-exact-675922-32.webp\" alt=\"Apartamento de 3 Dormitorios reci\u00e9n reformado con vistas al mar y la monta\u00f1a en Nueva Andalucia\" \/>\n\t\t\t\t<\/div>\n\t\t\t\t\t\t\t\t<div class=\"f-carousel__slide\">\n\t\t\t\t\t<img class=\"wpb--image-fit\" loading=\"lazy\" data-lazy-src=\"https:\/\/www.luxurylivingmarbella.com\/wp-content\/uploads\/inmoba\/thumb-sale-1.5-exact-675922-33.webp\" alt=\"Apartamento de 3 Dormitorios reci\u00e9n reformado con vistas al mar y la monta\u00f1a en Nueva Andalucia\" \/>\n\t\t\t\t<\/div>\n\t\t\t\t\t\t\t\t<div class=\"f-carousel__slide\">\n\t\t\t\t\t<img class=\"wpb--image-fit\" loading=\"lazy\" data-lazy-src=\"https:\/\/www.luxurylivingmarbella.com\/wp-content\/uploads\/inmoba\/thumb-sale-1.5-exact-675922-34.webp\" alt=\"Apartamento de 3 Dormitorios reci\u00e9n reformado con vistas al mar y la monta\u00f1a en Nueva Andalucia\" \/>\n\t\t\t\t<\/div>\n\t\t\t\t\t\t\t\t<div class=\"f-carousel__slide\">\n\t\t\t\t\t<img class=\"wpb--image-fit\" loading=\"lazy\" data-lazy-src=\"https:\/\/www.luxurylivingmarbella.com\/wp-content\/uploads\/inmoba\/thumb-sale-1.5-exact-675922-35.webp\" alt=\"Apartamento de 3 Dormitorios reci\u00e9n reformado con vistas al mar y la monta\u00f1a en Nueva Andalucia\" \/>\n\t\t\t\t<\/div>\n\t\t\t\t\t\t\t\t<div class=\"f-carousel__slide\">\n\t\t\t\t\t<img class=\"wpb--image-fit\" loading=\"lazy\" data-lazy-src=\"https:\/\/www.luxurylivingmarbella.com\/wp-content\/uploads\/inmoba\/thumb-sale-1.5-exact-675922-36.webp\" alt=\"Apartamento de 3 Dormitorios reci\u00e9n reformado con vistas al mar y la monta\u00f1a en Nueva Andalucia\" \/>\n\t\t\t\t<\/div>\n\t\t\t\t\t\t\t\t<div class=\"f-carousel__slide\">\n\t\t\t\t\t<img class=\"wpb--image-fit\" loading=\"lazy\" data-lazy-src=\"https:\/\/www.luxurylivingmarbella.com\/wp-content\/uploads\/inmoba\/thumb-sale-1.5-exact-675922-37.webp\" alt=\"Apartamento de 3 Dormitorios reci\u00e9n reformado con vistas al mar y la monta\u00f1a en Nueva Andalucia\" \/>\n\t\t\t\t<\/div>\n\t\t\t\t\t\t\t\t<div class=\"f-carousel__slide\">\n\t\t\t\t\t<img class=\"wpb--image-fit\" loading=\"lazy\" data-lazy-src=\"https:\/\/www.luxurylivingmarbella.com\/wp-content\/uploads\/inmoba\/thumb-sale-1.5-exact-675922-38.webp\" alt=\"Apartamento de 3 Dormitorios reci\u00e9n reformado con vistas al mar y la monta\u00f1a en Nueva Andalucia\" \/>\n\t\t\t\t<\/div>\n\t\t\t\t\t\t\t\t<div class=\"f-carousel__slide\">\n\t\t\t\t\t<img class=\"wpb--image-fit\" loading=\"lazy\" data-lazy-src=\"https:\/\/www.luxurylivingmarbella.com\/wp-content\/uploads\/inmoba\/thumb-sale-1.5-exact-675922-39.webp\" alt=\"Apartamento de 3 Dormitorios reci\u00e9n reformado con vistas al mar y la monta\u00f1a en Nueva Andalucia\" \/>\n\t\t\t\t<\/div>\n\t\t\t\t\t\t\t\t<div class=\"f-carousel__slide\">\n\t\t\t\t\t<img class=\"wpb--image-fit\" loading=\"lazy\" data-lazy-src=\"https:\/\/www.luxurylivingmarbella.com\/wp-content\/uploads\/inmoba\/thumb-sale-1.5-exact-675922-40.webp\" alt=\"Apartamento de 3 Dormitorios reci\u00e9n reformado con vistas al mar y la monta\u00f1a en Nueva Andalucia\" \/>\n\t\t\t\t<\/div>\n\t\t\t\t\t\t\t\t<div class=\"f-carousel__slide\">\n\t\t\t\t\t<img class=\"wpb--image-fit\" loading=\"lazy\" data-lazy-src=\"https:\/\/www.luxurylivingmarbella.com\/wp-content\/uploads\/inmoba\/thumb-sale-1.5-exact-675922-41.webp\" alt=\"Apartamento de 3 Dormitorios reci\u00e9n reformado con vistas al mar y la monta\u00f1a en Nueva Andalucia\" \/>\n\t\t\t\t<\/div>\n\t\t\t\t\t\t\t\t<div class=\"f-carousel__slide\">\n\t\t\t\t\t<img class=\"wpb--image-fit\" loading=\"lazy\" data-lazy-src=\"https:\/\/www.luxurylivingmarbella.com\/wp-content\/uploads\/inmoba\/thumb-sale-1.5-exact-675922-42.webp\" alt=\"Apartamento de 3 Dormitorios reci\u00e9n reformado con vistas al mar y la monta\u00f1a en Nueva Andalucia\" \/>\n\t\t\t\t<\/div>\n\t\t\t\t\t\t\t\t<div class=\"f-carousel__slide\">\n\t\t\t\t\t<img class=\"wpb--image-fit\" loading=\"lazy\" data-lazy-src=\"https:\/\/www.luxurylivingmarbella.com\/wp-content\/uploads\/inmoba\/thumb-sale-1.5-exact-675922-43.webp\" alt=\"Apartamento de 3 Dormitorios reci\u00e9n reformado con vistas al mar y la monta\u00f1a en Nueva Andalucia\" \/>\n\t\t\t\t<\/div>\n\t\t\t\t\t\t\t\t<div class=\"f-carousel__slide\">\n\t\t\t\t\t<img class=\"wpb--image-fit\" loading=\"lazy\" data-lazy-src=\"https:\/\/www.luxurylivingmarbella.com\/wp-content\/uploads\/inmoba\/thumb-sale-1.5-exact-675922-44.webp\" alt=\"Apartamento de 3 Dormitorios reci\u00e9n reformado con vistas al mar y la monta\u00f1a en Nueva Andalucia\" \/>\n\t\t\t\t<\/div>\n\t\t\t\t\t\t\t\t<div class=\"f-carousel__slide\">\n\t\t\t\t\t<img class=\"wpb--image-fit\" loading=\"lazy\" data-lazy-src=\"https:\/\/www.luxurylivingmarbella.com\/wp-content\/uploads\/inmoba\/thumb-sale-1.5-exact-675922-45.webp\" alt=\"Apartamento de 3 Dormitorios reci\u00e9n reformado con vistas al mar y la monta\u00f1a en Nueva Andalucia\" \/>\n\t\t\t\t<\/div>\n\t\t\t\t\t\t\t<\/div>\n\t\t\t\t\t<\/div>\n\t\t<div class=\"wpb--action-container\">\n\t\t\t <button>Ver detalles<\/button>\n\t\t<\/div>\n\t<\/div>\n\t<div class=\"wpb--card-body\">\n\t\t<span class=\"wpb--card-body-location\"><span>687-00315P<\/span> | Palacetes Los Belvederes - Nueva Andalucia<\/span>\n\t\t<h2 class=\"wpb--card-title\">\n\t\t\t<a class=\"wpb--stretched-link\" href=\"\/es\/propiedad\/venta-palacetes-los-belvederes-apartamento-675922\">\n\t\t\t\tApartamento de 3 Dormitorios reci\u00e9n reformado con vistas al mar y la monta\u00f1a en Nueva Andalucia\t\t\t<\/a>\n\t\t<\/h2>\n\t\t<div class=\"wpb--card-data\">\n\t\t\t<div class=\"wpb--card-locationref\">\n\t\t\t\t<ul class=\"wpb--card-features\">\n\t\t\t\t\t\t\t\t\t\t<li>3  Dormitorios<\/li>\n\t\t\t\t\t\t\t\t\t\t<li>2  Ba\u00f1os<\/li>\n\t\t\t\t\t\t\t\t\t\t<li>145 m&sup2; Const.<\/li>\n\t\t\t\t\t\t\t\t\t<\/ul>\n\t\t\t<\/div>\n\t\t\t<div class=\"wpb--card-price\">\n\t\t\t\t1.100.000 &euro;\t\t\t<\/div>\n\t\t<\/div>\n\t<\/div>\n<\/div><div class=\"wpb--card wpb--card-reduced\">\n\t<div class=\"wpb--aspect-box wpb--portrait\">\n\t\t<div class=\"wpb--overflow-hidden\">\n\t\t\t\t\t\t\t\t\t<div class=\"f-carousel\">\n\t\t\t\t\t\t\t\t<div class=\"f-carousel__slide\">\n\t\t\t\t\t<img decoding=\"async\" class=\"wpb--image-fit\" loading=\"lazy\" src=\"https:\/\/www.luxurylivingmarbella.com\/wp-content\/uploads\/inmoba\/thumb-sale-1.5-exact-673167-0.webp\" alt=\"Muy bonita villa de lujo en Marbella\" \/>\n\t\t\t\t<\/div>\n\t\t\t\t\t\t\t\t<div class=\"f-carousel__slide\">\n\t\t\t\t\t<img class=\"wpb--image-fit\" loading=\"lazy\" data-lazy-src=\"https:\/\/www.luxurylivingmarbella.com\/wp-content\/uploads\/inmoba\/thumb-sale-1.5-exact-673167-1.webp\" alt=\"Muy bonita villa de lujo en Marbella\" \/>\n\t\t\t\t<\/div>\n\t\t\t\t\t\t\t\t<div class=\"f-carousel__slide\">\n\t\t\t\t\t<img class=\"wpb--image-fit\" loading=\"lazy\" data-lazy-src=\"https:\/\/www.luxurylivingmarbella.com\/wp-content\/uploads\/inmoba\/thumb-sale-1.5-exact-673167-2.webp\" alt=\"Muy bonita villa de lujo en Marbella\" \/>\n\t\t\t\t<\/div>\n\t\t\t\t\t\t\t\t<div class=\"f-carousel__slide\">\n\t\t\t\t\t<img class=\"wpb--image-fit\" loading=\"lazy\" data-lazy-src=\"https:\/\/www.luxurylivingmarbella.com\/wp-content\/uploads\/inmoba\/thumb-sale-1.5-exact-673167-3.webp\" alt=\"Muy bonita villa de lujo en Marbella\" \/>\n\t\t\t\t<\/div>\n\t\t\t\t\t\t\t\t<div class=\"f-carousel__slide\">\n\t\t\t\t\t<img class=\"wpb--image-fit\" loading=\"lazy\" data-lazy-src=\"https:\/\/www.luxurylivingmarbella.com\/wp-content\/uploads\/inmoba\/thumb-sale-1.5-exact-673167-4.webp\" alt=\"Muy bonita villa de lujo en Marbella\" \/>\n\t\t\t\t<\/div>\n\t\t\t\t\t\t\t\t<div class=\"f-carousel__slide\">\n\t\t\t\t\t<img class=\"wpb--image-fit\" loading=\"lazy\" data-lazy-src=\"https:\/\/www.luxurylivingmarbella.com\/wp-content\/uploads\/inmoba\/thumb-sale-1.5-exact-673167-5.webp\" alt=\"Muy bonita villa de lujo en Marbella\" \/>\n\t\t\t\t<\/div>\n\t\t\t\t\t\t\t\t<div class=\"f-carousel__slide\">\n\t\t\t\t\t<img class=\"wpb--image-fit\" loading=\"lazy\" data-lazy-src=\"https:\/\/www.luxurylivingmarbella.com\/wp-content\/uploads\/inmoba\/thumb-sale-1.5-exact-673167-6.webp\" alt=\"Muy bonita villa de lujo en Marbella\" \/>\n\t\t\t\t<\/div>\n\t\t\t\t\t\t\t\t<div class=\"f-carousel__slide\">\n\t\t\t\t\t<img class=\"wpb--image-fit\" loading=\"lazy\" data-lazy-src=\"https:\/\/www.luxurylivingmarbella.com\/wp-content\/uploads\/inmoba\/thumb-sale-1.5-exact-673167-7.webp\" alt=\"Muy bonita villa de lujo en Marbella\" \/>\n\t\t\t\t<\/div>\n\t\t\t\t\t\t\t\t<div class=\"f-carousel__slide\">\n\t\t\t\t\t<img class=\"wpb--image-fit\" loading=\"lazy\" data-lazy-src=\"https:\/\/www.luxurylivingmarbella.com\/wp-content\/uploads\/inmoba\/thumb-sale-1.5-exact-673167-8.webp\" alt=\"Muy bonita villa de lujo en Marbella\" \/>\n\t\t\t\t<\/div>\n\t\t\t\t\t\t\t\t<div class=\"f-carousel__slide\">\n\t\t\t\t\t<img class=\"wpb--image-fit\" loading=\"lazy\" data-lazy-src=\"https:\/\/www.luxurylivingmarbella.com\/wp-content\/uploads\/inmoba\/thumb-sale-1.5-exact-673167-9.webp\" alt=\"Muy bonita villa de lujo en Marbella\" \/>\n\t\t\t\t<\/div>\n\t\t\t\t\t\t\t\t<div class=\"f-carousel__slide\">\n\t\t\t\t\t<img class=\"wpb--image-fit\" loading=\"lazy\" data-lazy-src=\"https:\/\/www.luxurylivingmarbella.com\/wp-content\/uploads\/inmoba\/thumb-sale-1.5-exact-673167-10.webp\" alt=\"Muy bonita villa de lujo en Marbella\" \/>\n\t\t\t\t<\/div>\n\t\t\t\t\t\t\t\t<div class=\"f-carousel__slide\">\n\t\t\t\t\t<img class=\"wpb--image-fit\" loading=\"lazy\" data-lazy-src=\"https:\/\/www.luxurylivingmarbella.com\/wp-content\/uploads\/inmoba\/thumb-sale-1.5-exact-673167-11.webp\" alt=\"Muy bonita villa de lujo en Marbella\" \/>\n\t\t\t\t<\/div>\n\t\t\t\t\t\t\t\t<div class=\"f-carousel__slide\">\n\t\t\t\t\t<img class=\"wpb--image-fit\" loading=\"lazy\" data-lazy-src=\"https:\/\/www.luxurylivingmarbella.com\/wp-content\/uploads\/inmoba\/thumb-sale-1.5-exact-673167-12.webp\" alt=\"Muy bonita villa de lujo en Marbella\" \/>\n\t\t\t\t<\/div>\n\t\t\t\t\t\t\t\t<div class=\"f-carousel__slide\">\n\t\t\t\t\t<img class=\"wpb--image-fit\" loading=\"lazy\" data-lazy-src=\"https:\/\/www.luxurylivingmarbella.com\/wp-content\/uploads\/inmoba\/thumb-sale-1.5-exact-673167-13.webp\" alt=\"Muy bonita villa de lujo en Marbella\" \/>\n\t\t\t\t<\/div>\n\t\t\t\t\t\t\t\t<div class=\"f-carousel__slide\">\n\t\t\t\t\t<img class=\"wpb--image-fit\" loading=\"lazy\" data-lazy-src=\"https:\/\/www.luxurylivingmarbella.com\/wp-content\/uploads\/inmoba\/thumb-sale-1.5-exact-673167-14.webp\" alt=\"Muy bonita villa de lujo en Marbella\" \/>\n\t\t\t\t<\/div>\n\t\t\t\t\t\t\t\t<div class=\"f-carousel__slide\">\n\t\t\t\t\t<img class=\"wpb--image-fit\" loading=\"lazy\" data-lazy-src=\"https:\/\/www.luxurylivingmarbella.com\/wp-content\/uploads\/inmoba\/thumb-sale-1.5-exact-673167-15.webp\" alt=\"Muy bonita villa de lujo en Marbella\" \/>\n\t\t\t\t<\/div>\n\t\t\t\t\t\t\t\t<div class=\"f-carousel__slide\">\n\t\t\t\t\t<img class=\"wpb--image-fit\" loading=\"lazy\" data-lazy-src=\"https:\/\/www.luxurylivingmarbella.com\/wp-content\/uploads\/inmoba\/thumb-sale-1.5-exact-673167-16.webp\" alt=\"Muy bonita villa de lujo en Marbella\" \/>\n\t\t\t\t<\/div>\n\t\t\t\t\t\t\t\t<div class=\"f-carousel__slide\">\n\t\t\t\t\t<img class=\"wpb--image-fit\" loading=\"lazy\" data-lazy-src=\"https:\/\/www.luxurylivingmarbella.com\/wp-content\/uploads\/inmoba\/thumb-sale-1.5-exact-673167-17.webp\" alt=\"Muy bonita villa de lujo en Marbella\" \/>\n\t\t\t\t<\/div>\n\t\t\t\t\t\t\t\t<div class=\"f-carousel__slide\">\n\t\t\t\t\t<img class=\"wpb--image-fit\" loading=\"lazy\" data-lazy-src=\"https:\/\/www.luxurylivingmarbella.com\/wp-content\/uploads\/inmoba\/thumb-sale-1.5-exact-673167-18.webp\" alt=\"Muy bonita villa de lujo en Marbella\" \/>\n\t\t\t\t<\/div>\n\t\t\t\t\t\t\t\t<div class=\"f-carousel__slide\">\n\t\t\t\t\t<img class=\"wpb--image-fit\" loading=\"lazy\" data-lazy-src=\"https:\/\/www.luxurylivingmarbella.com\/wp-content\/uploads\/inmoba\/thumb-sale-1.5-exact-673167-19.webp\" alt=\"Muy bonita villa de lujo en Marbella\" \/>\n\t\t\t\t<\/div>\n\t\t\t\t\t\t\t\t<div class=\"f-carousel__slide\">\n\t\t\t\t\t<img class=\"wpb--image-fit\" loading=\"lazy\" data-lazy-src=\"https:\/\/www.luxurylivingmarbella.com\/wp-content\/uploads\/inmoba\/thumb-sale-1.5-exact-673167-20.webp\" alt=\"Muy bonita villa de lujo en Marbella\" \/>\n\t\t\t\t<\/div>\n\t\t\t\t\t\t\t\t<div class=\"f-carousel__slide\">\n\t\t\t\t\t<img class=\"wpb--image-fit\" loading=\"lazy\" data-lazy-src=\"https:\/\/www.luxurylivingmarbella.com\/wp-content\/uploads\/inmoba\/thumb-sale-1.5-exact-673167-21.webp\" alt=\"Muy bonita villa de lujo en Marbella\" \/>\n\t\t\t\t<\/div>\n\t\t\t\t\t\t\t\t<div class=\"f-carousel__slide\">\n\t\t\t\t\t<img class=\"wpb--image-fit\" loading=\"lazy\" data-lazy-src=\"https:\/\/www.luxurylivingmarbella.com\/wp-content\/uploads\/inmoba\/thumb-sale-1.5-exact-673167-22.webp\" alt=\"Muy bonita villa de lujo en Marbella\" \/>\n\t\t\t\t<\/div>\n\t\t\t\t\t\t\t\t<div class=\"f-carousel__slide\">\n\t\t\t\t\t<img class=\"wpb--image-fit\" loading=\"lazy\" data-lazy-src=\"https:\/\/www.luxurylivingmarbella.com\/wp-content\/uploads\/inmoba\/thumb-sale-1.5-exact-673167-23.webp\" alt=\"Muy bonita villa de lujo en Marbella\" \/>\n\t\t\t\t<\/div>\n\t\t\t\t\t\t\t\t<div class=\"f-carousel__slide\">\n\t\t\t\t\t<img class=\"wpb--image-fit\" loading=\"lazy\" data-lazy-src=\"https:\/\/www.luxurylivingmarbella.com\/wp-content\/uploads\/inmoba\/thumb-sale-1.5-exact-673167-24.webp\" alt=\"Muy bonita villa de lujo en Marbella\" \/>\n\t\t\t\t<\/div>\n\t\t\t\t\t\t\t\t<div class=\"f-carousel__slide\">\n\t\t\t\t\t<img class=\"wpb--image-fit\" loading=\"lazy\" data-lazy-src=\"https:\/\/www.luxurylivingmarbella.com\/wp-content\/uploads\/inmoba\/thumb-sale-1.5-exact-673167-25.webp\" alt=\"Muy bonita villa de lujo en Marbella\" \/>\n\t\t\t\t<\/div>\n\t\t\t\t\t\t\t\t<div class=\"f-carousel__slide\">\n\t\t\t\t\t<img class=\"wpb--image-fit\" loading=\"lazy\" data-lazy-src=\"https:\/\/www.luxurylivingmarbella.com\/wp-content\/uploads\/inmoba\/thumb-sale-1.5-exact-673167-26.webp\" alt=\"Muy bonita villa de lujo en Marbella\" \/>\n\t\t\t\t<\/div>\n\t\t\t\t\t\t\t\t<div class=\"f-carousel__slide\">\n\t\t\t\t\t<img class=\"wpb--image-fit\" loading=\"lazy\" data-lazy-src=\"https:\/\/www.luxurylivingmarbella.com\/wp-content\/uploads\/inmoba\/thumb-sale-1.5-exact-673167-27.webp\" alt=\"Muy bonita villa de lujo en Marbella\" \/>\n\t\t\t\t<\/div>\n\t\t\t\t\t\t\t\t<div class=\"f-carousel__slide\">\n\t\t\t\t\t<img class=\"wpb--image-fit\" loading=\"lazy\" data-lazy-src=\"https:\/\/www.luxurylivingmarbella.com\/wp-content\/uploads\/inmoba\/thumb-sale-1.5-exact-673167-28.webp\" alt=\"Muy bonita villa de lujo en Marbella\" \/>\n\t\t\t\t<\/div>\n\t\t\t\t\t\t\t\t<div class=\"f-carousel__slide\">\n\t\t\t\t\t<img class=\"wpb--image-fit\" loading=\"lazy\" data-lazy-src=\"https:\/\/www.luxurylivingmarbella.com\/wp-content\/uploads\/inmoba\/thumb-sale-1.5-exact-673167-29.webp\" alt=\"Muy bonita villa de lujo en Marbella\" \/>\n\t\t\t\t<\/div>\n\t\t\t\t\t\t\t\t<div class=\"f-carousel__slide\">\n\t\t\t\t\t<img class=\"wpb--image-fit\" loading=\"lazy\" data-lazy-src=\"https:\/\/www.luxurylivingmarbella.com\/wp-content\/uploads\/inmoba\/thumb-sale-1.5-exact-673167-30.webp\" alt=\"Muy bonita villa de lujo en Marbella\" \/>\n\t\t\t\t<\/div>\n\t\t\t\t\t\t\t\t<div class=\"f-carousel__slide\">\n\t\t\t\t\t<img class=\"wpb--image-fit\" loading=\"lazy\" data-lazy-src=\"https:\/\/www.luxurylivingmarbella.com\/wp-content\/uploads\/inmoba\/thumb-sale-1.5-exact-673167-31.webp\" alt=\"Muy bonita villa de lujo en Marbella\" \/>\n\t\t\t\t<\/div>\n\t\t\t\t\t\t\t\t<div class=\"f-carousel__slide\">\n\t\t\t\t\t<img class=\"wpb--image-fit\" loading=\"lazy\" data-lazy-src=\"https:\/\/www.luxurylivingmarbella.com\/wp-content\/uploads\/inmoba\/thumb-sale-1.5-exact-673167-32.webp\" alt=\"Muy bonita villa de lujo en Marbella\" \/>\n\t\t\t\t<\/div>\n\t\t\t\t\t\t\t\t<div class=\"f-carousel__slide\">\n\t\t\t\t\t<img class=\"wpb--image-fit\" loading=\"lazy\" data-lazy-src=\"https:\/\/www.luxurylivingmarbella.com\/wp-content\/uploads\/inmoba\/thumb-sale-1.5-exact-673167-33.webp\" alt=\"Muy bonita villa de lujo en Marbella\" \/>\n\t\t\t\t<\/div>\n\t\t\t\t\t\t\t\t<div class=\"f-carousel__slide\">\n\t\t\t\t\t<img class=\"wpb--image-fit\" loading=\"lazy\" data-lazy-src=\"https:\/\/www.luxurylivingmarbella.com\/wp-content\/uploads\/inmoba\/thumb-sale-1.5-exact-673167-34.webp\" alt=\"Muy bonita villa de lujo en Marbella\" \/>\n\t\t\t\t<\/div>\n\t\t\t\t\t\t\t\t<div class=\"f-carousel__slide\">\n\t\t\t\t\t<img class=\"wpb--image-fit\" loading=\"lazy\" data-lazy-src=\"https:\/\/www.luxurylivingmarbella.com\/wp-content\/uploads\/inmoba\/thumb-sale-1.5-exact-673167-35.webp\" alt=\"Muy bonita villa de lujo en Marbella\" \/>\n\t\t\t\t<\/div>\n\t\t\t\t\t\t\t\t<div class=\"f-carousel__slide\">\n\t\t\t\t\t<img class=\"wpb--image-fit\" loading=\"lazy\" data-lazy-src=\"https:\/\/www.luxurylivingmarbella.com\/wp-content\/uploads\/inmoba\/thumb-sale-1.5-exact-673167-36.webp\" alt=\"Muy bonita villa de lujo en Marbella\" \/>\n\t\t\t\t<\/div>\n\t\t\t\t\t\t\t\t<div class=\"f-carousel__slide\">\n\t\t\t\t\t<img class=\"wpb--image-fit\" loading=\"lazy\" data-lazy-src=\"https:\/\/www.luxurylivingmarbella.com\/wp-content\/uploads\/inmoba\/thumb-sale-1.5-exact-673167-37.webp\" alt=\"Muy bonita villa de lujo en Marbella\" \/>\n\t\t\t\t<\/div>\n\t\t\t\t\t\t\t\t<div class=\"f-carousel__slide\">\n\t\t\t\t\t<img class=\"wpb--image-fit\" loading=\"lazy\" data-lazy-src=\"https:\/\/www.luxurylivingmarbella.com\/wp-content\/uploads\/inmoba\/thumb-sale-1.5-exact-673167-38.webp\" alt=\"Muy bonita villa de lujo en Marbella\" \/>\n\t\t\t\t<\/div>\n\t\t\t\t\t\t\t\t<div class=\"f-carousel__slide\">\n\t\t\t\t\t<img class=\"wpb--image-fit\" loading=\"lazy\" data-lazy-src=\"https:\/\/www.luxurylivingmarbella.com\/wp-content\/uploads\/inmoba\/thumb-sale-1.5-exact-673167-39.webp\" alt=\"Muy bonita villa de lujo en Marbella\" \/>\n\t\t\t\t<\/div>\n\t\t\t\t\t\t\t\t<div class=\"f-carousel__slide\">\n\t\t\t\t\t<img class=\"wpb--image-fit\" loading=\"lazy\" data-lazy-src=\"https:\/\/www.luxurylivingmarbella.com\/wp-content\/uploads\/inmoba\/thumb-sale-1.5-exact-673167-40.webp\" alt=\"Muy bonita villa de lujo en Marbella\" \/>\n\t\t\t\t<\/div>\n\t\t\t\t\t\t\t\t<div class=\"f-carousel__slide\">\n\t\t\t\t\t<img class=\"wpb--image-fit\" loading=\"lazy\" data-lazy-src=\"https:\/\/www.luxurylivingmarbella.com\/wp-content\/uploads\/inmoba\/thumb-sale-1.5-exact-673167-41.webp\" alt=\"Muy bonita villa de lujo en Marbella\" \/>\n\t\t\t\t<\/div>\n\t\t\t\t\t\t\t\t<div class=\"f-carousel__slide\">\n\t\t\t\t\t<img class=\"wpb--image-fit\" loading=\"lazy\" data-lazy-src=\"https:\/\/www.luxurylivingmarbella.com\/wp-content\/uploads\/inmoba\/thumb-sale-1.5-exact-673167-42.webp\" alt=\"Muy bonita villa de lujo en Marbella\" \/>\n\t\t\t\t<\/div>\n\t\t\t\t\t\t\t\t<div class=\"f-carousel__slide\">\n\t\t\t\t\t<img class=\"wpb--image-fit\" loading=\"lazy\" data-lazy-src=\"https:\/\/www.luxurylivingmarbella.com\/wp-content\/uploads\/inmoba\/thumb-sale-1.5-exact-673167-43.webp\" alt=\"Muy bonita villa de lujo en Marbella\" \/>\n\t\t\t\t<\/div>\n\t\t\t\t\t\t\t\t<div class=\"f-carousel__slide\">\n\t\t\t\t\t<img class=\"wpb--image-fit\" loading=\"lazy\" data-lazy-src=\"https:\/\/www.luxurylivingmarbella.com\/wp-content\/uploads\/inmoba\/thumb-sale-1.5-exact-673167-44.webp\" alt=\"Muy bonita villa de lujo en Marbella\" \/>\n\t\t\t\t<\/div>\n\t\t\t\t\t\t\t\t<div class=\"f-carousel__slide\">\n\t\t\t\t\t<img class=\"wpb--image-fit\" loading=\"lazy\" data-lazy-src=\"https:\/\/www.luxurylivingmarbella.com\/wp-content\/uploads\/inmoba\/thumb-sale-1.5-exact-673167-45.webp\" alt=\"Muy bonita villa de lujo en Marbella\" \/>\n\t\t\t\t<\/div>\n\t\t\t\t\t\t\t\t<div class=\"f-carousel__slide\">\n\t\t\t\t\t<img class=\"wpb--image-fit\" loading=\"lazy\" data-lazy-src=\"https:\/\/www.luxurylivingmarbella.com\/wp-content\/uploads\/inmoba\/thumb-sale-1.5-exact-673167-46.webp\" alt=\"Muy bonita villa de lujo en Marbella\" \/>\n\t\t\t\t<\/div>\n\t\t\t\t\t\t\t\t<div class=\"f-carousel__slide\">\n\t\t\t\t\t<img class=\"wpb--image-fit\" loading=\"lazy\" data-lazy-src=\"https:\/\/www.luxurylivingmarbella.com\/wp-content\/uploads\/inmoba\/thumb-sale-1.5-exact-673167-47.webp\" alt=\"Muy bonita villa de lujo en Marbella\" \/>\n\t\t\t\t<\/div>\n\t\t\t\t\t\t\t\t<div class=\"f-carousel__slide\">\n\t\t\t\t\t<img class=\"wpb--image-fit\" loading=\"lazy\" data-lazy-src=\"https:\/\/www.luxurylivingmarbella.com\/wp-content\/uploads\/inmoba\/thumb-sale-1.5-exact-673167-48.webp\" alt=\"Muy bonita villa de lujo en Marbella\" \/>\n\t\t\t\t<\/div>\n\t\t\t\t\t\t\t\t<div class=\"f-carousel__slide\">\n\t\t\t\t\t<img class=\"wpb--image-fit\" loading=\"lazy\" data-lazy-src=\"https:\/\/www.luxurylivingmarbella.com\/wp-content\/uploads\/inmoba\/thumb-sale-1.5-exact-673167-49.webp\" alt=\"Muy bonita villa de lujo en Marbella\" \/>\n\t\t\t\t<\/div>\n\t\t\t\t\t\t\t\t<div class=\"f-carousel__slide\">\n\t\t\t\t\t<img class=\"wpb--image-fit\" loading=\"lazy\" data-lazy-src=\"https:\/\/www.luxurylivingmarbella.com\/wp-content\/uploads\/inmoba\/thumb-sale-1.5-exact-673167-50.webp\" alt=\"Muy bonita villa de lujo en Marbella\" \/>\n\t\t\t\t<\/div>\n\t\t\t\t\t\t\t\t<div class=\"f-carousel__slide\">\n\t\t\t\t\t<img class=\"wpb--image-fit\" loading=\"lazy\" data-lazy-src=\"https:\/\/www.luxurylivingmarbella.com\/wp-content\/uploads\/inmoba\/thumb-sale-1.5-exact-673167-51.webp\" alt=\"Muy bonita villa de lujo en Marbella\" \/>\n\t\t\t\t<\/div>\n\t\t\t\t\t\t\t\t<div class=\"f-carousel__slide\">\n\t\t\t\t\t<img class=\"wpb--image-fit\" loading=\"lazy\" data-lazy-src=\"\/wp-content\/plugins\/inmobaliaplugin\/image.php?u=B98Le8~d7M9k3DegpEFZhS0lI_F8U4XZVz~HWxt~mGgYekxX9nCAxh0ZjtE2u9zqepXEUrVLqfm8KeIGW6Gtyd4X99qRlVetJiAwF~RwcUw8mFOgELYru9GrIgBooiaLxpaUdZMKAGvd6unLKWQ3iN9Tm5hiDjKqPQ--&i=673167-52&s=500&f=sale&r=1.5&ro=exact&k=52\" alt=\"Muy bonita villa de lujo en Marbella\" \/>\n\t\t\t\t<\/div>\n\t\t\t\t\t\t\t\t<div class=\"f-carousel__slide\">\n\t\t\t\t\t<img class=\"wpb--image-fit\" loading=\"lazy\" data-lazy-src=\"https:\/\/www.luxurylivingmarbella.com\/wp-content\/uploads\/inmoba\/thumb-sale-1.5-exact-673167-53.webp\" alt=\"Muy bonita villa de lujo en Marbella\" \/>\n\t\t\t\t<\/div>\n\t\t\t\t\t\t\t\t<div class=\"f-carousel__slide\">\n\t\t\t\t\t<img class=\"wpb--image-fit\" loading=\"lazy\" data-lazy-src=\"https:\/\/www.luxurylivingmarbella.com\/wp-content\/uploads\/inmoba\/thumb-sale-1.5-exact-673167-54.webp\" alt=\"Muy bonita villa de lujo en Marbella\" \/>\n\t\t\t\t<\/div>\n\t\t\t\t\t\t\t\t<div class=\"f-carousel__slide\">\n\t\t\t\t\t<img class=\"wpb--image-fit\" loading=\"lazy\" data-lazy-src=\"https:\/\/www.luxurylivingmarbella.com\/wp-content\/uploads\/inmoba\/thumb-sale-1.5-exact-673167-55.webp\" alt=\"Muy bonita villa de lujo en Marbella\" \/>\n\t\t\t\t<\/div>\n\t\t\t\t\t\t\t\t<div class=\"f-carousel__slide\">\n\t\t\t\t\t<img class=\"wpb--image-fit\" loading=\"lazy\" data-lazy-src=\"https:\/\/www.luxurylivingmarbella.com\/wp-content\/uploads\/inmoba\/thumb-sale-1.5-exact-673167-56.webp\" alt=\"Muy bonita villa de lujo en Marbella\" \/>\n\t\t\t\t<\/div>\n\t\t\t\t\t\t\t\t<div class=\"f-carousel__slide\">\n\t\t\t\t\t<img class=\"wpb--image-fit\" loading=\"lazy\" data-lazy-src=\"https:\/\/www.luxurylivingmarbella.com\/wp-content\/uploads\/inmoba\/thumb-sale-1.5-exact-673167-57.webp\" alt=\"Muy bonita villa de lujo en Marbella\" \/>\n\t\t\t\t<\/div>\n\t\t\t\t\t\t\t<\/div>\n\t\t\t\t\t<\/div>\n\t\t<div class=\"wpb--action-container\">\n\t\t\t <button>Ver detalles<\/button>\n\t\t<\/div>\n\t<\/div>\n\t<div class=\"wpb--card-body\">\n\t\t<span class=\"wpb--card-body-location\"><span>687-00310P<\/span> | Marbella<\/span>\n\t\t<h2 class=\"wpb--card-title\">\n\t\t\t<a class=\"wpb--stretched-link\" href=\"\/es\/propiedad\/venta-marbella-villa-673167\">\n\t\t\t\tMuy bonita villa de lujo en Marbella\t\t\t<\/a>\n\t\t<\/h2>\n\t\t<div class=\"wpb--card-data\">\n\t\t\t<div class=\"wpb--card-locationref\">\n\t\t\t\t<ul class=\"wpb--card-features\">\n\t\t\t\t\t\t\t\t\t\t<li>6  Dormitorios<\/li>\n\t\t\t\t\t\t\t\t\t\t<li>7  Ba\u00f1os<\/li>\n\t\t\t\t\t\t\t\t\t\t<li>960 m&sup2; Plano<\/li>\n\t\t\t\t\t\t\t\t\t\t<li>943 m&sup2; Const.<\/li>\n\t\t\t\t\t\t\t\t\t<\/ul>\n\t\t\t<\/div>\n\t\t\t<div class=\"wpb--card-price\">\n\t\t\t\t10.995.000 &euro;\t\t\t<\/div>\n\t\t<\/div>\n\t<\/div>\n<\/div><div class=\"wpb--card wpb--card-reduced\">\n\t<div class=\"wpb--aspect-box wpb--portrait\">\n\t\t<div class=\"wpb--overflow-hidden\">\n\t\t\t\t\t\t\t\t\t<div class=\"f-carousel\">\n\t\t\t\t\t\t\t\t<div class=\"f-carousel__slide\">\n\t\t\t\t\t<img decoding=\"async\" class=\"wpb--image-fit\" loading=\"lazy\" src=\"https:\/\/www.luxurylivingmarbella.com\/wp-content\/uploads\/inmoba\/thumb-sale-1.5-exact-673162-0.webp\" alt=\"Residencia completamente renovada y lista para entrar a vivir ubicada en la Milla de Oro\" \/>\n\t\t\t\t<\/div>\n\t\t\t\t\t\t\t\t<div class=\"f-carousel__slide\">\n\t\t\t\t\t<img class=\"wpb--image-fit\" loading=\"lazy\" data-lazy-src=\"https:\/\/www.luxurylivingmarbella.com\/wp-content\/uploads\/inmoba\/thumb-sale-1.5-exact-673162-1.webp\" alt=\"Residencia completamente renovada y lista para entrar a vivir ubicada en la Milla de Oro\" \/>\n\t\t\t\t<\/div>\n\t\t\t\t\t\t\t\t<div class=\"f-carousel__slide\">\n\t\t\t\t\t<img class=\"wpb--image-fit\" loading=\"lazy\" data-lazy-src=\"https:\/\/www.luxurylivingmarbella.com\/wp-content\/uploads\/inmoba\/thumb-sale-1.5-exact-673162-2.webp\" alt=\"Residencia completamente renovada y lista para entrar a vivir ubicada en la Milla de Oro\" \/>\n\t\t\t\t<\/div>\n\t\t\t\t\t\t\t\t<div class=\"f-carousel__slide\">\n\t\t\t\t\t<img class=\"wpb--image-fit\" loading=\"lazy\" data-lazy-src=\"https:\/\/www.luxurylivingmarbella.com\/wp-content\/uploads\/inmoba\/thumb-sale-1.5-exact-673162-3.webp\" alt=\"Residencia completamente renovada y lista para entrar a vivir ubicada en la Milla de Oro\" \/>\n\t\t\t\t<\/div>\n\t\t\t\t\t\t\t\t<div class=\"f-carousel__slide\">\n\t\t\t\t\t<img class=\"wpb--image-fit\" loading=\"lazy\" data-lazy-src=\"https:\/\/www.luxurylivingmarbella.com\/wp-content\/uploads\/inmoba\/thumb-sale-1.5-exact-673162-4.webp\" alt=\"Residencia completamente renovada y lista para entrar a vivir ubicada en la Milla de Oro\" \/>\n\t\t\t\t<\/div>\n\t\t\t\t\t\t\t\t<div class=\"f-carousel__slide\">\n\t\t\t\t\t<img class=\"wpb--image-fit\" loading=\"lazy\" data-lazy-src=\"https:\/\/www.luxurylivingmarbella.com\/wp-content\/uploads\/inmoba\/thumb-sale-1.5-exact-673162-5.webp\" alt=\"Residencia completamente renovada y lista para entrar a vivir ubicada en la Milla de Oro\" \/>\n\t\t\t\t<\/div>\n\t\t\t\t\t\t\t\t<div class=\"f-carousel__slide\">\n\t\t\t\t\t<img class=\"wpb--image-fit\" loading=\"lazy\" data-lazy-src=\"https:\/\/www.luxurylivingmarbella.com\/wp-content\/uploads\/inmoba\/thumb-sale-1.5-exact-673162-6.webp\" alt=\"Residencia completamente renovada y lista para entrar a vivir ubicada en la Milla de Oro\" \/>\n\t\t\t\t<\/div>\n\t\t\t\t\t\t\t\t<div class=\"f-carousel__slide\">\n\t\t\t\t\t<img class=\"wpb--image-fit\" loading=\"lazy\" data-lazy-src=\"https:\/\/www.luxurylivingmarbella.com\/wp-content\/uploads\/inmoba\/thumb-sale-1.5-exact-673162-7.webp\" alt=\"Residencia completamente renovada y lista para entrar a vivir ubicada en la Milla de Oro\" \/>\n\t\t\t\t<\/div>\n\t\t\t\t\t\t\t\t<div class=\"f-carousel__slide\">\n\t\t\t\t\t<img class=\"wpb--image-fit\" loading=\"lazy\" data-lazy-src=\"https:\/\/www.luxurylivingmarbella.com\/wp-content\/uploads\/inmoba\/thumb-sale-1.5-exact-673162-8.webp\" alt=\"Residencia completamente renovada y lista para entrar a vivir ubicada en la Milla de Oro\" \/>\n\t\t\t\t<\/div>\n\t\t\t\t\t\t\t\t<div class=\"f-carousel__slide\">\n\t\t\t\t\t<img class=\"wpb--image-fit\" loading=\"lazy\" data-lazy-src=\"https:\/\/www.luxurylivingmarbella.com\/wp-content\/uploads\/inmoba\/thumb-sale-1.5-exact-673162-9.webp\" alt=\"Residencia completamente renovada y lista para entrar a vivir ubicada en la Milla de Oro\" \/>\n\t\t\t\t<\/div>\n\t\t\t\t\t\t\t\t<div class=\"f-carousel__slide\">\n\t\t\t\t\t<img class=\"wpb--image-fit\" loading=\"lazy\" data-lazy-src=\"https:\/\/www.luxurylivingmarbella.com\/wp-content\/uploads\/inmoba\/thumb-sale-1.5-exact-673162-10.webp\" alt=\"Residencia completamente renovada y lista para entrar a vivir ubicada en la Milla de Oro\" \/>\n\t\t\t\t<\/div>\n\t\t\t\t\t\t\t\t<div class=\"f-carousel__slide\">\n\t\t\t\t\t<img class=\"wpb--image-fit\" loading=\"lazy\" data-lazy-src=\"https:\/\/www.luxurylivingmarbella.com\/wp-content\/uploads\/inmoba\/thumb-sale-1.5-exact-673162-11.webp\" alt=\"Residencia completamente renovada y lista para entrar a vivir ubicada en la Milla de Oro\" \/>\n\t\t\t\t<\/div>\n\t\t\t\t\t\t\t\t<div class=\"f-carousel__slide\">\n\t\t\t\t\t<img class=\"wpb--image-fit\" loading=\"lazy\" data-lazy-src=\"https:\/\/www.luxurylivingmarbella.com\/wp-content\/uploads\/inmoba\/thumb-sale-1.5-exact-673162-12.webp\" alt=\"Residencia completamente renovada y lista para entrar a vivir ubicada en la Milla de Oro\" \/>\n\t\t\t\t<\/div>\n\t\t\t\t\t\t\t\t<div class=\"f-carousel__slide\">\n\t\t\t\t\t<img class=\"wpb--image-fit\" loading=\"lazy\" data-lazy-src=\"https:\/\/www.luxurylivingmarbella.com\/wp-content\/uploads\/inmoba\/thumb-sale-1.5-exact-673162-13.webp\" alt=\"Residencia completamente renovada y lista para entrar a vivir ubicada en la Milla de Oro\" \/>\n\t\t\t\t<\/div>\n\t\t\t\t\t\t\t\t<div class=\"f-carousel__slide\">\n\t\t\t\t\t<img class=\"wpb--image-fit\" loading=\"lazy\" data-lazy-src=\"https:\/\/www.luxurylivingmarbella.com\/wp-content\/uploads\/inmoba\/thumb-sale-1.5-exact-673162-14.webp\" alt=\"Residencia completamente renovada y lista para entrar a vivir ubicada en la Milla de Oro\" \/>\n\t\t\t\t<\/div>\n\t\t\t\t\t\t\t\t<div class=\"f-carousel__slide\">\n\t\t\t\t\t<img class=\"wpb--image-fit\" loading=\"lazy\" data-lazy-src=\"https:\/\/www.luxurylivingmarbella.com\/wp-content\/uploads\/inmoba\/thumb-sale-1.5-exact-673162-15.webp\" alt=\"Residencia completamente renovada y lista para entrar a vivir ubicada en la Milla de Oro\" \/>\n\t\t\t\t<\/div>\n\t\t\t\t\t\t\t\t<div class=\"f-carousel__slide\">\n\t\t\t\t\t<img class=\"wpb--image-fit\" loading=\"lazy\" data-lazy-src=\"https:\/\/www.luxurylivingmarbella.com\/wp-content\/uploads\/inmoba\/thumb-sale-1.5-exact-673162-16.webp\" alt=\"Residencia completamente renovada y lista para entrar a vivir ubicada en la Milla de Oro\" \/>\n\t\t\t\t<\/div>\n\t\t\t\t\t\t\t\t<div class=\"f-carousel__slide\">\n\t\t\t\t\t<img class=\"wpb--image-fit\" loading=\"lazy\" data-lazy-src=\"https:\/\/www.luxurylivingmarbella.com\/wp-content\/uploads\/inmoba\/thumb-sale-1.5-exact-673162-17.webp\" alt=\"Residencia completamente renovada y lista para entrar a vivir ubicada en la Milla de Oro\" \/>\n\t\t\t\t<\/div>\n\t\t\t\t\t\t\t\t<div class=\"f-carousel__slide\">\n\t\t\t\t\t<img class=\"wpb--image-fit\" loading=\"lazy\" data-lazy-src=\"https:\/\/www.luxurylivingmarbella.com\/wp-content\/uploads\/inmoba\/thumb-sale-1.5-exact-673162-18.webp\" alt=\"Residencia completamente renovada y lista para entrar a vivir ubicada en la Milla de Oro\" \/>\n\t\t\t\t<\/div>\n\t\t\t\t\t\t\t\t<div class=\"f-carousel__slide\">\n\t\t\t\t\t<img class=\"wpb--image-fit\" loading=\"lazy\" data-lazy-src=\"https:\/\/www.luxurylivingmarbella.com\/wp-content\/uploads\/inmoba\/thumb-sale-1.5-exact-673162-19.webp\" alt=\"Residencia completamente renovada y lista para entrar a vivir ubicada en la Milla de Oro\" \/>\n\t\t\t\t<\/div>\n\t\t\t\t\t\t\t\t<div class=\"f-carousel__slide\">\n\t\t\t\t\t<img class=\"wpb--image-fit\" loading=\"lazy\" data-lazy-src=\"https:\/\/www.luxurylivingmarbella.com\/wp-content\/uploads\/inmoba\/thumb-sale-1.5-exact-673162-20.webp\" alt=\"Residencia completamente renovada y lista para entrar a vivir ubicada en la Milla de Oro\" \/>\n\t\t\t\t<\/div>\n\t\t\t\t\t\t\t\t<div class=\"f-carousel__slide\">\n\t\t\t\t\t<img class=\"wpb--image-fit\" loading=\"lazy\" data-lazy-src=\"https:\/\/www.luxurylivingmarbella.com\/wp-content\/uploads\/inmoba\/thumb-sale-1.5-exact-673162-21.webp\" alt=\"Residencia completamente renovada y lista para entrar a vivir ubicada en la Milla de Oro\" \/>\n\t\t\t\t<\/div>\n\t\t\t\t\t\t\t\t<div class=\"f-carousel__slide\">\n\t\t\t\t\t<img class=\"wpb--image-fit\" loading=\"lazy\" data-lazy-src=\"https:\/\/www.luxurylivingmarbella.com\/wp-content\/uploads\/inmoba\/thumb-sale-1.5-exact-673162-22.webp\" alt=\"Residencia completamente renovada y lista para entrar a vivir ubicada en la Milla de Oro\" \/>\n\t\t\t\t<\/div>\n\t\t\t\t\t\t\t\t<div class=\"f-carousel__slide\">\n\t\t\t\t\t<img class=\"wpb--image-fit\" loading=\"lazy\" data-lazy-src=\"https:\/\/www.luxurylivingmarbella.com\/wp-content\/uploads\/inmoba\/thumb-sale-1.5-exact-673162-23.webp\" alt=\"Residencia completamente renovada y lista para entrar a vivir ubicada en la Milla de Oro\" \/>\n\t\t\t\t<\/div>\n\t\t\t\t\t\t\t\t<div class=\"f-carousel__slide\">\n\t\t\t\t\t<img class=\"wpb--image-fit\" loading=\"lazy\" data-lazy-src=\"https:\/\/www.luxurylivingmarbella.com\/wp-content\/uploads\/inmoba\/thumb-sale-1.5-exact-673162-24.webp\" alt=\"Residencia completamente renovada y lista para entrar a vivir ubicada en la Milla de Oro\" \/>\n\t\t\t\t<\/div>\n\t\t\t\t\t\t\t\t<div class=\"f-carousel__slide\">\n\t\t\t\t\t<img class=\"wpb--image-fit\" loading=\"lazy\" data-lazy-src=\"https:\/\/www.luxurylivingmarbella.com\/wp-content\/uploads\/inmoba\/thumb-sale-1.5-exact-673162-25.webp\" alt=\"Residencia completamente renovada y lista para entrar a vivir ubicada en la Milla de Oro\" \/>\n\t\t\t\t<\/div>\n\t\t\t\t\t\t\t\t<div class=\"f-carousel__slide\">\n\t\t\t\t\t<img class=\"wpb--image-fit\" loading=\"lazy\" data-lazy-src=\"https:\/\/www.luxurylivingmarbella.com\/wp-content\/uploads\/inmoba\/thumb-sale-1.5-exact-673162-26.webp\" alt=\"Residencia completamente renovada y lista para entrar a vivir ubicada en la Milla de Oro\" \/>\n\t\t\t\t<\/div>\n\t\t\t\t\t\t\t\t<div class=\"f-carousel__slide\">\n\t\t\t\t\t<img class=\"wpb--image-fit\" loading=\"lazy\" data-lazy-src=\"https:\/\/www.luxurylivingmarbella.com\/wp-content\/uploads\/inmoba\/thumb-sale-1.5-exact-673162-27.webp\" alt=\"Residencia completamente renovada y lista para entrar a vivir ubicada en la Milla de Oro\" \/>\n\t\t\t\t<\/div>\n\t\t\t\t\t\t\t\t<div class=\"f-carousel__slide\">\n\t\t\t\t\t<img class=\"wpb--image-fit\" loading=\"lazy\" data-lazy-src=\"https:\/\/www.luxurylivingmarbella.com\/wp-content\/uploads\/inmoba\/thumb-sale-1.5-exact-673162-28.webp\" alt=\"Residencia completamente renovada y lista para entrar a vivir ubicada en la Milla de Oro\" \/>\n\t\t\t\t<\/div>\n\t\t\t\t\t\t\t\t<div class=\"f-carousel__slide\">\n\t\t\t\t\t<img class=\"wpb--image-fit\" loading=\"lazy\" data-lazy-src=\"https:\/\/www.luxurylivingmarbella.com\/wp-content\/uploads\/inmoba\/thumb-sale-1.5-exact-673162-29.webp\" alt=\"Residencia completamente renovada y lista para entrar a vivir ubicada en la Milla de Oro\" \/>\n\t\t\t\t<\/div>\n\t\t\t\t\t\t\t\t<div class=\"f-carousel__slide\">\n\t\t\t\t\t<img class=\"wpb--image-fit\" loading=\"lazy\" data-lazy-src=\"https:\/\/www.luxurylivingmarbella.com\/wp-content\/uploads\/inmoba\/thumb-sale-1.5-exact-673162-30.webp\" alt=\"Residencia completamente renovada y lista para entrar a vivir ubicada en la Milla de Oro\" \/>\n\t\t\t\t<\/div>\n\t\t\t\t\t\t\t\t<div class=\"f-carousel__slide\">\n\t\t\t\t\t<img class=\"wpb--image-fit\" loading=\"lazy\" data-lazy-src=\"https:\/\/www.luxurylivingmarbella.com\/wp-content\/uploads\/inmoba\/thumb-sale-1.5-exact-673162-31.webp\" alt=\"Residencia completamente renovada y lista para entrar a vivir ubicada en la Milla de Oro\" \/>\n\t\t\t\t<\/div>\n\t\t\t\t\t\t\t\t<div class=\"f-carousel__slide\">\n\t\t\t\t\t<img class=\"wpb--image-fit\" loading=\"lazy\" data-lazy-src=\"https:\/\/www.luxurylivingmarbella.com\/wp-content\/uploads\/inmoba\/thumb-sale-1.5-exact-673162-32.webp\" alt=\"Residencia completamente renovada y lista para entrar a vivir ubicada en la Milla de Oro\" \/>\n\t\t\t\t<\/div>\n\t\t\t\t\t\t\t\t<div class=\"f-carousel__slide\">\n\t\t\t\t\t<img class=\"wpb--image-fit\" loading=\"lazy\" data-lazy-src=\"https:\/\/www.luxurylivingmarbella.com\/wp-content\/uploads\/inmoba\/thumb-sale-1.5-exact-673162-33.webp\" alt=\"Residencia completamente renovada y lista para entrar a vivir ubicada en la Milla de Oro\" \/>\n\t\t\t\t<\/div>\n\t\t\t\t\t\t\t\t<div class=\"f-carousel__slide\">\n\t\t\t\t\t<img class=\"wpb--image-fit\" loading=\"lazy\" data-lazy-src=\"https:\/\/www.luxurylivingmarbella.com\/wp-content\/uploads\/inmoba\/thumb-sale-1.5-exact-673162-34.webp\" alt=\"Residencia completamente renovada y lista para entrar a vivir ubicada en la Milla de Oro\" \/>\n\t\t\t\t<\/div>\n\t\t\t\t\t\t\t\t<div class=\"f-carousel__slide\">\n\t\t\t\t\t<img class=\"wpb--image-fit\" loading=\"lazy\" data-lazy-src=\"https:\/\/www.luxurylivingmarbella.com\/wp-content\/uploads\/inmoba\/thumb-sale-1.5-exact-673162-35.webp\" alt=\"Residencia completamente renovada y lista para entrar a vivir ubicada en la Milla de Oro\" \/>\n\t\t\t\t<\/div>\n\t\t\t\t\t\t\t\t<div class=\"f-carousel__slide\">\n\t\t\t\t\t<img class=\"wpb--image-fit\" loading=\"lazy\" data-lazy-src=\"https:\/\/www.luxurylivingmarbella.com\/wp-content\/uploads\/inmoba\/thumb-sale-1.5-exact-673162-36.webp\" alt=\"Residencia completamente renovada y lista para entrar a vivir ubicada en la Milla de Oro\" \/>\n\t\t\t\t<\/div>\n\t\t\t\t\t\t\t\t<div class=\"f-carousel__slide\">\n\t\t\t\t\t<img class=\"wpb--image-fit\" loading=\"lazy\" data-lazy-src=\"https:\/\/www.luxurylivingmarbella.com\/wp-content\/uploads\/inmoba\/thumb-sale-1.5-exact-673162-37.webp\" alt=\"Residencia completamente renovada y lista para entrar a vivir ubicada en la Milla de Oro\" \/>\n\t\t\t\t<\/div>\n\t\t\t\t\t\t\t\t<div class=\"f-carousel__slide\">\n\t\t\t\t\t<img class=\"wpb--image-fit\" loading=\"lazy\" data-lazy-src=\"https:\/\/www.luxurylivingmarbella.com\/wp-content\/uploads\/inmoba\/thumb-sale-1.5-exact-673162-38.webp\" alt=\"Residencia completamente renovada y lista para entrar a vivir ubicada en la Milla de Oro\" \/>\n\t\t\t\t<\/div>\n\t\t\t\t\t\t\t\t<div class=\"f-carousel__slide\">\n\t\t\t\t\t<img class=\"wpb--image-fit\" loading=\"lazy\" data-lazy-src=\"https:\/\/www.luxurylivingmarbella.com\/wp-content\/uploads\/inmoba\/thumb-sale-1.5-exact-673162-39.webp\" alt=\"Residencia completamente renovada y lista para entrar a vivir ubicada en la Milla de Oro\" \/>\n\t\t\t\t<\/div>\n\t\t\t\t\t\t\t\t<div class=\"f-carousel__slide\">\n\t\t\t\t\t<img class=\"wpb--image-fit\" loading=\"lazy\" data-lazy-src=\"https:\/\/www.luxurylivingmarbella.com\/wp-content\/uploads\/inmoba\/thumb-sale-1.5-exact-673162-40.webp\" alt=\"Residencia completamente renovada y lista para entrar a vivir ubicada en la Milla de Oro\" \/>\n\t\t\t\t<\/div>\n\t\t\t\t\t\t\t\t<div class=\"f-carousel__slide\">\n\t\t\t\t\t<img class=\"wpb--image-fit\" loading=\"lazy\" data-lazy-src=\"https:\/\/www.luxurylivingmarbella.com\/wp-content\/uploads\/inmoba\/thumb-sale-1.5-exact-673162-41.webp\" alt=\"Residencia completamente renovada y lista para entrar a vivir ubicada en la Milla de Oro\" \/>\n\t\t\t\t<\/div>\n\t\t\t\t\t\t\t\t<div class=\"f-carousel__slide\">\n\t\t\t\t\t<img class=\"wpb--image-fit\" loading=\"lazy\" data-lazy-src=\"https:\/\/www.luxurylivingmarbella.com\/wp-content\/uploads\/inmoba\/thumb-sale-1.5-exact-673162-42.webp\" alt=\"Residencia completamente renovada y lista para entrar a vivir ubicada en la Milla de Oro\" \/>\n\t\t\t\t<\/div>\n\t\t\t\t\t\t\t\t<div class=\"f-carousel__slide\">\n\t\t\t\t\t<img class=\"wpb--image-fit\" loading=\"lazy\" data-lazy-src=\"https:\/\/www.luxurylivingmarbella.com\/wp-content\/uploads\/inmoba\/thumb-sale-1.5-exact-673162-43.webp\" alt=\"Residencia completamente renovada y lista para entrar a vivir ubicada en la Milla de Oro\" \/>\n\t\t\t\t<\/div>\n\t\t\t\t\t\t\t\t<div class=\"f-carousel__slide\">\n\t\t\t\t\t<img class=\"wpb--image-fit\" loading=\"lazy\" data-lazy-src=\"https:\/\/www.luxurylivingmarbella.com\/wp-content\/uploads\/inmoba\/thumb-sale-1.5-exact-673162-44.webp\" alt=\"Residencia completamente renovada y lista para entrar a vivir ubicada en la Milla de Oro\" \/>\n\t\t\t\t<\/div>\n\t\t\t\t\t\t\t\t<div class=\"f-carousel__slide\">\n\t\t\t\t\t<img class=\"wpb--image-fit\" loading=\"lazy\" data-lazy-src=\"https:\/\/www.luxurylivingmarbella.com\/wp-content\/uploads\/inmoba\/thumb-sale-1.5-exact-673162-45.webp\" alt=\"Residencia completamente renovada y lista para entrar a vivir ubicada en la Milla de Oro\" \/>\n\t\t\t\t<\/div>\n\t\t\t\t\t\t\t\t<div class=\"f-carousel__slide\">\n\t\t\t\t\t<img class=\"wpb--image-fit\" loading=\"lazy\" data-lazy-src=\"https:\/\/www.luxurylivingmarbella.com\/wp-content\/uploads\/inmoba\/thumb-sale-1.5-exact-673162-46.webp\" alt=\"Residencia completamente renovada y lista para entrar a vivir ubicada en la Milla de Oro\" \/>\n\t\t\t\t<\/div>\n\t\t\t\t\t\t\t\t<div class=\"f-carousel__slide\">\n\t\t\t\t\t<img class=\"wpb--image-fit\" loading=\"lazy\" data-lazy-src=\"https:\/\/www.luxurylivingmarbella.com\/wp-content\/uploads\/inmoba\/thumb-sale-1.5-exact-673162-47.webp\" alt=\"Residencia completamente renovada y lista para entrar a vivir ubicada en la Milla de Oro\" \/>\n\t\t\t\t<\/div>\n\t\t\t\t\t\t\t\t<div class=\"f-carousel__slide\">\n\t\t\t\t\t<img class=\"wpb--image-fit\" loading=\"lazy\" data-lazy-src=\"https:\/\/www.luxurylivingmarbella.com\/wp-content\/uploads\/inmoba\/thumb-sale-1.5-exact-673162-48.webp\" alt=\"Residencia completamente renovada y lista para entrar a vivir ubicada en la Milla de Oro\" \/>\n\t\t\t\t<\/div>\n\t\t\t\t\t\t\t\t<div class=\"f-carousel__slide\">\n\t\t\t\t\t<img class=\"wpb--image-fit\" loading=\"lazy\" data-lazy-src=\"https:\/\/www.luxurylivingmarbella.com\/wp-content\/uploads\/inmoba\/thumb-sale-1.5-exact-673162-49.webp\" alt=\"Residencia completamente renovada y lista para entrar a vivir ubicada en la Milla de Oro\" \/>\n\t\t\t\t<\/div>\n\t\t\t\t\t\t\t\t<div class=\"f-carousel__slide\">\n\t\t\t\t\t<img class=\"wpb--image-fit\" loading=\"lazy\" data-lazy-src=\"https:\/\/www.luxurylivingmarbella.com\/wp-content\/uploads\/inmoba\/thumb-sale-1.5-exact-673162-50.webp\" alt=\"Residencia completamente renovada y lista para entrar a vivir ubicada en la Milla de Oro\" \/>\n\t\t\t\t<\/div>\n\t\t\t\t\t\t\t\t<div class=\"f-carousel__slide\">\n\t\t\t\t\t<img class=\"wpb--image-fit\" loading=\"lazy\" data-lazy-src=\"https:\/\/www.luxurylivingmarbella.com\/wp-content\/uploads\/inmoba\/thumb-sale-1.5-exact-673162-51.webp\" alt=\"Residencia completamente renovada y lista para entrar a vivir ubicada en la Milla de Oro\" \/>\n\t\t\t\t<\/div>\n\t\t\t\t\t\t\t\t<div class=\"f-carousel__slide\">\n\t\t\t\t\t<img class=\"wpb--image-fit\" loading=\"lazy\" data-lazy-src=\"https:\/\/www.luxurylivingmarbella.com\/wp-content\/uploads\/inmoba\/thumb-sale-1.5-exact-673162-52.webp\" alt=\"Residencia completamente renovada y lista para entrar a vivir ubicada en la Milla de Oro\" \/>\n\t\t\t\t<\/div>\n\t\t\t\t\t\t\t\t<div class=\"f-carousel__slide\">\n\t\t\t\t\t<img class=\"wpb--image-fit\" loading=\"lazy\" data-lazy-src=\"https:\/\/www.luxurylivingmarbella.com\/wp-content\/uploads\/inmoba\/thumb-sale-1.5-exact-673162-53.webp\" alt=\"Residencia completamente renovada y lista para entrar a vivir ubicada en la Milla de Oro\" \/>\n\t\t\t\t<\/div>\n\t\t\t\t\t\t\t\t<div class=\"f-carousel__slide\">\n\t\t\t\t\t<img class=\"wpb--image-fit\" loading=\"lazy\" data-lazy-src=\"https:\/\/www.luxurylivingmarbella.com\/wp-content\/uploads\/inmoba\/thumb-sale-1.5-exact-673162-54.webp\" alt=\"Residencia completamente renovada y lista para entrar a vivir ubicada en la Milla de Oro\" \/>\n\t\t\t\t<\/div>\n\t\t\t\t\t\t\t\t<div class=\"f-carousel__slide\">\n\t\t\t\t\t<img class=\"wpb--image-fit\" loading=\"lazy\" data-lazy-src=\"https:\/\/www.luxurylivingmarbella.com\/wp-content\/uploads\/inmoba\/thumb-sale-1.5-exact-673162-55.webp\" alt=\"Residencia completamente renovada y lista para entrar a vivir ubicada en la Milla de Oro\" \/>\n\t\t\t\t<\/div>\n\t\t\t\t\t\t\t\t<div class=\"f-carousel__slide\">\n\t\t\t\t\t<img class=\"wpb--image-fit\" loading=\"lazy\" data-lazy-src=\"https:\/\/www.luxurylivingmarbella.com\/wp-content\/uploads\/inmoba\/thumb-sale-1.5-exact-673162-56.webp\" alt=\"Residencia completamente renovada y lista para entrar a vivir ubicada en la Milla de Oro\" \/>\n\t\t\t\t<\/div>\n\t\t\t\t\t\t\t\t<div class=\"f-carousel__slide\">\n\t\t\t\t\t<img class=\"wpb--image-fit\" loading=\"lazy\" data-lazy-src=\"https:\/\/www.luxurylivingmarbella.com\/wp-content\/uploads\/inmoba\/thumb-sale-1.5-exact-673162-57.webp\" alt=\"Residencia completamente renovada y lista para entrar a vivir ubicada en la Milla de Oro\" \/>\n\t\t\t\t<\/div>\n\t\t\t\t\t\t\t\t<div class=\"f-carousel__slide\">\n\t\t\t\t\t<img class=\"wpb--image-fit\" loading=\"lazy\" data-lazy-src=\"https:\/\/www.luxurylivingmarbella.com\/wp-content\/uploads\/inmoba\/thumb-sale-1.5-exact-673162-58.webp\" alt=\"Residencia completamente renovada y lista para entrar a vivir ubicada en la Milla de Oro\" \/>\n\t\t\t\t<\/div>\n\t\t\t\t\t\t\t\t<div class=\"f-carousel__slide\">\n\t\t\t\t\t<img class=\"wpb--image-fit\" loading=\"lazy\" data-lazy-src=\"https:\/\/www.luxurylivingmarbella.com\/wp-content\/uploads\/inmoba\/thumb-sale-1.5-exact-673162-59.webp\" alt=\"Residencia completamente renovada y lista para entrar a vivir ubicada en la Milla de Oro\" \/>\n\t\t\t\t<\/div>\n\t\t\t\t\t\t\t<\/div>\n\t\t\t\t\t<\/div>\n\t\t<div class=\"wpb--action-container\">\n\t\t\t <button>Ver detalles<\/button>\n\t\t<\/div>\n\t<\/div>\n\t<div class=\"wpb--card-body\">\n\t\t<span class=\"wpb--card-body-location\"><span>687-00309P<\/span> | Las Terrazas de Las Lomas - Marbella Golden Mile<\/span>\n\t\t<h2 class=\"wpb--card-title\">\n\t\t\t<a class=\"wpb--stretched-link\" href=\"\/es\/propiedad\/venta-las-terrazas-de-las-lomas-apartamento-673162\">\n\t\t\t\tResidencia completamente renovada y lista para entrar a vivir ubicada en la Milla de Oro\t\t\t<\/a>\n\t\t<\/h2>\n\t\t<div class=\"wpb--card-data\">\n\t\t\t<div class=\"wpb--card-locationref\">\n\t\t\t\t<ul class=\"wpb--card-features\">\n\t\t\t\t\t\t\t\t\t\t<li>3  Dormitorios<\/li>\n\t\t\t\t\t\t\t\t\t\t<li>2  Ba\u00f1os<\/li>\n\t\t\t\t\t\t\t\t\t\t<li>210 m&sup2; Const.<\/li>\n\t\t\t\t\t\t\t\t\t<\/ul>\n\t\t\t<\/div>\n\t\t\t<div class=\"wpb--card-price\">\n\t\t\t\t1.280.000 &euro;\t\t\t<\/div>\n\t\t<\/div>\n\t<\/div>\n<\/div><div class=\"wpb--card wpb--card-reduced\">\n\t<div class=\"wpb--aspect-box wpb--portrait\">\n\t\t<div class=\"wpb--overflow-hidden\">\n\t\t\t\t\t\t\t\t\t<div class=\"f-carousel\">\n\t\t\t\t\t\t\t\t<div class=\"f-carousel__slide\">\n\t\t\t\t\t<img decoding=\"async\" class=\"wpb--image-fit\" loading=\"lazy\" src=\"https:\/\/www.luxurylivingmarbella.com\/wp-content\/uploads\/inmoba\/thumb-sale-1.5-exact-673154-0.webp\" alt=\"Apartamento totalmente reformado en una sola planta en Nueva Andaluc\u00eda\" \/>\n\t\t\t\t<\/div>\n\t\t\t\t\t\t\t\t<div class=\"f-carousel__slide\">\n\t\t\t\t\t<img class=\"wpb--image-fit\" loading=\"lazy\" data-lazy-src=\"https:\/\/www.luxurylivingmarbella.com\/wp-content\/uploads\/inmoba\/thumb-sale-1.5-exact-673154-1.webp\" alt=\"Apartamento totalmente reformado en una sola planta en Nueva Andaluc\u00eda\" \/>\n\t\t\t\t<\/div>\n\t\t\t\t\t\t\t\t<div class=\"f-carousel__slide\">\n\t\t\t\t\t<img class=\"wpb--image-fit\" loading=\"lazy\" data-lazy-src=\"https:\/\/www.luxurylivingmarbella.com\/wp-content\/uploads\/inmoba\/thumb-sale-1.5-exact-673154-2.webp\" alt=\"Apartamento totalmente reformado en una sola planta en Nueva Andaluc\u00eda\" \/>\n\t\t\t\t<\/div>\n\t\t\t\t\t\t\t\t<div class=\"f-carousel__slide\">\n\t\t\t\t\t<img class=\"wpb--image-fit\" loading=\"lazy\" data-lazy-src=\"https:\/\/www.luxurylivingmarbella.com\/wp-content\/uploads\/inmoba\/thumb-sale-1.5-exact-673154-3.webp\" alt=\"Apartamento totalmente reformado en una sola planta en Nueva Andaluc\u00eda\" \/>\n\t\t\t\t<\/div>\n\t\t\t\t\t\t\t\t<div class=\"f-carousel__slide\">\n\t\t\t\t\t<img class=\"wpb--image-fit\" loading=\"lazy\" data-lazy-src=\"https:\/\/www.luxurylivingmarbella.com\/wp-content\/uploads\/inmoba\/thumb-sale-1.5-exact-673154-4.webp\" alt=\"Apartamento totalmente reformado en una sola planta en Nueva Andaluc\u00eda\" \/>\n\t\t\t\t<\/div>\n\t\t\t\t\t\t\t\t<div class=\"f-carousel__slide\">\n\t\t\t\t\t<img class=\"wpb--image-fit\" loading=\"lazy\" data-lazy-src=\"https:\/\/www.luxurylivingmarbella.com\/wp-content\/uploads\/inmoba\/thumb-sale-1.5-exact-673154-5.webp\" alt=\"Apartamento totalmente reformado en una sola planta en Nueva Andaluc\u00eda\" \/>\n\t\t\t\t<\/div>\n\t\t\t\t\t\t\t\t<div class=\"f-carousel__slide\">\n\t\t\t\t\t<img class=\"wpb--image-fit\" loading=\"lazy\" data-lazy-src=\"https:\/\/www.luxurylivingmarbella.com\/wp-content\/uploads\/inmoba\/thumb-sale-1.5-exact-673154-6.webp\" alt=\"Apartamento totalmente reformado en una sola planta en Nueva Andaluc\u00eda\" \/>\n\t\t\t\t<\/div>\n\t\t\t\t\t\t\t\t<div class=\"f-carousel__slide\">\n\t\t\t\t\t<img class=\"wpb--image-fit\" loading=\"lazy\" data-lazy-src=\"https:\/\/www.luxurylivingmarbella.com\/wp-content\/uploads\/inmoba\/thumb-sale-1.5-exact-673154-7.webp\" alt=\"Apartamento totalmente reformado en una sola planta en Nueva Andaluc\u00eda\" \/>\n\t\t\t\t<\/div>\n\t\t\t\t\t\t\t\t<div class=\"f-carousel__slide\">\n\t\t\t\t\t<img class=\"wpb--image-fit\" loading=\"lazy\" data-lazy-src=\"https:\/\/www.luxurylivingmarbella.com\/wp-content\/uploads\/inmoba\/thumb-sale-1.5-exact-673154-8.webp\" alt=\"Apartamento totalmente reformado en una sola planta en Nueva Andaluc\u00eda\" \/>\n\t\t\t\t<\/div>\n\t\t\t\t\t\t\t\t<div class=\"f-carousel__slide\">\n\t\t\t\t\t<img class=\"wpb--image-fit\" loading=\"lazy\" data-lazy-src=\"https:\/\/www.luxurylivingmarbella.com\/wp-content\/uploads\/inmoba\/thumb-sale-1.5-exact-673154-9.webp\" alt=\"Apartamento totalmente reformado en una sola planta en Nueva Andaluc\u00eda\" \/>\n\t\t\t\t<\/div>\n\t\t\t\t\t\t\t\t<div class=\"f-carousel__slide\">\n\t\t\t\t\t<img class=\"wpb--image-fit\" loading=\"lazy\" data-lazy-src=\"https:\/\/www.luxurylivingmarbella.com\/wp-content\/uploads\/inmoba\/thumb-sale-1.5-exact-673154-10.webp\" alt=\"Apartamento totalmente reformado en una sola planta en Nueva Andaluc\u00eda\" \/>\n\t\t\t\t<\/div>\n\t\t\t\t\t\t\t\t<div class=\"f-carousel__slide\">\n\t\t\t\t\t<img class=\"wpb--image-fit\" loading=\"lazy\" data-lazy-src=\"https:\/\/www.luxurylivingmarbella.com\/wp-content\/uploads\/inmoba\/thumb-sale-1.5-exact-673154-11.webp\" alt=\"Apartamento totalmente reformado en una sola planta en Nueva Andaluc\u00eda\" \/>\n\t\t\t\t<\/div>\n\t\t\t\t\t\t\t\t<div class=\"f-carousel__slide\">\n\t\t\t\t\t<img class=\"wpb--image-fit\" loading=\"lazy\" data-lazy-src=\"https:\/\/www.luxurylivingmarbella.com\/wp-content\/uploads\/inmoba\/thumb-sale-1.5-exact-673154-12.webp\" alt=\"Apartamento totalmente reformado en una sola planta en Nueva Andaluc\u00eda\" \/>\n\t\t\t\t<\/div>\n\t\t\t\t\t\t\t\t<div class=\"f-carousel__slide\">\n\t\t\t\t\t<img class=\"wpb--image-fit\" loading=\"lazy\" data-lazy-src=\"https:\/\/www.luxurylivingmarbella.com\/wp-content\/uploads\/inmoba\/thumb-sale-1.5-exact-673154-13.webp\" alt=\"Apartamento totalmente reformado en una sola planta en Nueva Andaluc\u00eda\" \/>\n\t\t\t\t<\/div>\n\t\t\t\t\t\t\t\t<div class=\"f-carousel__slide\">\n\t\t\t\t\t<img class=\"wpb--image-fit\" loading=\"lazy\" data-lazy-src=\"https:\/\/www.luxurylivingmarbella.com\/wp-content\/uploads\/inmoba\/thumb-sale-1.5-exact-673154-14.webp\" alt=\"Apartamento totalmente reformado en una sola planta en Nueva Andaluc\u00eda\" \/>\n\t\t\t\t<\/div>\n\t\t\t\t\t\t\t\t<div class=\"f-carousel__slide\">\n\t\t\t\t\t<img class=\"wpb--image-fit\" loading=\"lazy\" data-lazy-src=\"https:\/\/www.luxurylivingmarbella.com\/wp-content\/uploads\/inmoba\/thumb-sale-1.5-exact-673154-15.webp\" alt=\"Apartamento totalmente reformado en una sola planta en Nueva Andaluc\u00eda\" \/>\n\t\t\t\t<\/div>\n\t\t\t\t\t\t\t\t<div class=\"f-carousel__slide\">\n\t\t\t\t\t<img class=\"wpb--image-fit\" loading=\"lazy\" data-lazy-src=\"https:\/\/www.luxurylivingmarbella.com\/wp-content\/uploads\/inmoba\/thumb-sale-1.5-exact-673154-16.webp\" alt=\"Apartamento totalmente reformado en una sola planta en Nueva Andaluc\u00eda\" \/>\n\t\t\t\t<\/div>\n\t\t\t\t\t\t\t\t<div class=\"f-carousel__slide\">\n\t\t\t\t\t<img class=\"wpb--image-fit\" loading=\"lazy\" data-lazy-src=\"https:\/\/www.luxurylivingmarbella.com\/wp-content\/uploads\/inmoba\/thumb-sale-1.5-exact-673154-17.webp\" alt=\"Apartamento totalmente reformado en una sola planta en Nueva Andaluc\u00eda\" \/>\n\t\t\t\t<\/div>\n\t\t\t\t\t\t\t\t<div class=\"f-carousel__slide\">\n\t\t\t\t\t<img class=\"wpb--image-fit\" loading=\"lazy\" data-lazy-src=\"https:\/\/www.luxurylivingmarbella.com\/wp-content\/uploads\/inmoba\/thumb-sale-1.5-exact-673154-18.webp\" alt=\"Apartamento totalmente reformado en una sola planta en Nueva Andaluc\u00eda\" \/>\n\t\t\t\t<\/div>\n\t\t\t\t\t\t\t\t<div class=\"f-carousel__slide\">\n\t\t\t\t\t<img class=\"wpb--image-fit\" loading=\"lazy\" data-lazy-src=\"https:\/\/www.luxurylivingmarbella.com\/wp-content\/uploads\/inmoba\/thumb-sale-1.5-exact-673154-19.webp\" alt=\"Apartamento totalmente reformado en una sola planta en Nueva Andaluc\u00eda\" \/>\n\t\t\t\t<\/div>\n\t\t\t\t\t\t\t\t<div class=\"f-carousel__slide\">\n\t\t\t\t\t<img class=\"wpb--image-fit\" loading=\"lazy\" data-lazy-src=\"https:\/\/www.luxurylivingmarbella.com\/wp-content\/uploads\/inmoba\/thumb-sale-1.5-exact-673154-20.webp\" alt=\"Apartamento totalmente reformado en una sola planta en Nueva Andaluc\u00eda\" \/>\n\t\t\t\t<\/div>\n\t\t\t\t\t\t\t\t<div class=\"f-carousel__slide\">\n\t\t\t\t\t<img class=\"wpb--image-fit\" loading=\"lazy\" data-lazy-src=\"https:\/\/www.luxurylivingmarbella.com\/wp-content\/uploads\/inmoba\/thumb-sale-1.5-exact-673154-21.webp\" alt=\"Apartamento totalmente reformado en una sola planta en Nueva Andaluc\u00eda\" \/>\n\t\t\t\t<\/div>\n\t\t\t\t\t\t\t\t<div class=\"f-carousel__slide\">\n\t\t\t\t\t<img class=\"wpb--image-fit\" loading=\"lazy\" data-lazy-src=\"https:\/\/www.luxurylivingmarbella.com\/wp-content\/uploads\/inmoba\/thumb-sale-1.5-exact-673154-22.webp\" alt=\"Apartamento totalmente reformado en una sola planta en Nueva Andaluc\u00eda\" \/>\n\t\t\t\t<\/div>\n\t\t\t\t\t\t\t\t<div class=\"f-carousel__slide\">\n\t\t\t\t\t<img class=\"wpb--image-fit\" loading=\"lazy\" data-lazy-src=\"https:\/\/www.luxurylivingmarbella.com\/wp-content\/uploads\/inmoba\/thumb-sale-1.5-exact-673154-23.webp\" alt=\"Apartamento totalmente reformado en una sola planta en Nueva Andaluc\u00eda\" \/>\n\t\t\t\t<\/div>\n\t\t\t\t\t\t\t\t<div class=\"f-carousel__slide\">\n\t\t\t\t\t<img class=\"wpb--image-fit\" loading=\"lazy\" data-lazy-src=\"https:\/\/www.luxurylivingmarbella.com\/wp-content\/uploads\/inmoba\/thumb-sale-1.5-exact-673154-24.webp\" alt=\"Apartamento totalmente reformado en una sola planta en Nueva Andaluc\u00eda\" \/>\n\t\t\t\t<\/div>\n\t\t\t\t\t\t\t\t<div class=\"f-carousel__slide\">\n\t\t\t\t\t<img class=\"wpb--image-fit\" loading=\"lazy\" data-lazy-src=\"https:\/\/www.luxurylivingmarbella.com\/wp-content\/uploads\/inmoba\/thumb-sale-1.5-exact-673154-25.webp\" alt=\"Apartamento totalmente reformado en una sola planta en Nueva Andaluc\u00eda\" \/>\n\t\t\t\t<\/div>\n\t\t\t\t\t\t\t\t<div class=\"f-carousel__slide\">\n\t\t\t\t\t<img class=\"wpb--image-fit\" loading=\"lazy\" data-lazy-src=\"https:\/\/www.luxurylivingmarbella.com\/wp-content\/uploads\/inmoba\/thumb-sale-1.5-exact-673154-26.webp\" alt=\"Apartamento totalmente reformado en una sola planta en Nueva Andaluc\u00eda\" \/>\n\t\t\t\t<\/div>\n\t\t\t\t\t\t\t\t<div class=\"f-carousel__slide\">\n\t\t\t\t\t<img class=\"wpb--image-fit\" loading=\"lazy\" data-lazy-src=\"https:\/\/www.luxurylivingmarbella.com\/wp-content\/uploads\/inmoba\/thumb-sale-1.5-exact-673154-27.webp\" alt=\"Apartamento totalmente reformado en una sola planta en Nueva Andaluc\u00eda\" \/>\n\t\t\t\t<\/div>\n\t\t\t\t\t\t\t\t<div class=\"f-carousel__slide\">\n\t\t\t\t\t<img class=\"wpb--image-fit\" loading=\"lazy\" data-lazy-src=\"https:\/\/www.luxurylivingmarbella.com\/wp-content\/uploads\/inmoba\/thumb-sale-1.5-exact-673154-28.webp\" alt=\"Apartamento totalmente reformado en una sola planta en Nueva Andaluc\u00eda\" \/>\n\t\t\t\t<\/div>\n\t\t\t\t\t\t\t\t<div class=\"f-carousel__slide\">\n\t\t\t\t\t<img class=\"wpb--image-fit\" loading=\"lazy\" data-lazy-src=\"https:\/\/www.luxurylivingmarbella.com\/wp-content\/uploads\/inmoba\/thumb-sale-1.5-exact-673154-29.webp\" alt=\"Apartamento totalmente reformado en una sola planta en Nueva Andaluc\u00eda\" \/>\n\t\t\t\t<\/div>\n\t\t\t\t\t\t\t\t<div class=\"f-carousel__slide\">\n\t\t\t\t\t<img class=\"wpb--image-fit\" loading=\"lazy\" data-lazy-src=\"https:\/\/www.luxurylivingmarbella.com\/wp-content\/uploads\/inmoba\/thumb-sale-1.5-exact-673154-30.webp\" alt=\"Apartamento totalmente reformado en una sola planta en Nueva Andaluc\u00eda\" \/>\n\t\t\t\t<\/div>\n\t\t\t\t\t\t\t\t<div class=\"f-carousel__slide\">\n\t\t\t\t\t<img class=\"wpb--image-fit\" loading=\"lazy\" data-lazy-src=\"https:\/\/www.luxurylivingmarbella.com\/wp-content\/uploads\/inmoba\/thumb-sale-1.5-exact-673154-31.webp\" alt=\"Apartamento totalmente reformado en una sola planta en Nueva Andaluc\u00eda\" \/>\n\t\t\t\t<\/div>\n\t\t\t\t\t\t\t\t<div class=\"f-carousel__slide\">\n\t\t\t\t\t<img class=\"wpb--image-fit\" loading=\"lazy\" data-lazy-src=\"https:\/\/www.luxurylivingmarbella.com\/wp-content\/uploads\/inmoba\/thumb-sale-1.5-exact-673154-32.webp\" alt=\"Apartamento totalmente reformado en una sola planta en Nueva Andaluc\u00eda\" \/>\n\t\t\t\t<\/div>\n\t\t\t\t\t\t\t\t<div class=\"f-carousel__slide\">\n\t\t\t\t\t<img class=\"wpb--image-fit\" loading=\"lazy\" data-lazy-src=\"https:\/\/www.luxurylivingmarbella.com\/wp-content\/uploads\/inmoba\/thumb-sale-1.5-exact-673154-33.webp\" alt=\"Apartamento totalmente reformado en una sola planta en Nueva Andaluc\u00eda\" \/>\n\t\t\t\t<\/div>\n\t\t\t\t\t\t\t\t<div class=\"f-carousel__slide\">\n\t\t\t\t\t<img class=\"wpb--image-fit\" loading=\"lazy\" data-lazy-src=\"https:\/\/www.luxurylivingmarbella.com\/wp-content\/uploads\/inmoba\/thumb-sale-1.5-exact-673154-34.webp\" alt=\"Apartamento totalmente reformado en una sola planta en Nueva Andaluc\u00eda\" \/>\n\t\t\t\t<\/div>\n\t\t\t\t\t\t\t\t<div class=\"f-carousel__slide\">\n\t\t\t\t\t<img class=\"wpb--image-fit\" loading=\"lazy\" data-lazy-src=\"https:\/\/www.luxurylivingmarbella.com\/wp-content\/uploads\/inmoba\/thumb-sale-1.5-exact-673154-35.webp\" alt=\"Apartamento totalmente reformado en una sola planta en Nueva Andaluc\u00eda\" \/>\n\t\t\t\t<\/div>\n\t\t\t\t\t\t\t\t<div class=\"f-carousel__slide\">\n\t\t\t\t\t<img class=\"wpb--image-fit\" loading=\"lazy\" data-lazy-src=\"https:\/\/www.luxurylivingmarbella.com\/wp-content\/uploads\/inmoba\/thumb-sale-1.5-exact-673154-36.webp\" alt=\"Apartamento totalmente reformado en una sola planta en Nueva Andaluc\u00eda\" \/>\n\t\t\t\t<\/div>\n\t\t\t\t\t\t\t\t<div class=\"f-carousel__slide\">\n\t\t\t\t\t<img class=\"wpb--image-fit\" loading=\"lazy\" data-lazy-src=\"https:\/\/www.luxurylivingmarbella.com\/wp-content\/uploads\/inmoba\/thumb-sale-1.5-exact-673154-37.webp\" alt=\"Apartamento totalmente reformado en una sola planta en Nueva Andaluc\u00eda\" \/>\n\t\t\t\t<\/div>\n\t\t\t\t\t\t\t\t<div class=\"f-carousel__slide\">\n\t\t\t\t\t<img class=\"wpb--image-fit\" loading=\"lazy\" data-lazy-src=\"https:\/\/www.luxurylivingmarbella.com\/wp-content\/uploads\/inmoba\/thumb-sale-1.5-exact-673154-38.webp\" alt=\"Apartamento totalmente reformado en una sola planta en Nueva Andaluc\u00eda\" \/>\n\t\t\t\t<\/div>\n\t\t\t\t\t\t\t\t<div class=\"f-carousel__slide\">\n\t\t\t\t\t<img class=\"wpb--image-fit\" loading=\"lazy\" data-lazy-src=\"https:\/\/www.luxurylivingmarbella.com\/wp-content\/uploads\/inmoba\/thumb-sale-1.5-exact-673154-39.webp\" alt=\"Apartamento totalmente reformado en una sola planta en Nueva Andaluc\u00eda\" \/>\n\t\t\t\t<\/div>\n\t\t\t\t\t\t\t\t<div class=\"f-carousel__slide\">\n\t\t\t\t\t<img class=\"wpb--image-fit\" loading=\"lazy\" data-lazy-src=\"https:\/\/www.luxurylivingmarbella.com\/wp-content\/uploads\/inmoba\/thumb-sale-1.5-exact-673154-40.webp\" alt=\"Apartamento totalmente reformado en una sola planta en Nueva Andaluc\u00eda\" \/>\n\t\t\t\t<\/div>\n\t\t\t\t\t\t\t\t<div class=\"f-carousel__slide\">\n\t\t\t\t\t<img class=\"wpb--image-fit\" loading=\"lazy\" data-lazy-src=\"https:\/\/www.luxurylivingmarbella.com\/wp-content\/uploads\/inmoba\/thumb-sale-1.5-exact-673154-41.webp\" alt=\"Apartamento totalmente reformado en una sola planta en Nueva Andaluc\u00eda\" \/>\n\t\t\t\t<\/div>\n\t\t\t\t\t\t\t\t<div class=\"f-carousel__slide\">\n\t\t\t\t\t<img class=\"wpb--image-fit\" loading=\"lazy\" data-lazy-src=\"https:\/\/www.luxurylivingmarbella.com\/wp-content\/uploads\/inmoba\/thumb-sale-1.5-exact-673154-42.webp\" alt=\"Apartamento totalmente reformado en una sola planta en Nueva Andaluc\u00eda\" \/>\n\t\t\t\t<\/div>\n\t\t\t\t\t\t\t\t<div class=\"f-carousel__slide\">\n\t\t\t\t\t<img class=\"wpb--image-fit\" loading=\"lazy\" data-lazy-src=\"https:\/\/www.luxurylivingmarbella.com\/wp-content\/uploads\/inmoba\/thumb-sale-1.5-exact-673154-43.webp\" alt=\"Apartamento totalmente reformado en una sola planta en Nueva Andaluc\u00eda\" \/>\n\t\t\t\t<\/div>\n\t\t\t\t\t\t\t\t<div class=\"f-carousel__slide\">\n\t\t\t\t\t<img class=\"wpb--image-fit\" loading=\"lazy\" data-lazy-src=\"https:\/\/www.luxurylivingmarbella.com\/wp-content\/uploads\/inmoba\/thumb-sale-1.5-exact-673154-44.webp\" alt=\"Apartamento totalmente reformado en una sola planta en Nueva Andaluc\u00eda\" \/>\n\t\t\t\t<\/div>\n\t\t\t\t\t\t\t\t<div class=\"f-carousel__slide\">\n\t\t\t\t\t<img class=\"wpb--image-fit\" loading=\"lazy\" data-lazy-src=\"https:\/\/www.luxurylivingmarbella.com\/wp-content\/uploads\/inmoba\/thumb-sale-1.5-exact-673154-45.webp\" alt=\"Apartamento totalmente reformado en una sola planta en Nueva Andaluc\u00eda\" \/>\n\t\t\t\t<\/div>\n\t\t\t\t\t\t\t\t<div class=\"f-carousel__slide\">\n\t\t\t\t\t<img class=\"wpb--image-fit\" loading=\"lazy\" data-lazy-src=\"https:\/\/www.luxurylivingmarbella.com\/wp-content\/uploads\/inmoba\/thumb-sale-1.5-exact-673154-46.webp\" alt=\"Apartamento totalmente reformado en una sola planta en Nueva Andaluc\u00eda\" \/>\n\t\t\t\t<\/div>\n\t\t\t\t\t\t\t\t<div class=\"f-carousel__slide\">\n\t\t\t\t\t<img class=\"wpb--image-fit\" loading=\"lazy\" data-lazy-src=\"https:\/\/www.luxurylivingmarbella.com\/wp-content\/uploads\/inmoba\/thumb-sale-1.5-exact-673154-47.webp\" alt=\"Apartamento totalmente reformado en una sola planta en Nueva Andaluc\u00eda\" \/>\n\t\t\t\t<\/div>\n\t\t\t\t\t\t\t\t<div class=\"f-carousel__slide\">\n\t\t\t\t\t<img class=\"wpb--image-fit\" loading=\"lazy\" data-lazy-src=\"https:\/\/www.luxurylivingmarbella.com\/wp-content\/uploads\/inmoba\/thumb-sale-1.5-exact-673154-48.webp\" alt=\"Apartamento totalmente reformado en una sola planta en Nueva Andaluc\u00eda\" \/>\n\t\t\t\t<\/div>\n\t\t\t\t\t\t\t\t<div class=\"f-carousel__slide\">\n\t\t\t\t\t<img class=\"wpb--image-fit\" loading=\"lazy\" data-lazy-src=\"https:\/\/www.luxurylivingmarbella.com\/wp-content\/uploads\/inmoba\/thumb-sale-1.5-exact-673154-49.webp\" alt=\"Apartamento totalmente reformado en una sola planta en Nueva Andaluc\u00eda\" \/>\n\t\t\t\t<\/div>\n\t\t\t\t\t\t\t\t<div class=\"f-carousel__slide\">\n\t\t\t\t\t<img class=\"wpb--image-fit\" loading=\"lazy\" data-lazy-src=\"https:\/\/www.luxurylivingmarbella.com\/wp-content\/uploads\/inmoba\/thumb-sale-1.5-exact-673154-50.webp\" alt=\"Apartamento totalmente reformado en una sola planta en Nueva Andaluc\u00eda\" \/>\n\t\t\t\t<\/div>\n\t\t\t\t\t\t\t\t<div class=\"f-carousel__slide\">\n\t\t\t\t\t<img class=\"wpb--image-fit\" loading=\"lazy\" data-lazy-src=\"https:\/\/www.luxurylivingmarbella.com\/wp-content\/uploads\/inmoba\/thumb-sale-1.5-exact-673154-51.webp\" alt=\"Apartamento totalmente reformado en una sola planta en Nueva Andaluc\u00eda\" \/>\n\t\t\t\t<\/div>\n\t\t\t\t\t\t\t\t<div class=\"f-carousel__slide\">\n\t\t\t\t\t<img class=\"wpb--image-fit\" loading=\"lazy\" data-lazy-src=\"https:\/\/www.luxurylivingmarbella.com\/wp-content\/uploads\/inmoba\/thumb-sale-1.5-exact-673154-52.webp\" alt=\"Apartamento totalmente reformado en una sola planta en Nueva Andaluc\u00eda\" \/>\n\t\t\t\t<\/div>\n\t\t\t\t\t\t\t\t<div class=\"f-carousel__slide\">\n\t\t\t\t\t<img class=\"wpb--image-fit\" loading=\"lazy\" data-lazy-src=\"https:\/\/www.luxurylivingmarbella.com\/wp-content\/uploads\/inmoba\/thumb-sale-1.5-exact-673154-53.webp\" alt=\"Apartamento totalmente reformado en una sola planta en Nueva Andaluc\u00eda\" \/>\n\t\t\t\t<\/div>\n\t\t\t\t\t\t\t\t<div class=\"f-carousel__slide\">\n\t\t\t\t\t<img class=\"wpb--image-fit\" loading=\"lazy\" data-lazy-src=\"https:\/\/www.luxurylivingmarbella.com\/wp-content\/uploads\/inmoba\/thumb-sale-1.5-exact-673154-54.webp\" alt=\"Apartamento totalmente reformado en una sola planta en Nueva Andaluc\u00eda\" \/>\n\t\t\t\t<\/div>\n\t\t\t\t\t\t\t<\/div>\n\t\t\t\t\t<\/div>\n\t\t<div class=\"wpb--action-container\">\n\t\t\t <button>Ver detalles<\/button>\n\t\t<\/div>\n\t<\/div>\n\t<div class=\"wpb--card-body\">\n\t\t<span class=\"wpb--card-body-location\"><span>687-00308P<\/span> | La Cerquilla - Nueva Andalucia<\/span>\n\t\t<h2 class=\"wpb--card-title\">\n\t\t\t<a class=\"wpb--stretched-link\" href=\"\/es\/propiedad\/venta-la-cerquilla-apartamento-673154\">\n\t\t\t\tApartamento totalmente reformado en una sola planta en Nueva Andaluc\u00eda\t\t\t<\/a>\n\t\t<\/h2>\n\t\t<div class=\"wpb--card-data\">\n\t\t\t<div class=\"wpb--card-locationref\">\n\t\t\t\t<ul class=\"wpb--card-features\">\n\t\t\t\t\t\t\t\t\t\t<li>4  Dormitorios<\/li>\n\t\t\t\t\t\t\t\t\t\t<li>4  Ba\u00f1os<\/li>\n\t\t\t\t\t\t\t\t\t\t<li>215 m&sup2; Const.<\/li>\n\t\t\t\t\t\t\t\t\t<\/ul>\n\t\t\t<\/div>\n\t\t\t<div class=\"wpb--card-price\">\n\t\t\t\t2.750.000 &euro;\t\t\t<\/div>\n\t\t<\/div>\n\t<\/div>\n<\/div><div class=\"wpb--card wpb--card-reduced\">\n\t<div class=\"wpb--aspect-box wpb--portrait\">\n\t\t<div class=\"wpb--overflow-hidden\">\n\t\t\t\t\t\t\t\t\t<div class=\"f-carousel\">\n\t\t\t\t\t\t\t\t<div class=\"f-carousel__slide\">\n\t\t\t\t\t<img decoding=\"async\" class=\"wpb--image-fit\" loading=\"lazy\" src=\"https:\/\/www.luxurylivingmarbella.com\/wp-content\/uploads\/inmoba\/thumb-sale-1.5-exact-672939-0.webp\" alt=\"Apartamento en planta baja reci\u00e9n reformado en Sierra Blanca.\" \/>\n\t\t\t\t<\/div>\n\t\t\t\t\t\t\t\t<div class=\"f-carousel__slide\">\n\t\t\t\t\t<img class=\"wpb--image-fit\" loading=\"lazy\" data-lazy-src=\"https:\/\/www.luxurylivingmarbella.com\/wp-content\/uploads\/inmoba\/thumb-sale-1.5-exact-672939-1.webp\" alt=\"Apartamento en planta baja reci\u00e9n reformado en Sierra Blanca.\" \/>\n\t\t\t\t<\/div>\n\t\t\t\t\t\t\t\t<div class=\"f-carousel__slide\">\n\t\t\t\t\t<img class=\"wpb--image-fit\" loading=\"lazy\" data-lazy-src=\"https:\/\/www.luxurylivingmarbella.com\/wp-content\/uploads\/inmoba\/thumb-sale-1.5-exact-672939-2.webp\" alt=\"Apartamento en planta baja reci\u00e9n reformado en Sierra Blanca.\" \/>\n\t\t\t\t<\/div>\n\t\t\t\t\t\t\t\t<div class=\"f-carousel__slide\">\n\t\t\t\t\t<img class=\"wpb--image-fit\" loading=\"lazy\" data-lazy-src=\"https:\/\/www.luxurylivingmarbella.com\/wp-content\/uploads\/inmoba\/thumb-sale-1.5-exact-672939-3.webp\" alt=\"Apartamento en planta baja reci\u00e9n reformado en Sierra Blanca.\" \/>\n\t\t\t\t<\/div>\n\t\t\t\t\t\t\t\t<div class=\"f-carousel__slide\">\n\t\t\t\t\t<img class=\"wpb--image-fit\" loading=\"lazy\" data-lazy-src=\"https:\/\/www.luxurylivingmarbella.com\/wp-content\/uploads\/inmoba\/thumb-sale-1.5-exact-672939-4.webp\" alt=\"Apartamento en planta baja reci\u00e9n reformado en Sierra Blanca.\" \/>\n\t\t\t\t<\/div>\n\t\t\t\t\t\t\t\t<div class=\"f-carousel__slide\">\n\t\t\t\t\t<img class=\"wpb--image-fit\" loading=\"lazy\" data-lazy-src=\"https:\/\/www.luxurylivingmarbella.com\/wp-content\/uploads\/inmoba\/thumb-sale-1.5-exact-672939-5.webp\" alt=\"Apartamento en planta baja reci\u00e9n reformado en Sierra Blanca.\" \/>\n\t\t\t\t<\/div>\n\t\t\t\t\t\t\t\t<div class=\"f-carousel__slide\">\n\t\t\t\t\t<img class=\"wpb--image-fit\" loading=\"lazy\" data-lazy-src=\"https:\/\/www.luxurylivingmarbella.com\/wp-content\/uploads\/inmoba\/thumb-sale-1.5-exact-672939-6.webp\" alt=\"Apartamento en planta baja reci\u00e9n reformado en Sierra Blanca.\" \/>\n\t\t\t\t<\/div>\n\t\t\t\t\t\t\t\t<div class=\"f-carousel__slide\">\n\t\t\t\t\t<img class=\"wpb--image-fit\" loading=\"lazy\" data-lazy-src=\"https:\/\/www.luxurylivingmarbella.com\/wp-content\/uploads\/inmoba\/thumb-sale-1.5-exact-672939-7.webp\" alt=\"Apartamento en planta baja reci\u00e9n reformado en Sierra Blanca.\" \/>\n\t\t\t\t<\/div>\n\t\t\t\t\t\t\t\t<div class=\"f-carousel__slide\">\n\t\t\t\t\t<img class=\"wpb--image-fit\" loading=\"lazy\" data-lazy-src=\"https:\/\/www.luxurylivingmarbella.com\/wp-content\/uploads\/inmoba\/thumb-sale-1.5-exact-672939-8.webp\" alt=\"Apartamento en planta baja reci\u00e9n reformado en Sierra Blanca.\" \/>\n\t\t\t\t<\/div>\n\t\t\t\t\t\t\t\t<div class=\"f-carousel__slide\">\n\t\t\t\t\t<img class=\"wpb--image-fit\" loading=\"lazy\" data-lazy-src=\"https:\/\/www.luxurylivingmarbella.com\/wp-content\/uploads\/inmoba\/thumb-sale-1.5-exact-672939-9.webp\" alt=\"Apartamento en planta baja reci\u00e9n reformado en Sierra Blanca.\" \/>\n\t\t\t\t<\/div>\n\t\t\t\t\t\t\t\t<div class=\"f-carousel__slide\">\n\t\t\t\t\t<img class=\"wpb--image-fit\" loading=\"lazy\" data-lazy-src=\"https:\/\/www.luxurylivingmarbella.com\/wp-content\/uploads\/inmoba\/thumb-sale-1.5-exact-672939-10.webp\" alt=\"Apartamento en planta baja reci\u00e9n reformado en Sierra Blanca.\" \/>\n\t\t\t\t<\/div>\n\t\t\t\t\t\t\t\t<div class=\"f-carousel__slide\">\n\t\t\t\t\t<img class=\"wpb--image-fit\" loading=\"lazy\" data-lazy-src=\"https:\/\/www.luxurylivingmarbella.com\/wp-content\/uploads\/inmoba\/thumb-sale-1.5-exact-672939-11.webp\" alt=\"Apartamento en planta baja reci\u00e9n reformado en Sierra Blanca.\" \/>\n\t\t\t\t<\/div>\n\t\t\t\t\t\t\t\t<div class=\"f-carousel__slide\">\n\t\t\t\t\t<img class=\"wpb--image-fit\" loading=\"lazy\" data-lazy-src=\"https:\/\/www.luxurylivingmarbella.com\/wp-content\/uploads\/inmoba\/thumb-sale-1.5-exact-672939-12.webp\" alt=\"Apartamento en planta baja reci\u00e9n reformado en Sierra Blanca.\" \/>\n\t\t\t\t<\/div>\n\t\t\t\t\t\t\t\t<div class=\"f-carousel__slide\">\n\t\t\t\t\t<img class=\"wpb--image-fit\" loading=\"lazy\" data-lazy-src=\"https:\/\/www.luxurylivingmarbella.com\/wp-content\/uploads\/inmoba\/thumb-sale-1.5-exact-672939-13.webp\" alt=\"Apartamento en planta baja reci\u00e9n reformado en Sierra Blanca.\" \/>\n\t\t\t\t<\/div>\n\t\t\t\t\t\t\t\t<div class=\"f-carousel__slide\">\n\t\t\t\t\t<img class=\"wpb--image-fit\" loading=\"lazy\" data-lazy-src=\"https:\/\/www.luxurylivingmarbella.com\/wp-content\/uploads\/inmoba\/thumb-sale-1.5-exact-672939-14.webp\" alt=\"Apartamento en planta baja reci\u00e9n reformado en Sierra Blanca.\" \/>\n\t\t\t\t<\/div>\n\t\t\t\t\t\t\t\t<div class=\"f-carousel__slide\">\n\t\t\t\t\t<img class=\"wpb--image-fit\" loading=\"lazy\" data-lazy-src=\"https:\/\/www.luxurylivingmarbella.com\/wp-content\/uploads\/inmoba\/thumb-sale-1.5-exact-672939-15.webp\" alt=\"Apartamento en planta baja reci\u00e9n reformado en Sierra Blanca.\" \/>\n\t\t\t\t<\/div>\n\t\t\t\t\t\t\t\t<div class=\"f-carousel__slide\">\n\t\t\t\t\t<img class=\"wpb--image-fit\" loading=\"lazy\" data-lazy-src=\"https:\/\/www.luxurylivingmarbella.com\/wp-content\/uploads\/inmoba\/thumb-sale-1.5-exact-672939-16.webp\" alt=\"Apartamento en planta baja reci\u00e9n reformado en Sierra Blanca.\" \/>\n\t\t\t\t<\/div>\n\t\t\t\t\t\t\t\t<div class=\"f-carousel__slide\">\n\t\t\t\t\t<img class=\"wpb--image-fit\" loading=\"lazy\" data-lazy-src=\"https:\/\/www.luxurylivingmarbella.com\/wp-content\/uploads\/inmoba\/thumb-sale-1.5-exact-672939-17.webp\" alt=\"Apartamento en planta baja reci\u00e9n reformado en Sierra Blanca.\" \/>\n\t\t\t\t<\/div>\n\t\t\t\t\t\t\t\t<div class=\"f-carousel__slide\">\n\t\t\t\t\t<img class=\"wpb--image-fit\" loading=\"lazy\" data-lazy-src=\"https:\/\/www.luxurylivingmarbella.com\/wp-content\/uploads\/inmoba\/thumb-sale-1.5-exact-672939-18.webp\" alt=\"Apartamento en planta baja reci\u00e9n reformado en Sierra Blanca.\" \/>\n\t\t\t\t<\/div>\n\t\t\t\t\t\t\t\t<div class=\"f-carousel__slide\">\n\t\t\t\t\t<img class=\"wpb--image-fit\" loading=\"lazy\" data-lazy-src=\"https:\/\/www.luxurylivingmarbella.com\/wp-content\/uploads\/inmoba\/thumb-sale-1.5-exact-672939-19.webp\" alt=\"Apartamento en planta baja reci\u00e9n reformado en Sierra Blanca.\" \/>\n\t\t\t\t<\/div>\n\t\t\t\t\t\t\t\t<div class=\"f-carousel__slide\">\n\t\t\t\t\t<img class=\"wpb--image-fit\" loading=\"lazy\" data-lazy-src=\"https:\/\/www.luxurylivingmarbella.com\/wp-content\/uploads\/inmoba\/thumb-sale-1.5-exact-672939-20.webp\" alt=\"Apartamento en planta baja reci\u00e9n reformado en Sierra Blanca.\" \/>\n\t\t\t\t<\/div>\n\t\t\t\t\t\t\t\t<div class=\"f-carousel__slide\">\n\t\t\t\t\t<img class=\"wpb--image-fit\" loading=\"lazy\" data-lazy-src=\"https:\/\/www.luxurylivingmarbella.com\/wp-content\/uploads\/inmoba\/thumb-sale-1.5-exact-672939-21.webp\" alt=\"Apartamento en planta baja reci\u00e9n reformado en Sierra Blanca.\" \/>\n\t\t\t\t<\/div>\n\t\t\t\t\t\t\t\t<div class=\"f-carousel__slide\">\n\t\t\t\t\t<img class=\"wpb--image-fit\" loading=\"lazy\" data-lazy-src=\"https:\/\/www.luxurylivingmarbella.com\/wp-content\/uploads\/inmoba\/thumb-sale-1.5-exact-672939-22.webp\" alt=\"Apartamento en planta baja reci\u00e9n reformado en Sierra Blanca.\" \/>\n\t\t\t\t<\/div>\n\t\t\t\t\t\t\t\t<div class=\"f-carousel__slide\">\n\t\t\t\t\t<img class=\"wpb--image-fit\" loading=\"lazy\" data-lazy-src=\"https:\/\/www.luxurylivingmarbella.com\/wp-content\/uploads\/inmoba\/thumb-sale-1.5-exact-672939-23.webp\" alt=\"Apartamento en planta baja reci\u00e9n reformado en Sierra Blanca.\" \/>\n\t\t\t\t<\/div>\n\t\t\t\t\t\t\t\t<div class=\"f-carousel__slide\">\n\t\t\t\t\t<img class=\"wpb--image-fit\" loading=\"lazy\" data-lazy-src=\"https:\/\/www.luxurylivingmarbella.com\/wp-content\/uploads\/inmoba\/thumb-sale-1.5-exact-672939-24.webp\" alt=\"Apartamento en planta baja reci\u00e9n reformado en Sierra Blanca.\" \/>\n\t\t\t\t<\/div>\n\t\t\t\t\t\t\t\t<div class=\"f-carousel__slide\">\n\t\t\t\t\t<img class=\"wpb--image-fit\" loading=\"lazy\" data-lazy-src=\"https:\/\/www.luxurylivingmarbella.com\/wp-content\/uploads\/inmoba\/thumb-sale-1.5-exact-672939-25.webp\" alt=\"Apartamento en planta baja reci\u00e9n reformado en Sierra Blanca.\" \/>\n\t\t\t\t<\/div>\n\t\t\t\t\t\t\t\t<div class=\"f-carousel__slide\">\n\t\t\t\t\t<img class=\"wpb--image-fit\" loading=\"lazy\" data-lazy-src=\"https:\/\/www.luxurylivingmarbella.com\/wp-content\/uploads\/inmoba\/thumb-sale-1.5-exact-672939-26.webp\" alt=\"Apartamento en planta baja reci\u00e9n reformado en Sierra Blanca.\" \/>\n\t\t\t\t<\/div>\n\t\t\t\t\t\t\t\t<div class=\"f-carousel__slide\">\n\t\t\t\t\t<img class=\"wpb--image-fit\" loading=\"lazy\" data-lazy-src=\"https:\/\/www.luxurylivingmarbella.com\/wp-content\/uploads\/inmoba\/thumb-sale-1.5-exact-672939-27.webp\" alt=\"Apartamento en planta baja reci\u00e9n reformado en Sierra Blanca.\" \/>\n\t\t\t\t<\/div>\n\t\t\t\t\t\t\t\t<div class=\"f-carousel__slide\">\n\t\t\t\t\t<img class=\"wpb--image-fit\" loading=\"lazy\" data-lazy-src=\"https:\/\/www.luxurylivingmarbella.com\/wp-content\/uploads\/inmoba\/thumb-sale-1.5-exact-672939-28.webp\" alt=\"Apartamento en planta baja reci\u00e9n reformado en Sierra Blanca.\" \/>\n\t\t\t\t<\/div>\n\t\t\t\t\t\t\t\t<div class=\"f-carousel__slide\">\n\t\t\t\t\t<img class=\"wpb--image-fit\" loading=\"lazy\" data-lazy-src=\"https:\/\/www.luxurylivingmarbella.com\/wp-content\/uploads\/inmoba\/thumb-sale-1.5-exact-672939-29.webp\" alt=\"Apartamento en planta baja reci\u00e9n reformado en Sierra Blanca.\" \/>\n\t\t\t\t<\/div>\n\t\t\t\t\t\t\t\t<div class=\"f-carousel__slide\">\n\t\t\t\t\t<img class=\"wpb--image-fit\" loading=\"lazy\" data-lazy-src=\"https:\/\/www.luxurylivingmarbella.com\/wp-content\/uploads\/inmoba\/thumb-sale-1.5-exact-672939-30.webp\" alt=\"Apartamento en planta baja reci\u00e9n reformado en Sierra Blanca.\" \/>\n\t\t\t\t<\/div>\n\t\t\t\t\t\t\t\t<div class=\"f-carousel__slide\">\n\t\t\t\t\t<img class=\"wpb--image-fit\" loading=\"lazy\" data-lazy-src=\"https:\/\/www.luxurylivingmarbella.com\/wp-content\/uploads\/inmoba\/thumb-sale-1.5-exact-672939-31.webp\" alt=\"Apartamento en planta baja reci\u00e9n reformado en Sierra Blanca.\" \/>\n\t\t\t\t<\/div>\n\t\t\t\t\t\t\t\t<div class=\"f-carousel__slide\">\n\t\t\t\t\t<img class=\"wpb--image-fit\" loading=\"lazy\" data-lazy-src=\"https:\/\/www.luxurylivingmarbella.com\/wp-content\/uploads\/inmoba\/thumb-sale-1.5-exact-672939-32.webp\" alt=\"Apartamento en planta baja reci\u00e9n reformado en Sierra Blanca.\" \/>\n\t\t\t\t<\/div>\n\t\t\t\t\t\t\t\t<div class=\"f-carousel__slide\">\n\t\t\t\t\t<img class=\"wpb--image-fit\" loading=\"lazy\" data-lazy-src=\"https:\/\/www.luxurylivingmarbella.com\/wp-content\/uploads\/inmoba\/thumb-sale-1.5-exact-672939-33.webp\" alt=\"Apartamento en planta baja reci\u00e9n reformado en Sierra Blanca.\" \/>\n\t\t\t\t<\/div>\n\t\t\t\t\t\t\t\t<div class=\"f-carousel__slide\">\n\t\t\t\t\t<img class=\"wpb--image-fit\" loading=\"lazy\" data-lazy-src=\"https:\/\/www.luxurylivingmarbella.com\/wp-content\/uploads\/inmoba\/thumb-sale-1.5-exact-672939-34.webp\" alt=\"Apartamento en planta baja reci\u00e9n reformado en Sierra Blanca.\" \/>\n\t\t\t\t<\/div>\n\t\t\t\t\t\t\t\t<div class=\"f-carousel__slide\">\n\t\t\t\t\t<img class=\"wpb--image-fit\" loading=\"lazy\" data-lazy-src=\"https:\/\/www.luxurylivingmarbella.com\/wp-content\/uploads\/inmoba\/thumb-sale-1.5-exact-672939-35.webp\" alt=\"Apartamento en planta baja reci\u00e9n reformado en Sierra Blanca.\" \/>\n\t\t\t\t<\/div>\n\t\t\t\t\t\t\t\t<div class=\"f-carousel__slide\">\n\t\t\t\t\t<img class=\"wpb--image-fit\" loading=\"lazy\" data-lazy-src=\"https:\/\/www.luxurylivingmarbella.com\/wp-content\/uploads\/inmoba\/thumb-sale-1.5-exact-672939-36.webp\" alt=\"Apartamento en planta baja reci\u00e9n reformado en Sierra Blanca.\" \/>\n\t\t\t\t<\/div>\n\t\t\t\t\t\t\t\t<div class=\"f-carousel__slide\">\n\t\t\t\t\t<img class=\"wpb--image-fit\" loading=\"lazy\" data-lazy-src=\"https:\/\/www.luxurylivingmarbella.com\/wp-content\/uploads\/inmoba\/thumb-sale-1.5-exact-672939-37.webp\" alt=\"Apartamento en planta baja reci\u00e9n reformado en Sierra Blanca.\" \/>\n\t\t\t\t<\/div>\n\t\t\t\t\t\t\t\t<div class=\"f-carousel__slide\">\n\t\t\t\t\t<img class=\"wpb--image-fit\" loading=\"lazy\" data-lazy-src=\"https:\/\/www.luxurylivingmarbella.com\/wp-content\/uploads\/inmoba\/thumb-sale-1.5-exact-672939-38.webp\" alt=\"Apartamento en planta baja reci\u00e9n reformado en Sierra Blanca.\" \/>\n\t\t\t\t<\/div>\n\t\t\t\t\t\t\t\t<div class=\"f-carousel__slide\">\n\t\t\t\t\t<img class=\"wpb--image-fit\" loading=\"lazy\" data-lazy-src=\"https:\/\/www.luxurylivingmarbella.com\/wp-content\/uploads\/inmoba\/thumb-sale-1.5-exact-672939-39.webp\" alt=\"Apartamento en planta baja reci\u00e9n reformado en Sierra Blanca.\" \/>\n\t\t\t\t<\/div>\n\t\t\t\t\t\t\t\t<div class=\"f-carousel__slide\">\n\t\t\t\t\t<img class=\"wpb--image-fit\" loading=\"lazy\" data-lazy-src=\"https:\/\/www.luxurylivingmarbella.com\/wp-content\/uploads\/inmoba\/thumb-sale-1.5-exact-672939-40.webp\" alt=\"Apartamento en planta baja reci\u00e9n reformado en Sierra Blanca.\" \/>\n\t\t\t\t<\/div>\n\t\t\t\t\t\t\t\t<div class=\"f-carousel__slide\">\n\t\t\t\t\t<img class=\"wpb--image-fit\" loading=\"lazy\" data-lazy-src=\"https:\/\/www.luxurylivingmarbella.com\/wp-content\/uploads\/inmoba\/thumb-sale-1.5-exact-672939-41.webp\" alt=\"Apartamento en planta baja reci\u00e9n reformado en Sierra Blanca.\" \/>\n\t\t\t\t<\/div>\n\t\t\t\t\t\t\t\t<div class=\"f-carousel__slide\">\n\t\t\t\t\t<img class=\"wpb--image-fit\" loading=\"lazy\" data-lazy-src=\"https:\/\/www.luxurylivingmarbella.com\/wp-content\/uploads\/inmoba\/thumb-sale-1.5-exact-672939-42.webp\" alt=\"Apartamento en planta baja reci\u00e9n reformado en Sierra Blanca.\" \/>\n\t\t\t\t<\/div>\n\t\t\t\t\t\t\t\t<div class=\"f-carousel__slide\">\n\t\t\t\t\t<img class=\"wpb--image-fit\" loading=\"lazy\" data-lazy-src=\"https:\/\/www.luxurylivingmarbella.com\/wp-content\/uploads\/inmoba\/thumb-sale-1.5-exact-672939-43.webp\" alt=\"Apartamento en planta baja reci\u00e9n reformado en Sierra Blanca.\" \/>\n\t\t\t\t<\/div>\n\t\t\t\t\t\t\t\t<div class=\"f-carousel__slide\">\n\t\t\t\t\t<img class=\"wpb--image-fit\" loading=\"lazy\" data-lazy-src=\"https:\/\/www.luxurylivingmarbella.com\/wp-content\/uploads\/inmoba\/thumb-sale-1.5-exact-672939-44.webp\" alt=\"Apartamento en planta baja reci\u00e9n reformado en Sierra Blanca.\" \/>\n\t\t\t\t<\/div>\n\t\t\t\t\t\t\t\t<div class=\"f-carousel__slide\">\n\t\t\t\t\t<img class=\"wpb--image-fit\" loading=\"lazy\" data-lazy-src=\"https:\/\/www.luxurylivingmarbella.com\/wp-content\/uploads\/inmoba\/thumb-sale-1.5-exact-672939-45.webp\" alt=\"Apartamento en planta baja reci\u00e9n reformado en Sierra Blanca.\" \/>\n\t\t\t\t<\/div>\n\t\t\t\t\t\t\t\t<div class=\"f-carousel__slide\">\n\t\t\t\t\t<img class=\"wpb--image-fit\" loading=\"lazy\" data-lazy-src=\"https:\/\/www.luxurylivingmarbella.com\/wp-content\/uploads\/inmoba\/thumb-sale-1.5-exact-672939-46.webp\" alt=\"Apartamento en planta baja reci\u00e9n reformado en Sierra Blanca.\" \/>\n\t\t\t\t<\/div>\n\t\t\t\t\t\t\t\t<div class=\"f-carousel__slide\">\n\t\t\t\t\t<img class=\"wpb--image-fit\" loading=\"lazy\" data-lazy-src=\"https:\/\/www.luxurylivingmarbella.com\/wp-content\/uploads\/inmoba\/thumb-sale-1.5-exact-672939-47.webp\" alt=\"Apartamento en planta baja reci\u00e9n reformado en Sierra Blanca.\" \/>\n\t\t\t\t<\/div>\n\t\t\t\t\t\t\t\t<div class=\"f-carousel__slide\">\n\t\t\t\t\t<img class=\"wpb--image-fit\" loading=\"lazy\" data-lazy-src=\"https:\/\/www.luxurylivingmarbella.com\/wp-content\/uploads\/inmoba\/thumb-sale-1.5-exact-672939-48.webp\" alt=\"Apartamento en planta baja reci\u00e9n reformado en Sierra Blanca.\" \/>\n\t\t\t\t<\/div>\n\t\t\t\t\t\t\t\t<div class=\"f-carousel__slide\">\n\t\t\t\t\t<img class=\"wpb--image-fit\" loading=\"lazy\" data-lazy-src=\"https:\/\/www.luxurylivingmarbella.com\/wp-content\/uploads\/inmoba\/thumb-sale-1.5-exact-672939-49.webp\" alt=\"Apartamento en planta baja reci\u00e9n reformado en Sierra Blanca.\" \/>\n\t\t\t\t<\/div>\n\t\t\t\t\t\t\t\t<div class=\"f-carousel__slide\">\n\t\t\t\t\t<img class=\"wpb--image-fit\" loading=\"lazy\" data-lazy-src=\"https:\/\/www.luxurylivingmarbella.com\/wp-content\/uploads\/inmoba\/thumb-sale-1.5-exact-672939-50.webp\" alt=\"Apartamento en planta baja reci\u00e9n reformado en Sierra Blanca.\" \/>\n\t\t\t\t<\/div>\n\t\t\t\t\t\t\t\t<div class=\"f-carousel__slide\">\n\t\t\t\t\t<img class=\"wpb--image-fit\" loading=\"lazy\" data-lazy-src=\"https:\/\/www.luxurylivingmarbella.com\/wp-content\/uploads\/inmoba\/thumb-sale-1.5-exact-672939-51.webp\" alt=\"Apartamento en planta baja reci\u00e9n reformado en Sierra Blanca.\" \/>\n\t\t\t\t<\/div>\n\t\t\t\t\t\t\t<\/div>\n\t\t\t\t\t<\/div>\n\t\t<div class=\"wpb--action-container\">\n\t\t\t <button>Ver detalles<\/button>\n\t\t<\/div>\n\t<\/div>\n\t<div class=\"wpb--card-body\">\n\t\t<span class=\"wpb--card-body-location\"><span>687-00306P<\/span> | Altos Reales - Marbella Golden Mile<\/span>\n\t\t<h2 class=\"wpb--card-title\">\n\t\t\t<a class=\"wpb--stretched-link\" href=\"\/es\/propiedad\/venta-altos-reales-apartamento-672939\">\n\t\t\t\tApartamento en planta baja reci\u00e9n reformado en Sierra Blanca.\t\t\t<\/a>\n\t\t<\/h2>\n\t\t<div class=\"wpb--card-data\">\n\t\t\t<div class=\"wpb--card-locationref\">\n\t\t\t\t<ul class=\"wpb--card-features\">\n\t\t\t\t\t\t\t\t\t\t<li>3  Dormitorios<\/li>\n\t\t\t\t\t\t\t\t\t\t<li>3  Ba\u00f1os<\/li>\n\t\t\t\t\t\t\t\t\t\t<li>145 m&sup2; Const.<\/li>\n\t\t\t\t\t\t\t\t\t<\/ul>\n\t\t\t<\/div>\n\t\t\t<div class=\"wpb--card-price\">\n\t\t\t\t1.995.000 &euro;\t\t\t<\/div>\n\t\t<\/div>\n\t<\/div>\n<\/div><div class=\"wpb--card wpb--card-reduced\">\n\t<div class=\"wpb--aspect-box wpb--portrait\">\n\t\t<div class=\"wpb--overflow-hidden\">\n\t\t\t\t\t\t\t\t\t<div class=\"f-carousel\">\n\t\t\t\t\t\t\t\t<div class=\"f-carousel__slide\">\n\t\t\t\t\t<img decoding=\"async\" class=\"wpb--image-fit\" loading=\"lazy\" src=\"https:\/\/www.luxurylivingmarbella.com\/wp-content\/uploads\/inmoba\/thumb-sale-1.5-exact-672937-0.webp\" alt=\"Un elegante \u00e1tico d\u00faplex ubicado en una comunidad cerrada en Nueva Andaluc\u00eda.\" \/>\n\t\t\t\t<\/div>\n\t\t\t\t\t\t\t\t<div class=\"f-carousel__slide\">\n\t\t\t\t\t<img class=\"wpb--image-fit\" loading=\"lazy\" data-lazy-src=\"https:\/\/www.luxurylivingmarbella.com\/wp-content\/uploads\/inmoba\/thumb-sale-1.5-exact-672937-1.webp\" alt=\"Un elegante \u00e1tico d\u00faplex ubicado en una comunidad cerrada en Nueva Andaluc\u00eda.\" \/>\n\t\t\t\t<\/div>\n\t\t\t\t\t\t\t\t<div class=\"f-carousel__slide\">\n\t\t\t\t\t<img class=\"wpb--image-fit\" loading=\"lazy\" data-lazy-src=\"https:\/\/www.luxurylivingmarbella.com\/wp-content\/uploads\/inmoba\/thumb-sale-1.5-exact-672937-2.webp\" alt=\"Un elegante \u00e1tico d\u00faplex ubicado en una comunidad cerrada en Nueva Andaluc\u00eda.\" \/>\n\t\t\t\t<\/div>\n\t\t\t\t\t\t\t\t<div class=\"f-carousel__slide\">\n\t\t\t\t\t<img class=\"wpb--image-fit\" loading=\"lazy\" data-lazy-src=\"https:\/\/www.luxurylivingmarbella.com\/wp-content\/uploads\/inmoba\/thumb-sale-1.5-exact-672937-3.webp\" alt=\"Un elegante \u00e1tico d\u00faplex ubicado en una comunidad cerrada en Nueva Andaluc\u00eda.\" \/>\n\t\t\t\t<\/div>\n\t\t\t\t\t\t\t\t<div class=\"f-carousel__slide\">\n\t\t\t\t\t<img class=\"wpb--image-fit\" loading=\"lazy\" data-lazy-src=\"https:\/\/www.luxurylivingmarbella.com\/wp-content\/uploads\/inmoba\/thumb-sale-1.5-exact-672937-4.webp\" alt=\"Un elegante \u00e1tico d\u00faplex ubicado en una comunidad cerrada en Nueva Andaluc\u00eda.\" \/>\n\t\t\t\t<\/div>\n\t\t\t\t\t\t\t\t<div class=\"f-carousel__slide\">\n\t\t\t\t\t<img class=\"wpb--image-fit\" loading=\"lazy\" data-lazy-src=\"https:\/\/www.luxurylivingmarbella.com\/wp-content\/uploads\/inmoba\/thumb-sale-1.5-exact-672937-5.webp\" alt=\"Un elegante \u00e1tico d\u00faplex ubicado en una comunidad cerrada en Nueva Andaluc\u00eda.\" \/>\n\t\t\t\t<\/div>\n\t\t\t\t\t\t\t\t<div class=\"f-carousel__slide\">\n\t\t\t\t\t<img class=\"wpb--image-fit\" loading=\"lazy\" data-lazy-src=\"https:\/\/www.luxurylivingmarbella.com\/wp-content\/uploads\/inmoba\/thumb-sale-1.5-exact-672937-6.webp\" alt=\"Un elegante \u00e1tico d\u00faplex ubicado en una comunidad cerrada en Nueva Andaluc\u00eda.\" \/>\n\t\t\t\t<\/div>\n\t\t\t\t\t\t\t\t<div class=\"f-carousel__slide\">\n\t\t\t\t\t<img class=\"wpb--image-fit\" loading=\"lazy\" data-lazy-src=\"https:\/\/www.luxurylivingmarbella.com\/wp-content\/uploads\/inmoba\/thumb-sale-1.5-exact-672937-7.webp\" alt=\"Un elegante \u00e1tico d\u00faplex ubicado en una comunidad cerrada en Nueva Andaluc\u00eda.\" \/>\n\t\t\t\t<\/div>\n\t\t\t\t\t\t\t\t<div class=\"f-carousel__slide\">\n\t\t\t\t\t<img class=\"wpb--image-fit\" loading=\"lazy\" data-lazy-src=\"https:\/\/www.luxurylivingmarbella.com\/wp-content\/uploads\/inmoba\/thumb-sale-1.5-exact-672937-8.webp\" alt=\"Un elegante \u00e1tico d\u00faplex ubicado en una comunidad cerrada en Nueva Andaluc\u00eda.\" \/>\n\t\t\t\t<\/div>\n\t\t\t\t\t\t\t\t<div class=\"f-carousel__slide\">\n\t\t\t\t\t<img class=\"wpb--image-fit\" loading=\"lazy\" data-lazy-src=\"https:\/\/www.luxurylivingmarbella.com\/wp-content\/uploads\/inmoba\/thumb-sale-1.5-exact-672937-9.webp\" alt=\"Un elegante \u00e1tico d\u00faplex ubicado en una comunidad cerrada en Nueva Andaluc\u00eda.\" \/>\n\t\t\t\t<\/div>\n\t\t\t\t\t\t\t\t<div class=\"f-carousel__slide\">\n\t\t\t\t\t<img class=\"wpb--image-fit\" loading=\"lazy\" data-lazy-src=\"https:\/\/www.luxurylivingmarbella.com\/wp-content\/uploads\/inmoba\/thumb-sale-1.5-exact-672937-10.webp\" alt=\"Un elegante \u00e1tico d\u00faplex ubicado en una comunidad cerrada en Nueva Andaluc\u00eda.\" \/>\n\t\t\t\t<\/div>\n\t\t\t\t\t\t\t\t<div class=\"f-carousel__slide\">\n\t\t\t\t\t<img class=\"wpb--image-fit\" loading=\"lazy\" data-lazy-src=\"https:\/\/www.luxurylivingmarbella.com\/wp-content\/uploads\/inmoba\/thumb-sale-1.5-exact-672937-11.webp\" alt=\"Un elegante \u00e1tico d\u00faplex ubicado en una comunidad cerrada en Nueva Andaluc\u00eda.\" \/>\n\t\t\t\t<\/div>\n\t\t\t\t\t\t\t\t<div class=\"f-carousel__slide\">\n\t\t\t\t\t<img class=\"wpb--image-fit\" loading=\"lazy\" data-lazy-src=\"https:\/\/www.luxurylivingmarbella.com\/wp-content\/uploads\/inmoba\/thumb-sale-1.5-exact-672937-12.webp\" alt=\"Un elegante \u00e1tico d\u00faplex ubicado en una comunidad cerrada en Nueva Andaluc\u00eda.\" \/>\n\t\t\t\t<\/div>\n\t\t\t\t\t\t\t\t<div class=\"f-carousel__slide\">\n\t\t\t\t\t<img class=\"wpb--image-fit\" loading=\"lazy\" data-lazy-src=\"https:\/\/www.luxurylivingmarbella.com\/wp-content\/uploads\/inmoba\/thumb-sale-1.5-exact-672937-13.webp\" alt=\"Un elegante \u00e1tico d\u00faplex ubicado en una comunidad cerrada en Nueva Andaluc\u00eda.\" \/>\n\t\t\t\t<\/div>\n\t\t\t\t\t\t\t\t<div class=\"f-carousel__slide\">\n\t\t\t\t\t<img class=\"wpb--image-fit\" loading=\"lazy\" data-lazy-src=\"https:\/\/www.luxurylivingmarbella.com\/wp-content\/uploads\/inmoba\/thumb-sale-1.5-exact-672937-14.webp\" alt=\"Un elegante \u00e1tico d\u00faplex ubicado en una comunidad cerrada en Nueva Andaluc\u00eda.\" \/>\n\t\t\t\t<\/div>\n\t\t\t\t\t\t\t\t<div class=\"f-carousel__slide\">\n\t\t\t\t\t<img class=\"wpb--image-fit\" loading=\"lazy\" data-lazy-src=\"https:\/\/www.luxurylivingmarbella.com\/wp-content\/uploads\/inmoba\/thumb-sale-1.5-exact-672937-15.webp\" alt=\"Un elegante \u00e1tico d\u00faplex ubicado en una comunidad cerrada en Nueva Andaluc\u00eda.\" \/>\n\t\t\t\t<\/div>\n\t\t\t\t\t\t\t\t<div class=\"f-carousel__slide\">\n\t\t\t\t\t<img class=\"wpb--image-fit\" loading=\"lazy\" data-lazy-src=\"https:\/\/www.luxurylivingmarbella.com\/wp-content\/uploads\/inmoba\/thumb-sale-1.5-exact-672937-16.webp\" alt=\"Un elegante \u00e1tico d\u00faplex ubicado en una comunidad cerrada en Nueva Andaluc\u00eda.\" \/>\n\t\t\t\t<\/div>\n\t\t\t\t\t\t\t\t<div class=\"f-carousel__slide\">\n\t\t\t\t\t<img class=\"wpb--image-fit\" loading=\"lazy\" data-lazy-src=\"https:\/\/www.luxurylivingmarbella.com\/wp-content\/uploads\/inmoba\/thumb-sale-1.5-exact-672937-17.webp\" alt=\"Un elegante \u00e1tico d\u00faplex ubicado en una comunidad cerrada en Nueva Andaluc\u00eda.\" \/>\n\t\t\t\t<\/div>\n\t\t\t\t\t\t\t\t<div class=\"f-carousel__slide\">\n\t\t\t\t\t<img class=\"wpb--image-fit\" loading=\"lazy\" data-lazy-src=\"https:\/\/www.luxurylivingmarbella.com\/wp-content\/uploads\/inmoba\/thumb-sale-1.5-exact-672937-18.webp\" alt=\"Un elegante \u00e1tico d\u00faplex ubicado en una comunidad cerrada en Nueva Andaluc\u00eda.\" \/>\n\t\t\t\t<\/div>\n\t\t\t\t\t\t\t\t<div class=\"f-carousel__slide\">\n\t\t\t\t\t<img class=\"wpb--image-fit\" loading=\"lazy\" data-lazy-src=\"https:\/\/www.luxurylivingmarbella.com\/wp-content\/uploads\/inmoba\/thumb-sale-1.5-exact-672937-19.webp\" alt=\"Un elegante \u00e1tico d\u00faplex ubicado en una comunidad cerrada en Nueva Andaluc\u00eda.\" \/>\n\t\t\t\t<\/div>\n\t\t\t\t\t\t\t\t<div class=\"f-carousel__slide\">\n\t\t\t\t\t<img class=\"wpb--image-fit\" loading=\"lazy\" data-lazy-src=\"https:\/\/www.luxurylivingmarbella.com\/wp-content\/uploads\/inmoba\/thumb-sale-1.5-exact-672937-20.webp\" alt=\"Un elegante \u00e1tico d\u00faplex ubicado en una comunidad cerrada en Nueva Andaluc\u00eda.\" \/>\n\t\t\t\t<\/div>\n\t\t\t\t\t\t\t\t<div class=\"f-carousel__slide\">\n\t\t\t\t\t<img class=\"wpb--image-fit\" loading=\"lazy\" data-lazy-src=\"https:\/\/www.luxurylivingmarbella.com\/wp-content\/uploads\/inmoba\/thumb-sale-1.5-exact-672937-21.webp\" alt=\"Un elegante \u00e1tico d\u00faplex ubicado en una comunidad cerrada en Nueva Andaluc\u00eda.\" \/>\n\t\t\t\t<\/div>\n\t\t\t\t\t\t\t\t<div class=\"f-carousel__slide\">\n\t\t\t\t\t<img class=\"wpb--image-fit\" loading=\"lazy\" data-lazy-src=\"https:\/\/www.luxurylivingmarbella.com\/wp-content\/uploads\/inmoba\/thumb-sale-1.5-exact-672937-22.webp\" alt=\"Un elegante \u00e1tico d\u00faplex ubicado en una comunidad cerrada en Nueva Andaluc\u00eda.\" \/>\n\t\t\t\t<\/div>\n\t\t\t\t\t\t\t\t<div class=\"f-carousel__slide\">\n\t\t\t\t\t<img class=\"wpb--image-fit\" loading=\"lazy\" data-lazy-src=\"https:\/\/www.luxurylivingmarbella.com\/wp-content\/uploads\/inmoba\/thumb-sale-1.5-exact-672937-23.webp\" alt=\"Un elegante \u00e1tico d\u00faplex ubicado en una comunidad cerrada en Nueva Andaluc\u00eda.\" \/>\n\t\t\t\t<\/div>\n\t\t\t\t\t\t\t\t<div class=\"f-carousel__slide\">\n\t\t\t\t\t<img class=\"wpb--image-fit\" loading=\"lazy\" data-lazy-src=\"https:\/\/www.luxurylivingmarbella.com\/wp-content\/uploads\/inmoba\/thumb-sale-1.5-exact-672937-24.webp\" alt=\"Un elegante \u00e1tico d\u00faplex ubicado en una comunidad cerrada en Nueva Andaluc\u00eda.\" \/>\n\t\t\t\t<\/div>\n\t\t\t\t\t\t\t\t<div class=\"f-carousel__slide\">\n\t\t\t\t\t<img class=\"wpb--image-fit\" loading=\"lazy\" data-lazy-src=\"https:\/\/www.luxurylivingmarbella.com\/wp-content\/uploads\/inmoba\/thumb-sale-1.5-exact-672937-25.webp\" alt=\"Un elegante \u00e1tico d\u00faplex ubicado en una comunidad cerrada en Nueva Andaluc\u00eda.\" \/>\n\t\t\t\t<\/div>\n\t\t\t\t\t\t\t\t<div class=\"f-carousel__slide\">\n\t\t\t\t\t<img class=\"wpb--image-fit\" loading=\"lazy\" data-lazy-src=\"https:\/\/www.luxurylivingmarbella.com\/wp-content\/uploads\/inmoba\/thumb-sale-1.5-exact-672937-26.webp\" alt=\"Un elegante \u00e1tico d\u00faplex ubicado en una comunidad cerrada en Nueva Andaluc\u00eda.\" \/>\n\t\t\t\t<\/div>\n\t\t\t\t\t\t\t\t<div class=\"f-carousel__slide\">\n\t\t\t\t\t<img class=\"wpb--image-fit\" loading=\"lazy\" data-lazy-src=\"https:\/\/www.luxurylivingmarbella.com\/wp-content\/uploads\/inmoba\/thumb-sale-1.5-exact-672937-27.webp\" alt=\"Un elegante \u00e1tico d\u00faplex ubicado en una comunidad cerrada en Nueva Andaluc\u00eda.\" \/>\n\t\t\t\t<\/div>\n\t\t\t\t\t\t\t\t<div class=\"f-carousel__slide\">\n\t\t\t\t\t<img class=\"wpb--image-fit\" loading=\"lazy\" data-lazy-src=\"https:\/\/www.luxurylivingmarbella.com\/wp-content\/uploads\/inmoba\/thumb-sale-1.5-exact-672937-28.webp\" alt=\"Un elegante \u00e1tico d\u00faplex ubicado en una comunidad cerrada en Nueva Andaluc\u00eda.\" \/>\n\t\t\t\t<\/div>\n\t\t\t\t\t\t\t\t<div class=\"f-carousel__slide\">\n\t\t\t\t\t<img class=\"wpb--image-fit\" loading=\"lazy\" data-lazy-src=\"https:\/\/www.luxurylivingmarbella.com\/wp-content\/uploads\/inmoba\/thumb-sale-1.5-exact-672937-29.webp\" alt=\"Un elegante \u00e1tico d\u00faplex ubicado en una comunidad cerrada en Nueva Andaluc\u00eda.\" \/>\n\t\t\t\t<\/div>\n\t\t\t\t\t\t\t\t<div class=\"f-carousel__slide\">\n\t\t\t\t\t<img class=\"wpb--image-fit\" loading=\"lazy\" data-lazy-src=\"https:\/\/www.luxurylivingmarbella.com\/wp-content\/uploads\/inmoba\/thumb-sale-1.5-exact-672937-30.webp\" alt=\"Un elegante \u00e1tico d\u00faplex ubicado en una comunidad cerrada en Nueva Andaluc\u00eda.\" \/>\n\t\t\t\t<\/div>\n\t\t\t\t\t\t\t\t<div class=\"f-carousel__slide\">\n\t\t\t\t\t<img class=\"wpb--image-fit\" loading=\"lazy\" data-lazy-src=\"https:\/\/www.luxurylivingmarbella.com\/wp-content\/uploads\/inmoba\/thumb-sale-1.5-exact-672937-31.webp\" alt=\"Un elegante \u00e1tico d\u00faplex ubicado en una comunidad cerrada en Nueva Andaluc\u00eda.\" \/>\n\t\t\t\t<\/div>\n\t\t\t\t\t\t\t\t<div class=\"f-carousel__slide\">\n\t\t\t\t\t<img class=\"wpb--image-fit\" loading=\"lazy\" data-lazy-src=\"https:\/\/www.luxurylivingmarbella.com\/wp-content\/uploads\/inmoba\/thumb-sale-1.5-exact-672937-32.webp\" alt=\"Un elegante \u00e1tico d\u00faplex ubicado en una comunidad cerrada en Nueva Andaluc\u00eda.\" \/>\n\t\t\t\t<\/div>\n\t\t\t\t\t\t\t\t<div class=\"f-carousel__slide\">\n\t\t\t\t\t<img class=\"wpb--image-fit\" loading=\"lazy\" data-lazy-src=\"https:\/\/www.luxurylivingmarbella.com\/wp-content\/uploads\/inmoba\/thumb-sale-1.5-exact-672937-33.webp\" alt=\"Un elegante \u00e1tico d\u00faplex ubicado en una comunidad cerrada en Nueva Andaluc\u00eda.\" \/>\n\t\t\t\t<\/div>\n\t\t\t\t\t\t\t\t<div class=\"f-carousel__slide\">\n\t\t\t\t\t<img class=\"wpb--image-fit\" loading=\"lazy\" data-lazy-src=\"https:\/\/www.luxurylivingmarbella.com\/wp-content\/uploads\/inmoba\/thumb-sale-1.5-exact-672937-34.webp\" alt=\"Un elegante \u00e1tico d\u00faplex ubicado en una comunidad cerrada en Nueva Andaluc\u00eda.\" \/>\n\t\t\t\t<\/div>\n\t\t\t\t\t\t\t\t<div class=\"f-carousel__slide\">\n\t\t\t\t\t<img class=\"wpb--image-fit\" loading=\"lazy\" data-lazy-src=\"https:\/\/www.luxurylivingmarbella.com\/wp-content\/uploads\/inmoba\/thumb-sale-1.5-exact-672937-35.webp\" alt=\"Un elegante \u00e1tico d\u00faplex ubicado en una comunidad cerrada en Nueva Andaluc\u00eda.\" \/>\n\t\t\t\t<\/div>\n\t\t\t\t\t\t\t\t<div class=\"f-carousel__slide\">\n\t\t\t\t\t<img class=\"wpb--image-fit\" loading=\"lazy\" data-lazy-src=\"https:\/\/www.luxurylivingmarbella.com\/wp-content\/uploads\/inmoba\/thumb-sale-1.5-exact-672937-36.webp\" alt=\"Un elegante \u00e1tico d\u00faplex ubicado en una comunidad cerrada en Nueva Andaluc\u00eda.\" \/>\n\t\t\t\t<\/div>\n\t\t\t\t\t\t\t\t<div class=\"f-carousel__slide\">\n\t\t\t\t\t<img class=\"wpb--image-fit\" loading=\"lazy\" data-lazy-src=\"https:\/\/www.luxurylivingmarbella.com\/wp-content\/uploads\/inmoba\/thumb-sale-1.5-exact-672937-37.webp\" alt=\"Un elegante \u00e1tico d\u00faplex ubicado en una comunidad cerrada en Nueva Andaluc\u00eda.\" \/>\n\t\t\t\t<\/div>\n\t\t\t\t\t\t\t\t<div class=\"f-carousel__slide\">\n\t\t\t\t\t<img class=\"wpb--image-fit\" loading=\"lazy\" data-lazy-src=\"https:\/\/www.luxurylivingmarbella.com\/wp-content\/uploads\/inmoba\/thumb-sale-1.5-exact-672937-38.webp\" alt=\"Un elegante \u00e1tico d\u00faplex ubicado en una comunidad cerrada en Nueva Andaluc\u00eda.\" \/>\n\t\t\t\t<\/div>\n\t\t\t\t\t\t\t\t<div class=\"f-carousel__slide\">\n\t\t\t\t\t<img class=\"wpb--image-fit\" loading=\"lazy\" data-lazy-src=\"https:\/\/www.luxurylivingmarbella.com\/wp-content\/uploads\/inmoba\/thumb-sale-1.5-exact-672937-39.webp\" alt=\"Un elegante \u00e1tico d\u00faplex ubicado en una comunidad cerrada en Nueva Andaluc\u00eda.\" \/>\n\t\t\t\t<\/div>\n\t\t\t\t\t\t\t\t<div class=\"f-carousel__slide\">\n\t\t\t\t\t<img class=\"wpb--image-fit\" loading=\"lazy\" data-lazy-src=\"https:\/\/www.luxurylivingmarbella.com\/wp-content\/uploads\/inmoba\/thumb-sale-1.5-exact-672937-40.webp\" alt=\"Un elegante \u00e1tico d\u00faplex ubicado en una comunidad cerrada en Nueva Andaluc\u00eda.\" \/>\n\t\t\t\t<\/div>\n\t\t\t\t\t\t\t\t<div class=\"f-carousel__slide\">\n\t\t\t\t\t<img class=\"wpb--image-fit\" loading=\"lazy\" data-lazy-src=\"https:\/\/www.luxurylivingmarbella.com\/wp-content\/uploads\/inmoba\/thumb-sale-1.5-exact-672937-41.webp\" alt=\"Un elegante \u00e1tico d\u00faplex ubicado en una comunidad cerrada en Nueva Andaluc\u00eda.\" \/>\n\t\t\t\t<\/div>\n\t\t\t\t\t\t\t\t<div class=\"f-carousel__slide\">\n\t\t\t\t\t<img class=\"wpb--image-fit\" loading=\"lazy\" data-lazy-src=\"https:\/\/www.luxurylivingmarbella.com\/wp-content\/uploads\/inmoba\/thumb-sale-1.5-exact-672937-42.webp\" alt=\"Un elegante \u00e1tico d\u00faplex ubicado en una comunidad cerrada en Nueva Andaluc\u00eda.\" \/>\n\t\t\t\t<\/div>\n\t\t\t\t\t\t\t<\/div>\n\t\t\t\t\t<\/div>\n\t\t<div class=\"wpb--action-container\">\n\t\t\t <button>Ver detalles<\/button>\n\t\t<\/div>\n\t<\/div>\n\t<div class=\"wpb--card-body\">\n\t\t<span class=\"wpb--card-body-location\"><span>687-00305P<\/span> | Nueva Andalucia - Marbella<\/span>\n\t\t<h2 class=\"wpb--card-title\">\n\t\t\t<a class=\"wpb--stretched-link\" href=\"\/es\/propiedad\/venta-nueva-andalucia-atico-duplex-672937\">\n\t\t\t\tUn elegante \u00e1tico d\u00faplex ubicado en una comunidad cerrada en Nueva Andaluc\u00eda.\t\t\t<\/a>\n\t\t<\/h2>\n\t\t<div class=\"wpb--card-data\">\n\t\t\t<div class=\"wpb--card-locationref\">\n\t\t\t\t<ul class=\"wpb--card-features\">\n\t\t\t\t\t\t\t\t\t\t<li>4  Dormitorios<\/li>\n\t\t\t\t\t\t\t\t\t\t<li>3  Ba\u00f1os<\/li>\n\t\t\t\t\t\t\t\t\t\t<li>210 m&sup2; Const.<\/li>\n\t\t\t\t\t\t\t\t\t<\/ul>\n\t\t\t<\/div>\n\t\t\t<div class=\"wpb--card-price\">\n\t\t\t\t1.749.000 &euro;\t\t\t<\/div>\n\t\t<\/div>\n\t<\/div>\n<\/div>\t<\/div>\r\n\t<!-- Go to the full list -->\r\n\t\t<div class=\"wpb--center\">\r\n\t\t<a class=\"wpb--btn-outline\" href=\"https:\/\/www.luxurylivingmarbella.com\/es\/propiedades\/?l=es&f=sale&c=c24\">Ver todo<\/a>\r\n\t<\/div>\r\n\t\n<\/div>\n","protected":false},"excerpt":{"rendered":"<p>propiedades en venta en Marbella<\/p>\n","protected":false},"author":2,"featured_media":0,"parent":959,"menu_order":2,"comment_status":"closed","ping_status":"closed","template":"","meta":{"_acf_changed":false,"footnotes":""},"class_list":["post-972","page","type-page","status-publish","hentry"],"acf":[],"_links":{"self":[{"href":"https:\/\/www.luxurylivingmarbella.com\/es\/wp-json\/wp\/v2\/pages\/972","targetHints":{"allow":["GET"]}}],"collection":[{"href":"https:\/\/www.luxurylivingmarbella.com\/es\/wp-json\/wp\/v2\/pages"}],"about":[{"href":"https:\/\/www.luxurylivingmarbella.com\/es\/wp-json\/wp\/v2\/types\/page"}],"author":[{"embeddable":true,"href":"https:\/\/www.luxurylivingmarbella.com\/es\/wp-json\/wp\/v2\/users\/2"}],"replies":[{"embeddable":true,"href":"https:\/\/www.luxurylivingmarbella.com\/es\/wp-json\/wp\/v2\/comments?post=972"}],"version-history":[{"count":1,"href":"https:\/\/www.luxurylivingmarbella.com\/es\/wp-json\/wp\/v2\/pages\/972\/revisions"}],"predecessor-version":[{"id":973,"href":"https:\/\/www.luxurylivingmarbella.com\/es\/wp-json\/wp\/v2\/pages\/972\/revisions\/973"}],"up":[{"embeddable":true,"href":"https:\/\/www.luxurylivingmarbella.com\/es\/wp-json\/wp\/v2\/pages\/959"}],"wp:attachment":[{"href":"https:\/\/www.luxurylivingmarbella.com\/es\/wp-json\/wp\/v2\/media?parent=972"}],"curies":[{"name":"wp","href":"https:\/\/api.w.org\/{rel}","templated":true}]}}