{"id":686,"date":"2025-03-10T14:12:51","date_gmt":"2025-03-10T13:12:51","guid":{"rendered":"https:\/\/www.luxurylivingmarbella.com\/?page_id=686"},"modified":"2025-05-08T12:01:16","modified_gmt":"2025-05-08T10:01:16","slug":"marbella-milla-de-oro","status":"publish","type":"page","link":"https:\/\/www.luxurylivingmarbella.com\/es\/apartamentos\/marbella-milla-de-oro","title":{"rendered":"Apartamentos en venta en la Milla de Oro de Marbella"},"content":{"rendered":"\n<div class=\"wp-block-group has-global-padding is-layout-constrained wp-block-group-is-layout-constrained\" style=\"margin-bottom:var(--wp--preset--spacing--50)\">\n<h1 class=\"wp-block-heading\">Apartamentos en venta en la Milla de Oro de Marbella<\/h1>\n\n\n\t<div class=\"wpb--card-container\">\r\n\t\t<div class=\"wpb--card wpb--card-reduced\">\n\t<div class=\"wpb--aspect-box wpb--portrait\">\n\t\t<div class=\"wpb--overflow-hidden\">\n\t\t\t\t\t\t\t\t\t<div class=\"f-carousel\">\n\t\t\t\t\t\t\t\t<div class=\"f-carousel__slide\">\n\t\t\t\t\t<img decoding=\"async\" class=\"wpb--image-fit\" loading=\"lazy\" src=\"https:\/\/www.luxurylivingmarbella.com\/wp-content\/uploads\/inmoba\/thumb-sale-1.5-exact-673162-0.webp\" alt=\"Residencia completamente renovada y lista para entrar a vivir ubicada en la Milla de Oro\" \/>\n\t\t\t\t<\/div>\n\t\t\t\t\t\t\t\t<div class=\"f-carousel__slide\">\n\t\t\t\t\t<img class=\"wpb--image-fit\" loading=\"lazy\" data-lazy-src=\"https:\/\/www.luxurylivingmarbella.com\/wp-content\/uploads\/inmoba\/thumb-sale-1.5-exact-673162-1.webp\" alt=\"Residencia completamente renovada y lista para entrar a vivir ubicada en la Milla de Oro\" \/>\n\t\t\t\t<\/div>\n\t\t\t\t\t\t\t\t<div class=\"f-carousel__slide\">\n\t\t\t\t\t<img class=\"wpb--image-fit\" loading=\"lazy\" data-lazy-src=\"https:\/\/www.luxurylivingmarbella.com\/wp-content\/uploads\/inmoba\/thumb-sale-1.5-exact-673162-2.webp\" alt=\"Residencia completamente renovada y lista para entrar a vivir ubicada en la Milla de Oro\" \/>\n\t\t\t\t<\/div>\n\t\t\t\t\t\t\t\t<div class=\"f-carousel__slide\">\n\t\t\t\t\t<img class=\"wpb--image-fit\" loading=\"lazy\" data-lazy-src=\"https:\/\/www.luxurylivingmarbella.com\/wp-content\/uploads\/inmoba\/thumb-sale-1.5-exact-673162-3.webp\" alt=\"Residencia completamente renovada y lista para entrar a vivir ubicada en la Milla de Oro\" \/>\n\t\t\t\t<\/div>\n\t\t\t\t\t\t\t\t<div class=\"f-carousel__slide\">\n\t\t\t\t\t<img class=\"wpb--image-fit\" loading=\"lazy\" data-lazy-src=\"https:\/\/www.luxurylivingmarbella.com\/wp-content\/uploads\/inmoba\/thumb-sale-1.5-exact-673162-4.webp\" alt=\"Residencia completamente renovada y lista para entrar a vivir ubicada en la Milla de Oro\" \/>\n\t\t\t\t<\/div>\n\t\t\t\t\t\t\t\t<div class=\"f-carousel__slide\">\n\t\t\t\t\t<img class=\"wpb--image-fit\" loading=\"lazy\" data-lazy-src=\"https:\/\/www.luxurylivingmarbella.com\/wp-content\/uploads\/inmoba\/thumb-sale-1.5-exact-673162-5.webp\" alt=\"Residencia completamente renovada y lista para entrar a vivir ubicada en la Milla de Oro\" \/>\n\t\t\t\t<\/div>\n\t\t\t\t\t\t\t\t<div class=\"f-carousel__slide\">\n\t\t\t\t\t<img class=\"wpb--image-fit\" loading=\"lazy\" data-lazy-src=\"https:\/\/www.luxurylivingmarbella.com\/wp-content\/uploads\/inmoba\/thumb-sale-1.5-exact-673162-6.webp\" alt=\"Residencia completamente renovada y lista para entrar a vivir ubicada en la Milla de Oro\" \/>\n\t\t\t\t<\/div>\n\t\t\t\t\t\t\t\t<div class=\"f-carousel__slide\">\n\t\t\t\t\t<img class=\"wpb--image-fit\" loading=\"lazy\" data-lazy-src=\"https:\/\/www.luxurylivingmarbella.com\/wp-content\/uploads\/inmoba\/thumb-sale-1.5-exact-673162-7.webp\" alt=\"Residencia completamente renovada y lista para entrar a vivir ubicada en la Milla de Oro\" \/>\n\t\t\t\t<\/div>\n\t\t\t\t\t\t\t\t<div class=\"f-carousel__slide\">\n\t\t\t\t\t<img class=\"wpb--image-fit\" loading=\"lazy\" data-lazy-src=\"https:\/\/www.luxurylivingmarbella.com\/wp-content\/uploads\/inmoba\/thumb-sale-1.5-exact-673162-8.webp\" alt=\"Residencia completamente renovada y lista para entrar a vivir ubicada en la Milla de Oro\" \/>\n\t\t\t\t<\/div>\n\t\t\t\t\t\t\t\t<div class=\"f-carousel__slide\">\n\t\t\t\t\t<img class=\"wpb--image-fit\" loading=\"lazy\" data-lazy-src=\"https:\/\/www.luxurylivingmarbella.com\/wp-content\/uploads\/inmoba\/thumb-sale-1.5-exact-673162-9.webp\" alt=\"Residencia completamente renovada y lista para entrar a vivir ubicada en la Milla de Oro\" \/>\n\t\t\t\t<\/div>\n\t\t\t\t\t\t\t\t<div class=\"f-carousel__slide\">\n\t\t\t\t\t<img class=\"wpb--image-fit\" loading=\"lazy\" data-lazy-src=\"https:\/\/www.luxurylivingmarbella.com\/wp-content\/uploads\/inmoba\/thumb-sale-1.5-exact-673162-10.webp\" alt=\"Residencia completamente renovada y lista para entrar a vivir ubicada en la Milla de Oro\" \/>\n\t\t\t\t<\/div>\n\t\t\t\t\t\t\t\t<div class=\"f-carousel__slide\">\n\t\t\t\t\t<img class=\"wpb--image-fit\" loading=\"lazy\" data-lazy-src=\"https:\/\/www.luxurylivingmarbella.com\/wp-content\/uploads\/inmoba\/thumb-sale-1.5-exact-673162-11.webp\" alt=\"Residencia completamente renovada y lista para entrar a vivir ubicada en la Milla de Oro\" \/>\n\t\t\t\t<\/div>\n\t\t\t\t\t\t\t\t<div class=\"f-carousel__slide\">\n\t\t\t\t\t<img class=\"wpb--image-fit\" loading=\"lazy\" data-lazy-src=\"https:\/\/www.luxurylivingmarbella.com\/wp-content\/uploads\/inmoba\/thumb-sale-1.5-exact-673162-12.webp\" alt=\"Residencia completamente renovada y lista para entrar a vivir ubicada en la Milla de Oro\" \/>\n\t\t\t\t<\/div>\n\t\t\t\t\t\t\t\t<div class=\"f-carousel__slide\">\n\t\t\t\t\t<img class=\"wpb--image-fit\" loading=\"lazy\" data-lazy-src=\"https:\/\/www.luxurylivingmarbella.com\/wp-content\/uploads\/inmoba\/thumb-sale-1.5-exact-673162-13.webp\" alt=\"Residencia completamente renovada y lista para entrar a vivir ubicada en la Milla de Oro\" \/>\n\t\t\t\t<\/div>\n\t\t\t\t\t\t\t\t<div class=\"f-carousel__slide\">\n\t\t\t\t\t<img class=\"wpb--image-fit\" loading=\"lazy\" data-lazy-src=\"https:\/\/www.luxurylivingmarbella.com\/wp-content\/uploads\/inmoba\/thumb-sale-1.5-exact-673162-14.webp\" alt=\"Residencia completamente renovada y lista para entrar a vivir ubicada en la Milla de Oro\" \/>\n\t\t\t\t<\/div>\n\t\t\t\t\t\t\t\t<div class=\"f-carousel__slide\">\n\t\t\t\t\t<img class=\"wpb--image-fit\" loading=\"lazy\" data-lazy-src=\"https:\/\/www.luxurylivingmarbella.com\/wp-content\/uploads\/inmoba\/thumb-sale-1.5-exact-673162-15.webp\" alt=\"Residencia completamente renovada y lista para entrar a vivir ubicada en la Milla de Oro\" \/>\n\t\t\t\t<\/div>\n\t\t\t\t\t\t\t\t<div class=\"f-carousel__slide\">\n\t\t\t\t\t<img class=\"wpb--image-fit\" loading=\"lazy\" data-lazy-src=\"https:\/\/www.luxurylivingmarbella.com\/wp-content\/uploads\/inmoba\/thumb-sale-1.5-exact-673162-16.webp\" alt=\"Residencia completamente renovada y lista para entrar a vivir ubicada en la Milla de Oro\" \/>\n\t\t\t\t<\/div>\n\t\t\t\t\t\t\t\t<div class=\"f-carousel__slide\">\n\t\t\t\t\t<img class=\"wpb--image-fit\" loading=\"lazy\" data-lazy-src=\"https:\/\/www.luxurylivingmarbella.com\/wp-content\/uploads\/inmoba\/thumb-sale-1.5-exact-673162-17.webp\" alt=\"Residencia completamente renovada y lista para entrar a vivir ubicada en la Milla de Oro\" \/>\n\t\t\t\t<\/div>\n\t\t\t\t\t\t\t\t<div class=\"f-carousel__slide\">\n\t\t\t\t\t<img class=\"wpb--image-fit\" loading=\"lazy\" data-lazy-src=\"https:\/\/www.luxurylivingmarbella.com\/wp-content\/uploads\/inmoba\/thumb-sale-1.5-exact-673162-18.webp\" alt=\"Residencia completamente renovada y lista para entrar a vivir ubicada en la Milla de Oro\" \/>\n\t\t\t\t<\/div>\n\t\t\t\t\t\t\t\t<div class=\"f-carousel__slide\">\n\t\t\t\t\t<img class=\"wpb--image-fit\" loading=\"lazy\" data-lazy-src=\"https:\/\/www.luxurylivingmarbella.com\/wp-content\/uploads\/inmoba\/thumb-sale-1.5-exact-673162-19.webp\" alt=\"Residencia completamente renovada y lista para entrar a vivir ubicada en la Milla de Oro\" \/>\n\t\t\t\t<\/div>\n\t\t\t\t\t\t\t\t<div class=\"f-carousel__slide\">\n\t\t\t\t\t<img class=\"wpb--image-fit\" loading=\"lazy\" data-lazy-src=\"https:\/\/www.luxurylivingmarbella.com\/wp-content\/uploads\/inmoba\/thumb-sale-1.5-exact-673162-20.webp\" alt=\"Residencia completamente renovada y lista para entrar a vivir ubicada en la Milla de Oro\" \/>\n\t\t\t\t<\/div>\n\t\t\t\t\t\t\t\t<div class=\"f-carousel__slide\">\n\t\t\t\t\t<img class=\"wpb--image-fit\" loading=\"lazy\" data-lazy-src=\"https:\/\/www.luxurylivingmarbella.com\/wp-content\/uploads\/inmoba\/thumb-sale-1.5-exact-673162-21.webp\" alt=\"Residencia completamente renovada y lista para entrar a vivir ubicada en la Milla de Oro\" \/>\n\t\t\t\t<\/div>\n\t\t\t\t\t\t\t\t<div class=\"f-carousel__slide\">\n\t\t\t\t\t<img class=\"wpb--image-fit\" loading=\"lazy\" data-lazy-src=\"https:\/\/www.luxurylivingmarbella.com\/wp-content\/uploads\/inmoba\/thumb-sale-1.5-exact-673162-22.webp\" alt=\"Residencia completamente renovada y lista para entrar a vivir ubicada en la Milla de Oro\" \/>\n\t\t\t\t<\/div>\n\t\t\t\t\t\t\t\t<div class=\"f-carousel__slide\">\n\t\t\t\t\t<img class=\"wpb--image-fit\" loading=\"lazy\" data-lazy-src=\"https:\/\/www.luxurylivingmarbella.com\/wp-content\/uploads\/inmoba\/thumb-sale-1.5-exact-673162-23.webp\" alt=\"Residencia completamente renovada y lista para entrar a vivir ubicada en la Milla de Oro\" \/>\n\t\t\t\t<\/div>\n\t\t\t\t\t\t\t\t<div class=\"f-carousel__slide\">\n\t\t\t\t\t<img class=\"wpb--image-fit\" loading=\"lazy\" data-lazy-src=\"https:\/\/www.luxurylivingmarbella.com\/wp-content\/uploads\/inmoba\/thumb-sale-1.5-exact-673162-24.webp\" alt=\"Residencia completamente renovada y lista para entrar a vivir ubicada en la Milla de Oro\" \/>\n\t\t\t\t<\/div>\n\t\t\t\t\t\t\t\t<div class=\"f-carousel__slide\">\n\t\t\t\t\t<img class=\"wpb--image-fit\" loading=\"lazy\" data-lazy-src=\"https:\/\/www.luxurylivingmarbella.com\/wp-content\/uploads\/inmoba\/thumb-sale-1.5-exact-673162-25.webp\" alt=\"Residencia completamente renovada y lista para entrar a vivir ubicada en la Milla de Oro\" \/>\n\t\t\t\t<\/div>\n\t\t\t\t\t\t\t\t<div class=\"f-carousel__slide\">\n\t\t\t\t\t<img class=\"wpb--image-fit\" loading=\"lazy\" data-lazy-src=\"https:\/\/www.luxurylivingmarbella.com\/wp-content\/uploads\/inmoba\/thumb-sale-1.5-exact-673162-26.webp\" alt=\"Residencia completamente renovada y lista para entrar a vivir ubicada en la Milla de Oro\" \/>\n\t\t\t\t<\/div>\n\t\t\t\t\t\t\t\t<div class=\"f-carousel__slide\">\n\t\t\t\t\t<img class=\"wpb--image-fit\" loading=\"lazy\" data-lazy-src=\"https:\/\/www.luxurylivingmarbella.com\/wp-content\/uploads\/inmoba\/thumb-sale-1.5-exact-673162-27.webp\" alt=\"Residencia completamente renovada y lista para entrar a vivir ubicada en la Milla de Oro\" \/>\n\t\t\t\t<\/div>\n\t\t\t\t\t\t\t\t<div class=\"f-carousel__slide\">\n\t\t\t\t\t<img class=\"wpb--image-fit\" loading=\"lazy\" data-lazy-src=\"https:\/\/www.luxurylivingmarbella.com\/wp-content\/uploads\/inmoba\/thumb-sale-1.5-exact-673162-28.webp\" alt=\"Residencia completamente renovada y lista para entrar a vivir ubicada en la Milla de Oro\" \/>\n\t\t\t\t<\/div>\n\t\t\t\t\t\t\t\t<div class=\"f-carousel__slide\">\n\t\t\t\t\t<img class=\"wpb--image-fit\" loading=\"lazy\" data-lazy-src=\"https:\/\/www.luxurylivingmarbella.com\/wp-content\/uploads\/inmoba\/thumb-sale-1.5-exact-673162-29.webp\" alt=\"Residencia completamente renovada y lista para entrar a vivir ubicada en la Milla de Oro\" \/>\n\t\t\t\t<\/div>\n\t\t\t\t\t\t\t\t<div class=\"f-carousel__slide\">\n\t\t\t\t\t<img class=\"wpb--image-fit\" loading=\"lazy\" data-lazy-src=\"https:\/\/www.luxurylivingmarbella.com\/wp-content\/uploads\/inmoba\/thumb-sale-1.5-exact-673162-30.webp\" alt=\"Residencia completamente renovada y lista para entrar a vivir ubicada en la Milla de Oro\" \/>\n\t\t\t\t<\/div>\n\t\t\t\t\t\t\t\t<div class=\"f-carousel__slide\">\n\t\t\t\t\t<img class=\"wpb--image-fit\" loading=\"lazy\" data-lazy-src=\"https:\/\/www.luxurylivingmarbella.com\/wp-content\/uploads\/inmoba\/thumb-sale-1.5-exact-673162-31.webp\" alt=\"Residencia completamente renovada y lista para entrar a vivir ubicada en la Milla de Oro\" \/>\n\t\t\t\t<\/div>\n\t\t\t\t\t\t\t\t<div class=\"f-carousel__slide\">\n\t\t\t\t\t<img class=\"wpb--image-fit\" loading=\"lazy\" data-lazy-src=\"https:\/\/www.luxurylivingmarbella.com\/wp-content\/uploads\/inmoba\/thumb-sale-1.5-exact-673162-32.webp\" alt=\"Residencia completamente renovada y lista para entrar a vivir ubicada en la Milla de Oro\" \/>\n\t\t\t\t<\/div>\n\t\t\t\t\t\t\t\t<div class=\"f-carousel__slide\">\n\t\t\t\t\t<img class=\"wpb--image-fit\" loading=\"lazy\" data-lazy-src=\"https:\/\/www.luxurylivingmarbella.com\/wp-content\/uploads\/inmoba\/thumb-sale-1.5-exact-673162-33.webp\" alt=\"Residencia completamente renovada y lista para entrar a vivir ubicada en la Milla de Oro\" \/>\n\t\t\t\t<\/div>\n\t\t\t\t\t\t\t\t<div class=\"f-carousel__slide\">\n\t\t\t\t\t<img class=\"wpb--image-fit\" loading=\"lazy\" data-lazy-src=\"https:\/\/www.luxurylivingmarbella.com\/wp-content\/uploads\/inmoba\/thumb-sale-1.5-exact-673162-34.webp\" alt=\"Residencia completamente renovada y lista para entrar a vivir ubicada en la Milla de Oro\" \/>\n\t\t\t\t<\/div>\n\t\t\t\t\t\t\t\t<div class=\"f-carousel__slide\">\n\t\t\t\t\t<img class=\"wpb--image-fit\" loading=\"lazy\" data-lazy-src=\"https:\/\/www.luxurylivingmarbella.com\/wp-content\/uploads\/inmoba\/thumb-sale-1.5-exact-673162-35.webp\" alt=\"Residencia completamente renovada y lista para entrar a vivir ubicada en la Milla de Oro\" \/>\n\t\t\t\t<\/div>\n\t\t\t\t\t\t\t\t<div class=\"f-carousel__slide\">\n\t\t\t\t\t<img class=\"wpb--image-fit\" loading=\"lazy\" data-lazy-src=\"https:\/\/www.luxurylivingmarbella.com\/wp-content\/uploads\/inmoba\/thumb-sale-1.5-exact-673162-36.webp\" alt=\"Residencia completamente renovada y lista para entrar a vivir ubicada en la Milla de Oro\" \/>\n\t\t\t\t<\/div>\n\t\t\t\t\t\t\t\t<div class=\"f-carousel__slide\">\n\t\t\t\t\t<img class=\"wpb--image-fit\" loading=\"lazy\" data-lazy-src=\"https:\/\/www.luxurylivingmarbella.com\/wp-content\/uploads\/inmoba\/thumb-sale-1.5-exact-673162-37.webp\" alt=\"Residencia completamente renovada y lista para entrar a vivir ubicada en la Milla de Oro\" \/>\n\t\t\t\t<\/div>\n\t\t\t\t\t\t\t\t<div class=\"f-carousel__slide\">\n\t\t\t\t\t<img class=\"wpb--image-fit\" loading=\"lazy\" data-lazy-src=\"https:\/\/www.luxurylivingmarbella.com\/wp-content\/uploads\/inmoba\/thumb-sale-1.5-exact-673162-38.webp\" alt=\"Residencia completamente renovada y lista para entrar a vivir ubicada en la Milla de Oro\" \/>\n\t\t\t\t<\/div>\n\t\t\t\t\t\t\t\t<div class=\"f-carousel__slide\">\n\t\t\t\t\t<img class=\"wpb--image-fit\" loading=\"lazy\" data-lazy-src=\"https:\/\/www.luxurylivingmarbella.com\/wp-content\/uploads\/inmoba\/thumb-sale-1.5-exact-673162-39.webp\" alt=\"Residencia completamente renovada y lista para entrar a vivir ubicada en la Milla de Oro\" \/>\n\t\t\t\t<\/div>\n\t\t\t\t\t\t\t\t<div class=\"f-carousel__slide\">\n\t\t\t\t\t<img class=\"wpb--image-fit\" loading=\"lazy\" data-lazy-src=\"https:\/\/www.luxurylivingmarbella.com\/wp-content\/uploads\/inmoba\/thumb-sale-1.5-exact-673162-40.webp\" alt=\"Residencia completamente renovada y lista para entrar a vivir ubicada en la Milla de Oro\" \/>\n\t\t\t\t<\/div>\n\t\t\t\t\t\t\t\t<div class=\"f-carousel__slide\">\n\t\t\t\t\t<img class=\"wpb--image-fit\" loading=\"lazy\" data-lazy-src=\"https:\/\/www.luxurylivingmarbella.com\/wp-content\/uploads\/inmoba\/thumb-sale-1.5-exact-673162-41.webp\" alt=\"Residencia completamente renovada y lista para entrar a vivir ubicada en la Milla de Oro\" \/>\n\t\t\t\t<\/div>\n\t\t\t\t\t\t\t\t<div class=\"f-carousel__slide\">\n\t\t\t\t\t<img class=\"wpb--image-fit\" loading=\"lazy\" data-lazy-src=\"https:\/\/www.luxurylivingmarbella.com\/wp-content\/uploads\/inmoba\/thumb-sale-1.5-exact-673162-42.webp\" alt=\"Residencia completamente renovada y lista para entrar a vivir ubicada en la Milla de Oro\" \/>\n\t\t\t\t<\/div>\n\t\t\t\t\t\t\t\t<div class=\"f-carousel__slide\">\n\t\t\t\t\t<img class=\"wpb--image-fit\" loading=\"lazy\" data-lazy-src=\"https:\/\/www.luxurylivingmarbella.com\/wp-content\/uploads\/inmoba\/thumb-sale-1.5-exact-673162-43.webp\" alt=\"Residencia completamente renovada y lista para entrar a vivir ubicada en la Milla de Oro\" \/>\n\t\t\t\t<\/div>\n\t\t\t\t\t\t\t\t<div class=\"f-carousel__slide\">\n\t\t\t\t\t<img class=\"wpb--image-fit\" loading=\"lazy\" data-lazy-src=\"https:\/\/www.luxurylivingmarbella.com\/wp-content\/uploads\/inmoba\/thumb-sale-1.5-exact-673162-44.webp\" alt=\"Residencia completamente renovada y lista para entrar a vivir ubicada en la Milla de Oro\" \/>\n\t\t\t\t<\/div>\n\t\t\t\t\t\t\t\t<div class=\"f-carousel__slide\">\n\t\t\t\t\t<img class=\"wpb--image-fit\" loading=\"lazy\" data-lazy-src=\"https:\/\/www.luxurylivingmarbella.com\/wp-content\/uploads\/inmoba\/thumb-sale-1.5-exact-673162-45.webp\" alt=\"Residencia completamente renovada y lista para entrar a vivir ubicada en la Milla de Oro\" \/>\n\t\t\t\t<\/div>\n\t\t\t\t\t\t\t\t<div class=\"f-carousel__slide\">\n\t\t\t\t\t<img class=\"wpb--image-fit\" loading=\"lazy\" data-lazy-src=\"https:\/\/www.luxurylivingmarbella.com\/wp-content\/uploads\/inmoba\/thumb-sale-1.5-exact-673162-46.webp\" alt=\"Residencia completamente renovada y lista para entrar a vivir ubicada en la Milla de Oro\" \/>\n\t\t\t\t<\/div>\n\t\t\t\t\t\t\t\t<div class=\"f-carousel__slide\">\n\t\t\t\t\t<img class=\"wpb--image-fit\" loading=\"lazy\" data-lazy-src=\"https:\/\/www.luxurylivingmarbella.com\/wp-content\/uploads\/inmoba\/thumb-sale-1.5-exact-673162-47.webp\" alt=\"Residencia completamente renovada y lista para entrar a vivir ubicada en la Milla de Oro\" \/>\n\t\t\t\t<\/div>\n\t\t\t\t\t\t\t\t<div class=\"f-carousel__slide\">\n\t\t\t\t\t<img class=\"wpb--image-fit\" loading=\"lazy\" data-lazy-src=\"https:\/\/www.luxurylivingmarbella.com\/wp-content\/uploads\/inmoba\/thumb-sale-1.5-exact-673162-48.webp\" alt=\"Residencia completamente renovada y lista para entrar a vivir ubicada en la Milla de Oro\" \/>\n\t\t\t\t<\/div>\n\t\t\t\t\t\t\t\t<div class=\"f-carousel__slide\">\n\t\t\t\t\t<img class=\"wpb--image-fit\" loading=\"lazy\" data-lazy-src=\"https:\/\/www.luxurylivingmarbella.com\/wp-content\/uploads\/inmoba\/thumb-sale-1.5-exact-673162-49.webp\" alt=\"Residencia completamente renovada y lista para entrar a vivir ubicada en la Milla de Oro\" \/>\n\t\t\t\t<\/div>\n\t\t\t\t\t\t\t\t<div class=\"f-carousel__slide\">\n\t\t\t\t\t<img class=\"wpb--image-fit\" loading=\"lazy\" data-lazy-src=\"https:\/\/www.luxurylivingmarbella.com\/wp-content\/uploads\/inmoba\/thumb-sale-1.5-exact-673162-50.webp\" alt=\"Residencia completamente renovada y lista para entrar a vivir ubicada en la Milla de Oro\" \/>\n\t\t\t\t<\/div>\n\t\t\t\t\t\t\t\t<div class=\"f-carousel__slide\">\n\t\t\t\t\t<img class=\"wpb--image-fit\" loading=\"lazy\" data-lazy-src=\"https:\/\/www.luxurylivingmarbella.com\/wp-content\/uploads\/inmoba\/thumb-sale-1.5-exact-673162-51.webp\" alt=\"Residencia completamente renovada y lista para entrar a vivir ubicada en la Milla de Oro\" \/>\n\t\t\t\t<\/div>\n\t\t\t\t\t\t\t\t<div class=\"f-carousel__slide\">\n\t\t\t\t\t<img class=\"wpb--image-fit\" loading=\"lazy\" data-lazy-src=\"https:\/\/www.luxurylivingmarbella.com\/wp-content\/uploads\/inmoba\/thumb-sale-1.5-exact-673162-52.webp\" alt=\"Residencia completamente renovada y lista para entrar a vivir ubicada en la Milla de Oro\" \/>\n\t\t\t\t<\/div>\n\t\t\t\t\t\t\t\t<div class=\"f-carousel__slide\">\n\t\t\t\t\t<img class=\"wpb--image-fit\" loading=\"lazy\" data-lazy-src=\"https:\/\/www.luxurylivingmarbella.com\/wp-content\/uploads\/inmoba\/thumb-sale-1.5-exact-673162-53.webp\" alt=\"Residencia completamente renovada y lista para entrar a vivir ubicada en la Milla de Oro\" \/>\n\t\t\t\t<\/div>\n\t\t\t\t\t\t\t\t<div class=\"f-carousel__slide\">\n\t\t\t\t\t<img class=\"wpb--image-fit\" loading=\"lazy\" data-lazy-src=\"https:\/\/www.luxurylivingmarbella.com\/wp-content\/uploads\/inmoba\/thumb-sale-1.5-exact-673162-54.webp\" alt=\"Residencia completamente renovada y lista para entrar a vivir ubicada en la Milla de Oro\" \/>\n\t\t\t\t<\/div>\n\t\t\t\t\t\t\t\t<div class=\"f-carousel__slide\">\n\t\t\t\t\t<img class=\"wpb--image-fit\" loading=\"lazy\" data-lazy-src=\"https:\/\/www.luxurylivingmarbella.com\/wp-content\/uploads\/inmoba\/thumb-sale-1.5-exact-673162-55.webp\" alt=\"Residencia completamente renovada y lista para entrar a vivir ubicada en la Milla de Oro\" \/>\n\t\t\t\t<\/div>\n\t\t\t\t\t\t\t\t<div class=\"f-carousel__slide\">\n\t\t\t\t\t<img class=\"wpb--image-fit\" loading=\"lazy\" data-lazy-src=\"https:\/\/www.luxurylivingmarbella.com\/wp-content\/uploads\/inmoba\/thumb-sale-1.5-exact-673162-56.webp\" alt=\"Residencia completamente renovada y lista para entrar a vivir ubicada en la Milla de Oro\" \/>\n\t\t\t\t<\/div>\n\t\t\t\t\t\t\t\t<div class=\"f-carousel__slide\">\n\t\t\t\t\t<img class=\"wpb--image-fit\" loading=\"lazy\" data-lazy-src=\"https:\/\/www.luxurylivingmarbella.com\/wp-content\/uploads\/inmoba\/thumb-sale-1.5-exact-673162-57.webp\" alt=\"Residencia completamente renovada y lista para entrar a vivir ubicada en la Milla de Oro\" \/>\n\t\t\t\t<\/div>\n\t\t\t\t\t\t\t\t<div class=\"f-carousel__slide\">\n\t\t\t\t\t<img class=\"wpb--image-fit\" loading=\"lazy\" data-lazy-src=\"https:\/\/www.luxurylivingmarbella.com\/wp-content\/uploads\/inmoba\/thumb-sale-1.5-exact-673162-58.webp\" alt=\"Residencia completamente renovada y lista para entrar a vivir ubicada en la Milla de Oro\" \/>\n\t\t\t\t<\/div>\n\t\t\t\t\t\t\t\t<div class=\"f-carousel__slide\">\n\t\t\t\t\t<img class=\"wpb--image-fit\" loading=\"lazy\" data-lazy-src=\"https:\/\/www.luxurylivingmarbella.com\/wp-content\/uploads\/inmoba\/thumb-sale-1.5-exact-673162-59.webp\" alt=\"Residencia completamente renovada y lista para entrar a vivir ubicada en la Milla de Oro\" \/>\n\t\t\t\t<\/div>\n\t\t\t\t\t\t\t<\/div>\n\t\t\t\t\t<\/div>\n\t\t<div class=\"wpb--action-container\">\n\t\t\t <button>Ver detalles<\/button>\n\t\t<\/div>\n\t<\/div>\n\t<div class=\"wpb--card-body\">\n\t\t<span class=\"wpb--card-body-location\"><span>687-00309P<\/span> | Las Terrazas de Las Lomas - Marbella Golden Mile<\/span>\n\t\t<h2 class=\"wpb--card-title\">\n\t\t\t<a class=\"wpb--stretched-link\" href=\"\/es\/propiedad\/venta-las-terrazas-de-las-lomas-apartamento-673162\">\n\t\t\t\tResidencia completamente renovada y lista para entrar a vivir ubicada en la Milla de Oro\t\t\t<\/a>\n\t\t<\/h2>\n\t\t<div class=\"wpb--card-data\">\n\t\t\t<div class=\"wpb--card-locationref\">\n\t\t\t\t<ul class=\"wpb--card-features\">\n\t\t\t\t\t\t\t\t\t\t<li>3  Dormitorios<\/li>\n\t\t\t\t\t\t\t\t\t\t<li>2  Ba\u00f1os<\/li>\n\t\t\t\t\t\t\t\t\t\t<li>210 m&sup2; Const.<\/li>\n\t\t\t\t\t\t\t\t\t<\/ul>\n\t\t\t<\/div>\n\t\t\t<div class=\"wpb--card-price\">\n\t\t\t\t1.280.000 &euro;\t\t\t<\/div>\n\t\t<\/div>\n\t<\/div>\n<\/div><div class=\"wpb--card wpb--card-reduced\">\n\t<div class=\"wpb--aspect-box wpb--portrait\">\n\t\t<div class=\"wpb--overflow-hidden\">\n\t\t\t\t\t\t\t\t\t<div class=\"f-carousel\">\n\t\t\t\t\t\t\t\t<div class=\"f-carousel__slide\">\n\t\t\t\t\t<img decoding=\"async\" class=\"wpb--image-fit\" loading=\"lazy\" src=\"https:\/\/www.luxurylivingmarbella.com\/wp-content\/uploads\/inmoba\/thumb-sale-1.5-exact-672939-0.webp\" alt=\"Apartamento en planta baja reci\u00e9n reformado en Sierra Blanca.\" \/>\n\t\t\t\t<\/div>\n\t\t\t\t\t\t\t\t<div class=\"f-carousel__slide\">\n\t\t\t\t\t<img class=\"wpb--image-fit\" loading=\"lazy\" data-lazy-src=\"https:\/\/www.luxurylivingmarbella.com\/wp-content\/uploads\/inmoba\/thumb-sale-1.5-exact-672939-1.webp\" alt=\"Apartamento en planta baja reci\u00e9n reformado en Sierra Blanca.\" \/>\n\t\t\t\t<\/div>\n\t\t\t\t\t\t\t\t<div class=\"f-carousel__slide\">\n\t\t\t\t\t<img class=\"wpb--image-fit\" loading=\"lazy\" data-lazy-src=\"https:\/\/www.luxurylivingmarbella.com\/wp-content\/uploads\/inmoba\/thumb-sale-1.5-exact-672939-2.webp\" alt=\"Apartamento en planta baja reci\u00e9n reformado en Sierra Blanca.\" \/>\n\t\t\t\t<\/div>\n\t\t\t\t\t\t\t\t<div class=\"f-carousel__slide\">\n\t\t\t\t\t<img class=\"wpb--image-fit\" loading=\"lazy\" data-lazy-src=\"https:\/\/www.luxurylivingmarbella.com\/wp-content\/uploads\/inmoba\/thumb-sale-1.5-exact-672939-3.webp\" alt=\"Apartamento en planta baja reci\u00e9n reformado en Sierra Blanca.\" \/>\n\t\t\t\t<\/div>\n\t\t\t\t\t\t\t\t<div class=\"f-carousel__slide\">\n\t\t\t\t\t<img class=\"wpb--image-fit\" loading=\"lazy\" data-lazy-src=\"https:\/\/www.luxurylivingmarbella.com\/wp-content\/uploads\/inmoba\/thumb-sale-1.5-exact-672939-4.webp\" alt=\"Apartamento en planta baja reci\u00e9n reformado en Sierra Blanca.\" \/>\n\t\t\t\t<\/div>\n\t\t\t\t\t\t\t\t<div class=\"f-carousel__slide\">\n\t\t\t\t\t<img class=\"wpb--image-fit\" loading=\"lazy\" data-lazy-src=\"https:\/\/www.luxurylivingmarbella.com\/wp-content\/uploads\/inmoba\/thumb-sale-1.5-exact-672939-5.webp\" alt=\"Apartamento en planta baja reci\u00e9n reformado en Sierra Blanca.\" \/>\n\t\t\t\t<\/div>\n\t\t\t\t\t\t\t\t<div class=\"f-carousel__slide\">\n\t\t\t\t\t<img class=\"wpb--image-fit\" loading=\"lazy\" data-lazy-src=\"https:\/\/www.luxurylivingmarbella.com\/wp-content\/uploads\/inmoba\/thumb-sale-1.5-exact-672939-6.webp\" alt=\"Apartamento en planta baja reci\u00e9n reformado en Sierra Blanca.\" \/>\n\t\t\t\t<\/div>\n\t\t\t\t\t\t\t\t<div class=\"f-carousel__slide\">\n\t\t\t\t\t<img class=\"wpb--image-fit\" loading=\"lazy\" data-lazy-src=\"https:\/\/www.luxurylivingmarbella.com\/wp-content\/uploads\/inmoba\/thumb-sale-1.5-exact-672939-7.webp\" alt=\"Apartamento en planta baja reci\u00e9n reformado en Sierra Blanca.\" \/>\n\t\t\t\t<\/div>\n\t\t\t\t\t\t\t\t<div class=\"f-carousel__slide\">\n\t\t\t\t\t<img class=\"wpb--image-fit\" loading=\"lazy\" data-lazy-src=\"https:\/\/www.luxurylivingmarbella.com\/wp-content\/uploads\/inmoba\/thumb-sale-1.5-exact-672939-8.webp\" alt=\"Apartamento en planta baja reci\u00e9n reformado en Sierra Blanca.\" \/>\n\t\t\t\t<\/div>\n\t\t\t\t\t\t\t\t<div class=\"f-carousel__slide\">\n\t\t\t\t\t<img class=\"wpb--image-fit\" loading=\"lazy\" data-lazy-src=\"https:\/\/www.luxurylivingmarbella.com\/wp-content\/uploads\/inmoba\/thumb-sale-1.5-exact-672939-9.webp\" alt=\"Apartamento en planta baja reci\u00e9n reformado en Sierra Blanca.\" \/>\n\t\t\t\t<\/div>\n\t\t\t\t\t\t\t\t<div class=\"f-carousel__slide\">\n\t\t\t\t\t<img class=\"wpb--image-fit\" loading=\"lazy\" data-lazy-src=\"https:\/\/www.luxurylivingmarbella.com\/wp-content\/uploads\/inmoba\/thumb-sale-1.5-exact-672939-10.webp\" alt=\"Apartamento en planta baja reci\u00e9n reformado en Sierra Blanca.\" \/>\n\t\t\t\t<\/div>\n\t\t\t\t\t\t\t\t<div class=\"f-carousel__slide\">\n\t\t\t\t\t<img class=\"wpb--image-fit\" loading=\"lazy\" data-lazy-src=\"https:\/\/www.luxurylivingmarbella.com\/wp-content\/uploads\/inmoba\/thumb-sale-1.5-exact-672939-11.webp\" alt=\"Apartamento en planta baja reci\u00e9n reformado en Sierra Blanca.\" \/>\n\t\t\t\t<\/div>\n\t\t\t\t\t\t\t\t<div class=\"f-carousel__slide\">\n\t\t\t\t\t<img class=\"wpb--image-fit\" loading=\"lazy\" data-lazy-src=\"https:\/\/www.luxurylivingmarbella.com\/wp-content\/uploads\/inmoba\/thumb-sale-1.5-exact-672939-12.webp\" alt=\"Apartamento en planta baja reci\u00e9n reformado en Sierra Blanca.\" \/>\n\t\t\t\t<\/div>\n\t\t\t\t\t\t\t\t<div class=\"f-carousel__slide\">\n\t\t\t\t\t<img class=\"wpb--image-fit\" loading=\"lazy\" data-lazy-src=\"https:\/\/www.luxurylivingmarbella.com\/wp-content\/uploads\/inmoba\/thumb-sale-1.5-exact-672939-13.webp\" alt=\"Apartamento en planta baja reci\u00e9n reformado en Sierra Blanca.\" \/>\n\t\t\t\t<\/div>\n\t\t\t\t\t\t\t\t<div class=\"f-carousel__slide\">\n\t\t\t\t\t<img class=\"wpb--image-fit\" loading=\"lazy\" data-lazy-src=\"https:\/\/www.luxurylivingmarbella.com\/wp-content\/uploads\/inmoba\/thumb-sale-1.5-exact-672939-14.webp\" alt=\"Apartamento en planta baja reci\u00e9n reformado en Sierra Blanca.\" \/>\n\t\t\t\t<\/div>\n\t\t\t\t\t\t\t\t<div class=\"f-carousel__slide\">\n\t\t\t\t\t<img class=\"wpb--image-fit\" loading=\"lazy\" data-lazy-src=\"https:\/\/www.luxurylivingmarbella.com\/wp-content\/uploads\/inmoba\/thumb-sale-1.5-exact-672939-15.webp\" alt=\"Apartamento en planta baja reci\u00e9n reformado en Sierra Blanca.\" \/>\n\t\t\t\t<\/div>\n\t\t\t\t\t\t\t\t<div class=\"f-carousel__slide\">\n\t\t\t\t\t<img class=\"wpb--image-fit\" loading=\"lazy\" data-lazy-src=\"https:\/\/www.luxurylivingmarbella.com\/wp-content\/uploads\/inmoba\/thumb-sale-1.5-exact-672939-16.webp\" alt=\"Apartamento en planta baja reci\u00e9n reformado en Sierra Blanca.\" \/>\n\t\t\t\t<\/div>\n\t\t\t\t\t\t\t\t<div class=\"f-carousel__slide\">\n\t\t\t\t\t<img class=\"wpb--image-fit\" loading=\"lazy\" data-lazy-src=\"https:\/\/www.luxurylivingmarbella.com\/wp-content\/uploads\/inmoba\/thumb-sale-1.5-exact-672939-17.webp\" alt=\"Apartamento en planta baja reci\u00e9n reformado en Sierra Blanca.\" \/>\n\t\t\t\t<\/div>\n\t\t\t\t\t\t\t\t<div class=\"f-carousel__slide\">\n\t\t\t\t\t<img class=\"wpb--image-fit\" loading=\"lazy\" data-lazy-src=\"https:\/\/www.luxurylivingmarbella.com\/wp-content\/uploads\/inmoba\/thumb-sale-1.5-exact-672939-18.webp\" alt=\"Apartamento en planta baja reci\u00e9n reformado en Sierra Blanca.\" \/>\n\t\t\t\t<\/div>\n\t\t\t\t\t\t\t\t<div class=\"f-carousel__slide\">\n\t\t\t\t\t<img class=\"wpb--image-fit\" loading=\"lazy\" data-lazy-src=\"https:\/\/www.luxurylivingmarbella.com\/wp-content\/uploads\/inmoba\/thumb-sale-1.5-exact-672939-19.webp\" alt=\"Apartamento en planta baja reci\u00e9n reformado en Sierra Blanca.\" \/>\n\t\t\t\t<\/div>\n\t\t\t\t\t\t\t\t<div class=\"f-carousel__slide\">\n\t\t\t\t\t<img class=\"wpb--image-fit\" loading=\"lazy\" data-lazy-src=\"https:\/\/www.luxurylivingmarbella.com\/wp-content\/uploads\/inmoba\/thumb-sale-1.5-exact-672939-20.webp\" alt=\"Apartamento en planta baja reci\u00e9n reformado en Sierra Blanca.\" \/>\n\t\t\t\t<\/div>\n\t\t\t\t\t\t\t\t<div class=\"f-carousel__slide\">\n\t\t\t\t\t<img class=\"wpb--image-fit\" loading=\"lazy\" data-lazy-src=\"https:\/\/www.luxurylivingmarbella.com\/wp-content\/uploads\/inmoba\/thumb-sale-1.5-exact-672939-21.webp\" alt=\"Apartamento en planta baja reci\u00e9n reformado en Sierra Blanca.\" \/>\n\t\t\t\t<\/div>\n\t\t\t\t\t\t\t\t<div class=\"f-carousel__slide\">\n\t\t\t\t\t<img class=\"wpb--image-fit\" loading=\"lazy\" data-lazy-src=\"https:\/\/www.luxurylivingmarbella.com\/wp-content\/uploads\/inmoba\/thumb-sale-1.5-exact-672939-22.webp\" alt=\"Apartamento en planta baja reci\u00e9n reformado en Sierra Blanca.\" \/>\n\t\t\t\t<\/div>\n\t\t\t\t\t\t\t\t<div class=\"f-carousel__slide\">\n\t\t\t\t\t<img class=\"wpb--image-fit\" loading=\"lazy\" data-lazy-src=\"https:\/\/www.luxurylivingmarbella.com\/wp-content\/uploads\/inmoba\/thumb-sale-1.5-exact-672939-23.webp\" alt=\"Apartamento en planta baja reci\u00e9n reformado en Sierra Blanca.\" \/>\n\t\t\t\t<\/div>\n\t\t\t\t\t\t\t\t<div class=\"f-carousel__slide\">\n\t\t\t\t\t<img class=\"wpb--image-fit\" loading=\"lazy\" data-lazy-src=\"https:\/\/www.luxurylivingmarbella.com\/wp-content\/uploads\/inmoba\/thumb-sale-1.5-exact-672939-24.webp\" alt=\"Apartamento en planta baja reci\u00e9n reformado en Sierra Blanca.\" \/>\n\t\t\t\t<\/div>\n\t\t\t\t\t\t\t\t<div class=\"f-carousel__slide\">\n\t\t\t\t\t<img class=\"wpb--image-fit\" loading=\"lazy\" data-lazy-src=\"https:\/\/www.luxurylivingmarbella.com\/wp-content\/uploads\/inmoba\/thumb-sale-1.5-exact-672939-25.webp\" alt=\"Apartamento en planta baja reci\u00e9n reformado en Sierra Blanca.\" \/>\n\t\t\t\t<\/div>\n\t\t\t\t\t\t\t\t<div class=\"f-carousel__slide\">\n\t\t\t\t\t<img class=\"wpb--image-fit\" loading=\"lazy\" data-lazy-src=\"https:\/\/www.luxurylivingmarbella.com\/wp-content\/uploads\/inmoba\/thumb-sale-1.5-exact-672939-26.webp\" alt=\"Apartamento en planta baja reci\u00e9n reformado en Sierra Blanca.\" \/>\n\t\t\t\t<\/div>\n\t\t\t\t\t\t\t\t<div class=\"f-carousel__slide\">\n\t\t\t\t\t<img class=\"wpb--image-fit\" loading=\"lazy\" data-lazy-src=\"https:\/\/www.luxurylivingmarbella.com\/wp-content\/uploads\/inmoba\/thumb-sale-1.5-exact-672939-27.webp\" alt=\"Apartamento en planta baja reci\u00e9n reformado en Sierra Blanca.\" \/>\n\t\t\t\t<\/div>\n\t\t\t\t\t\t\t\t<div class=\"f-carousel__slide\">\n\t\t\t\t\t<img class=\"wpb--image-fit\" loading=\"lazy\" data-lazy-src=\"https:\/\/www.luxurylivingmarbella.com\/wp-content\/uploads\/inmoba\/thumb-sale-1.5-exact-672939-28.webp\" alt=\"Apartamento en planta baja reci\u00e9n reformado en Sierra Blanca.\" \/>\n\t\t\t\t<\/div>\n\t\t\t\t\t\t\t\t<div class=\"f-carousel__slide\">\n\t\t\t\t\t<img class=\"wpb--image-fit\" loading=\"lazy\" data-lazy-src=\"https:\/\/www.luxurylivingmarbella.com\/wp-content\/uploads\/inmoba\/thumb-sale-1.5-exact-672939-29.webp\" alt=\"Apartamento en planta baja reci\u00e9n reformado en Sierra Blanca.\" \/>\n\t\t\t\t<\/div>\n\t\t\t\t\t\t\t\t<div class=\"f-carousel__slide\">\n\t\t\t\t\t<img class=\"wpb--image-fit\" loading=\"lazy\" data-lazy-src=\"https:\/\/www.luxurylivingmarbella.com\/wp-content\/uploads\/inmoba\/thumb-sale-1.5-exact-672939-30.webp\" alt=\"Apartamento en planta baja reci\u00e9n reformado en Sierra Blanca.\" \/>\n\t\t\t\t<\/div>\n\t\t\t\t\t\t\t\t<div class=\"f-carousel__slide\">\n\t\t\t\t\t<img class=\"wpb--image-fit\" loading=\"lazy\" data-lazy-src=\"https:\/\/www.luxurylivingmarbella.com\/wp-content\/uploads\/inmoba\/thumb-sale-1.5-exact-672939-31.webp\" alt=\"Apartamento en planta baja reci\u00e9n reformado en Sierra Blanca.\" \/>\n\t\t\t\t<\/div>\n\t\t\t\t\t\t\t\t<div class=\"f-carousel__slide\">\n\t\t\t\t\t<img class=\"wpb--image-fit\" loading=\"lazy\" data-lazy-src=\"https:\/\/www.luxurylivingmarbella.com\/wp-content\/uploads\/inmoba\/thumb-sale-1.5-exact-672939-32.webp\" alt=\"Apartamento en planta baja reci\u00e9n reformado en Sierra Blanca.\" \/>\n\t\t\t\t<\/div>\n\t\t\t\t\t\t\t\t<div class=\"f-carousel__slide\">\n\t\t\t\t\t<img class=\"wpb--image-fit\" loading=\"lazy\" data-lazy-src=\"https:\/\/www.luxurylivingmarbella.com\/wp-content\/uploads\/inmoba\/thumb-sale-1.5-exact-672939-33.webp\" alt=\"Apartamento en planta baja reci\u00e9n reformado en Sierra Blanca.\" \/>\n\t\t\t\t<\/div>\n\t\t\t\t\t\t\t\t<div class=\"f-carousel__slide\">\n\t\t\t\t\t<img class=\"wpb--image-fit\" loading=\"lazy\" data-lazy-src=\"https:\/\/www.luxurylivingmarbella.com\/wp-content\/uploads\/inmoba\/thumb-sale-1.5-exact-672939-34.webp\" alt=\"Apartamento en planta baja reci\u00e9n reformado en Sierra Blanca.\" \/>\n\t\t\t\t<\/div>\n\t\t\t\t\t\t\t\t<div class=\"f-carousel__slide\">\n\t\t\t\t\t<img class=\"wpb--image-fit\" loading=\"lazy\" data-lazy-src=\"https:\/\/www.luxurylivingmarbella.com\/wp-content\/uploads\/inmoba\/thumb-sale-1.5-exact-672939-35.webp\" alt=\"Apartamento en planta baja reci\u00e9n reformado en Sierra Blanca.\" \/>\n\t\t\t\t<\/div>\n\t\t\t\t\t\t\t\t<div class=\"f-carousel__slide\">\n\t\t\t\t\t<img class=\"wpb--image-fit\" loading=\"lazy\" data-lazy-src=\"https:\/\/www.luxurylivingmarbella.com\/wp-content\/uploads\/inmoba\/thumb-sale-1.5-exact-672939-36.webp\" alt=\"Apartamento en planta baja reci\u00e9n reformado en Sierra Blanca.\" \/>\n\t\t\t\t<\/div>\n\t\t\t\t\t\t\t\t<div class=\"f-carousel__slide\">\n\t\t\t\t\t<img class=\"wpb--image-fit\" loading=\"lazy\" data-lazy-src=\"https:\/\/www.luxurylivingmarbella.com\/wp-content\/uploads\/inmoba\/thumb-sale-1.5-exact-672939-37.webp\" alt=\"Apartamento en planta baja reci\u00e9n reformado en Sierra Blanca.\" \/>\n\t\t\t\t<\/div>\n\t\t\t\t\t\t\t\t<div class=\"f-carousel__slide\">\n\t\t\t\t\t<img class=\"wpb--image-fit\" loading=\"lazy\" data-lazy-src=\"https:\/\/www.luxurylivingmarbella.com\/wp-content\/uploads\/inmoba\/thumb-sale-1.5-exact-672939-38.webp\" alt=\"Apartamento en planta baja reci\u00e9n reformado en Sierra Blanca.\" \/>\n\t\t\t\t<\/div>\n\t\t\t\t\t\t\t\t<div class=\"f-carousel__slide\">\n\t\t\t\t\t<img class=\"wpb--image-fit\" loading=\"lazy\" data-lazy-src=\"https:\/\/www.luxurylivingmarbella.com\/wp-content\/uploads\/inmoba\/thumb-sale-1.5-exact-672939-39.webp\" alt=\"Apartamento en planta baja reci\u00e9n reformado en Sierra Blanca.\" \/>\n\t\t\t\t<\/div>\n\t\t\t\t\t\t\t\t<div class=\"f-carousel__slide\">\n\t\t\t\t\t<img class=\"wpb--image-fit\" loading=\"lazy\" data-lazy-src=\"https:\/\/www.luxurylivingmarbella.com\/wp-content\/uploads\/inmoba\/thumb-sale-1.5-exact-672939-40.webp\" alt=\"Apartamento en planta baja reci\u00e9n reformado en Sierra Blanca.\" \/>\n\t\t\t\t<\/div>\n\t\t\t\t\t\t\t\t<div class=\"f-carousel__slide\">\n\t\t\t\t\t<img class=\"wpb--image-fit\" loading=\"lazy\" data-lazy-src=\"https:\/\/www.luxurylivingmarbella.com\/wp-content\/uploads\/inmoba\/thumb-sale-1.5-exact-672939-41.webp\" alt=\"Apartamento en planta baja reci\u00e9n reformado en Sierra Blanca.\" \/>\n\t\t\t\t<\/div>\n\t\t\t\t\t\t\t\t<div class=\"f-carousel__slide\">\n\t\t\t\t\t<img class=\"wpb--image-fit\" loading=\"lazy\" data-lazy-src=\"https:\/\/www.luxurylivingmarbella.com\/wp-content\/uploads\/inmoba\/thumb-sale-1.5-exact-672939-42.webp\" alt=\"Apartamento en planta baja reci\u00e9n reformado en Sierra Blanca.\" \/>\n\t\t\t\t<\/div>\n\t\t\t\t\t\t\t\t<div class=\"f-carousel__slide\">\n\t\t\t\t\t<img class=\"wpb--image-fit\" loading=\"lazy\" data-lazy-src=\"https:\/\/www.luxurylivingmarbella.com\/wp-content\/uploads\/inmoba\/thumb-sale-1.5-exact-672939-43.webp\" alt=\"Apartamento en planta baja reci\u00e9n reformado en Sierra Blanca.\" \/>\n\t\t\t\t<\/div>\n\t\t\t\t\t\t\t\t<div class=\"f-carousel__slide\">\n\t\t\t\t\t<img class=\"wpb--image-fit\" loading=\"lazy\" data-lazy-src=\"https:\/\/www.luxurylivingmarbella.com\/wp-content\/uploads\/inmoba\/thumb-sale-1.5-exact-672939-44.webp\" alt=\"Apartamento en planta baja reci\u00e9n reformado en Sierra Blanca.\" \/>\n\t\t\t\t<\/div>\n\t\t\t\t\t\t\t\t<div class=\"f-carousel__slide\">\n\t\t\t\t\t<img class=\"wpb--image-fit\" loading=\"lazy\" data-lazy-src=\"https:\/\/www.luxurylivingmarbella.com\/wp-content\/uploads\/inmoba\/thumb-sale-1.5-exact-672939-45.webp\" alt=\"Apartamento en planta baja reci\u00e9n reformado en Sierra Blanca.\" \/>\n\t\t\t\t<\/div>\n\t\t\t\t\t\t\t\t<div class=\"f-carousel__slide\">\n\t\t\t\t\t<img class=\"wpb--image-fit\" loading=\"lazy\" data-lazy-src=\"https:\/\/www.luxurylivingmarbella.com\/wp-content\/uploads\/inmoba\/thumb-sale-1.5-exact-672939-46.webp\" alt=\"Apartamento en planta baja reci\u00e9n reformado en Sierra Blanca.\" \/>\n\t\t\t\t<\/div>\n\t\t\t\t\t\t\t\t<div class=\"f-carousel__slide\">\n\t\t\t\t\t<img class=\"wpb--image-fit\" loading=\"lazy\" data-lazy-src=\"https:\/\/www.luxurylivingmarbella.com\/wp-content\/uploads\/inmoba\/thumb-sale-1.5-exact-672939-47.webp\" alt=\"Apartamento en planta baja reci\u00e9n reformado en Sierra Blanca.\" \/>\n\t\t\t\t<\/div>\n\t\t\t\t\t\t\t\t<div class=\"f-carousel__slide\">\n\t\t\t\t\t<img class=\"wpb--image-fit\" loading=\"lazy\" data-lazy-src=\"https:\/\/www.luxurylivingmarbella.com\/wp-content\/uploads\/inmoba\/thumb-sale-1.5-exact-672939-48.webp\" alt=\"Apartamento en planta baja reci\u00e9n reformado en Sierra Blanca.\" \/>\n\t\t\t\t<\/div>\n\t\t\t\t\t\t\t\t<div class=\"f-carousel__slide\">\n\t\t\t\t\t<img class=\"wpb--image-fit\" loading=\"lazy\" data-lazy-src=\"https:\/\/www.luxurylivingmarbella.com\/wp-content\/uploads\/inmoba\/thumb-sale-1.5-exact-672939-49.webp\" alt=\"Apartamento en planta baja reci\u00e9n reformado en Sierra Blanca.\" \/>\n\t\t\t\t<\/div>\n\t\t\t\t\t\t\t\t<div class=\"f-carousel__slide\">\n\t\t\t\t\t<img class=\"wpb--image-fit\" loading=\"lazy\" data-lazy-src=\"https:\/\/www.luxurylivingmarbella.com\/wp-content\/uploads\/inmoba\/thumb-sale-1.5-exact-672939-50.webp\" alt=\"Apartamento en planta baja reci\u00e9n reformado en Sierra Blanca.\" \/>\n\t\t\t\t<\/div>\n\t\t\t\t\t\t\t\t<div class=\"f-carousel__slide\">\n\t\t\t\t\t<img class=\"wpb--image-fit\" loading=\"lazy\" data-lazy-src=\"https:\/\/www.luxurylivingmarbella.com\/wp-content\/uploads\/inmoba\/thumb-sale-1.5-exact-672939-51.webp\" alt=\"Apartamento en planta baja reci\u00e9n reformado en Sierra Blanca.\" \/>\n\t\t\t\t<\/div>\n\t\t\t\t\t\t\t<\/div>\n\t\t\t\t\t<\/div>\n\t\t<div class=\"wpb--action-container\">\n\t\t\t <button>Ver detalles<\/button>\n\t\t<\/div>\n\t<\/div>\n\t<div class=\"wpb--card-body\">\n\t\t<span class=\"wpb--card-body-location\"><span>687-00306P<\/span> | Altos Reales - Marbella Golden Mile<\/span>\n\t\t<h2 class=\"wpb--card-title\">\n\t\t\t<a class=\"wpb--stretched-link\" href=\"\/es\/propiedad\/venta-altos-reales-apartamento-672939\">\n\t\t\t\tApartamento en planta baja reci\u00e9n reformado en Sierra Blanca.\t\t\t<\/a>\n\t\t<\/h2>\n\t\t<div class=\"wpb--card-data\">\n\t\t\t<div class=\"wpb--card-locationref\">\n\t\t\t\t<ul class=\"wpb--card-features\">\n\t\t\t\t\t\t\t\t\t\t<li>3  Dormitorios<\/li>\n\t\t\t\t\t\t\t\t\t\t<li>3  Ba\u00f1os<\/li>\n\t\t\t\t\t\t\t\t\t\t<li>145 m&sup2; Const.<\/li>\n\t\t\t\t\t\t\t\t\t<\/ul>\n\t\t\t<\/div>\n\t\t\t<div class=\"wpb--card-price\">\n\t\t\t\t1.995.000 &euro;\t\t\t<\/div>\n\t\t<\/div>\n\t<\/div>\n<\/div><div class=\"wpb--card wpb--card-reduced\">\n\t<div class=\"wpb--aspect-box wpb--portrait\">\n\t\t<div class=\"wpb--overflow-hidden\">\n\t\t\t\t\t\t\t\t\t<div class=\"f-carousel\">\n\t\t\t\t\t\t\t\t<div class=\"f-carousel__slide\">\n\t\t\t\t\t<img decoding=\"async\" class=\"wpb--image-fit\" loading=\"lazy\" src=\"https:\/\/www.luxurylivingmarbella.com\/wp-content\/uploads\/inmoba\/thumb-sale-1.5-exact-672924-0.webp\" alt=\"\u00c1tico totalmente reformado en la Milla de Oro\" \/>\n\t\t\t\t<\/div>\n\t\t\t\t\t\t\t\t<div class=\"f-carousel__slide\">\n\t\t\t\t\t<img class=\"wpb--image-fit\" loading=\"lazy\" data-lazy-src=\"https:\/\/www.luxurylivingmarbella.com\/wp-content\/uploads\/inmoba\/thumb-sale-1.5-exact-672924-1.webp\" alt=\"\u00c1tico totalmente reformado en la Milla de Oro\" \/>\n\t\t\t\t<\/div>\n\t\t\t\t\t\t\t\t<div class=\"f-carousel__slide\">\n\t\t\t\t\t<img class=\"wpb--image-fit\" loading=\"lazy\" data-lazy-src=\"https:\/\/www.luxurylivingmarbella.com\/wp-content\/uploads\/inmoba\/thumb-sale-1.5-exact-672924-2.webp\" alt=\"\u00c1tico totalmente reformado en la Milla de Oro\" \/>\n\t\t\t\t<\/div>\n\t\t\t\t\t\t\t\t<div class=\"f-carousel__slide\">\n\t\t\t\t\t<img class=\"wpb--image-fit\" loading=\"lazy\" data-lazy-src=\"https:\/\/www.luxurylivingmarbella.com\/wp-content\/uploads\/inmoba\/thumb-sale-1.5-exact-672924-3.webp\" alt=\"\u00c1tico totalmente reformado en la Milla de Oro\" \/>\n\t\t\t\t<\/div>\n\t\t\t\t\t\t\t\t<div class=\"f-carousel__slide\">\n\t\t\t\t\t<img class=\"wpb--image-fit\" loading=\"lazy\" data-lazy-src=\"https:\/\/www.luxurylivingmarbella.com\/wp-content\/uploads\/inmoba\/thumb-sale-1.5-exact-672924-4.webp\" alt=\"\u00c1tico totalmente reformado en la Milla de Oro\" \/>\n\t\t\t\t<\/div>\n\t\t\t\t\t\t\t\t<div class=\"f-carousel__slide\">\n\t\t\t\t\t<img class=\"wpb--image-fit\" loading=\"lazy\" data-lazy-src=\"https:\/\/www.luxurylivingmarbella.com\/wp-content\/uploads\/inmoba\/thumb-sale-1.5-exact-672924-5.webp\" alt=\"\u00c1tico totalmente reformado en la Milla de Oro\" \/>\n\t\t\t\t<\/div>\n\t\t\t\t\t\t\t\t<div class=\"f-carousel__slide\">\n\t\t\t\t\t<img class=\"wpb--image-fit\" loading=\"lazy\" data-lazy-src=\"https:\/\/www.luxurylivingmarbella.com\/wp-content\/uploads\/inmoba\/thumb-sale-1.5-exact-672924-6.webp\" alt=\"\u00c1tico totalmente reformado en la Milla de Oro\" \/>\n\t\t\t\t<\/div>\n\t\t\t\t\t\t\t\t<div class=\"f-carousel__slide\">\n\t\t\t\t\t<img class=\"wpb--image-fit\" loading=\"lazy\" data-lazy-src=\"https:\/\/www.luxurylivingmarbella.com\/wp-content\/uploads\/inmoba\/thumb-sale-1.5-exact-672924-7.webp\" alt=\"\u00c1tico totalmente reformado en la Milla de Oro\" \/>\n\t\t\t\t<\/div>\n\t\t\t\t\t\t\t\t<div class=\"f-carousel__slide\">\n\t\t\t\t\t<img class=\"wpb--image-fit\" loading=\"lazy\" data-lazy-src=\"https:\/\/www.luxurylivingmarbella.com\/wp-content\/uploads\/inmoba\/thumb-sale-1.5-exact-672924-8.webp\" alt=\"\u00c1tico totalmente reformado en la Milla de Oro\" \/>\n\t\t\t\t<\/div>\n\t\t\t\t\t\t\t\t<div class=\"f-carousel__slide\">\n\t\t\t\t\t<img class=\"wpb--image-fit\" loading=\"lazy\" data-lazy-src=\"https:\/\/www.luxurylivingmarbella.com\/wp-content\/uploads\/inmoba\/thumb-sale-1.5-exact-672924-9.webp\" alt=\"\u00c1tico totalmente reformado en la Milla de Oro\" \/>\n\t\t\t\t<\/div>\n\t\t\t\t\t\t\t\t<div class=\"f-carousel__slide\">\n\t\t\t\t\t<img class=\"wpb--image-fit\" loading=\"lazy\" data-lazy-src=\"https:\/\/www.luxurylivingmarbella.com\/wp-content\/uploads\/inmoba\/thumb-sale-1.5-exact-672924-10.webp\" alt=\"\u00c1tico totalmente reformado en la Milla de Oro\" \/>\n\t\t\t\t<\/div>\n\t\t\t\t\t\t\t\t<div class=\"f-carousel__slide\">\n\t\t\t\t\t<img class=\"wpb--image-fit\" loading=\"lazy\" data-lazy-src=\"https:\/\/www.luxurylivingmarbella.com\/wp-content\/uploads\/inmoba\/thumb-sale-1.5-exact-672924-11.webp\" alt=\"\u00c1tico totalmente reformado en la Milla de Oro\" \/>\n\t\t\t\t<\/div>\n\t\t\t\t\t\t\t\t<div class=\"f-carousel__slide\">\n\t\t\t\t\t<img class=\"wpb--image-fit\" loading=\"lazy\" data-lazy-src=\"https:\/\/www.luxurylivingmarbella.com\/wp-content\/uploads\/inmoba\/thumb-sale-1.5-exact-672924-12.webp\" alt=\"\u00c1tico totalmente reformado en la Milla de Oro\" \/>\n\t\t\t\t<\/div>\n\t\t\t\t\t\t\t\t<div class=\"f-carousel__slide\">\n\t\t\t\t\t<img class=\"wpb--image-fit\" loading=\"lazy\" data-lazy-src=\"https:\/\/www.luxurylivingmarbella.com\/wp-content\/uploads\/inmoba\/thumb-sale-1.5-exact-672924-13.webp\" alt=\"\u00c1tico totalmente reformado en la Milla de Oro\" \/>\n\t\t\t\t<\/div>\n\t\t\t\t\t\t\t\t<div class=\"f-carousel__slide\">\n\t\t\t\t\t<img class=\"wpb--image-fit\" loading=\"lazy\" data-lazy-src=\"https:\/\/www.luxurylivingmarbella.com\/wp-content\/uploads\/inmoba\/thumb-sale-1.5-exact-672924-14.webp\" alt=\"\u00c1tico totalmente reformado en la Milla de Oro\" \/>\n\t\t\t\t<\/div>\n\t\t\t\t\t\t\t\t<div class=\"f-carousel__slide\">\n\t\t\t\t\t<img class=\"wpb--image-fit\" loading=\"lazy\" data-lazy-src=\"https:\/\/www.luxurylivingmarbella.com\/wp-content\/uploads\/inmoba\/thumb-sale-1.5-exact-672924-15.webp\" alt=\"\u00c1tico totalmente reformado en la Milla de Oro\" \/>\n\t\t\t\t<\/div>\n\t\t\t\t\t\t\t\t<div class=\"f-carousel__slide\">\n\t\t\t\t\t<img class=\"wpb--image-fit\" loading=\"lazy\" data-lazy-src=\"https:\/\/www.luxurylivingmarbella.com\/wp-content\/uploads\/inmoba\/thumb-sale-1.5-exact-672924-16.webp\" alt=\"\u00c1tico totalmente reformado en la Milla de Oro\" \/>\n\t\t\t\t<\/div>\n\t\t\t\t\t\t\t\t<div class=\"f-carousel__slide\">\n\t\t\t\t\t<img class=\"wpb--image-fit\" loading=\"lazy\" data-lazy-src=\"https:\/\/www.luxurylivingmarbella.com\/wp-content\/uploads\/inmoba\/thumb-sale-1.5-exact-672924-17.webp\" alt=\"\u00c1tico totalmente reformado en la Milla de Oro\" \/>\n\t\t\t\t<\/div>\n\t\t\t\t\t\t\t\t<div class=\"f-carousel__slide\">\n\t\t\t\t\t<img class=\"wpb--image-fit\" loading=\"lazy\" data-lazy-src=\"https:\/\/www.luxurylivingmarbella.com\/wp-content\/uploads\/inmoba\/thumb-sale-1.5-exact-672924-18.webp\" alt=\"\u00c1tico totalmente reformado en la Milla de Oro\" \/>\n\t\t\t\t<\/div>\n\t\t\t\t\t\t\t\t<div class=\"f-carousel__slide\">\n\t\t\t\t\t<img class=\"wpb--image-fit\" loading=\"lazy\" data-lazy-src=\"https:\/\/www.luxurylivingmarbella.com\/wp-content\/uploads\/inmoba\/thumb-sale-1.5-exact-672924-19.webp\" alt=\"\u00c1tico totalmente reformado en la Milla de Oro\" \/>\n\t\t\t\t<\/div>\n\t\t\t\t\t\t\t\t<div class=\"f-carousel__slide\">\n\t\t\t\t\t<img class=\"wpb--image-fit\" loading=\"lazy\" data-lazy-src=\"https:\/\/www.luxurylivingmarbella.com\/wp-content\/uploads\/inmoba\/thumb-sale-1.5-exact-672924-20.webp\" alt=\"\u00c1tico totalmente reformado en la Milla de Oro\" \/>\n\t\t\t\t<\/div>\n\t\t\t\t\t\t\t\t<div class=\"f-carousel__slide\">\n\t\t\t\t\t<img class=\"wpb--image-fit\" loading=\"lazy\" data-lazy-src=\"https:\/\/www.luxurylivingmarbella.com\/wp-content\/uploads\/inmoba\/thumb-sale-1.5-exact-672924-21.webp\" alt=\"\u00c1tico totalmente reformado en la Milla de Oro\" \/>\n\t\t\t\t<\/div>\n\t\t\t\t\t\t\t\t<div class=\"f-carousel__slide\">\n\t\t\t\t\t<img class=\"wpb--image-fit\" loading=\"lazy\" data-lazy-src=\"https:\/\/www.luxurylivingmarbella.com\/wp-content\/uploads\/inmoba\/thumb-sale-1.5-exact-672924-22.webp\" alt=\"\u00c1tico totalmente reformado en la Milla de Oro\" \/>\n\t\t\t\t<\/div>\n\t\t\t\t\t\t\t\t<div class=\"f-carousel__slide\">\n\t\t\t\t\t<img class=\"wpb--image-fit\" loading=\"lazy\" data-lazy-src=\"https:\/\/www.luxurylivingmarbella.com\/wp-content\/uploads\/inmoba\/thumb-sale-1.5-exact-672924-23.webp\" alt=\"\u00c1tico totalmente reformado en la Milla de Oro\" \/>\n\t\t\t\t<\/div>\n\t\t\t\t\t\t\t<\/div>\n\t\t\t\t\t<\/div>\n\t\t<div class=\"wpb--action-container\">\n\t\t\t <button>Ver detalles<\/button>\n\t\t<\/div>\n\t<\/div>\n\t<div class=\"wpb--card-body\">\n\t\t<span class=\"wpb--card-body-location\"><span>687-00303P<\/span> | Marbella Golden Mile<\/span>\n\t\t<h2 class=\"wpb--card-title\">\n\t\t\t<a class=\"wpb--stretched-link\" href=\"\/es\/propiedad\/venta-marbella-golden-mile-atico-duplex-672924\">\n\t\t\t\t\u00c1tico totalmente reformado en la Milla de Oro\t\t\t<\/a>\n\t\t<\/h2>\n\t\t<div class=\"wpb--card-data\">\n\t\t\t<div class=\"wpb--card-locationref\">\n\t\t\t\t<ul class=\"wpb--card-features\">\n\t\t\t\t\t\t\t\t\t\t<li>3  Dormitorios<\/li>\n\t\t\t\t\t\t\t\t\t\t<li>3  Ba\u00f1os<\/li>\n\t\t\t\t\t\t\t\t\t\t<li>223 m&sup2; Const.<\/li>\n\t\t\t\t\t\t\t\t\t<\/ul>\n\t\t\t<\/div>\n\t\t\t<div class=\"wpb--card-price\">\n\t\t\t\t2.995.000 &euro;\t\t\t<\/div>\n\t\t<\/div>\n\t<\/div>\n<\/div><div class=\"wpb--card wpb--card-reduced\">\n\t<div class=\"wpb--aspect-box wpb--portrait\">\n\t\t<div class=\"wpb--overflow-hidden\">\n\t\t\t\t\t\t\t\t\t<div class=\"f-carousel\">\n\t\t\t\t\t\t\t\t<div class=\"f-carousel__slide\">\n\t\t\t\t\t<img decoding=\"async\" class=\"wpb--image-fit\" loading=\"lazy\" src=\"https:\/\/www.luxurylivingmarbella.com\/wp-content\/uploads\/inmoba\/thumb-sale-1.5-exact-672014-0.webp\" alt=\"D\u00faplex \u00e1tico en la zona de Marbella Golden Mile\" \/>\n\t\t\t\t<\/div>\n\t\t\t\t\t\t\t\t<div class=\"f-carousel__slide\">\n\t\t\t\t\t<img class=\"wpb--image-fit\" loading=\"lazy\" data-lazy-src=\"https:\/\/www.luxurylivingmarbella.com\/wp-content\/uploads\/inmoba\/thumb-sale-1.5-exact-672014-1.webp\" alt=\"D\u00faplex \u00e1tico en la zona de Marbella Golden Mile\" \/>\n\t\t\t\t<\/div>\n\t\t\t\t\t\t\t\t<div class=\"f-carousel__slide\">\n\t\t\t\t\t<img class=\"wpb--image-fit\" loading=\"lazy\" data-lazy-src=\"https:\/\/www.luxurylivingmarbella.com\/wp-content\/uploads\/inmoba\/thumb-sale-1.5-exact-672014-2.webp\" alt=\"D\u00faplex \u00e1tico en la zona de Marbella Golden Mile\" \/>\n\t\t\t\t<\/div>\n\t\t\t\t\t\t\t\t<div class=\"f-carousel__slide\">\n\t\t\t\t\t<img class=\"wpb--image-fit\" loading=\"lazy\" data-lazy-src=\"https:\/\/www.luxurylivingmarbella.com\/wp-content\/uploads\/inmoba\/thumb-sale-1.5-exact-672014-3.webp\" alt=\"D\u00faplex \u00e1tico en la zona de Marbella Golden Mile\" \/>\n\t\t\t\t<\/div>\n\t\t\t\t\t\t\t\t<div class=\"f-carousel__slide\">\n\t\t\t\t\t<img class=\"wpb--image-fit\" loading=\"lazy\" data-lazy-src=\"https:\/\/www.luxurylivingmarbella.com\/wp-content\/uploads\/inmoba\/thumb-sale-1.5-exact-672014-4.webp\" alt=\"D\u00faplex \u00e1tico en la zona de Marbella Golden Mile\" \/>\n\t\t\t\t<\/div>\n\t\t\t\t\t\t\t\t<div class=\"f-carousel__slide\">\n\t\t\t\t\t<img class=\"wpb--image-fit\" loading=\"lazy\" data-lazy-src=\"https:\/\/www.luxurylivingmarbella.com\/wp-content\/uploads\/inmoba\/thumb-sale-1.5-exact-672014-5.webp\" alt=\"D\u00faplex \u00e1tico en la zona de Marbella Golden Mile\" \/>\n\t\t\t\t<\/div>\n\t\t\t\t\t\t\t\t<div class=\"f-carousel__slide\">\n\t\t\t\t\t<img class=\"wpb--image-fit\" loading=\"lazy\" data-lazy-src=\"https:\/\/www.luxurylivingmarbella.com\/wp-content\/uploads\/inmoba\/thumb-sale-1.5-exact-672014-6.webp\" alt=\"D\u00faplex \u00e1tico en la zona de Marbella Golden Mile\" \/>\n\t\t\t\t<\/div>\n\t\t\t\t\t\t\t\t<div class=\"f-carousel__slide\">\n\t\t\t\t\t<img class=\"wpb--image-fit\" loading=\"lazy\" data-lazy-src=\"https:\/\/www.luxurylivingmarbella.com\/wp-content\/uploads\/inmoba\/thumb-sale-1.5-exact-672014-7.webp\" alt=\"D\u00faplex \u00e1tico en la zona de Marbella Golden Mile\" \/>\n\t\t\t\t<\/div>\n\t\t\t\t\t\t\t\t<div class=\"f-carousel__slide\">\n\t\t\t\t\t<img class=\"wpb--image-fit\" loading=\"lazy\" data-lazy-src=\"https:\/\/www.luxurylivingmarbella.com\/wp-content\/uploads\/inmoba\/thumb-sale-1.5-exact-672014-8.webp\" alt=\"D\u00faplex \u00e1tico en la zona de Marbella Golden Mile\" \/>\n\t\t\t\t<\/div>\n\t\t\t\t\t\t\t\t<div class=\"f-carousel__slide\">\n\t\t\t\t\t<img class=\"wpb--image-fit\" loading=\"lazy\" data-lazy-src=\"https:\/\/www.luxurylivingmarbella.com\/wp-content\/uploads\/inmoba\/thumb-sale-1.5-exact-672014-9.webp\" alt=\"D\u00faplex \u00e1tico en la zona de Marbella Golden Mile\" \/>\n\t\t\t\t<\/div>\n\t\t\t\t\t\t\t\t<div class=\"f-carousel__slide\">\n\t\t\t\t\t<img class=\"wpb--image-fit\" loading=\"lazy\" data-lazy-src=\"https:\/\/www.luxurylivingmarbella.com\/wp-content\/uploads\/inmoba\/thumb-sale-1.5-exact-672014-10.webp\" alt=\"D\u00faplex \u00e1tico en la zona de Marbella Golden Mile\" \/>\n\t\t\t\t<\/div>\n\t\t\t\t\t\t\t\t<div class=\"f-carousel__slide\">\n\t\t\t\t\t<img class=\"wpb--image-fit\" loading=\"lazy\" data-lazy-src=\"https:\/\/www.luxurylivingmarbella.com\/wp-content\/uploads\/inmoba\/thumb-sale-1.5-exact-672014-11.webp\" alt=\"D\u00faplex \u00e1tico en la zona de Marbella Golden Mile\" \/>\n\t\t\t\t<\/div>\n\t\t\t\t\t\t\t\t<div class=\"f-carousel__slide\">\n\t\t\t\t\t<img class=\"wpb--image-fit\" loading=\"lazy\" data-lazy-src=\"https:\/\/www.luxurylivingmarbella.com\/wp-content\/uploads\/inmoba\/thumb-sale-1.5-exact-672014-12.webp\" alt=\"D\u00faplex \u00e1tico en la zona de Marbella Golden Mile\" \/>\n\t\t\t\t<\/div>\n\t\t\t\t\t\t\t\t<div class=\"f-carousel__slide\">\n\t\t\t\t\t<img class=\"wpb--image-fit\" loading=\"lazy\" data-lazy-src=\"https:\/\/www.luxurylivingmarbella.com\/wp-content\/uploads\/inmoba\/thumb-sale-1.5-exact-672014-13.webp\" alt=\"D\u00faplex \u00e1tico en la zona de Marbella Golden Mile\" \/>\n\t\t\t\t<\/div>\n\t\t\t\t\t\t\t\t<div class=\"f-carousel__slide\">\n\t\t\t\t\t<img class=\"wpb--image-fit\" loading=\"lazy\" data-lazy-src=\"https:\/\/www.luxurylivingmarbella.com\/wp-content\/uploads\/inmoba\/thumb-sale-1.5-exact-672014-14.webp\" alt=\"D\u00faplex \u00e1tico en la zona de Marbella Golden Mile\" \/>\n\t\t\t\t<\/div>\n\t\t\t\t\t\t\t\t<div class=\"f-carousel__slide\">\n\t\t\t\t\t<img class=\"wpb--image-fit\" loading=\"lazy\" data-lazy-src=\"https:\/\/www.luxurylivingmarbella.com\/wp-content\/uploads\/inmoba\/thumb-sale-1.5-exact-672014-15.webp\" alt=\"D\u00faplex \u00e1tico en la zona de Marbella Golden Mile\" \/>\n\t\t\t\t<\/div>\n\t\t\t\t\t\t\t\t<div class=\"f-carousel__slide\">\n\t\t\t\t\t<img class=\"wpb--image-fit\" loading=\"lazy\" data-lazy-src=\"https:\/\/www.luxurylivingmarbella.com\/wp-content\/uploads\/inmoba\/thumb-sale-1.5-exact-672014-16.webp\" alt=\"D\u00faplex \u00e1tico en la zona de Marbella Golden Mile\" \/>\n\t\t\t\t<\/div>\n\t\t\t\t\t\t\t\t<div class=\"f-carousel__slide\">\n\t\t\t\t\t<img class=\"wpb--image-fit\" loading=\"lazy\" data-lazy-src=\"https:\/\/www.luxurylivingmarbella.com\/wp-content\/uploads\/inmoba\/thumb-sale-1.5-exact-672014-17.webp\" alt=\"D\u00faplex \u00e1tico en la zona de Marbella Golden Mile\" \/>\n\t\t\t\t<\/div>\n\t\t\t\t\t\t\t\t<div class=\"f-carousel__slide\">\n\t\t\t\t\t<img class=\"wpb--image-fit\" loading=\"lazy\" data-lazy-src=\"https:\/\/www.luxurylivingmarbella.com\/wp-content\/uploads\/inmoba\/thumb-sale-1.5-exact-672014-18.webp\" alt=\"D\u00faplex \u00e1tico en la zona de Marbella Golden Mile\" \/>\n\t\t\t\t<\/div>\n\t\t\t\t\t\t\t\t<div class=\"f-carousel__slide\">\n\t\t\t\t\t<img class=\"wpb--image-fit\" loading=\"lazy\" data-lazy-src=\"https:\/\/www.luxurylivingmarbella.com\/wp-content\/uploads\/inmoba\/thumb-sale-1.5-exact-672014-19.webp\" alt=\"D\u00faplex \u00e1tico en la zona de Marbella Golden Mile\" \/>\n\t\t\t\t<\/div>\n\t\t\t\t\t\t\t\t<div class=\"f-carousel__slide\">\n\t\t\t\t\t<img class=\"wpb--image-fit\" loading=\"lazy\" data-lazy-src=\"https:\/\/www.luxurylivingmarbella.com\/wp-content\/uploads\/inmoba\/thumb-sale-1.5-exact-672014-20.webp\" alt=\"D\u00faplex \u00e1tico en la zona de Marbella Golden Mile\" \/>\n\t\t\t\t<\/div>\n\t\t\t\t\t\t\t\t<div class=\"f-carousel__slide\">\n\t\t\t\t\t<img class=\"wpb--image-fit\" loading=\"lazy\" data-lazy-src=\"https:\/\/www.luxurylivingmarbella.com\/wp-content\/uploads\/inmoba\/thumb-sale-1.5-exact-672014-21.webp\" alt=\"D\u00faplex \u00e1tico en la zona de Marbella Golden Mile\" \/>\n\t\t\t\t<\/div>\n\t\t\t\t\t\t\t\t<div class=\"f-carousel__slide\">\n\t\t\t\t\t<img class=\"wpb--image-fit\" loading=\"lazy\" data-lazy-src=\"https:\/\/www.luxurylivingmarbella.com\/wp-content\/uploads\/inmoba\/thumb-sale-1.5-exact-672014-22.webp\" alt=\"D\u00faplex \u00e1tico en la zona de Marbella Golden Mile\" \/>\n\t\t\t\t<\/div>\n\t\t\t\t\t\t\t\t<div class=\"f-carousel__slide\">\n\t\t\t\t\t<img class=\"wpb--image-fit\" loading=\"lazy\" data-lazy-src=\"https:\/\/www.luxurylivingmarbella.com\/wp-content\/uploads\/inmoba\/thumb-sale-1.5-exact-672014-23.webp\" alt=\"D\u00faplex \u00e1tico en la zona de Marbella Golden Mile\" \/>\n\t\t\t\t<\/div>\n\t\t\t\t\t\t\t\t<div class=\"f-carousel__slide\">\n\t\t\t\t\t<img class=\"wpb--image-fit\" loading=\"lazy\" data-lazy-src=\"https:\/\/www.luxurylivingmarbella.com\/wp-content\/uploads\/inmoba\/thumb-sale-1.5-exact-672014-24.webp\" alt=\"D\u00faplex \u00e1tico en la zona de Marbella Golden Mile\" \/>\n\t\t\t\t<\/div>\n\t\t\t\t\t\t\t<\/div>\n\t\t\t\t\t<\/div>\n\t\t<div class=\"wpb--action-container\">\n\t\t\t <button>Ver detalles<\/button>\n\t\t<\/div>\n\t<\/div>\n\t<div class=\"wpb--card-body\">\n\t\t<span class=\"wpb--card-body-location\"><span>687-00295P<\/span> | Costa Nag\u00fceles II - Marbella Golden Mile<\/span>\n\t\t<h2 class=\"wpb--card-title\">\n\t\t\t<a class=\"wpb--stretched-link\" href=\"\/es\/propiedad\/venta-costa-nagueles-ii-atico-duplex-672014\">\n\t\t\t\tD\u00faplex \u00e1tico en la zona de Marbella Golden Mile\t\t\t<\/a>\n\t\t<\/h2>\n\t\t<div class=\"wpb--card-data\">\n\t\t\t<div class=\"wpb--card-locationref\">\n\t\t\t\t<ul class=\"wpb--card-features\">\n\t\t\t\t\t\t\t\t\t\t<li>5  Dormitorios<\/li>\n\t\t\t\t\t\t\t\t\t\t<li>4  Ba\u00f1os<\/li>\n\t\t\t\t\t\t\t\t\t\t<li>231 m&sup2; Const.<\/li>\n\t\t\t\t\t\t\t\t\t<\/ul>\n\t\t\t<\/div>\n\t\t\t<div class=\"wpb--card-price\">\n\t\t\t\t2.695.000 &euro;\t\t\t<\/div>\n\t\t<\/div>\n\t<\/div>\n<\/div><div class=\"wpb--card wpb--card-reduced\">\n\t<div class=\"wpb--aspect-box wpb--portrait\">\n\t\t<div class=\"wpb--overflow-hidden\">\n\t\t\t\t\t\t\t\t\t<div class=\"f-carousel\">\n\t\t\t\t\t\t\t\t<div class=\"f-carousel__slide\">\n\t\t\t\t\t<img decoding=\"async\" class=\"wpb--image-fit\" loading=\"lazy\" src=\"https:\/\/www.luxurylivingmarbella.com\/wp-content\/uploads\/inmoba\/thumb-sale-1.5-exact-572714-0.webp\" alt=\"Impresionante apartamento moderno en planta baja en Puente Romano Resort, Milla de Oro.\" \/>\n\t\t\t\t<\/div>\n\t\t\t\t\t\t\t\t<div class=\"f-carousel__slide\">\n\t\t\t\t\t<img class=\"wpb--image-fit\" loading=\"lazy\" data-lazy-src=\"https:\/\/www.luxurylivingmarbella.com\/wp-content\/uploads\/inmoba\/thumb-sale-1.5-exact-572714-1.webp\" alt=\"Impresionante apartamento moderno en planta baja en Puente Romano Resort, Milla de Oro.\" \/>\n\t\t\t\t<\/div>\n\t\t\t\t\t\t\t\t<div class=\"f-carousel__slide\">\n\t\t\t\t\t<img class=\"wpb--image-fit\" loading=\"lazy\" data-lazy-src=\"https:\/\/www.luxurylivingmarbella.com\/wp-content\/uploads\/inmoba\/thumb-sale-1.5-exact-572714-2.webp\" alt=\"Impresionante apartamento moderno en planta baja en Puente Romano Resort, Milla de Oro.\" \/>\n\t\t\t\t<\/div>\n\t\t\t\t\t\t\t\t<div class=\"f-carousel__slide\">\n\t\t\t\t\t<img class=\"wpb--image-fit\" loading=\"lazy\" data-lazy-src=\"https:\/\/www.luxurylivingmarbella.com\/wp-content\/uploads\/inmoba\/thumb-sale-1.5-exact-572714-3.webp\" alt=\"Impresionante apartamento moderno en planta baja en Puente Romano Resort, Milla de Oro.\" \/>\n\t\t\t\t<\/div>\n\t\t\t\t\t\t\t\t<div class=\"f-carousel__slide\">\n\t\t\t\t\t<img class=\"wpb--image-fit\" loading=\"lazy\" data-lazy-src=\"https:\/\/www.luxurylivingmarbella.com\/wp-content\/uploads\/inmoba\/thumb-sale-1.5-exact-572714-4.webp\" alt=\"Impresionante apartamento moderno en planta baja en Puente Romano Resort, Milla de Oro.\" \/>\n\t\t\t\t<\/div>\n\t\t\t\t\t\t\t\t<div class=\"f-carousel__slide\">\n\t\t\t\t\t<img class=\"wpb--image-fit\" loading=\"lazy\" data-lazy-src=\"https:\/\/www.luxurylivingmarbella.com\/wp-content\/uploads\/inmoba\/thumb-sale-1.5-exact-572714-5.webp\" alt=\"Impresionante apartamento moderno en planta baja en Puente Romano Resort, Milla de Oro.\" \/>\n\t\t\t\t<\/div>\n\t\t\t\t\t\t\t\t<div class=\"f-carousel__slide\">\n\t\t\t\t\t<img class=\"wpb--image-fit\" loading=\"lazy\" data-lazy-src=\"https:\/\/www.luxurylivingmarbella.com\/wp-content\/uploads\/inmoba\/thumb-sale-1.5-exact-572714-6.webp\" alt=\"Impresionante apartamento moderno en planta baja en Puente Romano Resort, Milla de Oro.\" \/>\n\t\t\t\t<\/div>\n\t\t\t\t\t\t\t\t<div class=\"f-carousel__slide\">\n\t\t\t\t\t<img class=\"wpb--image-fit\" loading=\"lazy\" data-lazy-src=\"https:\/\/www.luxurylivingmarbella.com\/wp-content\/uploads\/inmoba\/thumb-sale-1.5-exact-572714-7.webp\" alt=\"Impresionante apartamento moderno en planta baja en Puente Romano Resort, Milla de Oro.\" \/>\n\t\t\t\t<\/div>\n\t\t\t\t\t\t\t\t<div class=\"f-carousel__slide\">\n\t\t\t\t\t<img class=\"wpb--image-fit\" loading=\"lazy\" data-lazy-src=\"https:\/\/www.luxurylivingmarbella.com\/wp-content\/uploads\/inmoba\/thumb-sale-1.5-exact-572714-8.webp\" alt=\"Impresionante apartamento moderno en planta baja en Puente Romano Resort, Milla de Oro.\" \/>\n\t\t\t\t<\/div>\n\t\t\t\t\t\t\t\t<div class=\"f-carousel__slide\">\n\t\t\t\t\t<img class=\"wpb--image-fit\" loading=\"lazy\" data-lazy-src=\"https:\/\/www.luxurylivingmarbella.com\/wp-content\/uploads\/inmoba\/thumb-sale-1.5-exact-572714-9.webp\" alt=\"Impresionante apartamento moderno en planta baja en Puente Romano Resort, Milla de Oro.\" \/>\n\t\t\t\t<\/div>\n\t\t\t\t\t\t\t\t<div class=\"f-carousel__slide\">\n\t\t\t\t\t<img class=\"wpb--image-fit\" loading=\"lazy\" data-lazy-src=\"https:\/\/www.luxurylivingmarbella.com\/wp-content\/uploads\/inmoba\/thumb-sale-1.5-exact-572714-10.webp\" alt=\"Impresionante apartamento moderno en planta baja en Puente Romano Resort, Milla de Oro.\" \/>\n\t\t\t\t<\/div>\n\t\t\t\t\t\t\t\t<div class=\"f-carousel__slide\">\n\t\t\t\t\t<img class=\"wpb--image-fit\" loading=\"lazy\" data-lazy-src=\"https:\/\/www.luxurylivingmarbella.com\/wp-content\/uploads\/inmoba\/thumb-sale-1.5-exact-572714-11.webp\" alt=\"Impresionante apartamento moderno en planta baja en Puente Romano Resort, Milla de Oro.\" \/>\n\t\t\t\t<\/div>\n\t\t\t\t\t\t\t\t<div class=\"f-carousel__slide\">\n\t\t\t\t\t<img class=\"wpb--image-fit\" loading=\"lazy\" data-lazy-src=\"https:\/\/www.luxurylivingmarbella.com\/wp-content\/uploads\/inmoba\/thumb-sale-1.5-exact-572714-12.webp\" alt=\"Impresionante apartamento moderno en planta baja en Puente Romano Resort, Milla de Oro.\" \/>\n\t\t\t\t<\/div>\n\t\t\t\t\t\t\t\t<div class=\"f-carousel__slide\">\n\t\t\t\t\t<img class=\"wpb--image-fit\" loading=\"lazy\" data-lazy-src=\"https:\/\/www.luxurylivingmarbella.com\/wp-content\/uploads\/inmoba\/thumb-sale-1.5-exact-572714-13.webp\" alt=\"Impresionante apartamento moderno en planta baja en Puente Romano Resort, Milla de Oro.\" \/>\n\t\t\t\t<\/div>\n\t\t\t\t\t\t\t\t<div class=\"f-carousel__slide\">\n\t\t\t\t\t<img class=\"wpb--image-fit\" loading=\"lazy\" data-lazy-src=\"https:\/\/www.luxurylivingmarbella.com\/wp-content\/uploads\/inmoba\/thumb-sale-1.5-exact-572714-14.webp\" alt=\"Impresionante apartamento moderno en planta baja en Puente Romano Resort, Milla de Oro.\" \/>\n\t\t\t\t<\/div>\n\t\t\t\t\t\t\t\t<div class=\"f-carousel__slide\">\n\t\t\t\t\t<img class=\"wpb--image-fit\" loading=\"lazy\" data-lazy-src=\"https:\/\/www.luxurylivingmarbella.com\/wp-content\/uploads\/inmoba\/thumb-sale-1.5-exact-572714-15.webp\" alt=\"Impresionante apartamento moderno en planta baja en Puente Romano Resort, Milla de Oro.\" \/>\n\t\t\t\t<\/div>\n\t\t\t\t\t\t\t\t<div class=\"f-carousel__slide\">\n\t\t\t\t\t<img class=\"wpb--image-fit\" loading=\"lazy\" data-lazy-src=\"https:\/\/www.luxurylivingmarbella.com\/wp-content\/uploads\/inmoba\/thumb-sale-1.5-exact-572714-16.webp\" alt=\"Impresionante apartamento moderno en planta baja en Puente Romano Resort, Milla de Oro.\" \/>\n\t\t\t\t<\/div>\n\t\t\t\t\t\t\t\t<div class=\"f-carousel__slide\">\n\t\t\t\t\t<img class=\"wpb--image-fit\" loading=\"lazy\" data-lazy-src=\"https:\/\/www.luxurylivingmarbella.com\/wp-content\/uploads\/inmoba\/thumb-sale-1.5-exact-572714-17.webp\" alt=\"Impresionante apartamento moderno en planta baja en Puente Romano Resort, Milla de Oro.\" \/>\n\t\t\t\t<\/div>\n\t\t\t\t\t\t\t\t<div class=\"f-carousel__slide\">\n\t\t\t\t\t<img class=\"wpb--image-fit\" loading=\"lazy\" data-lazy-src=\"https:\/\/www.luxurylivingmarbella.com\/wp-content\/uploads\/inmoba\/thumb-sale-1.5-exact-572714-18.webp\" alt=\"Impresionante apartamento moderno en planta baja en Puente Romano Resort, Milla de Oro.\" \/>\n\t\t\t\t<\/div>\n\t\t\t\t\t\t\t\t<div class=\"f-carousel__slide\">\n\t\t\t\t\t<img class=\"wpb--image-fit\" loading=\"lazy\" data-lazy-src=\"https:\/\/www.luxurylivingmarbella.com\/wp-content\/uploads\/inmoba\/thumb-sale-1.5-exact-572714-19.webp\" alt=\"Impresionante apartamento moderno en planta baja en Puente Romano Resort, Milla de Oro.\" \/>\n\t\t\t\t<\/div>\n\t\t\t\t\t\t\t\t<div class=\"f-carousel__slide\">\n\t\t\t\t\t<img class=\"wpb--image-fit\" loading=\"lazy\" data-lazy-src=\"https:\/\/www.luxurylivingmarbella.com\/wp-content\/uploads\/inmoba\/thumb-sale-1.5-exact-572714-20.webp\" alt=\"Impresionante apartamento moderno en planta baja en Puente Romano Resort, Milla de Oro.\" \/>\n\t\t\t\t<\/div>\n\t\t\t\t\t\t\t\t<div class=\"f-carousel__slide\">\n\t\t\t\t\t<img class=\"wpb--image-fit\" loading=\"lazy\" data-lazy-src=\"https:\/\/www.luxurylivingmarbella.com\/wp-content\/uploads\/inmoba\/thumb-sale-1.5-exact-572714-21.webp\" alt=\"Impresionante apartamento moderno en planta baja en Puente Romano Resort, Milla de Oro.\" \/>\n\t\t\t\t<\/div>\n\t\t\t\t\t\t\t\t<div class=\"f-carousel__slide\">\n\t\t\t\t\t<img class=\"wpb--image-fit\" loading=\"lazy\" data-lazy-src=\"https:\/\/www.luxurylivingmarbella.com\/wp-content\/uploads\/inmoba\/thumb-sale-1.5-exact-572714-22.webp\" alt=\"Impresionante apartamento moderno en planta baja en Puente Romano Resort, Milla de Oro.\" \/>\n\t\t\t\t<\/div>\n\t\t\t\t\t\t\t<\/div>\n\t\t\t\t\t<\/div>\n\t\t<div class=\"wpb--action-container\">\n\t\t\t <button>Ver detalles<\/button>\n\t\t<\/div>\n\t<\/div>\n\t<div class=\"wpb--card-body\">\n\t\t<span class=\"wpb--card-body-location\"><span>546067<\/span> | Puente Romano - Marbella Golden Mile<\/span>\n\t\t<h2 class=\"wpb--card-title\">\n\t\t\t<a class=\"wpb--stretched-link\" href=\"\/es\/propiedad\/venta-puente-romano-apartamento-planta-baja-572714\">\n\t\t\t\tImpresionante apartamento moderno en planta baja en Puente Romano Resort, Milla de Oro.\t\t\t<\/a>\n\t\t<\/h2>\n\t\t<div class=\"wpb--card-data\">\n\t\t\t<div class=\"wpb--card-locationref\">\n\t\t\t\t<ul class=\"wpb--card-features\">\n\t\t\t\t\t\t\t\t\t\t<li>3  Dormitorios<\/li>\n\t\t\t\t\t\t\t\t\t\t<li>3  Ba\u00f1os<\/li>\n\t\t\t\t\t\t\t\t\t\t<li>118 m&sup2; Const.<\/li>\n\t\t\t\t\t\t\t\t\t<\/ul>\n\t\t\t<\/div>\n\t\t\t<div class=\"wpb--card-price\">\n\t\t\t\t3.500.000 &euro;\t\t\t<\/div>\n\t\t<\/div>\n\t<\/div>\n<\/div><div class=\"wpb--card wpb--card-reduced\">\n\t<div class=\"wpb--aspect-box wpb--portrait\">\n\t\t<div class=\"wpb--overflow-hidden\">\n\t\t\t\t\t\t\t\t\t<div class=\"f-carousel\">\n\t\t\t\t\t\t\t\t<div class=\"f-carousel__slide\">\n\t\t\t\t\t<img decoding=\"async\" class=\"wpb--image-fit\" loading=\"lazy\" src=\"https:\/\/www.luxurylivingmarbella.com\/wp-content\/uploads\/inmoba\/thumb-sale-1.5-exact-697654-0.webp\" alt=\"Atico Duplex en venta en Nag\u00fceles, Marbella Golden Mile\" \/>\n\t\t\t\t<\/div>\n\t\t\t\t\t\t\t\t<div class=\"f-carousel__slide\">\n\t\t\t\t\t<img class=\"wpb--image-fit\" loading=\"lazy\" data-lazy-src=\"https:\/\/www.luxurylivingmarbella.com\/wp-content\/uploads\/inmoba\/thumb-sale-1.5-exact-697654-1.webp\" alt=\"Atico Duplex en venta en Nag\u00fceles, Marbella Golden Mile\" \/>\n\t\t\t\t<\/div>\n\t\t\t\t\t\t\t\t<div class=\"f-carousel__slide\">\n\t\t\t\t\t<img class=\"wpb--image-fit\" loading=\"lazy\" data-lazy-src=\"https:\/\/www.luxurylivingmarbella.com\/wp-content\/uploads\/inmoba\/thumb-sale-1.5-exact-697654-2.webp\" alt=\"Atico Duplex en venta en Nag\u00fceles, Marbella Golden Mile\" \/>\n\t\t\t\t<\/div>\n\t\t\t\t\t\t\t\t<div class=\"f-carousel__slide\">\n\t\t\t\t\t<img class=\"wpb--image-fit\" loading=\"lazy\" data-lazy-src=\"https:\/\/www.luxurylivingmarbella.com\/wp-content\/uploads\/inmoba\/thumb-sale-1.5-exact-697654-3.webp\" alt=\"Atico Duplex en venta en Nag\u00fceles, Marbella Golden Mile\" \/>\n\t\t\t\t<\/div>\n\t\t\t\t\t\t\t\t<div class=\"f-carousel__slide\">\n\t\t\t\t\t<img class=\"wpb--image-fit\" loading=\"lazy\" data-lazy-src=\"https:\/\/www.luxurylivingmarbella.com\/wp-content\/uploads\/inmoba\/thumb-sale-1.5-exact-697654-4.webp\" alt=\"Atico Duplex en venta en Nag\u00fceles, Marbella Golden Mile\" \/>\n\t\t\t\t<\/div>\n\t\t\t\t\t\t\t\t<div class=\"f-carousel__slide\">\n\t\t\t\t\t<img class=\"wpb--image-fit\" loading=\"lazy\" data-lazy-src=\"https:\/\/www.luxurylivingmarbella.com\/wp-content\/uploads\/inmoba\/thumb-sale-1.5-exact-697654-5.webp\" alt=\"Atico Duplex en venta en Nag\u00fceles, Marbella Golden Mile\" \/>\n\t\t\t\t<\/div>\n\t\t\t\t\t\t\t\t<div class=\"f-carousel__slide\">\n\t\t\t\t\t<img class=\"wpb--image-fit\" loading=\"lazy\" data-lazy-src=\"\/wp-content\/plugins\/inmobaliaplugin\/image.php?u=B98Le8~d7M9k3DegpEFZhS0lI_F8U4XZVz~HWxt~mGgYekxX9nCAxh0ZjtE2u9zqepXEUrVLqfm8KeIGW6Gtyd4X_OazTjTd0ePzTcyFEO8B7t99ClhCV4u6pqGUhIinBb0xLvCGb7qXnuaFulJAb0YCdp~ajqLbyA--&i=697654-6&s=500&f=sale&r=1.5&ro=exact&k=6\" alt=\"Atico Duplex en venta en Nag\u00fceles, Marbella Golden Mile\" \/>\n\t\t\t\t<\/div>\n\t\t\t\t\t\t\t\t<div class=\"f-carousel__slide\">\n\t\t\t\t\t<img class=\"wpb--image-fit\" loading=\"lazy\" data-lazy-src=\"\/wp-content\/plugins\/inmobaliaplugin\/image.php?u=B98Le8~d7M9k3DegpEFZhS0lI_F8U4XZVz~HWxt~mGgYekxX9nCAxh0ZjtE2u9zqepXEUrVLqfm8KeIGW6Gtyd4X_OazTjTd0ePzTcyFEO8BsvxJnYEb7zyx_GuarE9Q6e~5vSSW1llLzFY5AKGcRsjV~7HpHFByRg--&i=697654-7&s=500&f=sale&r=1.5&ro=exact&k=7\" alt=\"Atico Duplex en venta en Nag\u00fceles, Marbella Golden Mile\" \/>\n\t\t\t\t<\/div>\n\t\t\t\t\t\t\t\t<div class=\"f-carousel__slide\">\n\t\t\t\t\t<img class=\"wpb--image-fit\" loading=\"lazy\" data-lazy-src=\"https:\/\/www.luxurylivingmarbella.com\/wp-content\/uploads\/inmoba\/thumb-sale-1.5-exact-697654-8.webp\" alt=\"Atico Duplex en venta en Nag\u00fceles, Marbella Golden Mile\" \/>\n\t\t\t\t<\/div>\n\t\t\t\t\t\t\t\t<div class=\"f-carousel__slide\">\n\t\t\t\t\t<img class=\"wpb--image-fit\" loading=\"lazy\" data-lazy-src=\"\/wp-content\/plugins\/inmobaliaplugin\/image.php?u=B98Le8~d7M9k3DegpEFZhS0lI_F8U4XZVz~HWxt~mGgYekxX9nCAxh0ZjtE2u9zqepXEUrVLqfm8KeIGW6Gtyd4X_OazTjTd0ePzTcyFEO8Bsq4phSr7O1jdP9YoCgF2AW4t0TKBC_vkdsddcYsJEgM2299tdP49jg--&i=697654-9&s=500&f=sale&r=1.5&ro=exact&k=9\" alt=\"Atico Duplex en venta en Nag\u00fceles, Marbella Golden Mile\" \/>\n\t\t\t\t<\/div>\n\t\t\t\t\t\t\t\t<div class=\"f-carousel__slide\">\n\t\t\t\t\t<img class=\"wpb--image-fit\" loading=\"lazy\" data-lazy-src=\"\/wp-content\/plugins\/inmobaliaplugin\/image.php?u=B98Le8~d7M9k3DegpEFZhS0lI_F8U4XZVz~HWxt~mGgYekxX9nCAxh0ZjtE2u9zqepXEUrVLqfm8KeIGW6Gtyd4X_OazTjTd0ePzTcyFEO8B7orzPCe5O4gZj8hlIO9cNHkHFJYoWDphekU6Ebdz~iTqXx95_vhDZA--&i=697654-10&s=500&f=sale&r=1.5&ro=exact&k=10\" alt=\"Atico Duplex en venta en Nag\u00fceles, Marbella Golden Mile\" \/>\n\t\t\t\t<\/div>\n\t\t\t\t\t\t\t\t<div class=\"f-carousel__slide\">\n\t\t\t\t\t<img class=\"wpb--image-fit\" loading=\"lazy\" data-lazy-src=\"\/wp-content\/plugins\/inmobaliaplugin\/image.php?u=B98Le8~d7M9k3DegpEFZhS0lI_F8U4XZVz~HWxt~mGgYekxX9nCAxh0ZjtE2u9zqepXEUrVLqfm8KeIGW6Gtyd4X_OazTjTd0ePzTcyFEO8B6F3UpQIOfwPvBrxp3bzqTxh2TTszVn_Wf1lRr0BDUzoH3Hcy39_QeA--&i=697654-11&s=500&f=sale&r=1.5&ro=exact&k=11\" alt=\"Atico Duplex en venta en Nag\u00fceles, Marbella Golden Mile\" \/>\n\t\t\t\t<\/div>\n\t\t\t\t\t\t\t\t<div class=\"f-carousel__slide\">\n\t\t\t\t\t<img class=\"wpb--image-fit\" loading=\"lazy\" data-lazy-src=\"\/wp-content\/plugins\/inmobaliaplugin\/image.php?u=B98Le8~d7M9k3DegpEFZhS0lI_F8U4XZVz~HWxt~mGgYekxX9nCAxh0ZjtE2u9zqepXEUrVLqfm8KeIGW6Gtyd4X_OazTjTd0ePzTcyFEO8Bufn6AaNbYLJ3lHWAsJj7q~tPYG1KPiwPfd~5JA_gLJqYxRcHEsJyIg--&i=697654-12&s=500&f=sale&r=1.5&ro=exact&k=12\" alt=\"Atico Duplex en venta en Nag\u00fceles, Marbella Golden Mile\" \/>\n\t\t\t\t<\/div>\n\t\t\t\t\t\t\t\t<div class=\"f-carousel__slide\">\n\t\t\t\t\t<img class=\"wpb--image-fit\" loading=\"lazy\" data-lazy-src=\"\/wp-content\/plugins\/inmobaliaplugin\/image.php?u=B98Le8~d7M9k3DegpEFZhS0lI_F8U4XZVz~HWxt~mGgYekxX9nCAxh0ZjtE2u9zqepXEUrVLqfm8KeIGW6Gtyd4X_OazTjTd0ePzTcyFEO8Butphn1BwBkIk0QPMlX~x24WTEfGhtwL6cyxDQGEBjX11cGZ~C98O~g--&i=697654-13&s=500&f=sale&r=1.5&ro=exact&k=13\" alt=\"Atico Duplex en venta en Nag\u00fceles, Marbella Golden Mile\" \/>\n\t\t\t\t<\/div>\n\t\t\t\t\t\t\t\t<div class=\"f-carousel__slide\">\n\t\t\t\t\t<img class=\"wpb--image-fit\" loading=\"lazy\" data-lazy-src=\"\/wp-content\/plugins\/inmobaliaplugin\/image.php?u=B98Le8~d7M9k3DegpEFZhS0lI_F8U4XZVz~HWxt~mGgYekxX9nCAxh0ZjtE2u9zqepXEUrVLqfm8KeIGW6Gtyd4X_OazTjTd0ePzTcyFEO8B69WrMSdZ8H1NNi4AFFdSoD40Jukq_JmVgca3Dn3xBdEmJQxz0nLufQ--&i=697654-14&s=500&f=sale&r=1.5&ro=exact&k=14\" alt=\"Atico Duplex en venta en Nag\u00fceles, Marbella Golden Mile\" \/>\n\t\t\t\t<\/div>\n\t\t\t\t\t\t\t\t<div class=\"f-carousel__slide\">\n\t\t\t\t\t<img class=\"wpb--image-fit\" loading=\"lazy\" data-lazy-src=\"\/wp-content\/plugins\/inmobaliaplugin\/image.php?u=B98Le8~d7M9k3DegpEFZhS0lI_F8U4XZVz~HWxt~mGgYekxX9nCAxh0ZjtE2u9zqepXEUrVLqfm8KeIGW6Gtyd4X_OazTjTd0ePzTcyFEO8Bv8MLT9t2OoLehWintZMIrLNtIpMC71gGwGgyNe29REO0pYiyLVTOkA--&i=697654-15&s=500&f=sale&r=1.5&ro=exact&k=15\" alt=\"Atico Duplex en venta en Nag\u00fceles, Marbella Golden Mile\" \/>\n\t\t\t\t<\/div>\n\t\t\t\t\t\t\t\t<div class=\"f-carousel__slide\">\n\t\t\t\t\t<img class=\"wpb--image-fit\" loading=\"lazy\" data-lazy-src=\"\/wp-content\/plugins\/inmobaliaplugin\/image.php?u=B98Le8~d7M9k3DegpEFZhS0lI_F8U4XZVz~HWxt~mGgYekxX9nCAxh0ZjtE2u9zqepXEUrVLqfm8KeIGW6Gtyd4X_OazTjTd0ePzTcyFEO8Bv5Yn9p9CHn7KhbGw2KoO9fT_pLIeg4U141hC~7jQdMK_YrYFV6Eguw--&i=697654-16&s=500&f=sale&r=1.5&ro=exact&k=16\" alt=\"Atico Duplex en venta en Nag\u00fceles, Marbella Golden Mile\" \/>\n\t\t\t\t<\/div>\n\t\t\t\t\t\t\t\t<div class=\"f-carousel__slide\">\n\t\t\t\t\t<img class=\"wpb--image-fit\" loading=\"lazy\" data-lazy-src=\"https:\/\/www.luxurylivingmarbella.com\/wp-content\/uploads\/inmoba\/thumb-sale-1.5-exact-697654-17.webp\" alt=\"Atico Duplex en venta en Nag\u00fceles, Marbella Golden Mile\" \/>\n\t\t\t\t<\/div>\n\t\t\t\t\t\t\t\t<div class=\"f-carousel__slide\">\n\t\t\t\t\t<img class=\"wpb--image-fit\" loading=\"lazy\" data-lazy-src=\"https:\/\/www.luxurylivingmarbella.com\/wp-content\/uploads\/inmoba\/thumb-sale-1.5-exact-697654-18.webp\" alt=\"Atico Duplex en venta en Nag\u00fceles, Marbella Golden Mile\" \/>\n\t\t\t\t<\/div>\n\t\t\t\t\t\t\t\t<div class=\"f-carousel__slide\">\n\t\t\t\t\t<img class=\"wpb--image-fit\" loading=\"lazy\" data-lazy-src=\"\/wp-content\/plugins\/inmobaliaplugin\/image.php?u=B98Le8~d7M9k3DegpEFZhS0lI_F8U4XZVz~HWxt~mGgYekxX9nCAxh0ZjtE2u9zqepXEUrVLqfm8KeIGW6Gtyd4X_OazTjTd0ePzTcyFEO8Buo6C3oGIRtMudiwSurzvVubLzmjSy8V67yVB5Yi2XOkZ5~wTW4EOyw--&i=697654-19&s=500&f=sale&r=1.5&ro=exact&k=19\" alt=\"Atico Duplex en venta en Nag\u00fceles, Marbella Golden Mile\" \/>\n\t\t\t\t<\/div>\n\t\t\t\t\t\t\t\t<div class=\"f-carousel__slide\">\n\t\t\t\t\t<img class=\"wpb--image-fit\" loading=\"lazy\" data-lazy-src=\"\/wp-content\/plugins\/inmobaliaplugin\/image.php?u=B98Le8~d7M9k3DegpEFZhS0lI_F8U4XZVz~HWxt~mGgYekxX9nCAxh0ZjtE2u9zqepXEUrVLqfm8KeIGW6Gtyd4X_OazTjTd0ePzTcyFEO8Buom68WSanZm1Cq1DqjEjHXy3BKaZbHE9hAFQYWg~GDs7BKgifRRffA--&i=697654-20&s=500&f=sale&r=1.5&ro=exact&k=20\" alt=\"Atico Duplex en venta en Nag\u00fceles, Marbella Golden Mile\" \/>\n\t\t\t\t<\/div>\n\t\t\t\t\t\t\t\t<div class=\"f-carousel__slide\">\n\t\t\t\t\t<img class=\"wpb--image-fit\" loading=\"lazy\" data-lazy-src=\"https:\/\/www.luxurylivingmarbella.com\/wp-content\/uploads\/inmoba\/thumb-sale-1.5-exact-697654-21.webp\" alt=\"Atico Duplex en venta en Nag\u00fceles, Marbella Golden Mile\" \/>\n\t\t\t\t<\/div>\n\t\t\t\t\t\t\t\t<div class=\"f-carousel__slide\">\n\t\t\t\t\t<img class=\"wpb--image-fit\" loading=\"lazy\" data-lazy-src=\"https:\/\/www.luxurylivingmarbella.com\/wp-content\/uploads\/inmoba\/thumb-sale-1.5-exact-697654-22.webp\" alt=\"Atico Duplex en venta en Nag\u00fceles, Marbella Golden Mile\" \/>\n\t\t\t\t<\/div>\n\t\t\t\t\t\t\t\t<div class=\"f-carousel__slide\">\n\t\t\t\t\t<img class=\"wpb--image-fit\" loading=\"lazy\" data-lazy-src=\"https:\/\/www.luxurylivingmarbella.com\/wp-content\/uploads\/inmoba\/thumb-sale-1.5-exact-697654-23.webp\" alt=\"Atico Duplex en venta en Nag\u00fceles, Marbella Golden Mile\" \/>\n\t\t\t\t<\/div>\n\t\t\t\t\t\t\t<\/div>\n\t\t\t\t\t<\/div>\n\t\t<div class=\"wpb--action-container\">\n\t\t\t <button>Ver detalles<\/button>\n\t\t<\/div>\n\t<\/div>\n\t<div class=\"wpb--card-body\">\n\t\t<span class=\"wpb--card-body-location\"><span>963-00187P<\/span> | Nag\u00fceles - Marbella Golden Mile<\/span>\n\t\t<h2 class=\"wpb--card-title\">\n\t\t\t<a class=\"wpb--stretched-link\" href=\"\/es\/propiedad\/venta-nagueles-atico-duplex-697654\">\n\t\t\t\tAtico Duplex en venta en Nag\u00fceles, Marbella Golden Mile\t\t\t<\/a>\n\t\t<\/h2>\n\t\t<div class=\"wpb--card-data\">\n\t\t\t<div class=\"wpb--card-locationref\">\n\t\t\t\t<ul class=\"wpb--card-features\">\n\t\t\t\t\t\t\t\t\t\t<li>3  Dormitorios<\/li>\n\t\t\t\t\t\t\t\t\t\t<li>3  Ba\u00f1os<\/li>\n\t\t\t\t\t\t\t\t\t\t<li>223 m&sup2; Const.<\/li>\n\t\t\t\t\t\t\t\t\t<\/ul>\n\t\t\t<\/div>\n\t\t\t<div class=\"wpb--card-price\">\n\t\t\t\t2.995.000 &euro;\t\t\t<\/div>\n\t\t<\/div>\n\t<\/div>\n<\/div><div class=\"wpb--card wpb--card-reduced\">\n\t<div class=\"wpb--aspect-box wpb--portrait\">\n\t\t<div class=\"wpb--overflow-hidden\">\n\t\t\t\t\t\t\t\t\t<div class=\"f-carousel\">\n\t\t\t\t\t\t\t\t<div class=\"f-carousel__slide\">\n\t\t\t\t\t<img decoding=\"async\" class=\"wpb--image-fit\" loading=\"lazy\" src=\"https:\/\/www.luxurylivingmarbella.com\/wp-content\/uploads\/inmoba\/thumb-sale-1.5-exact-695047-0.webp\" alt=\"Apartamento en esquina de 4 dormitorios con terraza de 50 m\u00b2 en la Milla de Oro (Nag\u00fceles).\" \/>\n\t\t\t\t<\/div>\n\t\t\t\t\t\t\t\t<div class=\"f-carousel__slide\">\n\t\t\t\t\t<img class=\"wpb--image-fit\" loading=\"lazy\" data-lazy-src=\"https:\/\/www.luxurylivingmarbella.com\/wp-content\/uploads\/inmoba\/thumb-sale-1.5-exact-695047-1.webp\" alt=\"Apartamento en esquina de 4 dormitorios con terraza de 50 m\u00b2 en la Milla de Oro (Nag\u00fceles).\" \/>\n\t\t\t\t<\/div>\n\t\t\t\t\t\t\t\t<div class=\"f-carousel__slide\">\n\t\t\t\t\t<img class=\"wpb--image-fit\" loading=\"lazy\" data-lazy-src=\"https:\/\/www.luxurylivingmarbella.com\/wp-content\/uploads\/inmoba\/thumb-sale-1.5-exact-695047-2.webp\" alt=\"Apartamento en esquina de 4 dormitorios con terraza de 50 m\u00b2 en la Milla de Oro (Nag\u00fceles).\" \/>\n\t\t\t\t<\/div>\n\t\t\t\t\t\t\t\t<div class=\"f-carousel__slide\">\n\t\t\t\t\t<img class=\"wpb--image-fit\" loading=\"lazy\" data-lazy-src=\"https:\/\/www.luxurylivingmarbella.com\/wp-content\/uploads\/inmoba\/thumb-sale-1.5-exact-695047-3.webp\" alt=\"Apartamento en esquina de 4 dormitorios con terraza de 50 m\u00b2 en la Milla de Oro (Nag\u00fceles).\" \/>\n\t\t\t\t<\/div>\n\t\t\t\t\t\t\t\t<div class=\"f-carousel__slide\">\n\t\t\t\t\t<img class=\"wpb--image-fit\" loading=\"lazy\" data-lazy-src=\"https:\/\/www.luxurylivingmarbella.com\/wp-content\/uploads\/inmoba\/thumb-sale-1.5-exact-695047-4.webp\" alt=\"Apartamento en esquina de 4 dormitorios con terraza de 50 m\u00b2 en la Milla de Oro (Nag\u00fceles).\" \/>\n\t\t\t\t<\/div>\n\t\t\t\t\t\t\t\t<div class=\"f-carousel__slide\">\n\t\t\t\t\t<img class=\"wpb--image-fit\" loading=\"lazy\" data-lazy-src=\"https:\/\/www.luxurylivingmarbella.com\/wp-content\/uploads\/inmoba\/thumb-sale-1.5-exact-695047-5.webp\" alt=\"Apartamento en esquina de 4 dormitorios con terraza de 50 m\u00b2 en la Milla de Oro (Nag\u00fceles).\" \/>\n\t\t\t\t<\/div>\n\t\t\t\t\t\t\t\t<div class=\"f-carousel__slide\">\n\t\t\t\t\t<img class=\"wpb--image-fit\" loading=\"lazy\" data-lazy-src=\"https:\/\/www.luxurylivingmarbella.com\/wp-content\/uploads\/inmoba\/thumb-sale-1.5-exact-695047-6.webp\" alt=\"Apartamento en esquina de 4 dormitorios con terraza de 50 m\u00b2 en la Milla de Oro (Nag\u00fceles).\" \/>\n\t\t\t\t<\/div>\n\t\t\t\t\t\t\t\t<div class=\"f-carousel__slide\">\n\t\t\t\t\t<img class=\"wpb--image-fit\" loading=\"lazy\" data-lazy-src=\"https:\/\/www.luxurylivingmarbella.com\/wp-content\/uploads\/inmoba\/thumb-sale-1.5-exact-695047-7.webp\" alt=\"Apartamento en esquina de 4 dormitorios con terraza de 50 m\u00b2 en la Milla de Oro (Nag\u00fceles).\" \/>\n\t\t\t\t<\/div>\n\t\t\t\t\t\t\t\t<div class=\"f-carousel__slide\">\n\t\t\t\t\t<img class=\"wpb--image-fit\" loading=\"lazy\" data-lazy-src=\"https:\/\/www.luxurylivingmarbella.com\/wp-content\/uploads\/inmoba\/thumb-sale-1.5-exact-695047-8.webp\" alt=\"Apartamento en esquina de 4 dormitorios con terraza de 50 m\u00b2 en la Milla de Oro (Nag\u00fceles).\" \/>\n\t\t\t\t<\/div>\n\t\t\t\t\t\t\t\t<div class=\"f-carousel__slide\">\n\t\t\t\t\t<img class=\"wpb--image-fit\" loading=\"lazy\" data-lazy-src=\"https:\/\/www.luxurylivingmarbella.com\/wp-content\/uploads\/inmoba\/thumb-sale-1.5-exact-695047-9.webp\" alt=\"Apartamento en esquina de 4 dormitorios con terraza de 50 m\u00b2 en la Milla de Oro (Nag\u00fceles).\" \/>\n\t\t\t\t<\/div>\n\t\t\t\t\t\t\t\t<div class=\"f-carousel__slide\">\n\t\t\t\t\t<img class=\"wpb--image-fit\" loading=\"lazy\" data-lazy-src=\"https:\/\/www.luxurylivingmarbella.com\/wp-content\/uploads\/inmoba\/thumb-sale-1.5-exact-695047-10.webp\" alt=\"Apartamento en esquina de 4 dormitorios con terraza de 50 m\u00b2 en la Milla de Oro (Nag\u00fceles).\" \/>\n\t\t\t\t<\/div>\n\t\t\t\t\t\t\t\t<div class=\"f-carousel__slide\">\n\t\t\t\t\t<img class=\"wpb--image-fit\" loading=\"lazy\" data-lazy-src=\"https:\/\/www.luxurylivingmarbella.com\/wp-content\/uploads\/inmoba\/thumb-sale-1.5-exact-695047-11.webp\" alt=\"Apartamento en esquina de 4 dormitorios con terraza de 50 m\u00b2 en la Milla de Oro (Nag\u00fceles).\" \/>\n\t\t\t\t<\/div>\n\t\t\t\t\t\t\t\t<div class=\"f-carousel__slide\">\n\t\t\t\t\t<img class=\"wpb--image-fit\" loading=\"lazy\" data-lazy-src=\"https:\/\/www.luxurylivingmarbella.com\/wp-content\/uploads\/inmoba\/thumb-sale-1.5-exact-695047-12.webp\" alt=\"Apartamento en esquina de 4 dormitorios con terraza de 50 m\u00b2 en la Milla de Oro (Nag\u00fceles).\" \/>\n\t\t\t\t<\/div>\n\t\t\t\t\t\t\t\t<div class=\"f-carousel__slide\">\n\t\t\t\t\t<img class=\"wpb--image-fit\" loading=\"lazy\" data-lazy-src=\"https:\/\/www.luxurylivingmarbella.com\/wp-content\/uploads\/inmoba\/thumb-sale-1.5-exact-695047-13.webp\" alt=\"Apartamento en esquina de 4 dormitorios con terraza de 50 m\u00b2 en la Milla de Oro (Nag\u00fceles).\" \/>\n\t\t\t\t<\/div>\n\t\t\t\t\t\t\t\t<div class=\"f-carousel__slide\">\n\t\t\t\t\t<img class=\"wpb--image-fit\" loading=\"lazy\" data-lazy-src=\"https:\/\/www.luxurylivingmarbella.com\/wp-content\/uploads\/inmoba\/thumb-sale-1.5-exact-695047-14.webp\" alt=\"Apartamento en esquina de 4 dormitorios con terraza de 50 m\u00b2 en la Milla de Oro (Nag\u00fceles).\" \/>\n\t\t\t\t<\/div>\n\t\t\t\t\t\t\t\t<div class=\"f-carousel__slide\">\n\t\t\t\t\t<img class=\"wpb--image-fit\" loading=\"lazy\" data-lazy-src=\"https:\/\/www.luxurylivingmarbella.com\/wp-content\/uploads\/inmoba\/thumb-sale-1.5-exact-695047-15.webp\" alt=\"Apartamento en esquina de 4 dormitorios con terraza de 50 m\u00b2 en la Milla de Oro (Nag\u00fceles).\" \/>\n\t\t\t\t<\/div>\n\t\t\t\t\t\t\t\t<div class=\"f-carousel__slide\">\n\t\t\t\t\t<img class=\"wpb--image-fit\" loading=\"lazy\" data-lazy-src=\"https:\/\/www.luxurylivingmarbella.com\/wp-content\/uploads\/inmoba\/thumb-sale-1.5-exact-695047-16.webp\" alt=\"Apartamento en esquina de 4 dormitorios con terraza de 50 m\u00b2 en la Milla de Oro (Nag\u00fceles).\" \/>\n\t\t\t\t<\/div>\n\t\t\t\t\t\t\t\t<div class=\"f-carousel__slide\">\n\t\t\t\t\t<img class=\"wpb--image-fit\" loading=\"lazy\" data-lazy-src=\"https:\/\/www.luxurylivingmarbella.com\/wp-content\/uploads\/inmoba\/thumb-sale-1.5-exact-695047-17.webp\" alt=\"Apartamento en esquina de 4 dormitorios con terraza de 50 m\u00b2 en la Milla de Oro (Nag\u00fceles).\" \/>\n\t\t\t\t<\/div>\n\t\t\t\t\t\t\t\t<div class=\"f-carousel__slide\">\n\t\t\t\t\t<img class=\"wpb--image-fit\" loading=\"lazy\" data-lazy-src=\"https:\/\/www.luxurylivingmarbella.com\/wp-content\/uploads\/inmoba\/thumb-sale-1.5-exact-695047-18.webp\" alt=\"Apartamento en esquina de 4 dormitorios con terraza de 50 m\u00b2 en la Milla de Oro (Nag\u00fceles).\" \/>\n\t\t\t\t<\/div>\n\t\t\t\t\t\t\t\t<div class=\"f-carousel__slide\">\n\t\t\t\t\t<img class=\"wpb--image-fit\" loading=\"lazy\" data-lazy-src=\"https:\/\/www.luxurylivingmarbella.com\/wp-content\/uploads\/inmoba\/thumb-sale-1.5-exact-695047-19.webp\" alt=\"Apartamento en esquina de 4 dormitorios con terraza de 50 m\u00b2 en la Milla de Oro (Nag\u00fceles).\" \/>\n\t\t\t\t<\/div>\n\t\t\t\t\t\t\t\t<div class=\"f-carousel__slide\">\n\t\t\t\t\t<img class=\"wpb--image-fit\" loading=\"lazy\" data-lazy-src=\"https:\/\/www.luxurylivingmarbella.com\/wp-content\/uploads\/inmoba\/thumb-sale-1.5-exact-695047-20.webp\" alt=\"Apartamento en esquina de 4 dormitorios con terraza de 50 m\u00b2 en la Milla de Oro (Nag\u00fceles).\" \/>\n\t\t\t\t<\/div>\n\t\t\t\t\t\t\t<\/div>\n\t\t\t\t\t<\/div>\n\t\t<div class=\"wpb--action-container\">\n\t\t\t <button>Ver detalles<\/button>\n\t\t<\/div>\n\t<\/div>\n\t<div class=\"wpb--card-body\">\n\t\t<span class=\"wpb--card-body-location\"><span>950-00007P<\/span> | Nag\u00fceles - Marbella Golden Mile<\/span>\n\t\t<h2 class=\"wpb--card-title\">\n\t\t\t<a class=\"wpb--stretched-link\" href=\"\/es\/propiedad\/venta-nagueles-apartamento-planta-baja-695047\">\n\t\t\t\tApartamento en esquina de 4 dormitorios con terraza de 50 m\u00b2 en la Milla de Oro (Nag\u00fceles).\t\t\t<\/a>\n\t\t<\/h2>\n\t\t<div class=\"wpb--card-data\">\n\t\t\t<div class=\"wpb--card-locationref\">\n\t\t\t\t<ul class=\"wpb--card-features\">\n\t\t\t\t\t\t\t\t\t\t<li>4  Dormitorios<\/li>\n\t\t\t\t\t\t\t\t\t\t<li>2  Ba\u00f1os<\/li>\n\t\t\t\t\t\t\t\t\t\t<li>189 m&sup2; Const.<\/li>\n\t\t\t\t\t\t\t\t\t<\/ul>\n\t\t\t<\/div>\n\t\t\t<div class=\"wpb--card-price\">\n\t\t\t\t590.000 &euro;\t\t\t<\/div>\n\t\t<\/div>\n\t<\/div>\n<\/div><div class=\"wpb--card wpb--card-reduced\">\n\t<div class=\"wpb--aspect-box wpb--portrait\">\n\t\t<div class=\"wpb--overflow-hidden\">\n\t\t\t\t\t\t\t\t\t<div class=\"f-carousel\">\n\t\t\t\t\t\t\t\t<div class=\"f-carousel__slide\">\n\t\t\t\t\t<img decoding=\"async\" class=\"wpb--image-fit\" loading=\"lazy\" src=\"https:\/\/www.luxurylivingmarbella.com\/wp-content\/uploads\/inmoba\/thumb-sale-1.5-exact-694723-0.webp\" alt=\"Apartamento Planta Baja en venta en Coto Real, Marbella Golden Mile\" \/>\n\t\t\t\t<\/div>\n\t\t\t\t\t\t\t\t<div class=\"f-carousel__slide\">\n\t\t\t\t\t<img class=\"wpb--image-fit\" loading=\"lazy\" data-lazy-src=\"https:\/\/www.luxurylivingmarbella.com\/wp-content\/uploads\/inmoba\/thumb-sale-1.5-exact-694723-1.webp\" alt=\"Apartamento Planta Baja en venta en Coto Real, Marbella Golden Mile\" \/>\n\t\t\t\t<\/div>\n\t\t\t\t\t\t\t\t<div class=\"f-carousel__slide\">\n\t\t\t\t\t<img class=\"wpb--image-fit\" loading=\"lazy\" data-lazy-src=\"https:\/\/www.luxurylivingmarbella.com\/wp-content\/uploads\/inmoba\/thumb-sale-1.5-exact-694723-2.webp\" alt=\"Apartamento Planta Baja en venta en Coto Real, Marbella Golden Mile\" \/>\n\t\t\t\t<\/div>\n\t\t\t\t\t\t\t\t<div class=\"f-carousel__slide\">\n\t\t\t\t\t<img class=\"wpb--image-fit\" loading=\"lazy\" data-lazy-src=\"https:\/\/www.luxurylivingmarbella.com\/wp-content\/uploads\/inmoba\/thumb-sale-1.5-exact-694723-3.webp\" alt=\"Apartamento Planta Baja en venta en Coto Real, Marbella Golden Mile\" \/>\n\t\t\t\t<\/div>\n\t\t\t\t\t\t\t\t<div class=\"f-carousel__slide\">\n\t\t\t\t\t<img class=\"wpb--image-fit\" loading=\"lazy\" data-lazy-src=\"https:\/\/www.luxurylivingmarbella.com\/wp-content\/uploads\/inmoba\/thumb-sale-1.5-exact-694723-4.webp\" alt=\"Apartamento Planta Baja en venta en Coto Real, Marbella Golden Mile\" \/>\n\t\t\t\t<\/div>\n\t\t\t\t\t\t\t\t<div class=\"f-carousel__slide\">\n\t\t\t\t\t<img class=\"wpb--image-fit\" loading=\"lazy\" data-lazy-src=\"https:\/\/www.luxurylivingmarbella.com\/wp-content\/uploads\/inmoba\/thumb-sale-1.5-exact-694723-5.webp\" alt=\"Apartamento Planta Baja en venta en Coto Real, Marbella Golden Mile\" \/>\n\t\t\t\t<\/div>\n\t\t\t\t\t\t\t\t<div class=\"f-carousel__slide\">\n\t\t\t\t\t<img class=\"wpb--image-fit\" loading=\"lazy\" data-lazy-src=\"https:\/\/www.luxurylivingmarbella.com\/wp-content\/uploads\/inmoba\/thumb-sale-1.5-exact-694723-6.webp\" alt=\"Apartamento Planta Baja en venta en Coto Real, Marbella Golden Mile\" \/>\n\t\t\t\t<\/div>\n\t\t\t\t\t\t\t\t<div class=\"f-carousel__slide\">\n\t\t\t\t\t<img class=\"wpb--image-fit\" loading=\"lazy\" data-lazy-src=\"https:\/\/www.luxurylivingmarbella.com\/wp-content\/uploads\/inmoba\/thumb-sale-1.5-exact-694723-7.webp\" alt=\"Apartamento Planta Baja en venta en Coto Real, Marbella Golden Mile\" \/>\n\t\t\t\t<\/div>\n\t\t\t\t\t\t\t\t<div class=\"f-carousel__slide\">\n\t\t\t\t\t<img class=\"wpb--image-fit\" loading=\"lazy\" data-lazy-src=\"https:\/\/www.luxurylivingmarbella.com\/wp-content\/uploads\/inmoba\/thumb-sale-1.5-exact-694723-8.webp\" alt=\"Apartamento Planta Baja en venta en Coto Real, Marbella Golden Mile\" \/>\n\t\t\t\t<\/div>\n\t\t\t\t\t\t\t\t<div class=\"f-carousel__slide\">\n\t\t\t\t\t<img class=\"wpb--image-fit\" loading=\"lazy\" data-lazy-src=\"https:\/\/www.luxurylivingmarbella.com\/wp-content\/uploads\/inmoba\/thumb-sale-1.5-exact-694723-9.webp\" alt=\"Apartamento Planta Baja en venta en Coto Real, Marbella Golden Mile\" \/>\n\t\t\t\t<\/div>\n\t\t\t\t\t\t\t\t<div class=\"f-carousel__slide\">\n\t\t\t\t\t<img class=\"wpb--image-fit\" loading=\"lazy\" data-lazy-src=\"https:\/\/www.luxurylivingmarbella.com\/wp-content\/uploads\/inmoba\/thumb-sale-1.5-exact-694723-10.webp\" alt=\"Apartamento Planta Baja en venta en Coto Real, Marbella Golden Mile\" \/>\n\t\t\t\t<\/div>\n\t\t\t\t\t\t\t\t<div class=\"f-carousel__slide\">\n\t\t\t\t\t<img class=\"wpb--image-fit\" loading=\"lazy\" data-lazy-src=\"https:\/\/www.luxurylivingmarbella.com\/wp-content\/uploads\/inmoba\/thumb-sale-1.5-exact-694723-11.webp\" alt=\"Apartamento Planta Baja en venta en Coto Real, Marbella Golden Mile\" \/>\n\t\t\t\t<\/div>\n\t\t\t\t\t\t\t\t<div class=\"f-carousel__slide\">\n\t\t\t\t\t<img class=\"wpb--image-fit\" loading=\"lazy\" data-lazy-src=\"https:\/\/www.luxurylivingmarbella.com\/wp-content\/uploads\/inmoba\/thumb-sale-1.5-exact-694723-12.webp\" alt=\"Apartamento Planta Baja en venta en Coto Real, Marbella Golden Mile\" \/>\n\t\t\t\t<\/div>\n\t\t\t\t\t\t\t\t<div class=\"f-carousel__slide\">\n\t\t\t\t\t<img class=\"wpb--image-fit\" loading=\"lazy\" data-lazy-src=\"https:\/\/www.luxurylivingmarbella.com\/wp-content\/uploads\/inmoba\/thumb-sale-1.5-exact-694723-13.webp\" alt=\"Apartamento Planta Baja en venta en Coto Real, Marbella Golden Mile\" \/>\n\t\t\t\t<\/div>\n\t\t\t\t\t\t\t\t<div class=\"f-carousel__slide\">\n\t\t\t\t\t<img class=\"wpb--image-fit\" loading=\"lazy\" data-lazy-src=\"https:\/\/www.luxurylivingmarbella.com\/wp-content\/uploads\/inmoba\/thumb-sale-1.5-exact-694723-14.webp\" alt=\"Apartamento Planta Baja en venta en Coto Real, Marbella Golden Mile\" \/>\n\t\t\t\t<\/div>\n\t\t\t\t\t\t\t<\/div>\n\t\t\t\t\t<\/div>\n\t\t<div class=\"wpb--action-container\">\n\t\t\t <button>Ver detalles<\/button>\n\t\t<\/div>\n\t<\/div>\n\t<div class=\"wpb--card-body\">\n\t\t<span class=\"wpb--card-body-location\"><span>COLCOTO20<\/span> | Coto Real - Marbella Golden Mile<\/span>\n\t\t<h2 class=\"wpb--card-title\">\n\t\t\t<a class=\"wpb--stretched-link\" href=\"\/es\/propiedad\/venta-coto-real-apartamento-planta-baja-694723\">\n\t\t\t\tApartamento Planta Baja en venta en Coto Real, Marbella Golden Mile\t\t\t<\/a>\n\t\t<\/h2>\n\t\t<div class=\"wpb--card-data\">\n\t\t\t<div class=\"wpb--card-locationref\">\n\t\t\t\t<ul class=\"wpb--card-features\">\n\t\t\t\t\t\t\t\t\t\t<li>3  Dormitorios<\/li>\n\t\t\t\t\t\t\t\t\t\t<li>2  Ba\u00f1os<\/li>\n\t\t\t\t\t\t\t\t\t\t<li>149 m&sup2; Const.<\/li>\n\t\t\t\t\t\t\t\t\t<\/ul>\n\t\t\t<\/div>\n\t\t\t<div class=\"wpb--card-price\">\n\t\t\t\t1.525.000 &euro;\t\t\t<\/div>\n\t\t<\/div>\n\t<\/div>\n<\/div><div class=\"wpb--card wpb--card-reduced\">\n\t<div class=\"wpb--aspect-box wpb--portrait\">\n\t\t<div class=\"wpb--overflow-hidden\">\n\t\t\t\t\t\t\t\t\t<div class=\"f-carousel\">\n\t\t\t\t\t\t\t\t<div class=\"f-carousel__slide\">\n\t\t\t\t\t<img decoding=\"async\" class=\"wpb--image-fit\" loading=\"lazy\" src=\"https:\/\/www.luxurylivingmarbella.com\/wp-content\/uploads\/inmoba\/thumb-sale-1.5-exact-693907-0.webp\" alt=\"\u00c1tico exclusivo en primera l\u00ednea de playa con orientaci\u00f3n sur - Alhambra del Mar\" \/>\n\t\t\t\t<\/div>\n\t\t\t\t\t\t\t\t<div class=\"f-carousel__slide\">\n\t\t\t\t\t<img class=\"wpb--image-fit\" loading=\"lazy\" data-lazy-src=\"https:\/\/www.luxurylivingmarbella.com\/wp-content\/uploads\/inmoba\/thumb-sale-1.5-exact-693907-1.webp\" alt=\"\u00c1tico exclusivo en primera l\u00ednea de playa con orientaci\u00f3n sur - Alhambra del Mar\" \/>\n\t\t\t\t<\/div>\n\t\t\t\t\t\t\t\t<div class=\"f-carousel__slide\">\n\t\t\t\t\t<img class=\"wpb--image-fit\" loading=\"lazy\" data-lazy-src=\"https:\/\/www.luxurylivingmarbella.com\/wp-content\/uploads\/inmoba\/thumb-sale-1.5-exact-693907-2.webp\" alt=\"\u00c1tico exclusivo en primera l\u00ednea de playa con orientaci\u00f3n sur - Alhambra del Mar\" \/>\n\t\t\t\t<\/div>\n\t\t\t\t\t\t\t\t<div class=\"f-carousel__slide\">\n\t\t\t\t\t<img class=\"wpb--image-fit\" loading=\"lazy\" data-lazy-src=\"https:\/\/www.luxurylivingmarbella.com\/wp-content\/uploads\/inmoba\/thumb-sale-1.5-exact-693907-3.webp\" alt=\"\u00c1tico exclusivo en primera l\u00ednea de playa con orientaci\u00f3n sur - Alhambra del Mar\" \/>\n\t\t\t\t<\/div>\n\t\t\t\t\t\t\t\t<div class=\"f-carousel__slide\">\n\t\t\t\t\t<img class=\"wpb--image-fit\" loading=\"lazy\" data-lazy-src=\"https:\/\/www.luxurylivingmarbella.com\/wp-content\/uploads\/inmoba\/thumb-sale-1.5-exact-693907-4.webp\" alt=\"\u00c1tico exclusivo en primera l\u00ednea de playa con orientaci\u00f3n sur - Alhambra del Mar\" \/>\n\t\t\t\t<\/div>\n\t\t\t\t\t\t\t\t<div class=\"f-carousel__slide\">\n\t\t\t\t\t<img class=\"wpb--image-fit\" loading=\"lazy\" data-lazy-src=\"https:\/\/www.luxurylivingmarbella.com\/wp-content\/uploads\/inmoba\/thumb-sale-1.5-exact-693907-5.webp\" alt=\"\u00c1tico exclusivo en primera l\u00ednea de playa con orientaci\u00f3n sur - Alhambra del Mar\" \/>\n\t\t\t\t<\/div>\n\t\t\t\t\t\t\t\t<div class=\"f-carousel__slide\">\n\t\t\t\t\t<img class=\"wpb--image-fit\" loading=\"lazy\" data-lazy-src=\"https:\/\/www.luxurylivingmarbella.com\/wp-content\/uploads\/inmoba\/thumb-sale-1.5-exact-693907-6.webp\" alt=\"\u00c1tico exclusivo en primera l\u00ednea de playa con orientaci\u00f3n sur - Alhambra del Mar\" \/>\n\t\t\t\t<\/div>\n\t\t\t\t\t\t\t\t<div class=\"f-carousel__slide\">\n\t\t\t\t\t<img class=\"wpb--image-fit\" loading=\"lazy\" data-lazy-src=\"https:\/\/www.luxurylivingmarbella.com\/wp-content\/uploads\/inmoba\/thumb-sale-1.5-exact-693907-7.webp\" alt=\"\u00c1tico exclusivo en primera l\u00ednea de playa con orientaci\u00f3n sur - Alhambra del Mar\" \/>\n\t\t\t\t<\/div>\n\t\t\t\t\t\t\t\t<div class=\"f-carousel__slide\">\n\t\t\t\t\t<img class=\"wpb--image-fit\" loading=\"lazy\" data-lazy-src=\"\/wp-content\/plugins\/inmobaliaplugin\/image.php?u=B98Le8~d7M9k3DegpEFZhS0lI_F8U4XZVz~HWxt~mGgYekxX9nCAxh0ZjtE2u9zqepXEUrVLqfm8KeIGW6Gtyd4X_OmBrysNhIXfQpLWmmUQ8rJ58jxA046iXi5bZiJdeuNpOme3XGq6mpwIGmtOFf4xodLj~mr5Fg--&i=693907-8&s=500&f=sale&r=1.5&ro=exact&k=8\" alt=\"\u00c1tico exclusivo en primera l\u00ednea de playa con orientaci\u00f3n sur - Alhambra del Mar\" \/>\n\t\t\t\t<\/div>\n\t\t\t\t\t\t\t\t<div class=\"f-carousel__slide\">\n\t\t\t\t\t<img class=\"wpb--image-fit\" loading=\"lazy\" data-lazy-src=\"\/wp-content\/plugins\/inmobaliaplugin\/image.php?u=B98Le8~d7M9k3DegpEFZhS0lI_F8U4XZVz~HWxt~mGgYekxX9nCAxh0ZjtE2u9zqepXEUrVLqfm8KeIGW6Gtyd4X_OmBrysNhIXfQpLWmmUQ8TQ2PcMuoP0d6Pw0VIzk7X48HOZg5XhjeHepHC4w_8rVYw4snBYCvg--&i=693907-9&s=500&f=sale&r=1.5&ro=exact&k=9\" alt=\"\u00c1tico exclusivo en primera l\u00ednea de playa con orientaci\u00f3n sur - Alhambra del Mar\" \/>\n\t\t\t\t<\/div>\n\t\t\t\t\t\t\t\t<div class=\"f-carousel__slide\">\n\t\t\t\t\t<img class=\"wpb--image-fit\" loading=\"lazy\" data-lazy-src=\"\/wp-content\/plugins\/inmobaliaplugin\/image.php?u=B98Le8~d7M9k3DegpEFZhS0lI_F8U4XZVz~HWxt~mGgYekxX9nCAxh0ZjtE2u9zqepXEUrVLqfm8KeIGW6Gtyd4X_OmBrysNhIXfQpLWmmUQ90XDIz4pG1VBPq0GdOuspYPBj9i0tNTFplUkgDKwSTxkpAt2UYYJAQ--&i=693907-10&s=500&f=sale&r=1.5&ro=exact&k=10\" alt=\"\u00c1tico exclusivo en primera l\u00ednea de playa con orientaci\u00f3n sur - Alhambra del Mar\" \/>\n\t\t\t\t<\/div>\n\t\t\t\t\t\t\t\t<div class=\"f-carousel__slide\">\n\t\t\t\t\t<img class=\"wpb--image-fit\" loading=\"lazy\" data-lazy-src=\"https:\/\/www.luxurylivingmarbella.com\/wp-content\/uploads\/inmoba\/thumb-sale-1.5-exact-693907-11.webp\" alt=\"\u00c1tico exclusivo en primera l\u00ednea de playa con orientaci\u00f3n sur - Alhambra del Mar\" \/>\n\t\t\t\t<\/div>\n\t\t\t\t\t\t\t\t<div class=\"f-carousel__slide\">\n\t\t\t\t\t<img class=\"wpb--image-fit\" loading=\"lazy\" data-lazy-src=\"https:\/\/www.luxurylivingmarbella.com\/wp-content\/uploads\/inmoba\/thumb-sale-1.5-exact-693907-12.webp\" alt=\"\u00c1tico exclusivo en primera l\u00ednea de playa con orientaci\u00f3n sur - Alhambra del Mar\" \/>\n\t\t\t\t<\/div>\n\t\t\t\t\t\t\t\t<div class=\"f-carousel__slide\">\n\t\t\t\t\t<img class=\"wpb--image-fit\" loading=\"lazy\" data-lazy-src=\"https:\/\/www.luxurylivingmarbella.com\/wp-content\/uploads\/inmoba\/thumb-sale-1.5-exact-693907-13.webp\" alt=\"\u00c1tico exclusivo en primera l\u00ednea de playa con orientaci\u00f3n sur - Alhambra del Mar\" \/>\n\t\t\t\t<\/div>\n\t\t\t\t\t\t\t\t<div class=\"f-carousel__slide\">\n\t\t\t\t\t<img class=\"wpb--image-fit\" loading=\"lazy\" data-lazy-src=\"https:\/\/www.luxurylivingmarbella.com\/wp-content\/uploads\/inmoba\/thumb-sale-1.5-exact-693907-14.webp\" alt=\"\u00c1tico exclusivo en primera l\u00ednea de playa con orientaci\u00f3n sur - Alhambra del Mar\" \/>\n\t\t\t\t<\/div>\n\t\t\t\t\t\t\t\t<div class=\"f-carousel__slide\">\n\t\t\t\t\t<img class=\"wpb--image-fit\" loading=\"lazy\" data-lazy-src=\"\/wp-content\/plugins\/inmobaliaplugin\/image.php?u=B98Le8~d7M9k3DegpEFZhS0lI_F8U4XZVz~HWxt~mGgYekxX9nCAxh0ZjtE2u9zqepXEUrVLqfm8KeIGW6Gtyd4X_OmBrysNhIXfQpLWmmUQ_W90H2kUUlGmYiJ8T9JuFEDyrHPR20Qn~Tl75POSPIQQGhoWgkVz3Q--&i=693907-15&s=500&f=sale&r=1.5&ro=exact&k=15\" alt=\"\u00c1tico exclusivo en primera l\u00ednea de playa con orientaci\u00f3n sur - Alhambra del Mar\" \/>\n\t\t\t\t<\/div>\n\t\t\t\t\t\t\t\t<div class=\"f-carousel__slide\">\n\t\t\t\t\t<img class=\"wpb--image-fit\" loading=\"lazy\" data-lazy-src=\"https:\/\/www.luxurylivingmarbella.com\/wp-content\/uploads\/inmoba\/thumb-sale-1.5-exact-693907-16.webp\" alt=\"\u00c1tico exclusivo en primera l\u00ednea de playa con orientaci\u00f3n sur - Alhambra del Mar\" \/>\n\t\t\t\t<\/div>\n\t\t\t\t\t\t\t\t<div class=\"f-carousel__slide\">\n\t\t\t\t\t<img class=\"wpb--image-fit\" loading=\"lazy\" data-lazy-src=\"\/wp-content\/plugins\/inmobaliaplugin\/image.php?u=B98Le8~d7M9k3DegpEFZhS0lI_F8U4XZVz~HWxt~mGgYekxX9nCAxh0ZjtE2u9zqepXEUrVLqfm8KeIGW6Gtyd4X_OmBrysNhIXfQpLWmmUQpRBRQslkMSPMlOKHTQisvtXm_XpGaKs6zD2wBhXeYJVdfCKuE9Y05g--&i=693907-17&s=500&f=sale&r=1.5&ro=exact&k=17\" alt=\"\u00c1tico exclusivo en primera l\u00ednea de playa con orientaci\u00f3n sur - Alhambra del Mar\" \/>\n\t\t\t\t<\/div>\n\t\t\t\t\t\t\t\t<div class=\"f-carousel__slide\">\n\t\t\t\t\t<img class=\"wpb--image-fit\" loading=\"lazy\" data-lazy-src=\"https:\/\/www.luxurylivingmarbella.com\/wp-content\/uploads\/inmoba\/thumb-sale-1.5-exact-693907-18.webp\" alt=\"\u00c1tico exclusivo en primera l\u00ednea de playa con orientaci\u00f3n sur - Alhambra del Mar\" \/>\n\t\t\t\t<\/div>\n\t\t\t\t\t\t\t\t<div class=\"f-carousel__slide\">\n\t\t\t\t\t<img class=\"wpb--image-fit\" loading=\"lazy\" data-lazy-src=\"https:\/\/www.luxurylivingmarbella.com\/wp-content\/uploads\/inmoba\/thumb-sale-1.5-exact-693907-19.webp\" alt=\"\u00c1tico exclusivo en primera l\u00ednea de playa con orientaci\u00f3n sur - Alhambra del Mar\" \/>\n\t\t\t\t<\/div>\n\t\t\t\t\t\t\t\t<div class=\"f-carousel__slide\">\n\t\t\t\t\t<img class=\"wpb--image-fit\" loading=\"lazy\" data-lazy-src=\"https:\/\/www.luxurylivingmarbella.com\/wp-content\/uploads\/inmoba\/thumb-sale-1.5-exact-693907-20.webp\" alt=\"\u00c1tico exclusivo en primera l\u00ednea de playa con orientaci\u00f3n sur - Alhambra del Mar\" \/>\n\t\t\t\t<\/div>\n\t\t\t\t\t\t\t\t<div class=\"f-carousel__slide\">\n\t\t\t\t\t<img class=\"wpb--image-fit\" loading=\"lazy\" data-lazy-src=\"https:\/\/www.luxurylivingmarbella.com\/wp-content\/uploads\/inmoba\/thumb-sale-1.5-exact-693907-21.webp\" alt=\"\u00c1tico exclusivo en primera l\u00ednea de playa con orientaci\u00f3n sur - Alhambra del Mar\" \/>\n\t\t\t\t<\/div>\n\t\t\t\t\t\t\t\t<div class=\"f-carousel__slide\">\n\t\t\t\t\t<img class=\"wpb--image-fit\" loading=\"lazy\" data-lazy-src=\"https:\/\/www.luxurylivingmarbella.com\/wp-content\/uploads\/inmoba\/thumb-sale-1.5-exact-693907-22.webp\" alt=\"\u00c1tico exclusivo en primera l\u00ednea de playa con orientaci\u00f3n sur - Alhambra del Mar\" \/>\n\t\t\t\t<\/div>\n\t\t\t\t\t\t\t\t<div class=\"f-carousel__slide\">\n\t\t\t\t\t<img class=\"wpb--image-fit\" loading=\"lazy\" data-lazy-src=\"https:\/\/www.luxurylivingmarbella.com\/wp-content\/uploads\/inmoba\/thumb-sale-1.5-exact-693907-23.webp\" alt=\"\u00c1tico exclusivo en primera l\u00ednea de playa con orientaci\u00f3n sur - Alhambra del Mar\" \/>\n\t\t\t\t<\/div>\n\t\t\t\t\t\t\t\t<div class=\"f-carousel__slide\">\n\t\t\t\t\t<img class=\"wpb--image-fit\" loading=\"lazy\" data-lazy-src=\"https:\/\/www.luxurylivingmarbella.com\/wp-content\/uploads\/inmoba\/thumb-sale-1.5-exact-693907-24.webp\" alt=\"\u00c1tico exclusivo en primera l\u00ednea de playa con orientaci\u00f3n sur - Alhambra del Mar\" \/>\n\t\t\t\t<\/div>\n\t\t\t\t\t\t\t\t<div class=\"f-carousel__slide\">\n\t\t\t\t\t<img class=\"wpb--image-fit\" loading=\"lazy\" data-lazy-src=\"https:\/\/www.luxurylivingmarbella.com\/wp-content\/uploads\/inmoba\/thumb-sale-1.5-exact-693907-25.webp\" alt=\"\u00c1tico exclusivo en primera l\u00ednea de playa con orientaci\u00f3n sur - Alhambra del Mar\" \/>\n\t\t\t\t<\/div>\n\t\t\t\t\t\t\t\t<div class=\"f-carousel__slide\">\n\t\t\t\t\t<img class=\"wpb--image-fit\" loading=\"lazy\" data-lazy-src=\"https:\/\/www.luxurylivingmarbella.com\/wp-content\/uploads\/inmoba\/thumb-sale-1.5-exact-693907-26.webp\" alt=\"\u00c1tico exclusivo en primera l\u00ednea de playa con orientaci\u00f3n sur - Alhambra del Mar\" \/>\n\t\t\t\t<\/div>\n\t\t\t\t\t\t\t\t<div class=\"f-carousel__slide\">\n\t\t\t\t\t<img class=\"wpb--image-fit\" loading=\"lazy\" data-lazy-src=\"https:\/\/www.luxurylivingmarbella.com\/wp-content\/uploads\/inmoba\/thumb-sale-1.5-exact-693907-27.webp\" alt=\"\u00c1tico exclusivo en primera l\u00ednea de playa con orientaci\u00f3n sur - Alhambra del Mar\" \/>\n\t\t\t\t<\/div>\n\t\t\t\t\t\t\t<\/div>\n\t\t\t\t\t<\/div>\n\t\t<div class=\"wpb--action-container\">\n\t\t\t <button>Ver detalles<\/button>\n\t\t<\/div>\n\t<\/div>\n\t<div class=\"wpb--card-body\">\n\t\t<span class=\"wpb--card-body-location\"><span>ESNY003<\/span> | Alhambra del Mar - Marbella Golden Mile<\/span>\n\t\t<h2 class=\"wpb--card-title\">\n\t\t\t<a class=\"wpb--stretched-link\" href=\"\/es\/propiedad\/venta-alhambra-del-mar-atico-duplex-693907\">\n\t\t\t\t\u00c1tico exclusivo en primera l\u00ednea de playa con orientaci\u00f3n sur - Alhambra del Mar\t\t\t<\/a>\n\t\t<\/h2>\n\t\t<div class=\"wpb--card-data\">\n\t\t\t<div class=\"wpb--card-locationref\">\n\t\t\t\t<ul class=\"wpb--card-features\">\n\t\t\t\t\t\t\t\t\t\t<li>3  Dormitorios<\/li>\n\t\t\t\t\t\t\t\t\t\t<li>3  Ba\u00f1os<\/li>\n\t\t\t\t\t\t\t\t\t\t<li>315 m&sup2; Const.<\/li>\n\t\t\t\t\t\t\t\t\t<\/ul>\n\t\t\t<\/div>\n\t\t\t<div class=\"wpb--card-price\">\n\t\t\t\t4.150.000 &euro;\t\t\t<\/div>\n\t\t<\/div>\n\t<\/div>\n<\/div><div class=\"wpb--card wpb--card-reduced\">\n\t<div class=\"wpb--aspect-box wpb--portrait\">\n\t\t<div class=\"wpb--overflow-hidden\">\n\t\t\t\t\t\t\t\t\t<div class=\"f-carousel\">\n\t\t\t\t\t\t\t\t<div class=\"f-carousel__slide\">\n\t\t\t\t\t<img decoding=\"async\" class=\"wpb--image-fit\" loading=\"lazy\" src=\"https:\/\/www.luxurylivingmarbella.com\/wp-content\/uploads\/inmoba\/thumb-sale-1.5-exact-688753-0.webp\" alt=\"Elegante Apartamento de 2 Dormitorios en la Milla de Oro de Marbella con Gimnasio y Parking Subterr\u00e1neo\" \/>\n\t\t\t\t<\/div>\n\t\t\t\t\t\t\t\t<div class=\"f-carousel__slide\">\n\t\t\t\t\t<img class=\"wpb--image-fit\" loading=\"lazy\" data-lazy-src=\"https:\/\/www.luxurylivingmarbella.com\/wp-content\/uploads\/inmoba\/thumb-sale-1.5-exact-688753-1.webp\" alt=\"Elegante Apartamento de 2 Dormitorios en la Milla de Oro de Marbella con Gimnasio y Parking Subterr\u00e1neo\" \/>\n\t\t\t\t<\/div>\n\t\t\t\t\t\t\t\t<div class=\"f-carousel__slide\">\n\t\t\t\t\t<img class=\"wpb--image-fit\" loading=\"lazy\" data-lazy-src=\"https:\/\/www.luxurylivingmarbella.com\/wp-content\/uploads\/inmoba\/thumb-sale-1.5-exact-688753-2.webp\" alt=\"Elegante Apartamento de 2 Dormitorios en la Milla de Oro de Marbella con Gimnasio y Parking Subterr\u00e1neo\" \/>\n\t\t\t\t<\/div>\n\t\t\t\t\t\t\t\t<div class=\"f-carousel__slide\">\n\t\t\t\t\t<img class=\"wpb--image-fit\" loading=\"lazy\" data-lazy-src=\"https:\/\/www.luxurylivingmarbella.com\/wp-content\/uploads\/inmoba\/thumb-sale-1.5-exact-688753-3.webp\" alt=\"Elegante Apartamento de 2 Dormitorios en la Milla de Oro de Marbella con Gimnasio y Parking Subterr\u00e1neo\" \/>\n\t\t\t\t<\/div>\n\t\t\t\t\t\t\t\t<div class=\"f-carousel__slide\">\n\t\t\t\t\t<img class=\"wpb--image-fit\" loading=\"lazy\" data-lazy-src=\"https:\/\/www.luxurylivingmarbella.com\/wp-content\/uploads\/inmoba\/thumb-sale-1.5-exact-688753-4.webp\" alt=\"Elegante Apartamento de 2 Dormitorios en la Milla de Oro de Marbella con Gimnasio y Parking Subterr\u00e1neo\" \/>\n\t\t\t\t<\/div>\n\t\t\t\t\t\t\t\t<div class=\"f-carousel__slide\">\n\t\t\t\t\t<img class=\"wpb--image-fit\" loading=\"lazy\" data-lazy-src=\"https:\/\/www.luxurylivingmarbella.com\/wp-content\/uploads\/inmoba\/thumb-sale-1.5-exact-688753-5.webp\" alt=\"Elegante Apartamento de 2 Dormitorios en la Milla de Oro de Marbella con Gimnasio y Parking Subterr\u00e1neo\" \/>\n\t\t\t\t<\/div>\n\t\t\t\t\t\t\t\t<div class=\"f-carousel__slide\">\n\t\t\t\t\t<img class=\"wpb--image-fit\" loading=\"lazy\" data-lazy-src=\"https:\/\/www.luxurylivingmarbella.com\/wp-content\/uploads\/inmoba\/thumb-sale-1.5-exact-688753-6.webp\" alt=\"Elegante Apartamento de 2 Dormitorios en la Milla de Oro de Marbella con Gimnasio y Parking Subterr\u00e1neo\" \/>\n\t\t\t\t<\/div>\n\t\t\t\t\t\t\t\t<div class=\"f-carousel__slide\">\n\t\t\t\t\t<img class=\"wpb--image-fit\" loading=\"lazy\" data-lazy-src=\"https:\/\/www.luxurylivingmarbella.com\/wp-content\/uploads\/inmoba\/thumb-sale-1.5-exact-688753-7.webp\" alt=\"Elegante Apartamento de 2 Dormitorios en la Milla de Oro de Marbella con Gimnasio y Parking Subterr\u00e1neo\" \/>\n\t\t\t\t<\/div>\n\t\t\t\t\t\t\t\t<div class=\"f-carousel__slide\">\n\t\t\t\t\t<img class=\"wpb--image-fit\" loading=\"lazy\" data-lazy-src=\"https:\/\/www.luxurylivingmarbella.com\/wp-content\/uploads\/inmoba\/thumb-sale-1.5-exact-688753-8.webp\" alt=\"Elegante Apartamento de 2 Dormitorios en la Milla de Oro de Marbella con Gimnasio y Parking Subterr\u00e1neo\" \/>\n\t\t\t\t<\/div>\n\t\t\t\t\t\t\t\t<div class=\"f-carousel__slide\">\n\t\t\t\t\t<img class=\"wpb--image-fit\" loading=\"lazy\" data-lazy-src=\"https:\/\/www.luxurylivingmarbella.com\/wp-content\/uploads\/inmoba\/thumb-sale-1.5-exact-688753-9.webp\" alt=\"Elegante Apartamento de 2 Dormitorios en la Milla de Oro de Marbella con Gimnasio y Parking Subterr\u00e1neo\" \/>\n\t\t\t\t<\/div>\n\t\t\t\t\t\t\t\t<div class=\"f-carousel__slide\">\n\t\t\t\t\t<img class=\"wpb--image-fit\" loading=\"lazy\" data-lazy-src=\"\/wp-content\/plugins\/inmobaliaplugin\/image.php?u=B98Le8~d7M9k3DegpEFZhS0lI_F8U4XZVz~HWxt~mGgYekxX9nCAxh0ZjtE2u9zqepXEUrVLqfm8KeIGW6Gtyd4X9JW0D24td52F3i4sgCJn_FnAKEP50wBPH98CaFRWN0cUS__EKzpXnHMRp~fanXD5_3YcQYrFqQ--&i=688753-10&s=500&f=sale&r=1.5&ro=exact&k=10\" alt=\"Elegante Apartamento de 2 Dormitorios en la Milla de Oro de Marbella con Gimnasio y Parking Subterr\u00e1neo\" \/>\n\t\t\t\t<\/div>\n\t\t\t\t\t\t\t\t<div class=\"f-carousel__slide\">\n\t\t\t\t\t<img class=\"wpb--image-fit\" loading=\"lazy\" data-lazy-src=\"https:\/\/www.luxurylivingmarbella.com\/wp-content\/uploads\/inmoba\/thumb-sale-1.5-exact-688753-11.webp\" alt=\"Elegante Apartamento de 2 Dormitorios en la Milla de Oro de Marbella con Gimnasio y Parking Subterr\u00e1neo\" \/>\n\t\t\t\t<\/div>\n\t\t\t\t\t\t\t\t<div class=\"f-carousel__slide\">\n\t\t\t\t\t<img class=\"wpb--image-fit\" loading=\"lazy\" data-lazy-src=\"\/wp-content\/plugins\/inmobaliaplugin\/image.php?u=B98Le8~d7M9k3DegpEFZhS0lI_F8U4XZVz~HWxt~mGgYekxX9nCAxh0ZjtE2u9zqepXEUrVLqfm8KeIGW6Gtyd4X9JW0D24td52F3i4sgCJnqYyNXdERJNvjpjEgPunc9fCUJq2kwaMp8MjzBdVAndqFCgqCjChUPQ--&i=688753-12&s=500&f=sale&r=1.5&ro=exact&k=12\" alt=\"Elegante Apartamento de 2 Dormitorios en la Milla de Oro de Marbella con Gimnasio y Parking Subterr\u00e1neo\" \/>\n\t\t\t\t<\/div>\n\t\t\t\t\t\t\t\t<div class=\"f-carousel__slide\">\n\t\t\t\t\t<img class=\"wpb--image-fit\" loading=\"lazy\" data-lazy-src=\"\/wp-content\/plugins\/inmobaliaplugin\/image.php?u=B98Le8~d7M9k3DegpEFZhS0lI_F8U4XZVz~HWxt~mGgYekxX9nCAxh0ZjtE2u9zqepXEUrVLqfm8KeIGW6Gtyd4X9JW0D24td52F3i4sgCJn8r2HFhDCTS4biS3M4vDLVM5sRek~U8NwnzWXc3VjtOXJSwW3dfaj1g--&i=688753-13&s=500&f=sale&r=1.5&ro=exact&k=13\" alt=\"Elegante Apartamento de 2 Dormitorios en la Milla de Oro de Marbella con Gimnasio y Parking Subterr\u00e1neo\" \/>\n\t\t\t\t<\/div>\n\t\t\t\t\t\t\t\t<div class=\"f-carousel__slide\">\n\t\t\t\t\t<img class=\"wpb--image-fit\" loading=\"lazy\" data-lazy-src=\"https:\/\/www.luxurylivingmarbella.com\/wp-content\/uploads\/inmoba\/thumb-sale-1.5-exact-688753-14.webp\" alt=\"Elegante Apartamento de 2 Dormitorios en la Milla de Oro de Marbella con Gimnasio y Parking Subterr\u00e1neo\" \/>\n\t\t\t\t<\/div>\n\t\t\t\t\t\t\t\t<div class=\"f-carousel__slide\">\n\t\t\t\t\t<img class=\"wpb--image-fit\" loading=\"lazy\" data-lazy-src=\"\/wp-content\/plugins\/inmobaliaplugin\/image.php?u=B98Le8~d7M9k3DegpEFZhS0lI_F8U4XZVz~HWxt~mGgYekxX9nCAxh0ZjtE2u9zqepXEUrVLqfm8KeIGW6Gtyd4X9JW0D24td52F3i4sgCJnqnerv4UpgwmVSd0jAYU9qowI0K7l_k394Be_Nklf9Hv3cPtk6lrMFg--&i=688753-15&s=500&f=sale&r=1.5&ro=exact&k=15\" alt=\"Elegante Apartamento de 2 Dormitorios en la Milla de Oro de Marbella con Gimnasio y Parking Subterr\u00e1neo\" \/>\n\t\t\t\t<\/div>\n\t\t\t\t\t\t\t\t<div class=\"f-carousel__slide\">\n\t\t\t\t\t<img class=\"wpb--image-fit\" loading=\"lazy\" data-lazy-src=\"https:\/\/www.luxurylivingmarbella.com\/wp-content\/uploads\/inmoba\/thumb-sale-1.5-exact-688753-16.webp\" alt=\"Elegante Apartamento de 2 Dormitorios en la Milla de Oro de Marbella con Gimnasio y Parking Subterr\u00e1neo\" \/>\n\t\t\t\t<\/div>\n\t\t\t\t\t\t\t\t<div class=\"f-carousel__slide\">\n\t\t\t\t\t<img class=\"wpb--image-fit\" loading=\"lazy\" data-lazy-src=\"https:\/\/www.luxurylivingmarbella.com\/wp-content\/uploads\/inmoba\/thumb-sale-1.5-exact-688753-17.webp\" alt=\"Elegante Apartamento de 2 Dormitorios en la Milla de Oro de Marbella con Gimnasio y Parking Subterr\u00e1neo\" \/>\n\t\t\t\t<\/div>\n\t\t\t\t\t\t\t\t<div class=\"f-carousel__slide\">\n\t\t\t\t\t<img class=\"wpb--image-fit\" loading=\"lazy\" data-lazy-src=\"\/wp-content\/plugins\/inmobaliaplugin\/image.php?u=B98Le8~d7M9k3DegpEFZhS0lI_F8U4XZVz~HWxt~mGgYekxX9nCAxh0ZjtE2u9zqepXEUrVLqfm8KeIGW6Gtyd4X9JW0D24td52F3i4sgCJnqL5zZcejHhCgfJU7frjaqkSivs3bWvaT0dbXApovo_vmhFlPUjmP_A--&i=688753-18&s=500&f=sale&r=1.5&ro=exact&k=18\" alt=\"Elegante Apartamento de 2 Dormitorios en la Milla de Oro de Marbella con Gimnasio y Parking Subterr\u00e1neo\" \/>\n\t\t\t\t<\/div>\n\t\t\t\t\t\t\t\t<div class=\"f-carousel__slide\">\n\t\t\t\t\t<img class=\"wpb--image-fit\" loading=\"lazy\" data-lazy-src=\"https:\/\/www.luxurylivingmarbella.com\/wp-content\/uploads\/inmoba\/thumb-sale-1.5-exact-688753-19.webp\" alt=\"Elegante Apartamento de 2 Dormitorios en la Milla de Oro de Marbella con Gimnasio y Parking Subterr\u00e1neo\" \/>\n\t\t\t\t<\/div>\n\t\t\t\t\t\t\t\t<div class=\"f-carousel__slide\">\n\t\t\t\t\t<img class=\"wpb--image-fit\" loading=\"lazy\" data-lazy-src=\"\/wp-content\/plugins\/inmobaliaplugin\/image.php?u=B98Le8~d7M9k3DegpEFZhS0lI_F8U4XZVz~HWxt~mGgYekxX9nCAxh0ZjtE2u9zqepXEUrVLqfm8KeIGW6Gtyd4X9JW0D24td52F3i4sgCJn_zWmwnP~GPUWFsQu9JxMZzqTopKr57a5sA3Rk_2P3lw5ckAZed54Ug--&i=688753-20&s=500&f=sale&r=1.5&ro=exact&k=20\" alt=\"Elegante Apartamento de 2 Dormitorios en la Milla de Oro de Marbella con Gimnasio y Parking Subterr\u00e1neo\" \/>\n\t\t\t\t<\/div>\n\t\t\t\t\t\t\t\t<div class=\"f-carousel__slide\">\n\t\t\t\t\t<img class=\"wpb--image-fit\" loading=\"lazy\" data-lazy-src=\"https:\/\/www.luxurylivingmarbella.com\/wp-content\/uploads\/inmoba\/thumb-sale-1.5-exact-688753-21.webp\" alt=\"Elegante Apartamento de 2 Dormitorios en la Milla de Oro de Marbella con Gimnasio y Parking Subterr\u00e1neo\" \/>\n\t\t\t\t<\/div>\n\t\t\t\t\t\t\t\t<div class=\"f-carousel__slide\">\n\t\t\t\t\t<img class=\"wpb--image-fit\" loading=\"lazy\" data-lazy-src=\"\/wp-content\/plugins\/inmobaliaplugin\/image.php?u=B98Le8~d7M9k3DegpEFZhS0lI_F8U4XZVz~HWxt~mGgYekxX9nCAxh0ZjtE2u9zqepXEUrVLqfm8KeIGW6Gtyd4X9JW0D24td52F3i4sgCJn_FeFL1zKV9g0XfylzEiww4SGG5HhqvNFfxTBc6pPBiJ178scAhlwAA--&i=688753-22&s=500&f=sale&r=1.5&ro=exact&k=22\" alt=\"Elegante Apartamento de 2 Dormitorios en la Milla de Oro de Marbella con Gimnasio y Parking Subterr\u00e1neo\" \/>\n\t\t\t\t<\/div>\n\t\t\t\t\t\t\t\t<div class=\"f-carousel__slide\">\n\t\t\t\t\t<img class=\"wpb--image-fit\" loading=\"lazy\" data-lazy-src=\"\/wp-content\/plugins\/inmobaliaplugin\/image.php?u=B98Le8~d7M9k3DegpEFZhS0lI_F8U4XZVz~HWxt~mGgYekxX9nCAxh0ZjtE2u9zqepXEUrVLqfm8KeIGW6Gtyd4X9JW0D24td52F3i4sgCJn83slS4IQFN91h2LMhTulKb~zBWsd6g5FTZF3lCJcXLfQXPfNqZi1hg--&i=688753-23&s=500&f=sale&r=1.5&ro=exact&k=23\" alt=\"Elegante Apartamento de 2 Dormitorios en la Milla de Oro de Marbella con Gimnasio y Parking Subterr\u00e1neo\" \/>\n\t\t\t\t<\/div>\n\t\t\t\t\t\t\t\t<div class=\"f-carousel__slide\">\n\t\t\t\t\t<img class=\"wpb--image-fit\" loading=\"lazy\" data-lazy-src=\"\/wp-content\/plugins\/inmobaliaplugin\/image.php?u=B98Le8~d7M9k3DegpEFZhS0lI_F8U4XZVz~HWxt~mGgYekxX9nCAxh0ZjtE2u9zqepXEUrVLqfm8KeIGW6Gtyd4X9JW0D24td52F3i4sgCJn~2yxx5WwQbA_YL6gPBma0rMOer5P44Ws4Tye4sRNTlZDVKqrQMt35g--&i=688753-24&s=500&f=sale&r=1.5&ro=exact&k=24\" alt=\"Elegante Apartamento de 2 Dormitorios en la Milla de Oro de Marbella con Gimnasio y Parking Subterr\u00e1neo\" \/>\n\t\t\t\t<\/div>\n\t\t\t\t\t\t\t\t<div class=\"f-carousel__slide\">\n\t\t\t\t\t<img class=\"wpb--image-fit\" loading=\"lazy\" data-lazy-src=\"\/wp-content\/plugins\/inmobaliaplugin\/image.php?u=B98Le8~d7M9k3DegpEFZhS0lI_F8U4XZVz~HWxt~mGgYekxX9nCAxh0ZjtE2u9zqepXEUrVLqfm8KeIGW6Gtyd4X9JW0D24td52F3i4sgCJn~d78ce_9BiC4PwXW1EukkioV5_A~OFnlUxwJKEfDsNR0cvhUHEdskA--&i=688753-25&s=500&f=sale&r=1.5&ro=exact&k=25\" alt=\"Elegante Apartamento de 2 Dormitorios en la Milla de Oro de Marbella con Gimnasio y Parking Subterr\u00e1neo\" \/>\n\t\t\t\t<\/div>\n\t\t\t\t\t\t\t\t<div class=\"f-carousel__slide\">\n\t\t\t\t\t<img class=\"wpb--image-fit\" loading=\"lazy\" data-lazy-src=\"\/wp-content\/plugins\/inmobaliaplugin\/image.php?u=B98Le8~d7M9k3DegpEFZhS0lI_F8U4XZVz~HWxt~mGgYekxX9nCAxh0ZjtE2u9zqepXEUrVLqfm8KeIGW6Gtyd4X9JW0D24td52F3i4sgCJnrlpwO4gg7e7N_PXHBkdGGmJrRsZ1X9nXWrjo_42TyCbszvIBDymwjg--&i=688753-26&s=500&f=sale&r=1.5&ro=exact&k=26\" alt=\"Elegante Apartamento de 2 Dormitorios en la Milla de Oro de Marbella con Gimnasio y Parking Subterr\u00e1neo\" \/>\n\t\t\t\t<\/div>\n\t\t\t\t\t\t\t\t<div class=\"f-carousel__slide\">\n\t\t\t\t\t<img class=\"wpb--image-fit\" loading=\"lazy\" data-lazy-src=\"https:\/\/www.luxurylivingmarbella.com\/wp-content\/uploads\/inmoba\/thumb-sale-1.5-exact-688753-27.webp\" alt=\"Elegante Apartamento de 2 Dormitorios en la Milla de Oro de Marbella con Gimnasio y Parking Subterr\u00e1neo\" \/>\n\t\t\t\t<\/div>\n\t\t\t\t\t\t\t\t<div class=\"f-carousel__slide\">\n\t\t\t\t\t<img class=\"wpb--image-fit\" loading=\"lazy\" data-lazy-src=\"https:\/\/www.luxurylivingmarbella.com\/wp-content\/uploads\/inmoba\/thumb-sale-1.5-exact-688753-28.webp\" alt=\"Elegante Apartamento de 2 Dormitorios en la Milla de Oro de Marbella con Gimnasio y Parking Subterr\u00e1neo\" \/>\n\t\t\t\t<\/div>\n\t\t\t\t\t\t\t\t<div class=\"f-carousel__slide\">\n\t\t\t\t\t<img class=\"wpb--image-fit\" loading=\"lazy\" data-lazy-src=\"https:\/\/www.luxurylivingmarbella.com\/wp-content\/uploads\/inmoba\/thumb-sale-1.5-exact-688753-29.webp\" alt=\"Elegante Apartamento de 2 Dormitorios en la Milla de Oro de Marbella con Gimnasio y Parking Subterr\u00e1neo\" \/>\n\t\t\t\t<\/div>\n\t\t\t\t\t\t\t\t<div class=\"f-carousel__slide\">\n\t\t\t\t\t<img class=\"wpb--image-fit\" loading=\"lazy\" data-lazy-src=\"https:\/\/www.luxurylivingmarbella.com\/wp-content\/uploads\/inmoba\/thumb-sale-1.5-exact-688753-30.webp\" alt=\"Elegante Apartamento de 2 Dormitorios en la Milla de Oro de Marbella con Gimnasio y Parking Subterr\u00e1neo\" \/>\n\t\t\t\t<\/div>\n\t\t\t\t\t\t\t<\/div>\n\t\t\t\t\t<\/div>\n\t\t<div class=\"wpb--action-container\">\n\t\t\t <button>Ver detalles<\/button>\n\t\t<\/div>\n\t<\/div>\n\t<div class=\"wpb--card-body\">\n\t\t<span class=\"wpb--card-body-location\"><span>CP0000032<\/span> | Oasis de Marbella - Marbella Golden Mile<\/span>\n\t\t<h2 class=\"wpb--card-title\">\n\t\t\t<a class=\"wpb--stretched-link\" href=\"\/es\/propiedad\/venta-oasis-de-marbella-apartamento-688753\">\n\t\t\t\tElegante Apartamento de 2 Dormitorios en la Milla de Oro de Marbella con Gimnasio y Parking Subterr\u00e1neo\t\t\t<\/a>\n\t\t<\/h2>\n\t\t<div class=\"wpb--card-data\">\n\t\t\t<div class=\"wpb--card-locationref\">\n\t\t\t\t<ul class=\"wpb--card-features\">\n\t\t\t\t\t\t\t\t\t\t<li>2  Dormitorios<\/li>\n\t\t\t\t\t\t\t\t\t\t<li>2  Ba\u00f1os<\/li>\n\t\t\t\t\t\t\t\t\t\t<li>100 m&sup2; Const.<\/li>\n\t\t\t\t\t\t\t\t\t<\/ul>\n\t\t\t<\/div>\n\t\t\t<div class=\"wpb--card-price\">\n\t\t\t\t700.000 &euro;\t\t\t<\/div>\n\t\t<\/div>\n\t<\/div>\n<\/div><div class=\"wpb--card wpb--card-reduced\">\n\t<div class=\"wpb--aspect-box wpb--portrait\">\n\t\t<div class=\"wpb--overflow-hidden\">\n\t\t\t\t\t\t\t\t\t<div class=\"f-carousel\">\n\t\t\t\t\t\t\t\t<div class=\"f-carousel__slide\">\n\t\t\t\t\t<img decoding=\"async\" class=\"wpb--image-fit\" loading=\"lazy\" src=\"https:\/\/www.luxurylivingmarbella.com\/wp-content\/uploads\/inmoba\/thumb-sale-1.5-exact-688318-0.webp\" alt=\"Atico duplex en venta en La Carolina Milla de Oro Marbella\" \/>\n\t\t\t\t<\/div>\n\t\t\t\t\t\t\t\t<div class=\"f-carousel__slide\">\n\t\t\t\t\t<img class=\"wpb--image-fit\" loading=\"lazy\" data-lazy-src=\"https:\/\/www.luxurylivingmarbella.com\/wp-content\/uploads\/inmoba\/thumb-sale-1.5-exact-688318-1.webp\" alt=\"Atico duplex en venta en La Carolina Milla de Oro Marbella\" \/>\n\t\t\t\t<\/div>\n\t\t\t\t\t\t\t\t<div class=\"f-carousel__slide\">\n\t\t\t\t\t<img class=\"wpb--image-fit\" loading=\"lazy\" data-lazy-src=\"https:\/\/www.luxurylivingmarbella.com\/wp-content\/uploads\/inmoba\/thumb-sale-1.5-exact-688318-2.webp\" alt=\"Atico duplex en venta en La Carolina Milla de Oro Marbella\" \/>\n\t\t\t\t<\/div>\n\t\t\t\t\t\t\t\t<div class=\"f-carousel__slide\">\n\t\t\t\t\t<img class=\"wpb--image-fit\" loading=\"lazy\" data-lazy-src=\"\/wp-content\/plugins\/inmobaliaplugin\/image.php?u=B98Le8~d7M9k3DegpEFZhS0lI_F8U4XZVz~HWxt~mGgYekxX9nCAxh0ZjtE2u9zqepXEUrVLqfm8KeIGW6Gtyd4X891a0tMVGoKUjZl1KgOyDxOS9W5l~isxuA1oYjXMIFUm_oLI013JEWulL2tyiXBUJUi_UJW6~Q--&i=688318-3&s=500&f=sale&r=1.5&ro=exact&k=3\" alt=\"Atico duplex en venta en La Carolina Milla de Oro Marbella\" \/>\n\t\t\t\t<\/div>\n\t\t\t\t\t\t\t\t<div class=\"f-carousel__slide\">\n\t\t\t\t\t<img class=\"wpb--image-fit\" loading=\"lazy\" data-lazy-src=\"\/wp-content\/plugins\/inmobaliaplugin\/image.php?u=B98Le8~d7M9k3DegpEFZhS0lI_F8U4XZVz~HWxt~mGgYekxX9nCAxh0ZjtE2u9zqepXEUrVLqfm8KeIGW6Gtyd4X891a0tMVGoKUjZl1KgOyW1aiU1njYJAPhb26l6aqTW1MFoTFFKZAkXwK7MHjwrIo~1cjGleWxA--&i=688318-4&s=500&f=sale&r=1.5&ro=exact&k=4\" alt=\"Atico duplex en venta en La Carolina Milla de Oro Marbella\" \/>\n\t\t\t\t<\/div>\n\t\t\t\t\t\t\t\t<div class=\"f-carousel__slide\">\n\t\t\t\t\t<img class=\"wpb--image-fit\" loading=\"lazy\" data-lazy-src=\"\/wp-content\/plugins\/inmobaliaplugin\/image.php?u=B98Le8~d7M9k3DegpEFZhS0lI_F8U4XZVz~HWxt~mGgYekxX9nCAxh0ZjtE2u9zqepXEUrVLqfm8KeIGW6Gtyd4X891a0tMVGoKUjZl1KgOyXMS4FXYep0IGtRh095r5_Sn0PAI4c7dplzItfdzsPAGjoJIrXq~NAQ--&i=688318-5&s=500&f=sale&r=1.5&ro=exact&k=5\" alt=\"Atico duplex en venta en La Carolina Milla de Oro Marbella\" \/>\n\t\t\t\t<\/div>\n\t\t\t\t\t\t\t\t<div class=\"f-carousel__slide\">\n\t\t\t\t\t<img class=\"wpb--image-fit\" loading=\"lazy\" data-lazy-src=\"\/wp-content\/plugins\/inmobaliaplugin\/image.php?u=B98Le8~d7M9k3DegpEFZhS0lI_F8U4XZVz~HWxt~mGgYekxX9nCAxh0ZjtE2u9zqepXEUrVLqfm8KeIGW6Gtyd4X891a0tMVGoKUjZl1KgOyVhJFx3JZ95JTBpNjNbrEhsJpar6Kl3jGeVOg63eEjkNNfqzK6f75Pg--&i=688318-6&s=500&f=sale&r=1.5&ro=exact&k=6\" alt=\"Atico duplex en venta en La Carolina Milla de Oro Marbella\" \/>\n\t\t\t\t<\/div>\n\t\t\t\t\t\t\t\t<div class=\"f-carousel__slide\">\n\t\t\t\t\t<img class=\"wpb--image-fit\" loading=\"lazy\" data-lazy-src=\"\/wp-content\/plugins\/inmobaliaplugin\/image.php?u=B98Le8~d7M9k3DegpEFZhS0lI_F8U4XZVz~HWxt~mGgYekxX9nCAxh0ZjtE2u9zqepXEUrVLqfm8KeIGW6Gtyd4X891a0tMVGoKUjZl1KgOyDxlgxQbwolI321AjHVGtVooZm7_rFAdfRti1AjTdIEtRi9u8TjWFfA--&i=688318-7&s=500&f=sale&r=1.5&ro=exact&k=7\" alt=\"Atico duplex en venta en La Carolina Milla de Oro Marbella\" \/>\n\t\t\t\t<\/div>\n\t\t\t\t\t\t\t\t<div class=\"f-carousel__slide\">\n\t\t\t\t\t<img class=\"wpb--image-fit\" loading=\"lazy\" data-lazy-src=\"\/wp-content\/plugins\/inmobaliaplugin\/image.php?u=B98Le8~d7M9k3DegpEFZhS0lI_F8U4XZVz~HWxt~mGgYekxX9nCAxh0ZjtE2u9zqepXEUrVLqfm8KeIGW6Gtyd4X891a0tMVGoKUjZl1KgOyD00mQiEJ_AEgssg~kw8NKnI0EuJMyqfYJbiHHeEyO1IVxcIzB_ZbWg--&i=688318-8&s=500&f=sale&r=1.5&ro=exact&k=8\" alt=\"Atico duplex en venta en La Carolina Milla de Oro Marbella\" \/>\n\t\t\t\t<\/div>\n\t\t\t\t\t\t\t\t<div class=\"f-carousel__slide\">\n\t\t\t\t\t<img class=\"wpb--image-fit\" loading=\"lazy\" data-lazy-src=\"\/wp-content\/plugins\/inmobaliaplugin\/image.php?u=B98Le8~d7M9k3DegpEFZhS0lI_F8U4XZVz~HWxt~mGgYekxX9nCAxh0ZjtE2u9zqepXEUrVLqfm8KeIGW6Gtyd4X891a0tMVGoKUjZl1KgOyDVATxxwgf4wdFCa~1jvfrIIMjKnKaYJ8DmAtIdSjgIPGzIH2O1Df4Q--&i=688318-9&s=500&f=sale&r=1.5&ro=exact&k=9\" alt=\"Atico duplex en venta en La Carolina Milla de Oro Marbella\" \/>\n\t\t\t\t<\/div>\n\t\t\t\t\t\t\t\t<div class=\"f-carousel__slide\">\n\t\t\t\t\t<img class=\"wpb--image-fit\" loading=\"lazy\" data-lazy-src=\"\/wp-content\/plugins\/inmobaliaplugin\/image.php?u=B98Le8~d7M9k3DegpEFZhS0lI_F8U4XZVz~HWxt~mGgYekxX9nCAxh0ZjtE2u9zqepXEUrVLqfm8KeIGW6Gtyd4X891a0tMVGoKUjZl1KgOyDQcuXmvYQ2161d1sWbO1sM2eauNwDJxc1Ajp3x3sAGmJCxhbCxeznA--&i=688318-10&s=500&f=sale&r=1.5&ro=exact&k=10\" alt=\"Atico duplex en venta en La Carolina Milla de Oro Marbella\" \/>\n\t\t\t\t<\/div>\n\t\t\t\t\t\t\t\t<div class=\"f-carousel__slide\">\n\t\t\t\t\t<img class=\"wpb--image-fit\" loading=\"lazy\" data-lazy-src=\"\/wp-content\/plugins\/inmobaliaplugin\/image.php?u=B98Le8~d7M9k3DegpEFZhS0lI_F8U4XZVz~HWxt~mGgYekxX9nCAxh0ZjtE2u9zqepXEUrVLqfm8KeIGW6Gtyd4X891a0tMVGoKUjZl1KgOyW1X1821~3ZQctCU63PkvQE_3isHbVXQadtdlp46Pa_GQYR~dHfAPKw--&i=688318-11&s=500&f=sale&r=1.5&ro=exact&k=11\" alt=\"Atico duplex en venta en La Carolina Milla de Oro Marbella\" \/>\n\t\t\t\t<\/div>\n\t\t\t\t\t\t\t\t<div class=\"f-carousel__slide\">\n\t\t\t\t\t<img class=\"wpb--image-fit\" loading=\"lazy\" data-lazy-src=\"\/wp-content\/plugins\/inmobaliaplugin\/image.php?u=B98Le8~d7M9k3DegpEFZhS0lI_F8U4XZVz~HWxt~mGgYekxX9nCAxh0ZjtE2u9zqepXEUrVLqfm8KeIGW6Gtyd4X891a0tMVGoKUjZl1KgOyWLyiZOnUd~MchGlnnQa8xwjA6I9vXcIRBH3KQagbuQlMAUAK4B0s4Q--&i=688318-12&s=500&f=sale&r=1.5&ro=exact&k=12\" alt=\"Atico duplex en venta en La Carolina Milla de Oro Marbella\" \/>\n\t\t\t\t<\/div>\n\t\t\t\t\t\t\t\t<div class=\"f-carousel__slide\">\n\t\t\t\t\t<img class=\"wpb--image-fit\" loading=\"lazy\" data-lazy-src=\"\/wp-content\/plugins\/inmobaliaplugin\/image.php?u=B98Le8~d7M9k3DegpEFZhS0lI_F8U4XZVz~HWxt~mGgYekxX9nCAxh0ZjtE2u9zqepXEUrVLqfm8KeIGW6Gtyd4X891a0tMVGoKUjZl1KgOyD0rx9vaFeKdK2U1x0Ov5OniHjyjemrceFxZlez6Qv13XD8PvdPTiqA--&i=688318-13&s=500&f=sale&r=1.5&ro=exact&k=13\" alt=\"Atico duplex en venta en La Carolina Milla de Oro Marbella\" \/>\n\t\t\t\t<\/div>\n\t\t\t\t\t\t\t\t<div class=\"f-carousel__slide\">\n\t\t\t\t\t<img class=\"wpb--image-fit\" loading=\"lazy\" data-lazy-src=\"\/wp-content\/plugins\/inmobaliaplugin\/image.php?u=B98Le8~d7M9k3DegpEFZhS0lI_F8U4XZVz~HWxt~mGgYekxX9nCAxh0ZjtE2u9zqepXEUrVLqfm8KeIGW6Gtyd4X891a0tMVGoKUjZl1KgOyC_kIwabv4X5DYI2y4gsJ6jRERYfvC~pt3BAlArsRuJajtyAccfMYHA--&i=688318-14&s=500&f=sale&r=1.5&ro=exact&k=14\" alt=\"Atico duplex en venta en La Carolina Milla de Oro Marbella\" \/>\n\t\t\t\t<\/div>\n\t\t\t\t\t\t\t\t<div class=\"f-carousel__slide\">\n\t\t\t\t\t<img class=\"wpb--image-fit\" loading=\"lazy\" data-lazy-src=\"\/wp-content\/plugins\/inmobaliaplugin\/image.php?u=B98Le8~d7M9k3DegpEFZhS0lI_F8U4XZVz~HWxt~mGgYekxX9nCAxh0ZjtE2u9zqepXEUrVLqfm8KeIGW6Gtyd4X891a0tMVGoKUjZl1KgOyXJc_dhocmV3u3SbbKt7VLady8Z_hPEhyrnkQIkwTbOubax1jzh8neA--&i=688318-15&s=500&f=sale&r=1.5&ro=exact&k=15\" alt=\"Atico duplex en venta en La Carolina Milla de Oro Marbella\" \/>\n\t\t\t\t<\/div>\n\t\t\t\t\t\t\t\t<div class=\"f-carousel__slide\">\n\t\t\t\t\t<img class=\"wpb--image-fit\" loading=\"lazy\" data-lazy-src=\"\/wp-content\/plugins\/inmobaliaplugin\/image.php?u=B98Le8~d7M9k3DegpEFZhS0lI_F8U4XZVz~HWxt~mGgYekxX9nCAxh0ZjtE2u9zqepXEUrVLqfm8KeIGW6Gtyd4X891a0tMVGoKUjZl1KgOyV43VtAjUG~Vrb92R1JQ3DofEuJS9tEz6Rxc0jIcZbiGALcqHFYxU0A--&i=688318-16&s=500&f=sale&r=1.5&ro=exact&k=16\" alt=\"Atico duplex en venta en La Carolina Milla de Oro Marbella\" \/>\n\t\t\t\t<\/div>\n\t\t\t\t\t\t\t\t<div class=\"f-carousel__slide\">\n\t\t\t\t\t<img class=\"wpb--image-fit\" loading=\"lazy\" data-lazy-src=\"\/wp-content\/plugins\/inmobaliaplugin\/image.php?u=B98Le8~d7M9k3DegpEFZhS0lI_F8U4XZVz~HWxt~mGgYekxX9nCAxh0ZjtE2u9zqepXEUrVLqfm8KeIGW6Gtyd4X891a0tMVGoKUjZl1KgOyVkT8zGi9DPNAkel8Np4ZQvpFP_IJt8oCG8LhAcVnUcn8sbTR5JsGcg--&i=688318-17&s=500&f=sale&r=1.5&ro=exact&k=17\" alt=\"Atico duplex en venta en La Carolina Milla de Oro Marbella\" \/>\n\t\t\t\t<\/div>\n\t\t\t\t\t\t\t\t<div class=\"f-carousel__slide\">\n\t\t\t\t\t<img class=\"wpb--image-fit\" loading=\"lazy\" data-lazy-src=\"\/wp-content\/plugins\/inmobaliaplugin\/image.php?u=B98Le8~d7M9k3DegpEFZhS0lI_F8U4XZVz~HWxt~mGgYekxX9nCAxh0ZjtE2u9zqepXEUrVLqfm8KeIGW6Gtyd4X891a0tMVGoKUjZl1KgOyXMTqeOZRgrYRxInIjJv1h_9_CQXWH3YyUdwZObP7FuqXXZoGGDeNsA--&i=688318-18&s=500&f=sale&r=1.5&ro=exact&k=18\" alt=\"Atico duplex en venta en La Carolina Milla de Oro Marbella\" \/>\n\t\t\t\t<\/div>\n\t\t\t\t\t\t\t\t<div class=\"f-carousel__slide\">\n\t\t\t\t\t<img class=\"wpb--image-fit\" loading=\"lazy\" data-lazy-src=\"\/wp-content\/plugins\/inmobaliaplugin\/image.php?u=B98Le8~d7M9k3DegpEFZhS0lI_F8U4XZVz~HWxt~mGgYekxX9nCAxh0ZjtE2u9zqepXEUrVLqfm8KeIGW6Gtyd4X891a0tMVGoKUjZl1KgOyWO7yBtkyXlNhJCCIxLhZQth6n~UdsmoVLyfoUrzpqnpq_6tNSWXNYA--&i=688318-19&s=500&f=sale&r=1.5&ro=exact&k=19\" alt=\"Atico duplex en venta en La Carolina Milla de Oro Marbella\" \/>\n\t\t\t\t<\/div>\n\t\t\t\t\t\t\t\t<div class=\"f-carousel__slide\">\n\t\t\t\t\t<img class=\"wpb--image-fit\" loading=\"lazy\" data-lazy-src=\"\/wp-content\/plugins\/inmobaliaplugin\/image.php?u=B98Le8~d7M9k3DegpEFZhS0lI_F8U4XZVz~HWxt~mGgYekxX9nCAxh0ZjtE2u9zqepXEUrVLqfm8KeIGW6Gtyd4X891a0tMVGoKUjZl1KgOyWmu8E_A8rG40Scc7uYi2iwLLZARCZ5vdCWzVo8jqANhadTYHgj4R~Q--&i=688318-20&s=500&f=sale&r=1.5&ro=exact&k=20\" alt=\"Atico duplex en venta en La Carolina Milla de Oro Marbella\" \/>\n\t\t\t\t<\/div>\n\t\t\t\t\t\t\t\t<div class=\"f-carousel__slide\">\n\t\t\t\t\t<img class=\"wpb--image-fit\" loading=\"lazy\" data-lazy-src=\"https:\/\/www.luxurylivingmarbella.com\/wp-content\/uploads\/inmoba\/thumb-sale-1.5-exact-688318-21.webp\" alt=\"Atico duplex en venta en La Carolina Milla de Oro Marbella\" \/>\n\t\t\t\t<\/div>\n\t\t\t\t\t\t\t<\/div>\n\t\t\t\t\t<\/div>\n\t\t<div class=\"wpb--action-container\">\n\t\t\t <button>Ver detalles<\/button>\n\t\t<\/div>\n\t<\/div>\n\t<div class=\"wpb--card-body\">\n\t\t<span class=\"wpb--card-body-location\"><span>223-02337P-DUP<\/span> | La Carolina - Marbella Golden Mile<\/span>\n\t\t<h2 class=\"wpb--card-title\">\n\t\t\t<a class=\"wpb--stretched-link\" href=\"\/es\/propiedad\/venta-la-carolina-atico-duplex-688318\">\n\t\t\t\tAtico duplex en venta en La Carolina Milla de Oro Marbella\t\t\t<\/a>\n\t\t<\/h2>\n\t\t<div class=\"wpb--card-data\">\n\t\t\t<div class=\"wpb--card-locationref\">\n\t\t\t\t<ul class=\"wpb--card-features\">\n\t\t\t\t\t\t\t\t\t\t<li>2  Dormitorios<\/li>\n\t\t\t\t\t\t\t\t\t\t<li>2  Ba\u00f1os<\/li>\n\t\t\t\t\t\t\t\t\t\t<li>60 m&sup2; Const.<\/li>\n\t\t\t\t\t\t\t\t\t<\/ul>\n\t\t\t<\/div>\n\t\t\t<div class=\"wpb--card-price\">\n\t\t\t\t515.000 &euro;\t\t\t<\/div>\n\t\t<\/div>\n\t<\/div>\n<\/div><div class=\"wpb--card wpb--card-reduced\">\n\t<div class=\"wpb--aspect-box wpb--portrait\">\n\t\t<div class=\"wpb--overflow-hidden\">\n\t\t\t\t\t\t\t\t\t<div class=\"f-carousel\">\n\t\t\t\t\t\t\t\t<div class=\"f-carousel__slide\">\n\t\t\t\t\t<img decoding=\"async\" class=\"wpb--image-fit\" loading=\"lazy\" src=\"https:\/\/www.luxurylivingmarbella.com\/wp-content\/uploads\/inmoba\/thumb-sale-1.5-exact-686089-0.webp\" alt=\"Amplio D\u00faplex con Grandes Terrazas y Sol\u00e1rium \u2013 Milla de Oro\" \/>\n\t\t\t\t<\/div>\n\t\t\t\t\t\t\t\t<div class=\"f-carousel__slide\">\n\t\t\t\t\t<img class=\"wpb--image-fit\" loading=\"lazy\" data-lazy-src=\"https:\/\/www.luxurylivingmarbella.com\/wp-content\/uploads\/inmoba\/thumb-sale-1.5-exact-686089-1.webp\" alt=\"Amplio D\u00faplex con Grandes Terrazas y Sol\u00e1rium \u2013 Milla de Oro\" \/>\n\t\t\t\t<\/div>\n\t\t\t\t\t\t\t\t<div class=\"f-carousel__slide\">\n\t\t\t\t\t<img class=\"wpb--image-fit\" loading=\"lazy\" data-lazy-src=\"https:\/\/www.luxurylivingmarbella.com\/wp-content\/uploads\/inmoba\/thumb-sale-1.5-exact-686089-2.webp\" alt=\"Amplio D\u00faplex con Grandes Terrazas y Sol\u00e1rium \u2013 Milla de Oro\" \/>\n\t\t\t\t<\/div>\n\t\t\t\t\t\t\t\t<div class=\"f-carousel__slide\">\n\t\t\t\t\t<img class=\"wpb--image-fit\" loading=\"lazy\" data-lazy-src=\"https:\/\/www.luxurylivingmarbella.com\/wp-content\/uploads\/inmoba\/thumb-sale-1.5-exact-686089-3.webp\" alt=\"Amplio D\u00faplex con Grandes Terrazas y Sol\u00e1rium \u2013 Milla de Oro\" \/>\n\t\t\t\t<\/div>\n\t\t\t\t\t\t\t\t<div class=\"f-carousel__slide\">\n\t\t\t\t\t<img class=\"wpb--image-fit\" loading=\"lazy\" data-lazy-src=\"https:\/\/www.luxurylivingmarbella.com\/wp-content\/uploads\/inmoba\/thumb-sale-1.5-exact-686089-4.webp\" alt=\"Amplio D\u00faplex con Grandes Terrazas y Sol\u00e1rium \u2013 Milla de Oro\" \/>\n\t\t\t\t<\/div>\n\t\t\t\t\t\t\t\t<div class=\"f-carousel__slide\">\n\t\t\t\t\t<img class=\"wpb--image-fit\" loading=\"lazy\" data-lazy-src=\"https:\/\/www.luxurylivingmarbella.com\/wp-content\/uploads\/inmoba\/thumb-sale-1.5-exact-686089-5.webp\" alt=\"Amplio D\u00faplex con Grandes Terrazas y Sol\u00e1rium \u2013 Milla de Oro\" \/>\n\t\t\t\t<\/div>\n\t\t\t\t\t\t\t\t<div class=\"f-carousel__slide\">\n\t\t\t\t\t<img class=\"wpb--image-fit\" loading=\"lazy\" data-lazy-src=\"https:\/\/www.luxurylivingmarbella.com\/wp-content\/uploads\/inmoba\/thumb-sale-1.5-exact-686089-6.webp\" alt=\"Amplio D\u00faplex con Grandes Terrazas y Sol\u00e1rium \u2013 Milla de Oro\" \/>\n\t\t\t\t<\/div>\n\t\t\t\t\t\t\t\t<div class=\"f-carousel__slide\">\n\t\t\t\t\t<img class=\"wpb--image-fit\" loading=\"lazy\" data-lazy-src=\"https:\/\/www.luxurylivingmarbella.com\/wp-content\/uploads\/inmoba\/thumb-sale-1.5-exact-686089-7.webp\" alt=\"Amplio D\u00faplex con Grandes Terrazas y Sol\u00e1rium \u2013 Milla de Oro\" \/>\n\t\t\t\t<\/div>\n\t\t\t\t\t\t\t\t<div class=\"f-carousel__slide\">\n\t\t\t\t\t<img class=\"wpb--image-fit\" loading=\"lazy\" data-lazy-src=\"https:\/\/www.luxurylivingmarbella.com\/wp-content\/uploads\/inmoba\/thumb-sale-1.5-exact-686089-8.webp\" alt=\"Amplio D\u00faplex con Grandes Terrazas y Sol\u00e1rium \u2013 Milla de Oro\" \/>\n\t\t\t\t<\/div>\n\t\t\t\t\t\t\t\t<div class=\"f-carousel__slide\">\n\t\t\t\t\t<img class=\"wpb--image-fit\" loading=\"lazy\" data-lazy-src=\"https:\/\/www.luxurylivingmarbella.com\/wp-content\/uploads\/inmoba\/thumb-sale-1.5-exact-686089-9.webp\" alt=\"Amplio D\u00faplex con Grandes Terrazas y Sol\u00e1rium \u2013 Milla de Oro\" \/>\n\t\t\t\t<\/div>\n\t\t\t\t\t\t\t\t<div class=\"f-carousel__slide\">\n\t\t\t\t\t<img class=\"wpb--image-fit\" loading=\"lazy\" data-lazy-src=\"https:\/\/www.luxurylivingmarbella.com\/wp-content\/uploads\/inmoba\/thumb-sale-1.5-exact-686089-10.webp\" alt=\"Amplio D\u00faplex con Grandes Terrazas y Sol\u00e1rium \u2013 Milla de Oro\" \/>\n\t\t\t\t<\/div>\n\t\t\t\t\t\t\t\t<div class=\"f-carousel__slide\">\n\t\t\t\t\t<img class=\"wpb--image-fit\" loading=\"lazy\" data-lazy-src=\"https:\/\/www.luxurylivingmarbella.com\/wp-content\/uploads\/inmoba\/thumb-sale-1.5-exact-686089-11.webp\" alt=\"Amplio D\u00faplex con Grandes Terrazas y Sol\u00e1rium \u2013 Milla de Oro\" \/>\n\t\t\t\t<\/div>\n\t\t\t\t\t\t\t\t<div class=\"f-carousel__slide\">\n\t\t\t\t\t<img class=\"wpb--image-fit\" loading=\"lazy\" data-lazy-src=\"https:\/\/www.luxurylivingmarbella.com\/wp-content\/uploads\/inmoba\/thumb-sale-1.5-exact-686089-12.webp\" alt=\"Amplio D\u00faplex con Grandes Terrazas y Sol\u00e1rium \u2013 Milla de Oro\" \/>\n\t\t\t\t<\/div>\n\t\t\t\t\t\t\t\t<div class=\"f-carousel__slide\">\n\t\t\t\t\t<img class=\"wpb--image-fit\" loading=\"lazy\" data-lazy-src=\"https:\/\/www.luxurylivingmarbella.com\/wp-content\/uploads\/inmoba\/thumb-sale-1.5-exact-686089-13.webp\" alt=\"Amplio D\u00faplex con Grandes Terrazas y Sol\u00e1rium \u2013 Milla de Oro\" \/>\n\t\t\t\t<\/div>\n\t\t\t\t\t\t\t\t<div class=\"f-carousel__slide\">\n\t\t\t\t\t<img class=\"wpb--image-fit\" loading=\"lazy\" data-lazy-src=\"https:\/\/www.luxurylivingmarbella.com\/wp-content\/uploads\/inmoba\/thumb-sale-1.5-exact-686089-14.webp\" alt=\"Amplio D\u00faplex con Grandes Terrazas y Sol\u00e1rium \u2013 Milla de Oro\" \/>\n\t\t\t\t<\/div>\n\t\t\t\t\t\t\t<\/div>\n\t\t\t\t\t<\/div>\n\t\t<div class=\"wpb--action-container\">\n\t\t\t <button>Ver detalles<\/button>\n\t\t<\/div>\n\t<\/div>\n\t<div class=\"wpb--card-body\">\n\t\t<span class=\"wpb--card-body-location\"><span>300-01902P<\/span> | Marbella Golden Mile<\/span>\n\t\t<h2 class=\"wpb--card-title\">\n\t\t\t<a class=\"wpb--stretched-link\" href=\"\/es\/propiedad\/venta-marbella-golden-mile-duplex-686089\">\n\t\t\t\tAmplio D\u00faplex con Grandes Terrazas y Sol\u00e1rium \u2013 Milla de Oro\t\t\t<\/a>\n\t\t<\/h2>\n\t\t<div class=\"wpb--card-data\">\n\t\t\t<div class=\"wpb--card-locationref\">\n\t\t\t\t<ul class=\"wpb--card-features\">\n\t\t\t\t\t\t\t\t\t\t<li>3  Dormitorios<\/li>\n\t\t\t\t\t\t\t\t\t\t<li>2  Ba\u00f1os<\/li>\n\t\t\t\t\t\t\t\t\t\t<li>108 m&sup2; Const.<\/li>\n\t\t\t\t\t\t\t\t\t<\/ul>\n\t\t\t<\/div>\n\t\t\t<div class=\"wpb--card-price\">\n\t\t\t\t925.000 &euro;\t\t\t<\/div>\n\t\t<\/div>\n\t<\/div>\n<\/div>\t<\/div>\r\n\t<!-- Go to the full list -->\r\n\t\t<div class=\"wpb--center\">\r\n\t\t<a class=\"wpb--btn-outline\" href=\"https:\/\/www.luxurylivingmarbella.com\/es\/propiedades?l=es&f=sale&c=c24,a41&t=T1\">Ver todo<\/a>\r\n\t<\/div>\r\n\t\n<\/div>\n\n\n\n<div class=\"wp-block-group has-global-padding is-layout-constrained wp-block-group-is-layout-constrained\">\n<h2 class=\"wp-block-heading\" style=\"margin-top:0\">APARTAMENTOS DE LUJO EN VENTA EN LA MILLA DE ORO DE MARBELLA<\/h2>\n\n\n\n<p>Descubra los apartamentos m\u00e1s exclusivos en venta en la Milla de Oro de Marbella, una de las direcciones m\u00e1s prestigiosas de Espa\u00f1a. Esta emblem\u00e1tica franja, que se extiende entre el centro de Marbella y Puerto Ban\u00fas, alberga lujosas residencias frente al mar, boutiques de alta gama, restaurantes con estrellas Michelin y resorts de cinco estrellas. Tanto si busca un \u00e1tico moderno con vistas panor\u00e1micas al mar como un elegante apartamento dentro de una exclusiva comunidad cerrada, la Milla de Oro le ofrece lo \u00faltimo en sofisticaci\u00f3n y estilo de vida costero.<\/p>\n\n\n\n<h3 class=\"wp-block-heading\" style=\"margin-top:0\">PREGUNTAS FRECUENTES SOBRE LA COMPRA EN LA MILLA DE ORO<\/h3>\n\n\n<div id=\"rank-math-faq\" class=\"rank-math-block\">\n<div class=\"rank-math-list \">\n<div id=\"faq-question-1741609441992\" class=\"rank-math-list-item\">\n<h3 class=\"rank-math-question \">\u00bfPor qu\u00e9 la Milla de Oro es uno de los mejores lugares para comprar un apartamento en Marbella?<\/h3>\n<div class=\"rank-math-answer \">\n\n<p>La Milla de Oro se considera la zona m\u00e1s prestigiosa de Marbella, ya que combina propiedades de alta gama, impresionantes vistas al mar y una cercan\u00eda privilegiada a las mejores atracciones de la ciudad. Esta zona es reconocida por sus resorts de lujo, su excelente gastronom\u00eda y un alto nivel de privacidad y seguridad.<span lang=\"ES\" style=\"white-space: normal;font-size: 11pt;line-height: 16.866667px;font-family: Helvetica;letter-spacing: 1.5pt\">La Milla de Oro ofrece una amplia variedad de apartamentos, desde modernos \u00e1ticos frente al mar con vistas panor\u00e1micas hasta elegantes residencias en comunidades cerradas, rodeadas de exuberantes jardines y con instalaciones tipo resort.<\/span><span style=\"font-family: -webkit-standard;font-size: medium;letter-spacing: normal;white-space: normal\"><\/span><\/p>\n\n<\/div>\n<\/div>\n<div id=\"faq-question-1741609510296\" class=\"rank-math-list-item\">\n<h3 class=\"rank-math-question \">\u00bfQu\u00e9 tipos de apartamentos se pueden encontrar en la Milla de Oro?<\/h3>\n<div class=\"rank-math-answer \">\n\n<p>La Milla de Oro ofrece una amplia variedad de apartamentos, desde modernos \u00e1ticos frente al mar con vistas panor\u00e1micas hasta elegantes residencias en comunidades cerradas, rodeadas de exuberantes jardines y con instalaciones tipo resort.<\/p>\n\n<\/div>\n<\/div>\n<div id=\"faq-question-1741609522453\" class=\"rank-math-list-item\">\n<h3 class=\"rank-math-question \">\u00bfComprar un apartamento en la Milla de Oro es una buena inversi\u00f3n?<\/h3>\n<div class=\"rank-math-answer \">\n\n<p>S\u00ed. S\u00ed. El valor de las propiedades en esta zona se mantiene s\u00f3lido gracias a la demanda constante de compradores internacionales. Con una ubicaci\u00f3n privilegiada en la costa y una reputaci\u00f3n de exclusividad, los apartamentos en la Milla de Oro ofrecen un excelente potencial tanto de revalorizaci\u00f3n como de rentabilidad por alquiler.<\/p>\n\n<\/div>\n<\/div>\n<div id=\"faq-question-1745488465190\" class=\"rank-math-list-item\">\n<h3 class=\"rank-math-question \">\u00bfQu\u00e9 servicios incluyen las urbanizaciones de apartamentos en la Milla de Oro?<\/h3>\n<div class=\"rank-math-answer \">\n\n<p>Muchas promociones en la zona cuentan con servicios de lujo como piscinas, gimnasios privados, instalaciones de spa, servicio de conserjer\u00eda, aparcamiento subterr\u00e1neo y acceso directo a la playa.<\/p>\n\n<\/div>\n<\/div>\n<div id=\"faq-question-1745488475359\" class=\"rank-math-list-item\">\n<h3 class=\"rank-math-question \">\u00bfQu\u00e9 tan cerca est\u00e1 la Milla de Oro de las principales atracciones de Marbella?<\/h3>\n<div class=\"rank-math-answer \">\n\n<p>La Milla de Oro se extiende entre el centro de Marbella y Puerto Ban\u00fas, por lo que estar\u00e1 a solo unos minutos de tiendas de lujo, restaurantes gourmet, una vibrante vida nocturna y campos de golf de categor\u00eda mundial.<\/p>\n\n<\/div>\n<\/div>\n<\/div>\n<\/div>\n\n\n<h3 class=\"wp-block-heading\" style=\"margin-top:0\">ENCUENTRE LA CASA DE SUS SUE\u00d1OS EN LA MILLA DE ORO\u00a0<\/h3>\n\n\n\n<p>En Luxury Living Marbella, le ofrecemos una cuidada selecci\u00f3n de apartamentos y \u00e1ticos en la Milla de Oro, perfectos para quienes buscan un exclusivo estilo de vida mediterr\u00e1neo. Ya sea que desee una residencia principal, una segunda vivienda vacacional o una inversi\u00f3n inmobiliaria, nuestro equipo de expertos est\u00e1 aqu\u00ed para guiarle en cada paso del proceso.<\/p>\n\n\n\n<p>Explore nuestros \u00faltimos listados o cont\u00e1ctenos hoy mismo para encontrar el apartamento ideal en la Milla de Oro de Marbella.<\/p>\n<\/div>\n","protected":false},"excerpt":{"rendered":"<p>Apartamentos en venta en la Milla de Oro de Marbella APARTAMENTOS DE LUJO EN VENTA EN LA MILLA DE ORO DE MARBELLA Descubra los apartamentos m\u00e1s exclusivos en venta en la Milla de Oro de Marbella, una de las direcciones m\u00e1s prestigiosas de Espa\u00f1a. Esta emblem\u00e1tica franja, que se extiende entre el centro de Marbella [&hellip;]<\/p>\n","protected":false},"author":2,"featured_media":0,"parent":679,"menu_order":1,"comment_status":"closed","ping_status":"closed","template":"","meta":{"_acf_changed":false,"footnotes":""},"class_list":["post-686","page","type-page","status-publish","hentry"],"acf":[],"_links":{"self":[{"href":"https:\/\/www.luxurylivingmarbella.com\/es\/wp-json\/wp\/v2\/pages\/686","targetHints":{"allow":["GET"]}}],"collection":[{"href":"https:\/\/www.luxurylivingmarbella.com\/es\/wp-json\/wp\/v2\/pages"}],"about":[{"href":"https:\/\/www.luxurylivingmarbella.com\/es\/wp-json\/wp\/v2\/types\/page"}],"author":[{"embeddable":true,"href":"https:\/\/www.luxurylivingmarbella.com\/es\/wp-json\/wp\/v2\/users\/2"}],"replies":[{"embeddable":true,"href":"https:\/\/www.luxurylivingmarbella.com\/es\/wp-json\/wp\/v2\/comments?post=686"}],"version-history":[{"count":1,"href":"https:\/\/www.luxurylivingmarbella.com\/es\/wp-json\/wp\/v2\/pages\/686\/revisions"}],"predecessor-version":[{"id":1775,"href":"https:\/\/www.luxurylivingmarbella.com\/es\/wp-json\/wp\/v2\/pages\/686\/revisions\/1775"}],"up":[{"embeddable":true,"href":"https:\/\/www.luxurylivingmarbella.com\/es\/wp-json\/wp\/v2\/pages\/679"}],"wp:attachment":[{"href":"https:\/\/www.luxurylivingmarbella.com\/es\/wp-json\/wp\/v2\/media?parent=686"}],"curies":[{"name":"wp","href":"https:\/\/api.w.org\/{rel}","templated":true}]}}