{"id":544,"date":"2025-03-10T14:25:21","date_gmt":"2025-03-10T13:25:21","guid":{"rendered":"https:\/\/www.luxurylivingmarbella.com\/houses"},"modified":"2025-03-21T12:21:24","modified_gmt":"2025-03-21T11:21:24","slug":"casas","status":"publish","type":"page","link":"https:\/\/www.luxurylivingmarbella.com\/es\/casas","title":{"rendered":"Casas en venta en marbella y la costa del sol"},"content":{"rendered":"\n<div class=\"wp-block-group has-global-padding is-layout-constrained wp-block-group-is-layout-constrained\">\n<h1 class=\"wp-block-heading\">Casas en venta en marbella y la costa del sol<\/h1>\n\n\n\t<div class=\"wpb--card-container\">\r\n\t\t<div class=\"wpb--card wpb--card-reduced\">\n\t<div class=\"wpb--aspect-box wpb--portrait\">\n\t\t<div class=\"wpb--overflow-hidden\">\n\t\t\t\t\t\t\t\t\t<div class=\"f-carousel\">\n\t\t\t\t\t\t\t\t<div class=\"f-carousel__slide\">\n\t\t\t\t\t<img decoding=\"async\" class=\"wpb--image-fit\" loading=\"lazy\" src=\"https:\/\/www.luxurylivingmarbella.com\/wp-content\/uploads\/inmoba\/thumb-sale-1.5-exact-685610-0.webp\" alt=\"Elegante villa renovada con vistas panor\u00e1micas al mar en El Para\u00edso Alto, Benahav\u00eds\" \/>\n\t\t\t\t<\/div>\n\t\t\t\t\t\t\t\t<div class=\"f-carousel__slide\">\n\t\t\t\t\t<img class=\"wpb--image-fit\" loading=\"lazy\" data-lazy-src=\"https:\/\/www.luxurylivingmarbella.com\/wp-content\/uploads\/inmoba\/thumb-sale-1.5-exact-685610-1.webp\" alt=\"Elegante villa renovada con vistas panor\u00e1micas al mar en El Para\u00edso Alto, Benahav\u00eds\" \/>\n\t\t\t\t<\/div>\n\t\t\t\t\t\t\t\t<div class=\"f-carousel__slide\">\n\t\t\t\t\t<img class=\"wpb--image-fit\" loading=\"lazy\" data-lazy-src=\"https:\/\/www.luxurylivingmarbella.com\/wp-content\/uploads\/inmoba\/thumb-sale-1.5-exact-685610-2.webp\" alt=\"Elegante villa renovada con vistas panor\u00e1micas al mar en El Para\u00edso Alto, Benahav\u00eds\" \/>\n\t\t\t\t<\/div>\n\t\t\t\t\t\t\t\t<div class=\"f-carousel__slide\">\n\t\t\t\t\t<img class=\"wpb--image-fit\" loading=\"lazy\" data-lazy-src=\"https:\/\/www.luxurylivingmarbella.com\/wp-content\/uploads\/inmoba\/thumb-sale-1.5-exact-685610-3.webp\" alt=\"Elegante villa renovada con vistas panor\u00e1micas al mar en El Para\u00edso Alto, Benahav\u00eds\" \/>\n\t\t\t\t<\/div>\n\t\t\t\t\t\t\t\t<div class=\"f-carousel__slide\">\n\t\t\t\t\t<img class=\"wpb--image-fit\" loading=\"lazy\" data-lazy-src=\"https:\/\/www.luxurylivingmarbella.com\/wp-content\/uploads\/inmoba\/thumb-sale-1.5-exact-685610-4.webp\" alt=\"Elegante villa renovada con vistas panor\u00e1micas al mar en El Para\u00edso Alto, Benahav\u00eds\" \/>\n\t\t\t\t<\/div>\n\t\t\t\t\t\t\t\t<div class=\"f-carousel__slide\">\n\t\t\t\t\t<img class=\"wpb--image-fit\" loading=\"lazy\" data-lazy-src=\"https:\/\/www.luxurylivingmarbella.com\/wp-content\/uploads\/inmoba\/thumb-sale-1.5-exact-685610-5.webp\" alt=\"Elegante villa renovada con vistas panor\u00e1micas al mar en El Para\u00edso Alto, Benahav\u00eds\" \/>\n\t\t\t\t<\/div>\n\t\t\t\t\t\t\t\t<div class=\"f-carousel__slide\">\n\t\t\t\t\t<img class=\"wpb--image-fit\" loading=\"lazy\" data-lazy-src=\"https:\/\/www.luxurylivingmarbella.com\/wp-content\/uploads\/inmoba\/thumb-sale-1.5-exact-685610-6.webp\" alt=\"Elegante villa renovada con vistas panor\u00e1micas al mar en El Para\u00edso Alto, Benahav\u00eds\" \/>\n\t\t\t\t<\/div>\n\t\t\t\t\t\t\t\t<div class=\"f-carousel__slide\">\n\t\t\t\t\t<img class=\"wpb--image-fit\" loading=\"lazy\" data-lazy-src=\"https:\/\/www.luxurylivingmarbella.com\/wp-content\/uploads\/inmoba\/thumb-sale-1.5-exact-685610-7.webp\" alt=\"Elegante villa renovada con vistas panor\u00e1micas al mar en El Para\u00edso Alto, Benahav\u00eds\" \/>\n\t\t\t\t<\/div>\n\t\t\t\t\t\t\t\t<div class=\"f-carousel__slide\">\n\t\t\t\t\t<img class=\"wpb--image-fit\" loading=\"lazy\" data-lazy-src=\"https:\/\/www.luxurylivingmarbella.com\/wp-content\/uploads\/inmoba\/thumb-sale-1.5-exact-685610-8.webp\" alt=\"Elegante villa renovada con vistas panor\u00e1micas al mar en El Para\u00edso Alto, Benahav\u00eds\" \/>\n\t\t\t\t<\/div>\n\t\t\t\t\t\t\t\t<div class=\"f-carousel__slide\">\n\t\t\t\t\t<img class=\"wpb--image-fit\" loading=\"lazy\" data-lazy-src=\"https:\/\/www.luxurylivingmarbella.com\/wp-content\/uploads\/inmoba\/thumb-sale-1.5-exact-685610-9.webp\" alt=\"Elegante villa renovada con vistas panor\u00e1micas al mar en El Para\u00edso Alto, Benahav\u00eds\" \/>\n\t\t\t\t<\/div>\n\t\t\t\t\t\t\t\t<div class=\"f-carousel__slide\">\n\t\t\t\t\t<img class=\"wpb--image-fit\" loading=\"lazy\" data-lazy-src=\"https:\/\/www.luxurylivingmarbella.com\/wp-content\/uploads\/inmoba\/thumb-sale-1.5-exact-685610-10.webp\" alt=\"Elegante villa renovada con vistas panor\u00e1micas al mar en El Para\u00edso Alto, Benahav\u00eds\" \/>\n\t\t\t\t<\/div>\n\t\t\t\t\t\t\t\t<div class=\"f-carousel__slide\">\n\t\t\t\t\t<img class=\"wpb--image-fit\" loading=\"lazy\" data-lazy-src=\"https:\/\/www.luxurylivingmarbella.com\/wp-content\/uploads\/inmoba\/thumb-sale-1.5-exact-685610-11.webp\" alt=\"Elegante villa renovada con vistas panor\u00e1micas al mar en El Para\u00edso Alto, Benahav\u00eds\" \/>\n\t\t\t\t<\/div>\n\t\t\t\t\t\t\t\t<div class=\"f-carousel__slide\">\n\t\t\t\t\t<img class=\"wpb--image-fit\" loading=\"lazy\" data-lazy-src=\"https:\/\/www.luxurylivingmarbella.com\/wp-content\/uploads\/inmoba\/thumb-sale-1.5-exact-685610-12.webp\" alt=\"Elegante villa renovada con vistas panor\u00e1micas al mar en El Para\u00edso Alto, Benahav\u00eds\" \/>\n\t\t\t\t<\/div>\n\t\t\t\t\t\t\t\t<div class=\"f-carousel__slide\">\n\t\t\t\t\t<img class=\"wpb--image-fit\" loading=\"lazy\" data-lazy-src=\"https:\/\/www.luxurylivingmarbella.com\/wp-content\/uploads\/inmoba\/thumb-sale-1.5-exact-685610-13.webp\" alt=\"Elegante villa renovada con vistas panor\u00e1micas al mar en El Para\u00edso Alto, Benahav\u00eds\" \/>\n\t\t\t\t<\/div>\n\t\t\t\t\t\t\t\t<div class=\"f-carousel__slide\">\n\t\t\t\t\t<img class=\"wpb--image-fit\" loading=\"lazy\" data-lazy-src=\"https:\/\/www.luxurylivingmarbella.com\/wp-content\/uploads\/inmoba\/thumb-sale-1.5-exact-685610-14.webp\" alt=\"Elegante villa renovada con vistas panor\u00e1micas al mar en El Para\u00edso Alto, Benahav\u00eds\" \/>\n\t\t\t\t<\/div>\n\t\t\t\t\t\t\t\t<div class=\"f-carousel__slide\">\n\t\t\t\t\t<img class=\"wpb--image-fit\" loading=\"lazy\" data-lazy-src=\"https:\/\/www.luxurylivingmarbella.com\/wp-content\/uploads\/inmoba\/thumb-sale-1.5-exact-685610-15.webp\" alt=\"Elegante villa renovada con vistas panor\u00e1micas al mar en El Para\u00edso Alto, Benahav\u00eds\" \/>\n\t\t\t\t<\/div>\n\t\t\t\t\t\t\t\t<div class=\"f-carousel__slide\">\n\t\t\t\t\t<img class=\"wpb--image-fit\" loading=\"lazy\" data-lazy-src=\"https:\/\/www.luxurylivingmarbella.com\/wp-content\/uploads\/inmoba\/thumb-sale-1.5-exact-685610-16.webp\" alt=\"Elegante villa renovada con vistas panor\u00e1micas al mar en El Para\u00edso Alto, Benahav\u00eds\" \/>\n\t\t\t\t<\/div>\n\t\t\t\t\t\t\t\t<div class=\"f-carousel__slide\">\n\t\t\t\t\t<img class=\"wpb--image-fit\" loading=\"lazy\" data-lazy-src=\"https:\/\/www.luxurylivingmarbella.com\/wp-content\/uploads\/inmoba\/thumb-sale-1.5-exact-685610-17.webp\" alt=\"Elegante villa renovada con vistas panor\u00e1micas al mar en El Para\u00edso Alto, Benahav\u00eds\" \/>\n\t\t\t\t<\/div>\n\t\t\t\t\t\t\t\t<div class=\"f-carousel__slide\">\n\t\t\t\t\t<img class=\"wpb--image-fit\" loading=\"lazy\" data-lazy-src=\"https:\/\/www.luxurylivingmarbella.com\/wp-content\/uploads\/inmoba\/thumb-sale-1.5-exact-685610-18.webp\" alt=\"Elegante villa renovada con vistas panor\u00e1micas al mar en El Para\u00edso Alto, Benahav\u00eds\" \/>\n\t\t\t\t<\/div>\n\t\t\t\t\t\t\t\t<div class=\"f-carousel__slide\">\n\t\t\t\t\t<img class=\"wpb--image-fit\" loading=\"lazy\" data-lazy-src=\"https:\/\/www.luxurylivingmarbella.com\/wp-content\/uploads\/inmoba\/thumb-sale-1.5-exact-685610-19.webp\" alt=\"Elegante villa renovada con vistas panor\u00e1micas al mar en El Para\u00edso Alto, Benahav\u00eds\" \/>\n\t\t\t\t<\/div>\n\t\t\t\t\t\t\t\t<div class=\"f-carousel__slide\">\n\t\t\t\t\t<img class=\"wpb--image-fit\" loading=\"lazy\" data-lazy-src=\"https:\/\/www.luxurylivingmarbella.com\/wp-content\/uploads\/inmoba\/thumb-sale-1.5-exact-685610-20.webp\" alt=\"Elegante villa renovada con vistas panor\u00e1micas al mar en El Para\u00edso Alto, Benahav\u00eds\" \/>\n\t\t\t\t<\/div>\n\t\t\t\t\t\t\t\t<div class=\"f-carousel__slide\">\n\t\t\t\t\t<img class=\"wpb--image-fit\" loading=\"lazy\" data-lazy-src=\"https:\/\/www.luxurylivingmarbella.com\/wp-content\/uploads\/inmoba\/thumb-sale-1.5-exact-685610-21.webp\" alt=\"Elegante villa renovada con vistas panor\u00e1micas al mar en El Para\u00edso Alto, Benahav\u00eds\" \/>\n\t\t\t\t<\/div>\n\t\t\t\t\t\t\t\t<div class=\"f-carousel__slide\">\n\t\t\t\t\t<img class=\"wpb--image-fit\" loading=\"lazy\" data-lazy-src=\"https:\/\/www.luxurylivingmarbella.com\/wp-content\/uploads\/inmoba\/thumb-sale-1.5-exact-685610-22.webp\" alt=\"Elegante villa renovada con vistas panor\u00e1micas al mar en El Para\u00edso Alto, Benahav\u00eds\" \/>\n\t\t\t\t<\/div>\n\t\t\t\t\t\t\t\t<div class=\"f-carousel__slide\">\n\t\t\t\t\t<img class=\"wpb--image-fit\" loading=\"lazy\" data-lazy-src=\"https:\/\/www.luxurylivingmarbella.com\/wp-content\/uploads\/inmoba\/thumb-sale-1.5-exact-685610-23.webp\" alt=\"Elegante villa renovada con vistas panor\u00e1micas al mar en El Para\u00edso Alto, Benahav\u00eds\" \/>\n\t\t\t\t<\/div>\n\t\t\t\t\t\t\t\t<div class=\"f-carousel__slide\">\n\t\t\t\t\t<img class=\"wpb--image-fit\" loading=\"lazy\" data-lazy-src=\"https:\/\/www.luxurylivingmarbella.com\/wp-content\/uploads\/inmoba\/thumb-sale-1.5-exact-685610-24.webp\" alt=\"Elegante villa renovada con vistas panor\u00e1micas al mar en El Para\u00edso Alto, Benahav\u00eds\" \/>\n\t\t\t\t<\/div>\n\t\t\t\t\t\t\t\t<div class=\"f-carousel__slide\">\n\t\t\t\t\t<img class=\"wpb--image-fit\" loading=\"lazy\" data-lazy-src=\"https:\/\/www.luxurylivingmarbella.com\/wp-content\/uploads\/inmoba\/thumb-sale-1.5-exact-685610-25.webp\" alt=\"Elegante villa renovada con vistas panor\u00e1micas al mar en El Para\u00edso Alto, Benahav\u00eds\" \/>\n\t\t\t\t<\/div>\n\t\t\t\t\t\t\t\t<div class=\"f-carousel__slide\">\n\t\t\t\t\t<img class=\"wpb--image-fit\" loading=\"lazy\" data-lazy-src=\"https:\/\/www.luxurylivingmarbella.com\/wp-content\/uploads\/inmoba\/thumb-sale-1.5-exact-685610-26.webp\" alt=\"Elegante villa renovada con vistas panor\u00e1micas al mar en El Para\u00edso Alto, Benahav\u00eds\" \/>\n\t\t\t\t<\/div>\n\t\t\t\t\t\t\t\t<div class=\"f-carousel__slide\">\n\t\t\t\t\t<img class=\"wpb--image-fit\" loading=\"lazy\" data-lazy-src=\"https:\/\/www.luxurylivingmarbella.com\/wp-content\/uploads\/inmoba\/thumb-sale-1.5-exact-685610-27.webp\" alt=\"Elegante villa renovada con vistas panor\u00e1micas al mar en El Para\u00edso Alto, Benahav\u00eds\" \/>\n\t\t\t\t<\/div>\n\t\t\t\t\t\t\t\t<div class=\"f-carousel__slide\">\n\t\t\t\t\t<img class=\"wpb--image-fit\" loading=\"lazy\" data-lazy-src=\"https:\/\/www.luxurylivingmarbella.com\/wp-content\/uploads\/inmoba\/thumb-sale-1.5-exact-685610-28.webp\" alt=\"Elegante villa renovada con vistas panor\u00e1micas al mar en El Para\u00edso Alto, Benahav\u00eds\" \/>\n\t\t\t\t<\/div>\n\t\t\t\t\t\t\t\t<div class=\"f-carousel__slide\">\n\t\t\t\t\t<img class=\"wpb--image-fit\" loading=\"lazy\" data-lazy-src=\"https:\/\/www.luxurylivingmarbella.com\/wp-content\/uploads\/inmoba\/thumb-sale-1.5-exact-685610-29.webp\" alt=\"Elegante villa renovada con vistas panor\u00e1micas al mar en El Para\u00edso Alto, Benahav\u00eds\" \/>\n\t\t\t\t<\/div>\n\t\t\t\t\t\t\t\t<div class=\"f-carousel__slide\">\n\t\t\t\t\t<img class=\"wpb--image-fit\" loading=\"lazy\" data-lazy-src=\"https:\/\/www.luxurylivingmarbella.com\/wp-content\/uploads\/inmoba\/thumb-sale-1.5-exact-685610-30.webp\" alt=\"Elegante villa renovada con vistas panor\u00e1micas al mar en El Para\u00edso Alto, Benahav\u00eds\" \/>\n\t\t\t\t<\/div>\n\t\t\t\t\t\t\t\t<div class=\"f-carousel__slide\">\n\t\t\t\t\t<img class=\"wpb--image-fit\" loading=\"lazy\" data-lazy-src=\"https:\/\/www.luxurylivingmarbella.com\/wp-content\/uploads\/inmoba\/thumb-sale-1.5-exact-685610-31.webp\" alt=\"Elegante villa renovada con vistas panor\u00e1micas al mar en El Para\u00edso Alto, Benahav\u00eds\" \/>\n\t\t\t\t<\/div>\n\t\t\t\t\t\t\t\t<div class=\"f-carousel__slide\">\n\t\t\t\t\t<img class=\"wpb--image-fit\" loading=\"lazy\" data-lazy-src=\"https:\/\/www.luxurylivingmarbella.com\/wp-content\/uploads\/inmoba\/thumb-sale-1.5-exact-685610-32.webp\" alt=\"Elegante villa renovada con vistas panor\u00e1micas al mar en El Para\u00edso Alto, Benahav\u00eds\" \/>\n\t\t\t\t<\/div>\n\t\t\t\t\t\t\t\t<div class=\"f-carousel__slide\">\n\t\t\t\t\t<img class=\"wpb--image-fit\" loading=\"lazy\" data-lazy-src=\"https:\/\/www.luxurylivingmarbella.com\/wp-content\/uploads\/inmoba\/thumb-sale-1.5-exact-685610-33.webp\" alt=\"Elegante villa renovada con vistas panor\u00e1micas al mar en El Para\u00edso Alto, Benahav\u00eds\" \/>\n\t\t\t\t<\/div>\n\t\t\t\t\t\t\t\t<div class=\"f-carousel__slide\">\n\t\t\t\t\t<img class=\"wpb--image-fit\" loading=\"lazy\" data-lazy-src=\"https:\/\/www.luxurylivingmarbella.com\/wp-content\/uploads\/inmoba\/thumb-sale-1.5-exact-685610-34.webp\" alt=\"Elegante villa renovada con vistas panor\u00e1micas al mar en El Para\u00edso Alto, Benahav\u00eds\" \/>\n\t\t\t\t<\/div>\n\t\t\t\t\t\t\t\t<div class=\"f-carousel__slide\">\n\t\t\t\t\t<img class=\"wpb--image-fit\" loading=\"lazy\" data-lazy-src=\"https:\/\/www.luxurylivingmarbella.com\/wp-content\/uploads\/inmoba\/thumb-sale-1.5-exact-685610-35.webp\" alt=\"Elegante villa renovada con vistas panor\u00e1micas al mar en El Para\u00edso Alto, Benahav\u00eds\" \/>\n\t\t\t\t<\/div>\n\t\t\t\t\t\t\t\t<div class=\"f-carousel__slide\">\n\t\t\t\t\t<img class=\"wpb--image-fit\" loading=\"lazy\" data-lazy-src=\"https:\/\/www.luxurylivingmarbella.com\/wp-content\/uploads\/inmoba\/thumb-sale-1.5-exact-685610-36.webp\" alt=\"Elegante villa renovada con vistas panor\u00e1micas al mar en El Para\u00edso Alto, Benahav\u00eds\" \/>\n\t\t\t\t<\/div>\n\t\t\t\t\t\t\t\t<div class=\"f-carousel__slide\">\n\t\t\t\t\t<img class=\"wpb--image-fit\" loading=\"lazy\" data-lazy-src=\"https:\/\/www.luxurylivingmarbella.com\/wp-content\/uploads\/inmoba\/thumb-sale-1.5-exact-685610-37.webp\" alt=\"Elegante villa renovada con vistas panor\u00e1micas al mar en El Para\u00edso Alto, Benahav\u00eds\" \/>\n\t\t\t\t<\/div>\n\t\t\t\t\t\t\t\t<div class=\"f-carousel__slide\">\n\t\t\t\t\t<img class=\"wpb--image-fit\" loading=\"lazy\" data-lazy-src=\"https:\/\/www.luxurylivingmarbella.com\/wp-content\/uploads\/inmoba\/thumb-sale-1.5-exact-685610-38.webp\" alt=\"Elegante villa renovada con vistas panor\u00e1micas al mar en El Para\u00edso Alto, Benahav\u00eds\" \/>\n\t\t\t\t<\/div>\n\t\t\t\t\t\t\t\t<div class=\"f-carousel__slide\">\n\t\t\t\t\t<img class=\"wpb--image-fit\" loading=\"lazy\" data-lazy-src=\"https:\/\/www.luxurylivingmarbella.com\/wp-content\/uploads\/inmoba\/thumb-sale-1.5-exact-685610-39.webp\" alt=\"Elegante villa renovada con vistas panor\u00e1micas al mar en El Para\u00edso Alto, Benahav\u00eds\" \/>\n\t\t\t\t<\/div>\n\t\t\t\t\t\t\t\t<div class=\"f-carousel__slide\">\n\t\t\t\t\t<img class=\"wpb--image-fit\" loading=\"lazy\" data-lazy-src=\"https:\/\/www.luxurylivingmarbella.com\/wp-content\/uploads\/inmoba\/thumb-sale-1.5-exact-685610-40.webp\" alt=\"Elegante villa renovada con vistas panor\u00e1micas al mar en El Para\u00edso Alto, Benahav\u00eds\" \/>\n\t\t\t\t<\/div>\n\t\t\t\t\t\t\t\t<div class=\"f-carousel__slide\">\n\t\t\t\t\t<img class=\"wpb--image-fit\" loading=\"lazy\" data-lazy-src=\"https:\/\/www.luxurylivingmarbella.com\/wp-content\/uploads\/inmoba\/thumb-sale-1.5-exact-685610-41.webp\" alt=\"Elegante villa renovada con vistas panor\u00e1micas al mar en El Para\u00edso Alto, Benahav\u00eds\" \/>\n\t\t\t\t<\/div>\n\t\t\t\t\t\t\t\t<div class=\"f-carousel__slide\">\n\t\t\t\t\t<img class=\"wpb--image-fit\" loading=\"lazy\" data-lazy-src=\"https:\/\/www.luxurylivingmarbella.com\/wp-content\/uploads\/inmoba\/thumb-sale-1.5-exact-685610-42.webp\" alt=\"Elegante villa renovada con vistas panor\u00e1micas al mar en El Para\u00edso Alto, Benahav\u00eds\" \/>\n\t\t\t\t<\/div>\n\t\t\t\t\t\t\t\t<div class=\"f-carousel__slide\">\n\t\t\t\t\t<img class=\"wpb--image-fit\" loading=\"lazy\" data-lazy-src=\"https:\/\/www.luxurylivingmarbella.com\/wp-content\/uploads\/inmoba\/thumb-sale-1.5-exact-685610-43.webp\" alt=\"Elegante villa renovada con vistas panor\u00e1micas al mar en El Para\u00edso Alto, Benahav\u00eds\" \/>\n\t\t\t\t<\/div>\n\t\t\t\t\t\t\t\t<div class=\"f-carousel__slide\">\n\t\t\t\t\t<img class=\"wpb--image-fit\" loading=\"lazy\" data-lazy-src=\"https:\/\/www.luxurylivingmarbella.com\/wp-content\/uploads\/inmoba\/thumb-sale-1.5-exact-685610-44.webp\" alt=\"Elegante villa renovada con vistas panor\u00e1micas al mar en El Para\u00edso Alto, Benahav\u00eds\" \/>\n\t\t\t\t<\/div>\n\t\t\t\t\t\t\t\t<div class=\"f-carousel__slide\">\n\t\t\t\t\t<img class=\"wpb--image-fit\" loading=\"lazy\" data-lazy-src=\"https:\/\/www.luxurylivingmarbella.com\/wp-content\/uploads\/inmoba\/thumb-sale-1.5-exact-685610-45.webp\" alt=\"Elegante villa renovada con vistas panor\u00e1micas al mar en El Para\u00edso Alto, Benahav\u00eds\" \/>\n\t\t\t\t<\/div>\n\t\t\t\t\t\t\t\t<div class=\"f-carousel__slide\">\n\t\t\t\t\t<img class=\"wpb--image-fit\" loading=\"lazy\" data-lazy-src=\"https:\/\/www.luxurylivingmarbella.com\/wp-content\/uploads\/inmoba\/thumb-sale-1.5-exact-685610-46.webp\" alt=\"Elegante villa renovada con vistas panor\u00e1micas al mar en El Para\u00edso Alto, Benahav\u00eds\" \/>\n\t\t\t\t<\/div>\n\t\t\t\t\t\t\t\t<div class=\"f-carousel__slide\">\n\t\t\t\t\t<img class=\"wpb--image-fit\" loading=\"lazy\" data-lazy-src=\"https:\/\/www.luxurylivingmarbella.com\/wp-content\/uploads\/inmoba\/thumb-sale-1.5-exact-685610-47.webp\" alt=\"Elegante villa renovada con vistas panor\u00e1micas al mar en El Para\u00edso Alto, Benahav\u00eds\" \/>\n\t\t\t\t<\/div>\n\t\t\t\t\t\t\t\t<div class=\"f-carousel__slide\">\n\t\t\t\t\t<img class=\"wpb--image-fit\" loading=\"lazy\" data-lazy-src=\"https:\/\/www.luxurylivingmarbella.com\/wp-content\/uploads\/inmoba\/thumb-sale-1.5-exact-685610-48.webp\" alt=\"Elegante villa renovada con vistas panor\u00e1micas al mar en El Para\u00edso Alto, Benahav\u00eds\" \/>\n\t\t\t\t<\/div>\n\t\t\t\t\t\t\t\t<div class=\"f-carousel__slide\">\n\t\t\t\t\t<img class=\"wpb--image-fit\" loading=\"lazy\" data-lazy-src=\"https:\/\/www.luxurylivingmarbella.com\/wp-content\/uploads\/inmoba\/thumb-sale-1.5-exact-685610-49.webp\" alt=\"Elegante villa renovada con vistas panor\u00e1micas al mar en El Para\u00edso Alto, Benahav\u00eds\" \/>\n\t\t\t\t<\/div>\n\t\t\t\t\t\t\t\t<div class=\"f-carousel__slide\">\n\t\t\t\t\t<img class=\"wpb--image-fit\" loading=\"lazy\" data-lazy-src=\"https:\/\/www.luxurylivingmarbella.com\/wp-content\/uploads\/inmoba\/thumb-sale-1.5-exact-685610-50.webp\" alt=\"Elegante villa renovada con vistas panor\u00e1micas al mar en El Para\u00edso Alto, Benahav\u00eds\" \/>\n\t\t\t\t<\/div>\n\t\t\t\t\t\t\t\t<div class=\"f-carousel__slide\">\n\t\t\t\t\t<img class=\"wpb--image-fit\" loading=\"lazy\" data-lazy-src=\"https:\/\/www.luxurylivingmarbella.com\/wp-content\/uploads\/inmoba\/thumb-sale-1.5-exact-685610-51.webp\" alt=\"Elegante villa renovada con vistas panor\u00e1micas al mar en El Para\u00edso Alto, Benahav\u00eds\" \/>\n\t\t\t\t<\/div>\n\t\t\t\t\t\t\t\t<div class=\"f-carousel__slide\">\n\t\t\t\t\t<img class=\"wpb--image-fit\" loading=\"lazy\" data-lazy-src=\"https:\/\/www.luxurylivingmarbella.com\/wp-content\/uploads\/inmoba\/thumb-sale-1.5-exact-685610-52.webp\" alt=\"Elegante villa renovada con vistas panor\u00e1micas al mar en El Para\u00edso Alto, Benahav\u00eds\" \/>\n\t\t\t\t<\/div>\n\t\t\t\t\t\t\t\t<div class=\"f-carousel__slide\">\n\t\t\t\t\t<img class=\"wpb--image-fit\" loading=\"lazy\" data-lazy-src=\"https:\/\/www.luxurylivingmarbella.com\/wp-content\/uploads\/inmoba\/thumb-sale-1.5-exact-685610-53.webp\" alt=\"Elegante villa renovada con vistas panor\u00e1micas al mar en El Para\u00edso Alto, Benahav\u00eds\" \/>\n\t\t\t\t<\/div>\n\t\t\t\t\t\t\t\t<div class=\"f-carousel__slide\">\n\t\t\t\t\t<img class=\"wpb--image-fit\" loading=\"lazy\" data-lazy-src=\"https:\/\/www.luxurylivingmarbella.com\/wp-content\/uploads\/inmoba\/thumb-sale-1.5-exact-685610-54.webp\" alt=\"Elegante villa renovada con vistas panor\u00e1micas al mar en El Para\u00edso Alto, Benahav\u00eds\" \/>\n\t\t\t\t<\/div>\n\t\t\t\t\t\t\t\t<div class=\"f-carousel__slide\">\n\t\t\t\t\t<img class=\"wpb--image-fit\" loading=\"lazy\" data-lazy-src=\"https:\/\/www.luxurylivingmarbella.com\/wp-content\/uploads\/inmoba\/thumb-sale-1.5-exact-685610-55.webp\" alt=\"Elegante villa renovada con vistas panor\u00e1micas al mar en El Para\u00edso Alto, Benahav\u00eds\" \/>\n\t\t\t\t<\/div>\n\t\t\t\t\t\t\t\t<div class=\"f-carousel__slide\">\n\t\t\t\t\t<img class=\"wpb--image-fit\" loading=\"lazy\" data-lazy-src=\"https:\/\/www.luxurylivingmarbella.com\/wp-content\/uploads\/inmoba\/thumb-sale-1.5-exact-685610-56.webp\" alt=\"Elegante villa renovada con vistas panor\u00e1micas al mar en El Para\u00edso Alto, Benahav\u00eds\" \/>\n\t\t\t\t<\/div>\n\t\t\t\t\t\t\t\t<div class=\"f-carousel__slide\">\n\t\t\t\t\t<img class=\"wpb--image-fit\" loading=\"lazy\" data-lazy-src=\"https:\/\/www.luxurylivingmarbella.com\/wp-content\/uploads\/inmoba\/thumb-sale-1.5-exact-685610-57.webp\" alt=\"Elegante villa renovada con vistas panor\u00e1micas al mar en El Para\u00edso Alto, Benahav\u00eds\" \/>\n\t\t\t\t<\/div>\n\t\t\t\t\t\t\t\t<div class=\"f-carousel__slide\">\n\t\t\t\t\t<img class=\"wpb--image-fit\" loading=\"lazy\" data-lazy-src=\"https:\/\/www.luxurylivingmarbella.com\/wp-content\/uploads\/inmoba\/thumb-sale-1.5-exact-685610-58.webp\" alt=\"Elegante villa renovada con vistas panor\u00e1micas al mar en El Para\u00edso Alto, Benahav\u00eds\" \/>\n\t\t\t\t<\/div>\n\t\t\t\t\t\t\t\t<div class=\"f-carousel__slide\">\n\t\t\t\t\t<img class=\"wpb--image-fit\" loading=\"lazy\" data-lazy-src=\"https:\/\/www.luxurylivingmarbella.com\/wp-content\/uploads\/inmoba\/thumb-sale-1.5-exact-685610-59.webp\" alt=\"Elegante villa renovada con vistas panor\u00e1micas al mar en El Para\u00edso Alto, Benahav\u00eds\" \/>\n\t\t\t\t<\/div>\n\t\t\t\t\t\t\t<\/div>\n\t\t\t\t\t<\/div>\n\t\t<div class=\"wpb--action-container\">\n\t\t\t <button>Ver detalles<\/button>\n\t\t<\/div>\n\t<\/div>\n\t<div class=\"wpb--card-body\">\n\t\t<span class=\"wpb--card-body-location\"><span>687-00329P<\/span> | Altos del Paraiso - Benahavis<\/span>\n\t\t<h2 class=\"wpb--card-title\">\n\t\t\t<a class=\"wpb--stretched-link\" href=\"\/es\/propiedad\/venta-altos-del-paraiso-pareado-685610\">\n\t\t\t\tElegante villa renovada con vistas panor\u00e1micas al mar en El Para\u00edso Alto, Benahav\u00eds\t\t\t<\/a>\n\t\t<\/h2>\n\t\t<div class=\"wpb--card-data\">\n\t\t\t<div class=\"wpb--card-locationref\">\n\t\t\t\t<ul class=\"wpb--card-features\">\n\t\t\t\t\t\t\t\t\t\t<li>4  Dormitorios<\/li>\n\t\t\t\t\t\t\t\t\t\t<li>4  Ba\u00f1os<\/li>\n\t\t\t\t\t\t\t\t\t\t<li>1.058 m&sup2; Plano<\/li>\n\t\t\t\t\t\t\t\t\t\t<li>276 m&sup2; Const.<\/li>\n\t\t\t\t\t\t\t\t\t<\/ul>\n\t\t\t<\/div>\n\t\t\t<div class=\"wpb--card-price\">\n\t\t\t\t2.695.000 &euro;\t\t\t<\/div>\n\t\t<\/div>\n\t<\/div>\n<\/div><div class=\"wpb--card wpb--card-reduced\">\n\t<div class=\"wpb--aspect-box wpb--portrait\">\n\t\t<div class=\"wpb--overflow-hidden\">\n\t\t\t\t\t\t\t\t\t<div class=\"f-carousel\">\n\t\t\t\t\t\t\t\t<div class=\"f-carousel__slide\">\n\t\t\t\t\t<img decoding=\"async\" class=\"wpb--image-fit\" loading=\"lazy\" src=\"https:\/\/www.luxurylivingmarbella.com\/wp-content\/uploads\/inmoba\/thumb-sale-1.5-exact-672851-0.webp\" alt=\"D\u00faplex de cuatro dormitorios ubicado en Nueva Andaluc\u00eda\" \/>\n\t\t\t\t<\/div>\n\t\t\t\t\t\t\t\t<div class=\"f-carousel__slide\">\n\t\t\t\t\t<img class=\"wpb--image-fit\" loading=\"lazy\" data-lazy-src=\"https:\/\/www.luxurylivingmarbella.com\/wp-content\/uploads\/inmoba\/thumb-sale-1.5-exact-672851-1.webp\" alt=\"D\u00faplex de cuatro dormitorios ubicado en Nueva Andaluc\u00eda\" \/>\n\t\t\t\t<\/div>\n\t\t\t\t\t\t\t\t<div class=\"f-carousel__slide\">\n\t\t\t\t\t<img class=\"wpb--image-fit\" loading=\"lazy\" data-lazy-src=\"https:\/\/www.luxurylivingmarbella.com\/wp-content\/uploads\/inmoba\/thumb-sale-1.5-exact-672851-2.webp\" alt=\"D\u00faplex de cuatro dormitorios ubicado en Nueva Andaluc\u00eda\" \/>\n\t\t\t\t<\/div>\n\t\t\t\t\t\t\t\t<div class=\"f-carousel__slide\">\n\t\t\t\t\t<img class=\"wpb--image-fit\" loading=\"lazy\" data-lazy-src=\"https:\/\/www.luxurylivingmarbella.com\/wp-content\/uploads\/inmoba\/thumb-sale-1.5-exact-672851-3.webp\" alt=\"D\u00faplex de cuatro dormitorios ubicado en Nueva Andaluc\u00eda\" \/>\n\t\t\t\t<\/div>\n\t\t\t\t\t\t\t\t<div class=\"f-carousel__slide\">\n\t\t\t\t\t<img class=\"wpb--image-fit\" loading=\"lazy\" data-lazy-src=\"https:\/\/www.luxurylivingmarbella.com\/wp-content\/uploads\/inmoba\/thumb-sale-1.5-exact-672851-4.webp\" alt=\"D\u00faplex de cuatro dormitorios ubicado en Nueva Andaluc\u00eda\" \/>\n\t\t\t\t<\/div>\n\t\t\t\t\t\t\t\t<div class=\"f-carousel__slide\">\n\t\t\t\t\t<img class=\"wpb--image-fit\" loading=\"lazy\" data-lazy-src=\"https:\/\/www.luxurylivingmarbella.com\/wp-content\/uploads\/inmoba\/thumb-sale-1.5-exact-672851-5.webp\" alt=\"D\u00faplex de cuatro dormitorios ubicado en Nueva Andaluc\u00eda\" \/>\n\t\t\t\t<\/div>\n\t\t\t\t\t\t\t\t<div class=\"f-carousel__slide\">\n\t\t\t\t\t<img class=\"wpb--image-fit\" loading=\"lazy\" data-lazy-src=\"https:\/\/www.luxurylivingmarbella.com\/wp-content\/uploads\/inmoba\/thumb-sale-1.5-exact-672851-6.webp\" alt=\"D\u00faplex de cuatro dormitorios ubicado en Nueva Andaluc\u00eda\" \/>\n\t\t\t\t<\/div>\n\t\t\t\t\t\t\t\t<div class=\"f-carousel__slide\">\n\t\t\t\t\t<img class=\"wpb--image-fit\" loading=\"lazy\" data-lazy-src=\"https:\/\/www.luxurylivingmarbella.com\/wp-content\/uploads\/inmoba\/thumb-sale-1.5-exact-672851-7.webp\" alt=\"D\u00faplex de cuatro dormitorios ubicado en Nueva Andaluc\u00eda\" \/>\n\t\t\t\t<\/div>\n\t\t\t\t\t\t\t\t<div class=\"f-carousel__slide\">\n\t\t\t\t\t<img class=\"wpb--image-fit\" loading=\"lazy\" data-lazy-src=\"https:\/\/www.luxurylivingmarbella.com\/wp-content\/uploads\/inmoba\/thumb-sale-1.5-exact-672851-8.webp\" alt=\"D\u00faplex de cuatro dormitorios ubicado en Nueva Andaluc\u00eda\" \/>\n\t\t\t\t<\/div>\n\t\t\t\t\t\t\t\t<div class=\"f-carousel__slide\">\n\t\t\t\t\t<img class=\"wpb--image-fit\" loading=\"lazy\" data-lazy-src=\"https:\/\/www.luxurylivingmarbella.com\/wp-content\/uploads\/inmoba\/thumb-sale-1.5-exact-672851-9.webp\" alt=\"D\u00faplex de cuatro dormitorios ubicado en Nueva Andaluc\u00eda\" \/>\n\t\t\t\t<\/div>\n\t\t\t\t\t\t\t\t<div class=\"f-carousel__slide\">\n\t\t\t\t\t<img class=\"wpb--image-fit\" loading=\"lazy\" data-lazy-src=\"https:\/\/www.luxurylivingmarbella.com\/wp-content\/uploads\/inmoba\/thumb-sale-1.5-exact-672851-10.webp\" alt=\"D\u00faplex de cuatro dormitorios ubicado en Nueva Andaluc\u00eda\" \/>\n\t\t\t\t<\/div>\n\t\t\t\t\t\t\t\t<div class=\"f-carousel__slide\">\n\t\t\t\t\t<img class=\"wpb--image-fit\" loading=\"lazy\" data-lazy-src=\"https:\/\/www.luxurylivingmarbella.com\/wp-content\/uploads\/inmoba\/thumb-sale-1.5-exact-672851-11.webp\" alt=\"D\u00faplex de cuatro dormitorios ubicado en Nueva Andaluc\u00eda\" \/>\n\t\t\t\t<\/div>\n\t\t\t\t\t\t\t\t<div class=\"f-carousel__slide\">\n\t\t\t\t\t<img class=\"wpb--image-fit\" loading=\"lazy\" data-lazy-src=\"https:\/\/www.luxurylivingmarbella.com\/wp-content\/uploads\/inmoba\/thumb-sale-1.5-exact-672851-12.webp\" alt=\"D\u00faplex de cuatro dormitorios ubicado en Nueva Andaluc\u00eda\" \/>\n\t\t\t\t<\/div>\n\t\t\t\t\t\t\t\t<div class=\"f-carousel__slide\">\n\t\t\t\t\t<img class=\"wpb--image-fit\" loading=\"lazy\" data-lazy-src=\"https:\/\/www.luxurylivingmarbella.com\/wp-content\/uploads\/inmoba\/thumb-sale-1.5-exact-672851-13.webp\" alt=\"D\u00faplex de cuatro dormitorios ubicado en Nueva Andaluc\u00eda\" \/>\n\t\t\t\t<\/div>\n\t\t\t\t\t\t\t\t<div class=\"f-carousel__slide\">\n\t\t\t\t\t<img class=\"wpb--image-fit\" loading=\"lazy\" data-lazy-src=\"https:\/\/www.luxurylivingmarbella.com\/wp-content\/uploads\/inmoba\/thumb-sale-1.5-exact-672851-14.webp\" alt=\"D\u00faplex de cuatro dormitorios ubicado en Nueva Andaluc\u00eda\" \/>\n\t\t\t\t<\/div>\n\t\t\t\t\t\t\t\t<div class=\"f-carousel__slide\">\n\t\t\t\t\t<img class=\"wpb--image-fit\" loading=\"lazy\" data-lazy-src=\"https:\/\/www.luxurylivingmarbella.com\/wp-content\/uploads\/inmoba\/thumb-sale-1.5-exact-672851-15.webp\" alt=\"D\u00faplex de cuatro dormitorios ubicado en Nueva Andaluc\u00eda\" \/>\n\t\t\t\t<\/div>\n\t\t\t\t\t\t\t\t<div class=\"f-carousel__slide\">\n\t\t\t\t\t<img class=\"wpb--image-fit\" loading=\"lazy\" data-lazy-src=\"https:\/\/www.luxurylivingmarbella.com\/wp-content\/uploads\/inmoba\/thumb-sale-1.5-exact-672851-16.webp\" alt=\"D\u00faplex de cuatro dormitorios ubicado en Nueva Andaluc\u00eda\" \/>\n\t\t\t\t<\/div>\n\t\t\t\t\t\t\t\t<div class=\"f-carousel__slide\">\n\t\t\t\t\t<img class=\"wpb--image-fit\" loading=\"lazy\" data-lazy-src=\"https:\/\/www.luxurylivingmarbella.com\/wp-content\/uploads\/inmoba\/thumb-sale-1.5-exact-672851-17.webp\" alt=\"D\u00faplex de cuatro dormitorios ubicado en Nueva Andaluc\u00eda\" \/>\n\t\t\t\t<\/div>\n\t\t\t\t\t\t\t\t<div class=\"f-carousel__slide\">\n\t\t\t\t\t<img class=\"wpb--image-fit\" loading=\"lazy\" data-lazy-src=\"https:\/\/www.luxurylivingmarbella.com\/wp-content\/uploads\/inmoba\/thumb-sale-1.5-exact-672851-18.webp\" alt=\"D\u00faplex de cuatro dormitorios ubicado en Nueva Andaluc\u00eda\" \/>\n\t\t\t\t<\/div>\n\t\t\t\t\t\t\t\t<div class=\"f-carousel__slide\">\n\t\t\t\t\t<img class=\"wpb--image-fit\" loading=\"lazy\" data-lazy-src=\"https:\/\/www.luxurylivingmarbella.com\/wp-content\/uploads\/inmoba\/thumb-sale-1.5-exact-672851-19.webp\" alt=\"D\u00faplex de cuatro dormitorios ubicado en Nueva Andaluc\u00eda\" \/>\n\t\t\t\t<\/div>\n\t\t\t\t\t\t\t\t<div class=\"f-carousel__slide\">\n\t\t\t\t\t<img class=\"wpb--image-fit\" loading=\"lazy\" data-lazy-src=\"https:\/\/www.luxurylivingmarbella.com\/wp-content\/uploads\/inmoba\/thumb-sale-1.5-exact-672851-20.webp\" alt=\"D\u00faplex de cuatro dormitorios ubicado en Nueva Andaluc\u00eda\" \/>\n\t\t\t\t<\/div>\n\t\t\t\t\t\t\t\t<div class=\"f-carousel__slide\">\n\t\t\t\t\t<img class=\"wpb--image-fit\" loading=\"lazy\" data-lazy-src=\"https:\/\/www.luxurylivingmarbella.com\/wp-content\/uploads\/inmoba\/thumb-sale-1.5-exact-672851-21.webp\" alt=\"D\u00faplex de cuatro dormitorios ubicado en Nueva Andaluc\u00eda\" \/>\n\t\t\t\t<\/div>\n\t\t\t\t\t\t\t\t<div class=\"f-carousel__slide\">\n\t\t\t\t\t<img class=\"wpb--image-fit\" loading=\"lazy\" data-lazy-src=\"https:\/\/www.luxurylivingmarbella.com\/wp-content\/uploads\/inmoba\/thumb-sale-1.5-exact-672851-22.webp\" alt=\"D\u00faplex de cuatro dormitorios ubicado en Nueva Andaluc\u00eda\" \/>\n\t\t\t\t<\/div>\n\t\t\t\t\t\t\t\t<div class=\"f-carousel__slide\">\n\t\t\t\t\t<img class=\"wpb--image-fit\" loading=\"lazy\" data-lazy-src=\"https:\/\/www.luxurylivingmarbella.com\/wp-content\/uploads\/inmoba\/thumb-sale-1.5-exact-672851-23.webp\" alt=\"D\u00faplex de cuatro dormitorios ubicado en Nueva Andaluc\u00eda\" \/>\n\t\t\t\t<\/div>\n\t\t\t\t\t\t\t<\/div>\n\t\t\t\t\t<\/div>\n\t\t<div class=\"wpb--action-container\">\n\t\t\t <button>Ver detalles<\/button>\n\t\t<\/div>\n\t<\/div>\n\t<div class=\"wpb--card-body\">\n\t\t<span class=\"wpb--card-body-location\"><span>687-00297P<\/span> | Alcores del Golf - Nueva Andalucia<\/span>\n\t\t<h2 class=\"wpb--card-title\">\n\t\t\t<a class=\"wpb--stretched-link\" href=\"\/es\/propiedad\/venta-alcores-del-golf-casa-672851\">\n\t\t\t\tD\u00faplex de cuatro dormitorios ubicado en Nueva Andaluc\u00eda\t\t\t<\/a>\n\t\t<\/h2>\n\t\t<div class=\"wpb--card-data\">\n\t\t\t<div class=\"wpb--card-locationref\">\n\t\t\t\t<ul class=\"wpb--card-features\">\n\t\t\t\t\t\t\t\t\t\t<li>4  Dormitorios<\/li>\n\t\t\t\t\t\t\t\t\t\t<li>4  Ba\u00f1os<\/li>\n\t\t\t\t\t\t\t\t\t\t<li>240 m&sup2; Const.<\/li>\n\t\t\t\t\t\t\t\t\t<\/ul>\n\t\t\t<\/div>\n\t\t\t<div class=\"wpb--card-price\">\n\t\t\t\t2.250.000 &euro;\t\t\t<\/div>\n\t\t<\/div>\n\t<\/div>\n<\/div><div class=\"wpb--card wpb--card-reduced\">\n\t<div class=\"wpb--aspect-box wpb--portrait\">\n\t\t<div class=\"wpb--overflow-hidden\">\n\t\t\t\t\t\t\t\t\t<div class=\"f-carousel\">\n\t\t\t\t\t\t\t\t<div class=\"f-carousel__slide\">\n\t\t\t\t\t<img decoding=\"async\" class=\"wpb--image-fit\" loading=\"lazy\" src=\"https:\/\/www.luxurylivingmarbella.com\/wp-content\/uploads\/inmoba\/thumb-sale-1.5-exact-662256-0.webp\" alt=\"Elegante adosado con piscina privada en Nueva Andaluc\u00eda\" \/>\n\t\t\t\t<\/div>\n\t\t\t\t\t\t\t\t<div class=\"f-carousel__slide\">\n\t\t\t\t\t<img class=\"wpb--image-fit\" loading=\"lazy\" data-lazy-src=\"https:\/\/www.luxurylivingmarbella.com\/wp-content\/uploads\/inmoba\/thumb-sale-1.5-exact-662256-1.webp\" alt=\"Elegante adosado con piscina privada en Nueva Andaluc\u00eda\" \/>\n\t\t\t\t<\/div>\n\t\t\t\t\t\t\t\t<div class=\"f-carousel__slide\">\n\t\t\t\t\t<img class=\"wpb--image-fit\" loading=\"lazy\" data-lazy-src=\"https:\/\/www.luxurylivingmarbella.com\/wp-content\/uploads\/inmoba\/thumb-sale-1.5-exact-662256-2.webp\" alt=\"Elegante adosado con piscina privada en Nueva Andaluc\u00eda\" \/>\n\t\t\t\t<\/div>\n\t\t\t\t\t\t\t\t<div class=\"f-carousel__slide\">\n\t\t\t\t\t<img class=\"wpb--image-fit\" loading=\"lazy\" data-lazy-src=\"https:\/\/www.luxurylivingmarbella.com\/wp-content\/uploads\/inmoba\/thumb-sale-1.5-exact-662256-3.webp\" alt=\"Elegante adosado con piscina privada en Nueva Andaluc\u00eda\" \/>\n\t\t\t\t<\/div>\n\t\t\t\t\t\t\t\t<div class=\"f-carousel__slide\">\n\t\t\t\t\t<img class=\"wpb--image-fit\" loading=\"lazy\" data-lazy-src=\"https:\/\/www.luxurylivingmarbella.com\/wp-content\/uploads\/inmoba\/thumb-sale-1.5-exact-662256-4.webp\" alt=\"Elegante adosado con piscina privada en Nueva Andaluc\u00eda\" \/>\n\t\t\t\t<\/div>\n\t\t\t\t\t\t\t\t<div class=\"f-carousel__slide\">\n\t\t\t\t\t<img class=\"wpb--image-fit\" loading=\"lazy\" data-lazy-src=\"https:\/\/www.luxurylivingmarbella.com\/wp-content\/uploads\/inmoba\/thumb-sale-1.5-exact-662256-5.webp\" alt=\"Elegante adosado con piscina privada en Nueva Andaluc\u00eda\" \/>\n\t\t\t\t<\/div>\n\t\t\t\t\t\t\t\t<div class=\"f-carousel__slide\">\n\t\t\t\t\t<img class=\"wpb--image-fit\" loading=\"lazy\" data-lazy-src=\"https:\/\/www.luxurylivingmarbella.com\/wp-content\/uploads\/inmoba\/thumb-sale-1.5-exact-662256-6.webp\" alt=\"Elegante adosado con piscina privada en Nueva Andaluc\u00eda\" \/>\n\t\t\t\t<\/div>\n\t\t\t\t\t\t\t\t<div class=\"f-carousel__slide\">\n\t\t\t\t\t<img class=\"wpb--image-fit\" loading=\"lazy\" data-lazy-src=\"https:\/\/www.luxurylivingmarbella.com\/wp-content\/uploads\/inmoba\/thumb-sale-1.5-exact-662256-7.webp\" alt=\"Elegante adosado con piscina privada en Nueva Andaluc\u00eda\" \/>\n\t\t\t\t<\/div>\n\t\t\t\t\t\t\t\t<div class=\"f-carousel__slide\">\n\t\t\t\t\t<img class=\"wpb--image-fit\" loading=\"lazy\" data-lazy-src=\"https:\/\/www.luxurylivingmarbella.com\/wp-content\/uploads\/inmoba\/thumb-sale-1.5-exact-662256-8.webp\" alt=\"Elegante adosado con piscina privada en Nueva Andaluc\u00eda\" \/>\n\t\t\t\t<\/div>\n\t\t\t\t\t\t\t\t<div class=\"f-carousel__slide\">\n\t\t\t\t\t<img class=\"wpb--image-fit\" loading=\"lazy\" data-lazy-src=\"https:\/\/www.luxurylivingmarbella.com\/wp-content\/uploads\/inmoba\/thumb-sale-1.5-exact-662256-9.webp\" alt=\"Elegante adosado con piscina privada en Nueva Andaluc\u00eda\" \/>\n\t\t\t\t<\/div>\n\t\t\t\t\t\t\t\t<div class=\"f-carousel__slide\">\n\t\t\t\t\t<img class=\"wpb--image-fit\" loading=\"lazy\" data-lazy-src=\"https:\/\/www.luxurylivingmarbella.com\/wp-content\/uploads\/inmoba\/thumb-sale-1.5-exact-662256-10.webp\" alt=\"Elegante adosado con piscina privada en Nueva Andaluc\u00eda\" \/>\n\t\t\t\t<\/div>\n\t\t\t\t\t\t\t\t<div class=\"f-carousel__slide\">\n\t\t\t\t\t<img class=\"wpb--image-fit\" loading=\"lazy\" data-lazy-src=\"https:\/\/www.luxurylivingmarbella.com\/wp-content\/uploads\/inmoba\/thumb-sale-1.5-exact-662256-11.webp\" alt=\"Elegante adosado con piscina privada en Nueva Andaluc\u00eda\" \/>\n\t\t\t\t<\/div>\n\t\t\t\t\t\t\t\t<div class=\"f-carousel__slide\">\n\t\t\t\t\t<img class=\"wpb--image-fit\" loading=\"lazy\" data-lazy-src=\"https:\/\/www.luxurylivingmarbella.com\/wp-content\/uploads\/inmoba\/thumb-sale-1.5-exact-662256-12.webp\" alt=\"Elegante adosado con piscina privada en Nueva Andaluc\u00eda\" \/>\n\t\t\t\t<\/div>\n\t\t\t\t\t\t\t\t<div class=\"f-carousel__slide\">\n\t\t\t\t\t<img class=\"wpb--image-fit\" loading=\"lazy\" data-lazy-src=\"https:\/\/www.luxurylivingmarbella.com\/wp-content\/uploads\/inmoba\/thumb-sale-1.5-exact-662256-13.webp\" alt=\"Elegante adosado con piscina privada en Nueva Andaluc\u00eda\" \/>\n\t\t\t\t<\/div>\n\t\t\t\t\t\t\t\t<div class=\"f-carousel__slide\">\n\t\t\t\t\t<img class=\"wpb--image-fit\" loading=\"lazy\" data-lazy-src=\"https:\/\/www.luxurylivingmarbella.com\/wp-content\/uploads\/inmoba\/thumb-sale-1.5-exact-662256-14.webp\" alt=\"Elegante adosado con piscina privada en Nueva Andaluc\u00eda\" \/>\n\t\t\t\t<\/div>\n\t\t\t\t\t\t\t\t<div class=\"f-carousel__slide\">\n\t\t\t\t\t<img class=\"wpb--image-fit\" loading=\"lazy\" data-lazy-src=\"https:\/\/www.luxurylivingmarbella.com\/wp-content\/uploads\/inmoba\/thumb-sale-1.5-exact-662256-15.webp\" alt=\"Elegante adosado con piscina privada en Nueva Andaluc\u00eda\" \/>\n\t\t\t\t<\/div>\n\t\t\t\t\t\t\t\t<div class=\"f-carousel__slide\">\n\t\t\t\t\t<img class=\"wpb--image-fit\" loading=\"lazy\" data-lazy-src=\"https:\/\/www.luxurylivingmarbella.com\/wp-content\/uploads\/inmoba\/thumb-sale-1.5-exact-662256-16.webp\" alt=\"Elegante adosado con piscina privada en Nueva Andaluc\u00eda\" \/>\n\t\t\t\t<\/div>\n\t\t\t\t\t\t\t\t<div class=\"f-carousel__slide\">\n\t\t\t\t\t<img class=\"wpb--image-fit\" loading=\"lazy\" data-lazy-src=\"https:\/\/www.luxurylivingmarbella.com\/wp-content\/uploads\/inmoba\/thumb-sale-1.5-exact-662256-17.webp\" alt=\"Elegante adosado con piscina privada en Nueva Andaluc\u00eda\" \/>\n\t\t\t\t<\/div>\n\t\t\t\t\t\t\t\t<div class=\"f-carousel__slide\">\n\t\t\t\t\t<img class=\"wpb--image-fit\" loading=\"lazy\" data-lazy-src=\"https:\/\/www.luxurylivingmarbella.com\/wp-content\/uploads\/inmoba\/thumb-sale-1.5-exact-662256-18.webp\" alt=\"Elegante adosado con piscina privada en Nueva Andaluc\u00eda\" \/>\n\t\t\t\t<\/div>\n\t\t\t\t\t\t\t\t<div class=\"f-carousel__slide\">\n\t\t\t\t\t<img class=\"wpb--image-fit\" loading=\"lazy\" data-lazy-src=\"https:\/\/www.luxurylivingmarbella.com\/wp-content\/uploads\/inmoba\/thumb-sale-1.5-exact-662256-19.webp\" alt=\"Elegante adosado con piscina privada en Nueva Andaluc\u00eda\" \/>\n\t\t\t\t<\/div>\n\t\t\t\t\t\t\t\t<div class=\"f-carousel__slide\">\n\t\t\t\t\t<img class=\"wpb--image-fit\" loading=\"lazy\" data-lazy-src=\"https:\/\/www.luxurylivingmarbella.com\/wp-content\/uploads\/inmoba\/thumb-sale-1.5-exact-662256-20.webp\" alt=\"Elegante adosado con piscina privada en Nueva Andaluc\u00eda\" \/>\n\t\t\t\t<\/div>\n\t\t\t\t\t\t\t\t<div class=\"f-carousel__slide\">\n\t\t\t\t\t<img class=\"wpb--image-fit\" loading=\"lazy\" data-lazy-src=\"https:\/\/www.luxurylivingmarbella.com\/wp-content\/uploads\/inmoba\/thumb-sale-1.5-exact-662256-21.webp\" alt=\"Elegante adosado con piscina privada en Nueva Andaluc\u00eda\" \/>\n\t\t\t\t<\/div>\n\t\t\t\t\t\t\t\t<div class=\"f-carousel__slide\">\n\t\t\t\t\t<img class=\"wpb--image-fit\" loading=\"lazy\" data-lazy-src=\"https:\/\/www.luxurylivingmarbella.com\/wp-content\/uploads\/inmoba\/thumb-sale-1.5-exact-662256-22.webp\" alt=\"Elegante adosado con piscina privada en Nueva Andaluc\u00eda\" \/>\n\t\t\t\t<\/div>\n\t\t\t\t\t\t\t\t<div class=\"f-carousel__slide\">\n\t\t\t\t\t<img class=\"wpb--image-fit\" loading=\"lazy\" data-lazy-src=\"https:\/\/www.luxurylivingmarbella.com\/wp-content\/uploads\/inmoba\/thumb-sale-1.5-exact-662256-23.webp\" alt=\"Elegante adosado con piscina privada en Nueva Andaluc\u00eda\" \/>\n\t\t\t\t<\/div>\n\t\t\t\t\t\t\t\t<div class=\"f-carousel__slide\">\n\t\t\t\t\t<img class=\"wpb--image-fit\" loading=\"lazy\" data-lazy-src=\"https:\/\/www.luxurylivingmarbella.com\/wp-content\/uploads\/inmoba\/thumb-sale-1.5-exact-662256-24.webp\" alt=\"Elegante adosado con piscina privada en Nueva Andaluc\u00eda\" \/>\n\t\t\t\t<\/div>\n\t\t\t\t\t\t\t\t<div class=\"f-carousel__slide\">\n\t\t\t\t\t<img class=\"wpb--image-fit\" loading=\"lazy\" data-lazy-src=\"https:\/\/www.luxurylivingmarbella.com\/wp-content\/uploads\/inmoba\/thumb-sale-1.5-exact-662256-25.webp\" alt=\"Elegante adosado con piscina privada en Nueva Andaluc\u00eda\" \/>\n\t\t\t\t<\/div>\n\t\t\t\t\t\t\t\t<div class=\"f-carousel__slide\">\n\t\t\t\t\t<img class=\"wpb--image-fit\" loading=\"lazy\" data-lazy-src=\"https:\/\/www.luxurylivingmarbella.com\/wp-content\/uploads\/inmoba\/thumb-sale-1.5-exact-662256-26.webp\" alt=\"Elegante adosado con piscina privada en Nueva Andaluc\u00eda\" \/>\n\t\t\t\t<\/div>\n\t\t\t\t\t\t\t\t<div class=\"f-carousel__slide\">\n\t\t\t\t\t<img class=\"wpb--image-fit\" loading=\"lazy\" data-lazy-src=\"https:\/\/www.luxurylivingmarbella.com\/wp-content\/uploads\/inmoba\/thumb-sale-1.5-exact-662256-27.webp\" alt=\"Elegante adosado con piscina privada en Nueva Andaluc\u00eda\" \/>\n\t\t\t\t<\/div>\n\t\t\t\t\t\t\t\t<div class=\"f-carousel__slide\">\n\t\t\t\t\t<img class=\"wpb--image-fit\" loading=\"lazy\" data-lazy-src=\"https:\/\/www.luxurylivingmarbella.com\/wp-content\/uploads\/inmoba\/thumb-sale-1.5-exact-662256-28.webp\" alt=\"Elegante adosado con piscina privada en Nueva Andaluc\u00eda\" \/>\n\t\t\t\t<\/div>\n\t\t\t\t\t\t\t\t<div class=\"f-carousel__slide\">\n\t\t\t\t\t<img class=\"wpb--image-fit\" loading=\"lazy\" data-lazy-src=\"https:\/\/www.luxurylivingmarbella.com\/wp-content\/uploads\/inmoba\/thumb-sale-1.5-exact-662256-29.webp\" alt=\"Elegante adosado con piscina privada en Nueva Andaluc\u00eda\" \/>\n\t\t\t\t<\/div>\n\t\t\t\t\t\t\t<\/div>\n\t\t\t\t\t<\/div>\n\t\t<div class=\"wpb--action-container\">\n\t\t\t <button>Ver detalles<\/button>\n\t\t<\/div>\n\t<\/div>\n\t<div class=\"wpb--card-body\">\n\t\t<span class=\"wpb--card-body-location\"><span>687-00264P<\/span> | Nueva Andalucia - Marbella<\/span>\n\t\t<h2 class=\"wpb--card-title\">\n\t\t\t<a class=\"wpb--stretched-link\" href=\"\/es\/propiedad\/venta-nueva-andalucia-adosado-662256\">\n\t\t\t\tElegante adosado con piscina privada en Nueva Andaluc\u00eda\t\t\t<\/a>\n\t\t<\/h2>\n\t\t<div class=\"wpb--card-data\">\n\t\t\t<div class=\"wpb--card-locationref\">\n\t\t\t\t<ul class=\"wpb--card-features\">\n\t\t\t\t\t\t\t\t\t\t<li>3  Dormitorios<\/li>\n\t\t\t\t\t\t\t\t\t\t<li>3  Ba\u00f1os<\/li>\n\t\t\t\t\t\t\t\t\t\t<li>205 m&sup2; Plano<\/li>\n\t\t\t\t\t\t\t\t\t\t<li>124 m&sup2; Const.<\/li>\n\t\t\t\t\t\t\t\t\t<\/ul>\n\t\t\t<\/div>\n\t\t\t<div class=\"wpb--card-price\">\n\t\t\t\t1.395.000 &euro;\t\t\t<\/div>\n\t\t<\/div>\n\t<\/div>\n<\/div><div class=\"wpb--card wpb--card-reduced\">\n\t<div class=\"wpb--aspect-box wpb--portrait\">\n\t\t<div class=\"wpb--overflow-hidden\">\n\t\t\t\t\t\t\t\t\t<div class=\"f-carousel\">\n\t\t\t\t\t\t\t\t<div class=\"f-carousel__slide\">\n\t\t\t\t\t<img decoding=\"async\" class=\"wpb--image-fit\" loading=\"lazy\" src=\"https:\/\/www.luxurylivingmarbella.com\/wp-content\/uploads\/inmoba\/thumb-sale-1.5-exact-655738-0.webp\" alt=\"Residencia Renovada de 4 Dormitorios en la Milla de Oro de Marbella\" \/>\n\t\t\t\t<\/div>\n\t\t\t\t\t\t\t\t<div class=\"f-carousel__slide\">\n\t\t\t\t\t<img class=\"wpb--image-fit\" loading=\"lazy\" data-lazy-src=\"https:\/\/www.luxurylivingmarbella.com\/wp-content\/uploads\/inmoba\/thumb-sale-1.5-exact-655738-1.webp\" alt=\"Residencia Renovada de 4 Dormitorios en la Milla de Oro de Marbella\" \/>\n\t\t\t\t<\/div>\n\t\t\t\t\t\t\t\t<div class=\"f-carousel__slide\">\n\t\t\t\t\t<img class=\"wpb--image-fit\" loading=\"lazy\" data-lazy-src=\"https:\/\/www.luxurylivingmarbella.com\/wp-content\/uploads\/inmoba\/thumb-sale-1.5-exact-655738-2.webp\" alt=\"Residencia Renovada de 4 Dormitorios en la Milla de Oro de Marbella\" \/>\n\t\t\t\t<\/div>\n\t\t\t\t\t\t\t\t<div class=\"f-carousel__slide\">\n\t\t\t\t\t<img class=\"wpb--image-fit\" loading=\"lazy\" data-lazy-src=\"https:\/\/www.luxurylivingmarbella.com\/wp-content\/uploads\/inmoba\/thumb-sale-1.5-exact-655738-3.webp\" alt=\"Residencia Renovada de 4 Dormitorios en la Milla de Oro de Marbella\" \/>\n\t\t\t\t<\/div>\n\t\t\t\t\t\t\t\t<div class=\"f-carousel__slide\">\n\t\t\t\t\t<img class=\"wpb--image-fit\" loading=\"lazy\" data-lazy-src=\"https:\/\/www.luxurylivingmarbella.com\/wp-content\/uploads\/inmoba\/thumb-sale-1.5-exact-655738-4.webp\" alt=\"Residencia Renovada de 4 Dormitorios en la Milla de Oro de Marbella\" \/>\n\t\t\t\t<\/div>\n\t\t\t\t\t\t\t\t<div class=\"f-carousel__slide\">\n\t\t\t\t\t<img class=\"wpb--image-fit\" loading=\"lazy\" data-lazy-src=\"https:\/\/www.luxurylivingmarbella.com\/wp-content\/uploads\/inmoba\/thumb-sale-1.5-exact-655738-5.webp\" alt=\"Residencia Renovada de 4 Dormitorios en la Milla de Oro de Marbella\" \/>\n\t\t\t\t<\/div>\n\t\t\t\t\t\t\t\t<div class=\"f-carousel__slide\">\n\t\t\t\t\t<img class=\"wpb--image-fit\" loading=\"lazy\" data-lazy-src=\"https:\/\/www.luxurylivingmarbella.com\/wp-content\/uploads\/inmoba\/thumb-sale-1.5-exact-655738-6.webp\" alt=\"Residencia Renovada de 4 Dormitorios en la Milla de Oro de Marbella\" \/>\n\t\t\t\t<\/div>\n\t\t\t\t\t\t\t\t<div class=\"f-carousel__slide\">\n\t\t\t\t\t<img class=\"wpb--image-fit\" loading=\"lazy\" data-lazy-src=\"https:\/\/www.luxurylivingmarbella.com\/wp-content\/uploads\/inmoba\/thumb-sale-1.5-exact-655738-7.webp\" alt=\"Residencia Renovada de 4 Dormitorios en la Milla de Oro de Marbella\" \/>\n\t\t\t\t<\/div>\n\t\t\t\t\t\t\t\t<div class=\"f-carousel__slide\">\n\t\t\t\t\t<img class=\"wpb--image-fit\" loading=\"lazy\" data-lazy-src=\"https:\/\/www.luxurylivingmarbella.com\/wp-content\/uploads\/inmoba\/thumb-sale-1.5-exact-655738-8.webp\" alt=\"Residencia Renovada de 4 Dormitorios en la Milla de Oro de Marbella\" \/>\n\t\t\t\t<\/div>\n\t\t\t\t\t\t\t\t<div class=\"f-carousel__slide\">\n\t\t\t\t\t<img class=\"wpb--image-fit\" loading=\"lazy\" data-lazy-src=\"https:\/\/www.luxurylivingmarbella.com\/wp-content\/uploads\/inmoba\/thumb-sale-1.5-exact-655738-9.webp\" alt=\"Residencia Renovada de 4 Dormitorios en la Milla de Oro de Marbella\" \/>\n\t\t\t\t<\/div>\n\t\t\t\t\t\t\t\t<div class=\"f-carousel__slide\">\n\t\t\t\t\t<img class=\"wpb--image-fit\" loading=\"lazy\" data-lazy-src=\"https:\/\/www.luxurylivingmarbella.com\/wp-content\/uploads\/inmoba\/thumb-sale-1.5-exact-655738-10.webp\" alt=\"Residencia Renovada de 4 Dormitorios en la Milla de Oro de Marbella\" \/>\n\t\t\t\t<\/div>\n\t\t\t\t\t\t\t\t<div class=\"f-carousel__slide\">\n\t\t\t\t\t<img class=\"wpb--image-fit\" loading=\"lazy\" data-lazy-src=\"https:\/\/www.luxurylivingmarbella.com\/wp-content\/uploads\/inmoba\/thumb-sale-1.5-exact-655738-11.webp\" alt=\"Residencia Renovada de 4 Dormitorios en la Milla de Oro de Marbella\" \/>\n\t\t\t\t<\/div>\n\t\t\t\t\t\t\t\t<div class=\"f-carousel__slide\">\n\t\t\t\t\t<img class=\"wpb--image-fit\" loading=\"lazy\" data-lazy-src=\"https:\/\/www.luxurylivingmarbella.com\/wp-content\/uploads\/inmoba\/thumb-sale-1.5-exact-655738-12.webp\" alt=\"Residencia Renovada de 4 Dormitorios en la Milla de Oro de Marbella\" \/>\n\t\t\t\t<\/div>\n\t\t\t\t\t\t\t\t<div class=\"f-carousel__slide\">\n\t\t\t\t\t<img class=\"wpb--image-fit\" loading=\"lazy\" data-lazy-src=\"https:\/\/www.luxurylivingmarbella.com\/wp-content\/uploads\/inmoba\/thumb-sale-1.5-exact-655738-13.webp\" alt=\"Residencia Renovada de 4 Dormitorios en la Milla de Oro de Marbella\" \/>\n\t\t\t\t<\/div>\n\t\t\t\t\t\t\t\t<div class=\"f-carousel__slide\">\n\t\t\t\t\t<img class=\"wpb--image-fit\" loading=\"lazy\" data-lazy-src=\"https:\/\/www.luxurylivingmarbella.com\/wp-content\/uploads\/inmoba\/thumb-sale-1.5-exact-655738-14.webp\" alt=\"Residencia Renovada de 4 Dormitorios en la Milla de Oro de Marbella\" \/>\n\t\t\t\t<\/div>\n\t\t\t\t\t\t\t\t<div class=\"f-carousel__slide\">\n\t\t\t\t\t<img class=\"wpb--image-fit\" loading=\"lazy\" data-lazy-src=\"https:\/\/www.luxurylivingmarbella.com\/wp-content\/uploads\/inmoba\/thumb-sale-1.5-exact-655738-15.webp\" alt=\"Residencia Renovada de 4 Dormitorios en la Milla de Oro de Marbella\" \/>\n\t\t\t\t<\/div>\n\t\t\t\t\t\t\t\t<div class=\"f-carousel__slide\">\n\t\t\t\t\t<img class=\"wpb--image-fit\" loading=\"lazy\" data-lazy-src=\"https:\/\/www.luxurylivingmarbella.com\/wp-content\/uploads\/inmoba\/thumb-sale-1.5-exact-655738-16.webp\" alt=\"Residencia Renovada de 4 Dormitorios en la Milla de Oro de Marbella\" \/>\n\t\t\t\t<\/div>\n\t\t\t\t\t\t\t\t<div class=\"f-carousel__slide\">\n\t\t\t\t\t<img class=\"wpb--image-fit\" loading=\"lazy\" data-lazy-src=\"https:\/\/www.luxurylivingmarbella.com\/wp-content\/uploads\/inmoba\/thumb-sale-1.5-exact-655738-17.webp\" alt=\"Residencia Renovada de 4 Dormitorios en la Milla de Oro de Marbella\" \/>\n\t\t\t\t<\/div>\n\t\t\t\t\t\t\t\t<div class=\"f-carousel__slide\">\n\t\t\t\t\t<img class=\"wpb--image-fit\" loading=\"lazy\" data-lazy-src=\"https:\/\/www.luxurylivingmarbella.com\/wp-content\/uploads\/inmoba\/thumb-sale-1.5-exact-655738-18.webp\" alt=\"Residencia Renovada de 4 Dormitorios en la Milla de Oro de Marbella\" \/>\n\t\t\t\t<\/div>\n\t\t\t\t\t\t\t\t<div class=\"f-carousel__slide\">\n\t\t\t\t\t<img class=\"wpb--image-fit\" loading=\"lazy\" data-lazy-src=\"https:\/\/www.luxurylivingmarbella.com\/wp-content\/uploads\/inmoba\/thumb-sale-1.5-exact-655738-19.webp\" alt=\"Residencia Renovada de 4 Dormitorios en la Milla de Oro de Marbella\" \/>\n\t\t\t\t<\/div>\n\t\t\t\t\t\t\t\t<div class=\"f-carousel__slide\">\n\t\t\t\t\t<img class=\"wpb--image-fit\" loading=\"lazy\" data-lazy-src=\"https:\/\/www.luxurylivingmarbella.com\/wp-content\/uploads\/inmoba\/thumb-sale-1.5-exact-655738-20.webp\" alt=\"Residencia Renovada de 4 Dormitorios en la Milla de Oro de Marbella\" \/>\n\t\t\t\t<\/div>\n\t\t\t\t\t\t\t\t<div class=\"f-carousel__slide\">\n\t\t\t\t\t<img class=\"wpb--image-fit\" loading=\"lazy\" data-lazy-src=\"https:\/\/www.luxurylivingmarbella.com\/wp-content\/uploads\/inmoba\/thumb-sale-1.5-exact-655738-21.webp\" alt=\"Residencia Renovada de 4 Dormitorios en la Milla de Oro de Marbella\" \/>\n\t\t\t\t<\/div>\n\t\t\t\t\t\t\t\t<div class=\"f-carousel__slide\">\n\t\t\t\t\t<img class=\"wpb--image-fit\" loading=\"lazy\" data-lazy-src=\"https:\/\/www.luxurylivingmarbella.com\/wp-content\/uploads\/inmoba\/thumb-sale-1.5-exact-655738-22.webp\" alt=\"Residencia Renovada de 4 Dormitorios en la Milla de Oro de Marbella\" \/>\n\t\t\t\t<\/div>\n\t\t\t\t\t\t\t\t<div class=\"f-carousel__slide\">\n\t\t\t\t\t<img class=\"wpb--image-fit\" loading=\"lazy\" data-lazy-src=\"https:\/\/www.luxurylivingmarbella.com\/wp-content\/uploads\/inmoba\/thumb-sale-1.5-exact-655738-23.webp\" alt=\"Residencia Renovada de 4 Dormitorios en la Milla de Oro de Marbella\" \/>\n\t\t\t\t<\/div>\n\t\t\t\t\t\t\t\t<div class=\"f-carousel__slide\">\n\t\t\t\t\t<img class=\"wpb--image-fit\" loading=\"lazy\" data-lazy-src=\"https:\/\/www.luxurylivingmarbella.com\/wp-content\/uploads\/inmoba\/thumb-sale-1.5-exact-655738-24.webp\" alt=\"Residencia Renovada de 4 Dormitorios en la Milla de Oro de Marbella\" \/>\n\t\t\t\t<\/div>\n\t\t\t\t\t\t\t\t<div class=\"f-carousel__slide\">\n\t\t\t\t\t<img class=\"wpb--image-fit\" loading=\"lazy\" data-lazy-src=\"https:\/\/www.luxurylivingmarbella.com\/wp-content\/uploads\/inmoba\/thumb-sale-1.5-exact-655738-25.webp\" alt=\"Residencia Renovada de 4 Dormitorios en la Milla de Oro de Marbella\" \/>\n\t\t\t\t<\/div>\n\t\t\t\t\t\t\t\t<div class=\"f-carousel__slide\">\n\t\t\t\t\t<img class=\"wpb--image-fit\" loading=\"lazy\" data-lazy-src=\"https:\/\/www.luxurylivingmarbella.com\/wp-content\/uploads\/inmoba\/thumb-sale-1.5-exact-655738-26.webp\" alt=\"Residencia Renovada de 4 Dormitorios en la Milla de Oro de Marbella\" \/>\n\t\t\t\t<\/div>\n\t\t\t\t\t\t\t\t<div class=\"f-carousel__slide\">\n\t\t\t\t\t<img class=\"wpb--image-fit\" loading=\"lazy\" data-lazy-src=\"https:\/\/www.luxurylivingmarbella.com\/wp-content\/uploads\/inmoba\/thumb-sale-1.5-exact-655738-27.webp\" alt=\"Residencia Renovada de 4 Dormitorios en la Milla de Oro de Marbella\" \/>\n\t\t\t\t<\/div>\n\t\t\t\t\t\t\t\t<div class=\"f-carousel__slide\">\n\t\t\t\t\t<img class=\"wpb--image-fit\" loading=\"lazy\" data-lazy-src=\"https:\/\/www.luxurylivingmarbella.com\/wp-content\/uploads\/inmoba\/thumb-sale-1.5-exact-655738-28.webp\" alt=\"Residencia Renovada de 4 Dormitorios en la Milla de Oro de Marbella\" \/>\n\t\t\t\t<\/div>\n\t\t\t\t\t\t\t\t<div class=\"f-carousel__slide\">\n\t\t\t\t\t<img class=\"wpb--image-fit\" loading=\"lazy\" data-lazy-src=\"https:\/\/www.luxurylivingmarbella.com\/wp-content\/uploads\/inmoba\/thumb-sale-1.5-exact-655738-29.webp\" alt=\"Residencia Renovada de 4 Dormitorios en la Milla de Oro de Marbella\" \/>\n\t\t\t\t<\/div>\n\t\t\t\t\t\t\t\t<div class=\"f-carousel__slide\">\n\t\t\t\t\t<img class=\"wpb--image-fit\" loading=\"lazy\" data-lazy-src=\"https:\/\/www.luxurylivingmarbella.com\/wp-content\/uploads\/inmoba\/thumb-sale-1.5-exact-655738-30.webp\" alt=\"Residencia Renovada de 4 Dormitorios en la Milla de Oro de Marbella\" \/>\n\t\t\t\t<\/div>\n\t\t\t\t\t\t\t\t<div class=\"f-carousel__slide\">\n\t\t\t\t\t<img class=\"wpb--image-fit\" loading=\"lazy\" data-lazy-src=\"https:\/\/www.luxurylivingmarbella.com\/wp-content\/uploads\/inmoba\/thumb-sale-1.5-exact-655738-31.webp\" alt=\"Residencia Renovada de 4 Dormitorios en la Milla de Oro de Marbella\" \/>\n\t\t\t\t<\/div>\n\t\t\t\t\t\t\t\t<div class=\"f-carousel__slide\">\n\t\t\t\t\t<img class=\"wpb--image-fit\" loading=\"lazy\" data-lazy-src=\"https:\/\/www.luxurylivingmarbella.com\/wp-content\/uploads\/inmoba\/thumb-sale-1.5-exact-655738-32.webp\" alt=\"Residencia Renovada de 4 Dormitorios en la Milla de Oro de Marbella\" \/>\n\t\t\t\t<\/div>\n\t\t\t\t\t\t\t\t<div class=\"f-carousel__slide\">\n\t\t\t\t\t<img class=\"wpb--image-fit\" loading=\"lazy\" data-lazy-src=\"https:\/\/www.luxurylivingmarbella.com\/wp-content\/uploads\/inmoba\/thumb-sale-1.5-exact-655738-33.webp\" alt=\"Residencia Renovada de 4 Dormitorios en la Milla de Oro de Marbella\" \/>\n\t\t\t\t<\/div>\n\t\t\t\t\t\t\t\t<div class=\"f-carousel__slide\">\n\t\t\t\t\t<img class=\"wpb--image-fit\" loading=\"lazy\" data-lazy-src=\"https:\/\/www.luxurylivingmarbella.com\/wp-content\/uploads\/inmoba\/thumb-sale-1.5-exact-655738-34.webp\" alt=\"Residencia Renovada de 4 Dormitorios en la Milla de Oro de Marbella\" \/>\n\t\t\t\t<\/div>\n\t\t\t\t\t\t\t\t<div class=\"f-carousel__slide\">\n\t\t\t\t\t<img class=\"wpb--image-fit\" loading=\"lazy\" data-lazy-src=\"https:\/\/www.luxurylivingmarbella.com\/wp-content\/uploads\/inmoba\/thumb-sale-1.5-exact-655738-35.webp\" alt=\"Residencia Renovada de 4 Dormitorios en la Milla de Oro de Marbella\" \/>\n\t\t\t\t<\/div>\n\t\t\t\t\t\t\t\t<div class=\"f-carousel__slide\">\n\t\t\t\t\t<img class=\"wpb--image-fit\" loading=\"lazy\" data-lazy-src=\"https:\/\/www.luxurylivingmarbella.com\/wp-content\/uploads\/inmoba\/thumb-sale-1.5-exact-655738-36.webp\" alt=\"Residencia Renovada de 4 Dormitorios en la Milla de Oro de Marbella\" \/>\n\t\t\t\t<\/div>\n\t\t\t\t\t\t\t\t<div class=\"f-carousel__slide\">\n\t\t\t\t\t<img class=\"wpb--image-fit\" loading=\"lazy\" data-lazy-src=\"https:\/\/www.luxurylivingmarbella.com\/wp-content\/uploads\/inmoba\/thumb-sale-1.5-exact-655738-37.webp\" alt=\"Residencia Renovada de 4 Dormitorios en la Milla de Oro de Marbella\" \/>\n\t\t\t\t<\/div>\n\t\t\t\t\t\t\t\t<div class=\"f-carousel__slide\">\n\t\t\t\t\t<img class=\"wpb--image-fit\" loading=\"lazy\" data-lazy-src=\"https:\/\/www.luxurylivingmarbella.com\/wp-content\/uploads\/inmoba\/thumb-sale-1.5-exact-655738-38.webp\" alt=\"Residencia Renovada de 4 Dormitorios en la Milla de Oro de Marbella\" \/>\n\t\t\t\t<\/div>\n\t\t\t\t\t\t\t\t<div class=\"f-carousel__slide\">\n\t\t\t\t\t<img class=\"wpb--image-fit\" loading=\"lazy\" data-lazy-src=\"https:\/\/www.luxurylivingmarbella.com\/wp-content\/uploads\/inmoba\/thumb-sale-1.5-exact-655738-39.webp\" alt=\"Residencia Renovada de 4 Dormitorios en la Milla de Oro de Marbella\" \/>\n\t\t\t\t<\/div>\n\t\t\t\t\t\t\t\t<div class=\"f-carousel__slide\">\n\t\t\t\t\t<img class=\"wpb--image-fit\" loading=\"lazy\" data-lazy-src=\"https:\/\/www.luxurylivingmarbella.com\/wp-content\/uploads\/inmoba\/thumb-sale-1.5-exact-655738-40.webp\" alt=\"Residencia Renovada de 4 Dormitorios en la Milla de Oro de Marbella\" \/>\n\t\t\t\t<\/div>\n\t\t\t\t\t\t\t\t<div class=\"f-carousel__slide\">\n\t\t\t\t\t<img class=\"wpb--image-fit\" loading=\"lazy\" data-lazy-src=\"https:\/\/www.luxurylivingmarbella.com\/wp-content\/uploads\/inmoba\/thumb-sale-1.5-exact-655738-41.webp\" alt=\"Residencia Renovada de 4 Dormitorios en la Milla de Oro de Marbella\" \/>\n\t\t\t\t<\/div>\n\t\t\t\t\t\t\t\t<div class=\"f-carousel__slide\">\n\t\t\t\t\t<img class=\"wpb--image-fit\" loading=\"lazy\" data-lazy-src=\"https:\/\/www.luxurylivingmarbella.com\/wp-content\/uploads\/inmoba\/thumb-sale-1.5-exact-655738-42.webp\" alt=\"Residencia Renovada de 4 Dormitorios en la Milla de Oro de Marbella\" \/>\n\t\t\t\t<\/div>\n\t\t\t\t\t\t\t\t<div class=\"f-carousel__slide\">\n\t\t\t\t\t<img class=\"wpb--image-fit\" loading=\"lazy\" data-lazy-src=\"https:\/\/www.luxurylivingmarbella.com\/wp-content\/uploads\/inmoba\/thumb-sale-1.5-exact-655738-43.webp\" alt=\"Residencia Renovada de 4 Dormitorios en la Milla de Oro de Marbella\" \/>\n\t\t\t\t<\/div>\n\t\t\t\t\t\t\t\t<div class=\"f-carousel__slide\">\n\t\t\t\t\t<img class=\"wpb--image-fit\" loading=\"lazy\" data-lazy-src=\"https:\/\/www.luxurylivingmarbella.com\/wp-content\/uploads\/inmoba\/thumb-sale-1.5-exact-655738-44.webp\" alt=\"Residencia Renovada de 4 Dormitorios en la Milla de Oro de Marbella\" \/>\n\t\t\t\t<\/div>\n\t\t\t\t\t\t\t\t<div class=\"f-carousel__slide\">\n\t\t\t\t\t<img class=\"wpb--image-fit\" loading=\"lazy\" data-lazy-src=\"https:\/\/www.luxurylivingmarbella.com\/wp-content\/uploads\/inmoba\/thumb-sale-1.5-exact-655738-45.webp\" alt=\"Residencia Renovada de 4 Dormitorios en la Milla de Oro de Marbella\" \/>\n\t\t\t\t<\/div>\n\t\t\t\t\t\t\t\t<div class=\"f-carousel__slide\">\n\t\t\t\t\t<img class=\"wpb--image-fit\" loading=\"lazy\" data-lazy-src=\"https:\/\/www.luxurylivingmarbella.com\/wp-content\/uploads\/inmoba\/thumb-sale-1.5-exact-655738-46.webp\" alt=\"Residencia Renovada de 4 Dormitorios en la Milla de Oro de Marbella\" \/>\n\t\t\t\t<\/div>\n\t\t\t\t\t\t\t\t<div class=\"f-carousel__slide\">\n\t\t\t\t\t<img class=\"wpb--image-fit\" loading=\"lazy\" data-lazy-src=\"https:\/\/www.luxurylivingmarbella.com\/wp-content\/uploads\/inmoba\/thumb-sale-1.5-exact-655738-47.webp\" alt=\"Residencia Renovada de 4 Dormitorios en la Milla de Oro de Marbella\" \/>\n\t\t\t\t<\/div>\n\t\t\t\t\t\t\t\t<div class=\"f-carousel__slide\">\n\t\t\t\t\t<img class=\"wpb--image-fit\" loading=\"lazy\" data-lazy-src=\"https:\/\/www.luxurylivingmarbella.com\/wp-content\/uploads\/inmoba\/thumb-sale-1.5-exact-655738-48.webp\" alt=\"Residencia Renovada de 4 Dormitorios en la Milla de Oro de Marbella\" \/>\n\t\t\t\t<\/div>\n\t\t\t\t\t\t\t\t<div class=\"f-carousel__slide\">\n\t\t\t\t\t<img class=\"wpb--image-fit\" loading=\"lazy\" data-lazy-src=\"https:\/\/www.luxurylivingmarbella.com\/wp-content\/uploads\/inmoba\/thumb-sale-1.5-exact-655738-49.webp\" alt=\"Residencia Renovada de 4 Dormitorios en la Milla de Oro de Marbella\" \/>\n\t\t\t\t<\/div>\n\t\t\t\t\t\t\t\t<div class=\"f-carousel__slide\">\n\t\t\t\t\t<img class=\"wpb--image-fit\" loading=\"lazy\" data-lazy-src=\"https:\/\/www.luxurylivingmarbella.com\/wp-content\/uploads\/inmoba\/thumb-sale-1.5-exact-655738-50.webp\" alt=\"Residencia Renovada de 4 Dormitorios en la Milla de Oro de Marbella\" \/>\n\t\t\t\t<\/div>\n\t\t\t\t\t\t\t\t<div class=\"f-carousel__slide\">\n\t\t\t\t\t<img class=\"wpb--image-fit\" loading=\"lazy\" data-lazy-src=\"https:\/\/www.luxurylivingmarbella.com\/wp-content\/uploads\/inmoba\/thumb-sale-1.5-exact-655738-51.webp\" alt=\"Residencia Renovada de 4 Dormitorios en la Milla de Oro de Marbella\" \/>\n\t\t\t\t<\/div>\n\t\t\t\t\t\t\t\t<div class=\"f-carousel__slide\">\n\t\t\t\t\t<img class=\"wpb--image-fit\" loading=\"lazy\" data-lazy-src=\"https:\/\/www.luxurylivingmarbella.com\/wp-content\/uploads\/inmoba\/thumb-sale-1.5-exact-655738-52.webp\" alt=\"Residencia Renovada de 4 Dormitorios en la Milla de Oro de Marbella\" \/>\n\t\t\t\t<\/div>\n\t\t\t\t\t\t\t\t<div class=\"f-carousel__slide\">\n\t\t\t\t\t<img class=\"wpb--image-fit\" loading=\"lazy\" data-lazy-src=\"https:\/\/www.luxurylivingmarbella.com\/wp-content\/uploads\/inmoba\/thumb-sale-1.5-exact-655738-53.webp\" alt=\"Residencia Renovada de 4 Dormitorios en la Milla de Oro de Marbella\" \/>\n\t\t\t\t<\/div>\n\t\t\t\t\t\t\t\t<div class=\"f-carousel__slide\">\n\t\t\t\t\t<img class=\"wpb--image-fit\" loading=\"lazy\" data-lazy-src=\"https:\/\/www.luxurylivingmarbella.com\/wp-content\/uploads\/inmoba\/thumb-sale-1.5-exact-655738-54.webp\" alt=\"Residencia Renovada de 4 Dormitorios en la Milla de Oro de Marbella\" \/>\n\t\t\t\t<\/div>\n\t\t\t\t\t\t\t\t<div class=\"f-carousel__slide\">\n\t\t\t\t\t<img class=\"wpb--image-fit\" loading=\"lazy\" data-lazy-src=\"https:\/\/www.luxurylivingmarbella.com\/wp-content\/uploads\/inmoba\/thumb-sale-1.5-exact-655738-55.webp\" alt=\"Residencia Renovada de 4 Dormitorios en la Milla de Oro de Marbella\" \/>\n\t\t\t\t<\/div>\n\t\t\t\t\t\t\t\t<div class=\"f-carousel__slide\">\n\t\t\t\t\t<img class=\"wpb--image-fit\" loading=\"lazy\" data-lazy-src=\"https:\/\/www.luxurylivingmarbella.com\/wp-content\/uploads\/inmoba\/thumb-sale-1.5-exact-655738-56.webp\" alt=\"Residencia Renovada de 4 Dormitorios en la Milla de Oro de Marbella\" \/>\n\t\t\t\t<\/div>\n\t\t\t\t\t\t\t\t<div class=\"f-carousel__slide\">\n\t\t\t\t\t<img class=\"wpb--image-fit\" loading=\"lazy\" data-lazy-src=\"https:\/\/www.luxurylivingmarbella.com\/wp-content\/uploads\/inmoba\/thumb-sale-1.5-exact-655738-57.webp\" alt=\"Residencia Renovada de 4 Dormitorios en la Milla de Oro de Marbella\" \/>\n\t\t\t\t<\/div>\n\t\t\t\t\t\t\t<\/div>\n\t\t\t\t\t<\/div>\n\t\t<div class=\"wpb--action-container\">\n\t\t\t <button>Ver detalles<\/button>\n\t\t<\/div>\n\t<\/div>\n\t<div class=\"wpb--card-body\">\n\t\t<span class=\"wpb--card-body-location\"><span>687-00242P<\/span> | Marbella Golden Mile<\/span>\n\t\t<h2 class=\"wpb--card-title\">\n\t\t\t<a class=\"wpb--stretched-link\" href=\"\/es\/propiedad\/venta-marbella-golden-mile-adosado-655738\">\n\t\t\t\tResidencia Renovada de 4 Dormitorios en la Milla de Oro de Marbella\t\t\t<\/a>\n\t\t<\/h2>\n\t\t<div class=\"wpb--card-data\">\n\t\t\t<div class=\"wpb--card-locationref\">\n\t\t\t\t<ul class=\"wpb--card-features\">\n\t\t\t\t\t\t\t\t\t\t<li>4  Dormitorios<\/li>\n\t\t\t\t\t\t\t\t\t\t<li>3  Ba\u00f1os<\/li>\n\t\t\t\t\t\t\t\t\t\t<li>217 m&sup2; Const.<\/li>\n\t\t\t\t\t\t\t\t\t<\/ul>\n\t\t\t<\/div>\n\t\t\t<div class=\"wpb--card-price\">\n\t\t\t\t2.150.000 &euro;\t\t\t<\/div>\n\t\t<\/div>\n\t<\/div>\n<\/div><div class=\"wpb--card wpb--card-reduced\">\n\t<div class=\"wpb--aspect-box wpb--portrait\">\n\t\t<div class=\"wpb--overflow-hidden\">\n\t\t\t\t\t\t\t\t\t<div class=\"f-carousel\">\n\t\t\t\t\t\t\t\t<div class=\"f-carousel__slide\">\n\t\t\t\t\t<img decoding=\"async\" class=\"wpb--image-fit\" loading=\"lazy\" src=\"https:\/\/www.luxurylivingmarbella.com\/wp-content\/uploads\/inmoba\/thumb-sale-1.5-exact-699414-0.webp\" alt=\"Finca Exclusiva con vistas en El Padron , Estepona\" \/>\n\t\t\t\t<\/div>\n\t\t\t\t\t\t\t\t<div class=\"f-carousel__slide\">\n\t\t\t\t\t<img class=\"wpb--image-fit\" loading=\"lazy\" data-lazy-src=\"\/wp-content\/plugins\/inmobaliaplugin\/image.php?u=B98Le8~d7M9k3DegpEFZhS0lI_F8U4XZVz~HWxt~mGgYekxX9nCAxh0ZjtE2u9zqepXEUrVLqfm8KeIGW6Gtyd4X_OOwrQXIXWbF_Lc4bc31U5ywNpmLyAPEPsfhhUZvKpDirN7vy_HXZdCrS8RtgkN1l4CHdu3tlw--&i=699414-1&s=500&f=sale&r=1.5&ro=exact&k=1\" alt=\"Finca Exclusiva con vistas en El Padron , Estepona\" \/>\n\t\t\t\t<\/div>\n\t\t\t\t\t\t\t\t<div class=\"f-carousel__slide\">\n\t\t\t\t\t<img class=\"wpb--image-fit\" loading=\"lazy\" data-lazy-src=\"\/wp-content\/plugins\/inmobaliaplugin\/image.php?u=B98Le8~d7M9k3DegpEFZhS0lI_F8U4XZVz~HWxt~mGgYekxX9nCAxh0ZjtE2u9zqepXEUrVLqfm8KeIGW6Gtyd4X_OOwrQXIXWbF_Lc4bc31UOgfpvgYSh~U7~hYW~Yu5mSsB~TB9ybkP7LdBZaRSzBcXYY~kKy4Lw--&i=699414-2&s=500&f=sale&r=1.5&ro=exact&k=2\" alt=\"Finca Exclusiva con vistas en El Padron , Estepona\" \/>\n\t\t\t\t<\/div>\n\t\t\t\t\t\t\t\t<div class=\"f-carousel__slide\">\n\t\t\t\t\t<img class=\"wpb--image-fit\" loading=\"lazy\" data-lazy-src=\"\/wp-content\/plugins\/inmobaliaplugin\/image.php?u=B98Le8~d7M9k3DegpEFZhS0lI_F8U4XZVz~HWxt~mGgYekxX9nCAxh0ZjtE2u9zqepXEUrVLqfm8KeIGW6Gtyd4X_OOwrQXIXWbF_Lc4bc31ViF~VxEpVySN2yovQbzbGLMyXaOPE3L3ZeV0Obf4LkiJMfBCOKfvsQ--&i=699414-3&s=500&f=sale&r=1.5&ro=exact&k=3\" alt=\"Finca Exclusiva con vistas en El Padron , Estepona\" \/>\n\t\t\t\t<\/div>\n\t\t\t\t\t\t\t\t<div class=\"f-carousel__slide\">\n\t\t\t\t\t<img class=\"wpb--image-fit\" loading=\"lazy\" data-lazy-src=\"\/wp-content\/plugins\/inmobaliaplugin\/image.php?u=B98Le8~d7M9k3DegpEFZhS0lI_F8U4XZVz~HWxt~mGgYekxX9nCAxh0ZjtE2u9zqepXEUrVLqfm8KeIGW6Gtyd4X_OOwrQXIXWbF_Lc4bc31A~WCtZD_cDa~AiiLhE_zGGWVENnG3xN~jgXImS2V9kQJ7EKDLRNvrw--&i=699414-4&s=500&f=sale&r=1.5&ro=exact&k=4\" alt=\"Finca Exclusiva con vistas en El Padron , Estepona\" \/>\n\t\t\t\t<\/div>\n\t\t\t\t\t\t\t\t<div class=\"f-carousel__slide\">\n\t\t\t\t\t<img class=\"wpb--image-fit\" loading=\"lazy\" data-lazy-src=\"\/wp-content\/plugins\/inmobaliaplugin\/image.php?u=B98Le8~d7M9k3DegpEFZhS0lI_F8U4XZVz~HWxt~mGgYekxX9nCAxh0ZjtE2u9zqepXEUrVLqfm8KeIGW6Gtyd4X_OOwrQXIXWbF_Lc4bc31WLSZI8azkfNLGDRQBx36lXDz65MkxFNa_Lql8NYy5ayF890FoFi4hA--&i=699414-5&s=500&f=sale&r=1.5&ro=exact&k=5\" alt=\"Finca Exclusiva con vistas en El Padron , Estepona\" \/>\n\t\t\t\t<\/div>\n\t\t\t\t\t\t\t\t<div class=\"f-carousel__slide\">\n\t\t\t\t\t<img class=\"wpb--image-fit\" loading=\"lazy\" data-lazy-src=\"\/wp-content\/plugins\/inmobaliaplugin\/image.php?u=B98Le8~d7M9k3DegpEFZhS0lI_F8U4XZVz~HWxt~mGgYekxX9nCAxh0ZjtE2u9zqepXEUrVLqfm8KeIGW6Gtyd4X_OOwrQXIXWbF_Lc4bc31WevisvO9iDd_ycbw8RdXtJA6Va8sTdB8p3gvfN6QvJl~qt_W8y3q9Q--&i=699414-6&s=500&f=sale&r=1.5&ro=exact&k=6\" alt=\"Finca Exclusiva con vistas en El Padron , Estepona\" \/>\n\t\t\t\t<\/div>\n\t\t\t\t\t\t\t\t<div class=\"f-carousel__slide\">\n\t\t\t\t\t<img class=\"wpb--image-fit\" loading=\"lazy\" data-lazy-src=\"\/wp-content\/plugins\/inmobaliaplugin\/image.php?u=B98Le8~d7M9k3DegpEFZhS0lI_F8U4XZVz~HWxt~mGgYekxX9nCAxh0ZjtE2u9zqepXEUrVLqfm8KeIGW6Gtyd4X_OOwrQXIXWbF_Lc4bc31AsBHUTzQ2Z1cUFe3BAiBRksZ10Em1xLdFXvd6b0BmkhiR0uAm2LoJg--&i=699414-7&s=500&f=sale&r=1.5&ro=exact&k=7\" alt=\"Finca Exclusiva con vistas en El Padron , Estepona\" \/>\n\t\t\t\t<\/div>\n\t\t\t\t\t\t\t\t<div class=\"f-carousel__slide\">\n\t\t\t\t\t<img class=\"wpb--image-fit\" loading=\"lazy\" data-lazy-src=\"\/wp-content\/plugins\/inmobaliaplugin\/image.php?u=B98Le8~d7M9k3DegpEFZhS0lI_F8U4XZVz~HWxt~mGgYekxX9nCAxh0ZjtE2u9zqepXEUrVLqfm8KeIGW6Gtyd4X_OOwrQXIXWbF_Lc4bc31ULiUEFxKFCdd7bwTWWDx5gjWaFyS4hQbcqntDHaDgZRyZvrOZPzqsw--&i=699414-8&s=500&f=sale&r=1.5&ro=exact&k=8\" alt=\"Finca Exclusiva con vistas en El Padron , Estepona\" \/>\n\t\t\t\t<\/div>\n\t\t\t\t\t\t\t\t<div class=\"f-carousel__slide\">\n\t\t\t\t\t<img class=\"wpb--image-fit\" loading=\"lazy\" data-lazy-src=\"\/wp-content\/plugins\/inmobaliaplugin\/image.php?u=B98Le8~d7M9k3DegpEFZhS0lI_F8U4XZVz~HWxt~mGgYekxX9nCAxh0ZjtE2u9zqepXEUrVLqfm8KeIGW6Gtyd4X_OOwrQXIXWbF_Lc4bc31UQeETMQdVGBupeVbXIhK~~2zlYUnghWwWDjc4~Hk_EWfshSpIS3rcw--&i=699414-9&s=500&f=sale&r=1.5&ro=exact&k=9\" alt=\"Finca Exclusiva con vistas en El Padron , Estepona\" \/>\n\t\t\t\t<\/div>\n\t\t\t\t\t\t\t\t<div class=\"f-carousel__slide\">\n\t\t\t\t\t<img class=\"wpb--image-fit\" loading=\"lazy\" data-lazy-src=\"\/wp-content\/plugins\/inmobaliaplugin\/image.php?u=B98Le8~d7M9k3DegpEFZhS0lI_F8U4XZVz~HWxt~mGgYekxX9nCAxh0ZjtE2u9zqepXEUrVLqfm8KeIGW6Gtyd4X_OOwrQXIXWbF_Lc4bc31WL2TMOYv0kId~h4XMjCvUEs0RtZD3WR9u3R7Nq8ZjicxuCJ2xdVhmQ--&i=699414-10&s=500&f=sale&r=1.5&ro=exact&k=10\" alt=\"Finca Exclusiva con vistas en El Padron , Estepona\" \/>\n\t\t\t\t<\/div>\n\t\t\t\t\t\t\t\t<div class=\"f-carousel__slide\">\n\t\t\t\t\t<img class=\"wpb--image-fit\" loading=\"lazy\" data-lazy-src=\"\/wp-content\/plugins\/inmobaliaplugin\/image.php?u=B98Le8~d7M9k3DegpEFZhS0lI_F8U4XZVz~HWxt~mGgYekxX9nCAxh0ZjtE2u9zqepXEUrVLqfm8KeIGW6Gtyd4X_OOwrQXIXWbF_Lc4bc31BX8hSwcigAJ1O5SFXPBMjJ6gAAQiFwvbN1zUiNZbrUdb7cQ5Ul84HA--&i=699414-11&s=500&f=sale&r=1.5&ro=exact&k=11\" alt=\"Finca Exclusiva con vistas en El Padron , Estepona\" \/>\n\t\t\t\t<\/div>\n\t\t\t\t\t\t\t\t<div class=\"f-carousel__slide\">\n\t\t\t\t\t<img class=\"wpb--image-fit\" loading=\"lazy\" data-lazy-src=\"\/wp-content\/plugins\/inmobaliaplugin\/image.php?u=B98Le8~d7M9k3DegpEFZhS0lI_F8U4XZVz~HWxt~mGgYekxX9nCAxh0ZjtE2u9zqepXEUrVLqfm8KeIGW6Gtyd4X_OOwrQXIXWbF_Lc4bc31VAebKXbr_L0AIZlUHSl7wjpIcQjo29XhnvCDOIOh8WVFSJ_2wsRtyA--&i=699414-12&s=500&f=sale&r=1.5&ro=exact&k=12\" alt=\"Finca Exclusiva con vistas en El Padron , Estepona\" \/>\n\t\t\t\t<\/div>\n\t\t\t\t\t\t\t\t<div class=\"f-carousel__slide\">\n\t\t\t\t\t<img class=\"wpb--image-fit\" loading=\"lazy\" data-lazy-src=\"\/wp-content\/plugins\/inmobaliaplugin\/image.php?u=B98Le8~d7M9k3DegpEFZhS0lI_F8U4XZVz~HWxt~mGgYekxX9nCAxh0ZjtE2u9zqepXEUrVLqfm8KeIGW6Gtyd4X_OOwrQXIXWbF_Lc4bc31WL6Y3CqgeoOUoHOm_gM_6uSwSKM5JBeV~gOOO52tYwzQAjNbWfEZXA--&i=699414-13&s=500&f=sale&r=1.5&ro=exact&k=13\" alt=\"Finca Exclusiva con vistas en El Padron , Estepona\" \/>\n\t\t\t\t<\/div>\n\t\t\t\t\t\t\t\t<div class=\"f-carousel__slide\">\n\t\t\t\t\t<img class=\"wpb--image-fit\" loading=\"lazy\" data-lazy-src=\"\/wp-content\/plugins\/inmobaliaplugin\/image.php?u=B98Le8~d7M9k3DegpEFZhS0lI_F8U4XZVz~HWxt~mGgYekxX9nCAxh0ZjtE2u9zqepXEUrVLqfm8KeIGW6Gtyd4X_OOwrQXIXWbF_Lc4bc31WL~z9boh8ewaSjbXY7YI6FNXcVbjlG5zfpQS4q3tqaiIxCc1fzdWdw--&i=699414-14&s=500&f=sale&r=1.5&ro=exact&k=14\" alt=\"Finca Exclusiva con vistas en El Padron , Estepona\" \/>\n\t\t\t\t<\/div>\n\t\t\t\t\t\t\t\t<div class=\"f-carousel__slide\">\n\t\t\t\t\t<img class=\"wpb--image-fit\" loading=\"lazy\" data-lazy-src=\"\/wp-content\/plugins\/inmobaliaplugin\/image.php?u=B98Le8~d7M9k3DegpEFZhS0lI_F8U4XZVz~HWxt~mGgYekxX9nCAxh0ZjtE2u9zqepXEUrVLqfm8KeIGW6Gtyd4X_OOwrQXIXWbF_Lc4bc31AcDFp6ERKGBeI8_KToeO3~LdnE5~d0vxOb65ntcTRnMXC1exGXk3yg--&i=699414-15&s=500&f=sale&r=1.5&ro=exact&k=15\" alt=\"Finca Exclusiva con vistas en El Padron , Estepona\" \/>\n\t\t\t\t<\/div>\n\t\t\t\t\t\t\t\t<div class=\"f-carousel__slide\">\n\t\t\t\t\t<img class=\"wpb--image-fit\" loading=\"lazy\" data-lazy-src=\"\/wp-content\/plugins\/inmobaliaplugin\/image.php?u=B98Le8~d7M9k3DegpEFZhS0lI_F8U4XZVz~HWxt~mGgYekxX9nCAxh0ZjtE2u9zqepXEUrVLqfm8KeIGW6Gtyd4X_OOwrQXIXWbF_Lc4bc31UQEg5SKHxAqXxCG9ff6i5OajeIdWC83YlLVPF24s7BBsJhElG46aPg--&i=699414-16&s=500&f=sale&r=1.5&ro=exact&k=16\" alt=\"Finca Exclusiva con vistas en El Padron , Estepona\" \/>\n\t\t\t\t<\/div>\n\t\t\t\t\t\t\t\t<div class=\"f-carousel__slide\">\n\t\t\t\t\t<img class=\"wpb--image-fit\" loading=\"lazy\" data-lazy-src=\"\/wp-content\/plugins\/inmobaliaplugin\/image.php?u=B98Le8~d7M9k3DegpEFZhS0lI_F8U4XZVz~HWxt~mGgYekxX9nCAxh0ZjtE2u9zqepXEUrVLqfm8KeIGW6Gtyd4X_OOwrQXIXWbF_Lc4bc31Wepa7~q4LDRPJV3hMv721A2eY3ayWjHa~R7GkOcq_uGVBM0awkYdcA--&i=699414-17&s=500&f=sale&r=1.5&ro=exact&k=17\" alt=\"Finca Exclusiva con vistas en El Padron , Estepona\" \/>\n\t\t\t\t<\/div>\n\t\t\t\t\t\t\t\t<div class=\"f-carousel__slide\">\n\t\t\t\t\t<img class=\"wpb--image-fit\" loading=\"lazy\" data-lazy-src=\"\/wp-content\/plugins\/inmobaliaplugin\/image.php?u=B98Le8~d7M9k3DegpEFZhS0lI_F8U4XZVz~HWxt~mGgYekxX9nCAxh0ZjtE2u9zqepXEUrVLqfm8KeIGW6Gtyd4X_OOwrQXIXWbF_Lc4bc31UVdb3L0mvTg1DwHRzkm30izmV3AYZ3~6nzwmPWckajGDg~Nh9nZKpw--&i=699414-18&s=500&f=sale&r=1.5&ro=exact&k=18\" alt=\"Finca Exclusiva con vistas en El Padron , Estepona\" \/>\n\t\t\t\t<\/div>\n\t\t\t\t\t\t\t\t<div class=\"f-carousel__slide\">\n\t\t\t\t\t<img class=\"wpb--image-fit\" loading=\"lazy\" data-lazy-src=\"\/wp-content\/plugins\/inmobaliaplugin\/image.php?u=B98Le8~d7M9k3DegpEFZhS0lI_F8U4XZVz~HWxt~mGgYekxX9nCAxh0ZjtE2u9zqepXEUrVLqfm8KeIGW6Gtyd4X_OOwrQXIXWbF_Lc4bc31WLpxrDGsYZbmYas9H~Y1ltamOTrJhXO5qaVaFgj1M0OQYN6AIo2LtA--&i=699414-19&s=500&f=sale&r=1.5&ro=exact&k=19\" alt=\"Finca Exclusiva con vistas en El Padron , Estepona\" \/>\n\t\t\t\t<\/div>\n\t\t\t\t\t\t\t\t<div class=\"f-carousel__slide\">\n\t\t\t\t\t<img class=\"wpb--image-fit\" loading=\"lazy\" data-lazy-src=\"\/wp-content\/plugins\/inmobaliaplugin\/image.php?u=B98Le8~d7M9k3DegpEFZhS0lI_F8U4XZVz~HWxt~mGgYekxX9nCAxh0ZjtE2u9zqepXEUrVLqfm8KeIGW6Gtyd4X_OOwrQXIXWbF_Lc4bc31WLtQH0zUvAoCb9tlQm91oLpAQdZodHhWapWDIv_ii3n4~76_JI5fzQ--&i=699414-20&s=500&f=sale&r=1.5&ro=exact&k=20\" alt=\"Finca Exclusiva con vistas en El Padron , Estepona\" \/>\n\t\t\t\t<\/div>\n\t\t\t\t\t\t\t\t<div class=\"f-carousel__slide\">\n\t\t\t\t\t<img class=\"wpb--image-fit\" loading=\"lazy\" data-lazy-src=\"\/wp-content\/plugins\/inmobaliaplugin\/image.php?u=B98Le8~d7M9k3DegpEFZhS0lI_F8U4XZVz~HWxt~mGgYekxX9nCAxh0ZjtE2u9zqepXEUrVLqfm8KeIGW6Gtyd4X_OOwrQXIXWbF_Lc4bc31VnaPyVgyjc~EbkylF2aPg1oYIgMVn8hpd1ledSANa45gZLqdm10eLw--&i=699414-21&s=500&f=sale&r=1.5&ro=exact&k=21\" alt=\"Finca Exclusiva con vistas en El Padron , Estepona\" \/>\n\t\t\t\t<\/div>\n\t\t\t\t\t\t\t\t<div class=\"f-carousel__slide\">\n\t\t\t\t\t<img class=\"wpb--image-fit\" loading=\"lazy\" data-lazy-src=\"\/wp-content\/plugins\/inmobaliaplugin\/image.php?u=B98Le8~d7M9k3DegpEFZhS0lI_F8U4XZVz~HWxt~mGgYekxX9nCAxh0ZjtE2u9zqepXEUrVLqfm8KeIGW6Gtyd4X_OOwrQXIXWbF_Lc4bc31U5cGDVCcXTybpdrEN3pUkhBQceIOEUWa_wXe1LuYgDp2tGorT6RGTg--&i=699414-22&s=500&f=sale&r=1.5&ro=exact&k=22\" alt=\"Finca Exclusiva con vistas en El Padron , Estepona\" \/>\n\t\t\t\t<\/div>\n\t\t\t\t\t\t\t\t<div class=\"f-carousel__slide\">\n\t\t\t\t\t<img class=\"wpb--image-fit\" loading=\"lazy\" data-lazy-src=\"\/wp-content\/plugins\/inmobaliaplugin\/image.php?u=B98Le8~d7M9k3DegpEFZhS0lI_F8U4XZVz~HWxt~mGgYekxX9nCAxh0ZjtE2u9zqepXEUrVLqfm8KeIGW6Gtyd4X_OOwrQXIXWbF_Lc4bc31Ul0KrKWrDZ97TJSN98sTm~MrvaZTXgo5OMhqr1dcU5JO2xMl8Pfx0A--&i=699414-23&s=500&f=sale&r=1.5&ro=exact&k=23\" alt=\"Finca Exclusiva con vistas en El Padron , Estepona\" \/>\n\t\t\t\t<\/div>\n\t\t\t\t\t\t\t\t<div class=\"f-carousel__slide\">\n\t\t\t\t\t<img class=\"wpb--image-fit\" loading=\"lazy\" data-lazy-src=\"\/wp-content\/plugins\/inmobaliaplugin\/image.php?u=B98Le8~d7M9k3DegpEFZhS0lI_F8U4XZVz~HWxt~mGgYekxX9nCAxh0ZjtE2u9zqepXEUrVLqfm8KeIGW6Gtyd4X_OOwrQXIXWbF_Lc4bc31BFoTyJfnguTa1xx8m~j2rLFor0hy3ne4GZmEKxNYXWQT0zekbf6ydA--&i=699414-24&s=500&f=sale&r=1.5&ro=exact&k=24\" alt=\"Finca Exclusiva con vistas en El Padron , Estepona\" \/>\n\t\t\t\t<\/div>\n\t\t\t\t\t\t\t\t<div class=\"f-carousel__slide\">\n\t\t\t\t\t<img class=\"wpb--image-fit\" loading=\"lazy\" data-lazy-src=\"\/wp-content\/plugins\/inmobaliaplugin\/image.php?u=B98Le8~d7M9k3DegpEFZhS0lI_F8U4XZVz~HWxt~mGgYekxX9nCAxh0ZjtE2u9zqepXEUrVLqfm8KeIGW6Gtyd4X_OOwrQXIXWbF_Lc4bc31VicylgotYH_VG1fgTcltPIzpMmLVNsxmpp1R2ULlHAmIgCs6vnm0PQ--&i=699414-25&s=500&f=sale&r=1.5&ro=exact&k=25\" alt=\"Finca Exclusiva con vistas en El Padron , Estepona\" \/>\n\t\t\t\t<\/div>\n\t\t\t\t\t\t\t\t<div class=\"f-carousel__slide\">\n\t\t\t\t\t<img class=\"wpb--image-fit\" loading=\"lazy\" data-lazy-src=\"\/wp-content\/plugins\/inmobaliaplugin\/image.php?u=B98Le8~d7M9k3DegpEFZhS0lI_F8U4XZVz~HWxt~mGgYekxX9nCAxh0ZjtE2u9zqepXEUrVLqfm8KeIGW6Gtyd4X_OOwrQXIXWbF_Lc4bc31U5FlTg6svy2mJNiFb04Au71a~_38uPVXYxNaEkMXqevfpFr2pTjaPQ--&i=699414-26&s=500&f=sale&r=1.5&ro=exact&k=26\" alt=\"Finca Exclusiva con vistas en El Padron , Estepona\" \/>\n\t\t\t\t<\/div>\n\t\t\t\t\t\t\t\t<div class=\"f-carousel__slide\">\n\t\t\t\t\t<img class=\"wpb--image-fit\" loading=\"lazy\" data-lazy-src=\"\/wp-content\/plugins\/inmobaliaplugin\/image.php?u=B98Le8~d7M9k3DegpEFZhS0lI_F8U4XZVz~HWxt~mGgYekxX9nCAxh0ZjtE2u9zqepXEUrVLqfm8KeIGW6Gtyd4X_OOwrQXIXWbF_Lc4bc31U5JFpkGVGCARLN4BWKbk7opc0gdmTcMr8iQ_LZZ7lHiCX1laHIICeg--&i=699414-27&s=500&f=sale&r=1.5&ro=exact&k=27\" alt=\"Finca Exclusiva con vistas en El Padron , Estepona\" \/>\n\t\t\t\t<\/div>\n\t\t\t\t\t\t\t\t<div class=\"f-carousel__slide\">\n\t\t\t\t\t<img class=\"wpb--image-fit\" loading=\"lazy\" data-lazy-src=\"\/wp-content\/plugins\/inmobaliaplugin\/image.php?u=B98Le8~d7M9k3DegpEFZhS0lI_F8U4XZVz~HWxt~mGgYekxX9nCAxh0ZjtE2u9zqepXEUrVLqfm8KeIGW6Gtyd4X_OOwrQXIXWbF_Lc4bc31WejzDsNJCchkUgxQOkJ_bIU__XOQkTgZcid9a8Qta262RrlkJM4N3A--&i=699414-28&s=500&f=sale&r=1.5&ro=exact&k=28\" alt=\"Finca Exclusiva con vistas en El Padron , Estepona\" \/>\n\t\t\t\t<\/div>\n\t\t\t\t\t\t\t\t<div class=\"f-carousel__slide\">\n\t\t\t\t\t<img class=\"wpb--image-fit\" loading=\"lazy\" data-lazy-src=\"\/wp-content\/plugins\/inmobaliaplugin\/image.php?u=B98Le8~d7M9k3DegpEFZhS0lI_F8U4XZVz~HWxt~mGgYekxX9nCAxh0ZjtE2u9zqepXEUrVLqfm8KeIGW6Gtyd4X_OOwrQXIXWbF_Lc4bc31ViQoWFeHhCOrxwwbBkYHqSpGUZKP~l_YhbroEhBPEmMXohB79l8eFg--&i=699414-29&s=500&f=sale&r=1.5&ro=exact&k=29\" alt=\"Finca Exclusiva con vistas en El Padron , Estepona\" \/>\n\t\t\t\t<\/div>\n\t\t\t\t\t\t\t\t<div class=\"f-carousel__slide\">\n\t\t\t\t\t<img class=\"wpb--image-fit\" loading=\"lazy\" data-lazy-src=\"\/wp-content\/plugins\/inmobaliaplugin\/image.php?u=B98Le8~d7M9k3DegpEFZhS0lI_F8U4XZVz~HWxt~mGgYekxX9nCAxh0ZjtE2u9zqepXEUrVLqfm8KeIGW6Gtyd4X_OOwrQXIXWbF_Lc4bc31WO44qWANQ81dyCfD1HCeJFu3CQ~aXz8H7DpuJVB2XRg5HNTlRU4QTw--&i=699414-30&s=500&f=sale&r=1.5&ro=exact&k=30\" alt=\"Finca Exclusiva con vistas en El Padron , Estepona\" \/>\n\t\t\t\t<\/div>\n\t\t\t\t\t\t\t\t<div class=\"f-carousel__slide\">\n\t\t\t\t\t<img class=\"wpb--image-fit\" loading=\"lazy\" data-lazy-src=\"\/wp-content\/plugins\/inmobaliaplugin\/image.php?u=B98Le8~d7M9k3DegpEFZhS0lI_F8U4XZVz~HWxt~mGgYekxX9nCAxh0ZjtE2u9zqepXEUrVLqfm8KeIGW6Gtyd4X_OOwrQXIXWbF_Lc4bc31A~RAqvd89Fu72yE4bm9eMZqSunDcYG5cLmPHM9cJp8gnBweka5Kqmw--&i=699414-31&s=500&f=sale&r=1.5&ro=exact&k=31\" alt=\"Finca Exclusiva con vistas en El Padron , Estepona\" \/>\n\t\t\t\t<\/div>\n\t\t\t\t\t\t\t\t<div class=\"f-carousel__slide\">\n\t\t\t\t\t<img class=\"wpb--image-fit\" loading=\"lazy\" data-lazy-src=\"\/wp-content\/plugins\/inmobaliaplugin\/image.php?u=B98Le8~d7M9k3DegpEFZhS0lI_F8U4XZVz~HWxt~mGgYekxX9nCAxh0ZjtE2u9zqepXEUrVLqfm8KeIGW6Gtyd4X_OOwrQXIXWbF_Lc4bc31UQuX1elEaMU4AsfmP7gajtrLhM8iGsF5VMUvv6G1cmhTbtndQJkzUg--&i=699414-32&s=500&f=sale&r=1.5&ro=exact&k=32\" alt=\"Finca Exclusiva con vistas en El Padron , Estepona\" \/>\n\t\t\t\t<\/div>\n\t\t\t\t\t\t\t\t<div class=\"f-carousel__slide\">\n\t\t\t\t\t<img class=\"wpb--image-fit\" loading=\"lazy\" data-lazy-src=\"\/wp-content\/plugins\/inmobaliaplugin\/image.php?u=B98Le8~d7M9k3DegpEFZhS0lI_F8U4XZVz~HWxt~mGgYekxX9nCAxh0ZjtE2u9zqepXEUrVLqfm8KeIGW6Gtyd4X_OOwrQXIXWbF_Lc4bc31A6EA2rwdX0xLTc6EnH_AN3xn9ybjUqZFkTRbORtPH5AMQLF8HGQ51g--&i=699414-33&s=500&f=sale&r=1.5&ro=exact&k=33\" alt=\"Finca Exclusiva con vistas en El Padron , Estepona\" \/>\n\t\t\t\t<\/div>\n\t\t\t\t\t\t\t<\/div>\n\t\t\t\t\t<\/div>\n\t\t<div class=\"wpb--action-container\">\n\t\t\t <button>Ver detalles<\/button>\n\t\t<\/div>\n\t<\/div>\n\t<div class=\"wpb--card-body\">\n\t\t<span class=\"wpb--card-body-location\"><span>R001<\/span> | El Padron - Estepona Este<\/span>\n\t\t<h2 class=\"wpb--card-title\">\n\t\t\t<a class=\"wpb--stretched-link\" href=\"\/es\/propiedad\/venta-el-padron-casa-699414\">\n\t\t\t\tFinca Exclusiva con vistas en El Padron , Estepona\t\t\t<\/a>\n\t\t<\/h2>\n\t\t<div class=\"wpb--card-data\">\n\t\t\t<div class=\"wpb--card-locationref\">\n\t\t\t\t<ul class=\"wpb--card-features\">\n\t\t\t\t\t\t\t\t\t\t<li>4  Dormitorios<\/li>\n\t\t\t\t\t\t\t\t\t\t<li>4  Ba\u00f1os<\/li>\n\t\t\t\t\t\t\t\t\t\t<li>596 m&sup2; Const.<\/li>\n\t\t\t\t\t\t\t\t\t<\/ul>\n\t\t\t<\/div>\n\t\t\t<div class=\"wpb--card-price\">\n\t\t\t\t2.000.000 &euro;\t\t\t<\/div>\n\t\t<\/div>\n\t<\/div>\n<\/div><div class=\"wpb--card wpb--card-reduced\">\n\t<div class=\"wpb--aspect-box wpb--portrait\">\n\t\t<div class=\"wpb--overflow-hidden\">\n\t\t\t\t\t\t\t\t\t<div class=\"f-carousel\">\n\t\t\t\t\t\t\t\t<div class=\"f-carousel__slide\">\n\t\t\t\t\t<img decoding=\"async\" class=\"wpb--image-fit\" loading=\"lazy\" src=\"https:\/\/www.luxurylivingmarbella.com\/wp-content\/uploads\/inmoba\/thumb-sale-1.5-exact-698957-0.webp\" alt=\"Exclusiva casa adosada con jard\u00edn privado y vistas al mar\" \/>\n\t\t\t\t<\/div>\n\t\t\t\t\t\t\t\t<div class=\"f-carousel__slide\">\n\t\t\t\t\t<img class=\"wpb--image-fit\" loading=\"lazy\" data-lazy-src=\"https:\/\/www.luxurylivingmarbella.com\/wp-content\/uploads\/inmoba\/thumb-sale-1.5-exact-698957-1.webp\" alt=\"Exclusiva casa adosada con jard\u00edn privado y vistas al mar\" \/>\n\t\t\t\t<\/div>\n\t\t\t\t\t\t\t\t<div class=\"f-carousel__slide\">\n\t\t\t\t\t<img class=\"wpb--image-fit\" loading=\"lazy\" data-lazy-src=\"https:\/\/www.luxurylivingmarbella.com\/wp-content\/uploads\/inmoba\/thumb-sale-1.5-exact-698957-2.webp\" alt=\"Exclusiva casa adosada con jard\u00edn privado y vistas al mar\" \/>\n\t\t\t\t<\/div>\n\t\t\t\t\t\t\t\t<div class=\"f-carousel__slide\">\n\t\t\t\t\t<img class=\"wpb--image-fit\" loading=\"lazy\" data-lazy-src=\"\/wp-content\/plugins\/inmobaliaplugin\/image.php?u=B98Le8~d7M9k3DegpEFZhS0lI_F8U4XZVz~HWxt~mGgYekxX9nCAxh0ZjtE2u9zqepXEUrVLqfm8KeIGW6Gtyd4X8h5AHipCGtL_Ntdg9sne_EHD1c2~UvTVlF2R2zZGMjbHyKMy~8kFwGvxSa8czyqnWa_AOvebcw--&i=698957-3&s=500&f=sale&r=1.5&ro=exact&k=3\" alt=\"Exclusiva casa adosada con jard\u00edn privado y vistas al mar\" \/>\n\t\t\t\t<\/div>\n\t\t\t\t\t\t\t\t<div class=\"f-carousel__slide\">\n\t\t\t\t\t<img class=\"wpb--image-fit\" loading=\"lazy\" data-lazy-src=\"\/wp-content\/plugins\/inmobaliaplugin\/image.php?u=B98Le8~d7M9k3DegpEFZhS0lI_F8U4XZVz~HWxt~mGgYekxX9nCAxh0ZjtE2u9zqepXEUrVLqfm8KeIGW6Gtyd4X8h5AHipCGtL_Ntdg9sne_Rej4A58G0bd6Q8HP9GqbspUsO_FT1BwUpPRDf6gtMTJzvOxMuBO4w--&i=698957-4&s=500&f=sale&r=1.5&ro=exact&k=4\" alt=\"Exclusiva casa adosada con jard\u00edn privado y vistas al mar\" \/>\n\t\t\t\t<\/div>\n\t\t\t\t\t\t\t\t<div class=\"f-carousel__slide\">\n\t\t\t\t\t<img class=\"wpb--image-fit\" loading=\"lazy\" data-lazy-src=\"\/wp-content\/plugins\/inmobaliaplugin\/image.php?u=B98Le8~d7M9k3DegpEFZhS0lI_F8U4XZVz~HWxt~mGgYekxX9nCAxh0ZjtE2u9zqepXEUrVLqfm8KeIGW6Gtyd4X8h5AHipCGtL_Ntdg9sne_BfmW9EU7x~oElPvEbrZdRSOBXHgT0X~7F~Bc5gjUtBzFsv6pfrXLA--&i=698957-5&s=500&f=sale&r=1.5&ro=exact&k=5\" alt=\"Exclusiva casa adosada con jard\u00edn privado y vistas al mar\" \/>\n\t\t\t\t<\/div>\n\t\t\t\t\t\t\t\t<div class=\"f-carousel__slide\">\n\t\t\t\t\t<img class=\"wpb--image-fit\" loading=\"lazy\" data-lazy-src=\"https:\/\/www.luxurylivingmarbella.com\/wp-content\/uploads\/inmoba\/thumb-sale-1.5-exact-698957-6.webp\" alt=\"Exclusiva casa adosada con jard\u00edn privado y vistas al mar\" \/>\n\t\t\t\t<\/div>\n\t\t\t\t\t\t\t\t<div class=\"f-carousel__slide\">\n\t\t\t\t\t<img class=\"wpb--image-fit\" loading=\"lazy\" data-lazy-src=\"\/wp-content\/plugins\/inmobaliaplugin\/image.php?u=B98Le8~d7M9k3DegpEFZhS0lI_F8U4XZVz~HWxt~mGgYekxX9nCAxh0ZjtE2u9zqepXEUrVLqfm8KeIGW6Gtyd4X8h5AHipCGtL_Ntdg9sneqvV_V5B1t9dSjBpIPmk12o5g7SG3E34sG6yryiwPf~dI~qGF5lQrTA--&i=698957-7&s=500&f=sale&r=1.5&ro=exact&k=7\" alt=\"Exclusiva casa adosada con jard\u00edn privado y vistas al mar\" \/>\n\t\t\t\t<\/div>\n\t\t\t\t\t\t\t\t<div class=\"f-carousel__slide\">\n\t\t\t\t\t<img class=\"wpb--image-fit\" loading=\"lazy\" data-lazy-src=\"https:\/\/www.luxurylivingmarbella.com\/wp-content\/uploads\/inmoba\/thumb-sale-1.5-exact-698957-8.webp\" alt=\"Exclusiva casa adosada con jard\u00edn privado y vistas al mar\" \/>\n\t\t\t\t<\/div>\n\t\t\t\t\t\t\t<\/div>\n\t\t\t\t\t<\/div>\n\t\t<div class=\"wpb--action-container\">\n\t\t\t <button>Ver detalles<\/button>\n\t\t<\/div>\n\t<\/div>\n\t<div class=\"wpb--card-body\">\n\t\t<span class=\"wpb--card-body-location\"><span>361-13050P<\/span> | Cabopino - Marbella Este<\/span>\n\t\t<h2 class=\"wpb--card-title\">\n\t\t\t<a class=\"wpb--stretched-link\" href=\"\/es\/propiedad\/venta-cabopino-pareado-698957\">\n\t\t\t\tExclusiva casa adosada con jard\u00edn privado y vistas al mar\t\t\t<\/a>\n\t\t<\/h2>\n\t\t<div class=\"wpb--card-data\">\n\t\t\t<div class=\"wpb--card-locationref\">\n\t\t\t\t<ul class=\"wpb--card-features\">\n\t\t\t\t\t\t\t\t\t\t<li>3  Dormitorios<\/li>\n\t\t\t\t\t\t\t\t\t\t<li>2  Ba\u00f1os<\/li>\n\t\t\t\t\t\t\t\t\t\t<li>26 m&sup2; Plano<\/li>\n\t\t\t\t\t\t\t\t\t\t<li>129 m&sup2; Const.<\/li>\n\t\t\t\t\t\t\t\t\t<\/ul>\n\t\t\t<\/div>\n\t\t\t<div class=\"wpb--card-price\">\n\t\t\t\t549.000 &euro;\t\t\t<\/div>\n\t\t<\/div>\n\t<\/div>\n<\/div><div class=\"wpb--card wpb--card-reduced\">\n\t<div class=\"wpb--aspect-box wpb--portrait\">\n\t\t<div class=\"wpb--overflow-hidden\">\n\t\t\t\t\t\t\t\t\t<div class=\"f-carousel\">\n\t\t\t\t\t\t\t\t<div class=\"f-carousel__slide\">\n\t\t\t\t\t<img decoding=\"async\" class=\"wpb--image-fit\" loading=\"lazy\" src=\"https:\/\/www.luxurylivingmarbella.com\/wp-content\/uploads\/inmoba\/thumb-sale-1.5-exact-698950-0.webp\" alt=\"Meisho Hills 204\" \/>\n\t\t\t\t<\/div>\n\t\t\t\t\t\t\t\t<div class=\"f-carousel__slide\">\n\t\t\t\t\t<img class=\"wpb--image-fit\" loading=\"lazy\" data-lazy-src=\"https:\/\/www.luxurylivingmarbella.com\/wp-content\/uploads\/inmoba\/thumb-sale-1.5-exact-698950-1.webp\" alt=\"Meisho Hills 204\" \/>\n\t\t\t\t<\/div>\n\t\t\t\t\t\t\t\t<div class=\"f-carousel__slide\">\n\t\t\t\t\t<img class=\"wpb--image-fit\" loading=\"lazy\" data-lazy-src=\"https:\/\/www.luxurylivingmarbella.com\/wp-content\/uploads\/inmoba\/thumb-sale-1.5-exact-698950-2.webp\" alt=\"Meisho Hills 204\" \/>\n\t\t\t\t<\/div>\n\t\t\t\t\t\t\t\t<div class=\"f-carousel__slide\">\n\t\t\t\t\t<img class=\"wpb--image-fit\" loading=\"lazy\" data-lazy-src=\"https:\/\/www.luxurylivingmarbella.com\/wp-content\/uploads\/inmoba\/thumb-sale-1.5-exact-698950-3.webp\" alt=\"Meisho Hills 204\" \/>\n\t\t\t\t<\/div>\n\t\t\t\t\t\t\t\t<div class=\"f-carousel__slide\">\n\t\t\t\t\t<img class=\"wpb--image-fit\" loading=\"lazy\" data-lazy-src=\"https:\/\/www.luxurylivingmarbella.com\/wp-content\/uploads\/inmoba\/thumb-sale-1.5-exact-698950-4.webp\" alt=\"Meisho Hills 204\" \/>\n\t\t\t\t<\/div>\n\t\t\t\t\t\t\t\t<div class=\"f-carousel__slide\">\n\t\t\t\t\t<img class=\"wpb--image-fit\" loading=\"lazy\" data-lazy-src=\"https:\/\/www.luxurylivingmarbella.com\/wp-content\/uploads\/inmoba\/thumb-sale-1.5-exact-698950-5.webp\" alt=\"Meisho Hills 204\" \/>\n\t\t\t\t<\/div>\n\t\t\t\t\t\t\t\t<div class=\"f-carousel__slide\">\n\t\t\t\t\t<img class=\"wpb--image-fit\" loading=\"lazy\" data-lazy-src=\"\/wp-content\/plugins\/inmobaliaplugin\/image.php?u=B98Le8~d7M9k3DegpEFZhS0lI_F8U4XZVz~HWxt~mGgYekxX9nCAxh0ZjtE2u9zqepXEUrVLqfm8KeIGW6Gtyd4X_S9UmR0vtOTYm1HyzbRqjZHfsZXtAUVF~6nSyLNXK7TIa2Acg_yIcrw89G6kJqfCfKFG8Y0BgQ--&i=698950-6&s=500&f=sale&r=1.5&ro=exact&k=6\" alt=\"Meisho Hills 204\" \/>\n\t\t\t\t<\/div>\n\t\t\t\t\t\t\t\t<div class=\"f-carousel__slide\">\n\t\t\t\t\t<img class=\"wpb--image-fit\" loading=\"lazy\" data-lazy-src=\"\/wp-content\/plugins\/inmobaliaplugin\/image.php?u=B98Le8~d7M9k3DegpEFZhS0lI_F8U4XZVz~HWxt~mGgYekxX9nCAxh0ZjtE2u9zqepXEUrVLqfm8KeIGW6Gtyd4X_S9UmR0vtOTYm1HyzbRq3KBhu5JT6mb~AdggzKUXeC6O5KPBdUfUXgnvRWqSFGY0auO72d6mng--&i=698950-7&s=500&f=sale&r=1.5&ro=exact&k=7\" alt=\"Meisho Hills 204\" \/>\n\t\t\t\t<\/div>\n\t\t\t\t\t\t\t\t<div class=\"f-carousel__slide\">\n\t\t\t\t\t<img class=\"wpb--image-fit\" loading=\"lazy\" data-lazy-src=\"\/wp-content\/plugins\/inmobaliaplugin\/image.php?u=B98Le8~d7M9k3DegpEFZhS0lI_F8U4XZVz~HWxt~mGgYekxX9nCAxh0ZjtE2u9zqepXEUrVLqfm8KeIGW6Gtyd4X_S9UmR0vtOTYm1HyzbRq3cQklIRGBGSF8RX7r0aK_kAN7O3Nrae0mRScXpdc_VUDBdeKnjFoZw--&i=698950-8&s=500&f=sale&r=1.5&ro=exact&k=8\" alt=\"Meisho Hills 204\" \/>\n\t\t\t\t<\/div>\n\t\t\t\t\t\t\t\t<div class=\"f-carousel__slide\">\n\t\t\t\t\t<img class=\"wpb--image-fit\" loading=\"lazy\" data-lazy-src=\"\/wp-content\/plugins\/inmobaliaplugin\/image.php?u=B98Le8~d7M9k3DegpEFZhS0lI_F8U4XZVz~HWxt~mGgYekxX9nCAxh0ZjtE2u9zqepXEUrVLqfm8KeIGW6Gtyd4X_S9UmR0vtOTYm1HyzbRqiqmwRPECPBjmToVWQ8KSDbMrHgqtKEVcPp_gvCbY2xzgIEJK2WcbnA--&i=698950-9&s=500&f=sale&r=1.5&ro=exact&k=9\" alt=\"Meisho Hills 204\" \/>\n\t\t\t\t<\/div>\n\t\t\t\t\t\t\t\t<div class=\"f-carousel__slide\">\n\t\t\t\t\t<img class=\"wpb--image-fit\" loading=\"lazy\" data-lazy-src=\"\/wp-content\/plugins\/inmobaliaplugin\/image.php?u=B98Le8~d7M9k3DegpEFZhS0lI_F8U4XZVz~HWxt~mGgYekxX9nCAxh0ZjtE2u9zqepXEUrVLqfm8KeIGW6Gtyd4X_S9UmR0vtOTYm1HyzbRq3gZfqtnEymfdyeyL6qz4XeQywckwd5GJTm3F9m0Y3SxqIteUi~TaEg--&i=698950-10&s=500&f=sale&r=1.5&ro=exact&k=10\" alt=\"Meisho Hills 204\" \/>\n\t\t\t\t<\/div>\n\t\t\t\t\t\t\t\t<div class=\"f-carousel__slide\">\n\t\t\t\t\t<img class=\"wpb--image-fit\" loading=\"lazy\" data-lazy-src=\"\/wp-content\/plugins\/inmobaliaplugin\/image.php?u=B98Le8~d7M9k3DegpEFZhS0lI_F8U4XZVz~HWxt~mGgYekxX9nCAxh0ZjtE2u9zqepXEUrVLqfm8KeIGW6Gtyd4X_S9UmR0vtOTYm1HyzbRq0y4stVuG~AqwqCbyOGLtqqKb8eDOdzgYECHYZe_kW4hiHUY~pc5Hfg--&i=698950-11&s=500&f=sale&r=1.5&ro=exact&k=11\" alt=\"Meisho Hills 204\" \/>\n\t\t\t\t<\/div>\n\t\t\t\t\t\t\t\t<div class=\"f-carousel__slide\">\n\t\t\t\t\t<img class=\"wpb--image-fit\" loading=\"lazy\" data-lazy-src=\"\/wp-content\/plugins\/inmobaliaplugin\/image.php?u=B98Le8~d7M9k3DegpEFZhS0lI_F8U4XZVz~HWxt~mGgYekxX9nCAxh0ZjtE2u9zqepXEUrVLqfm8KeIGW6Gtyd4X_S9UmR0vtOTYm1HyzbRqjcikF3bnBzw6qvCDI_eNZrXLVRxqUmxOkl4~D59S693bFYtVDCeMRA--&i=698950-12&s=500&f=sale&r=1.5&ro=exact&k=12\" alt=\"Meisho Hills 204\" \/>\n\t\t\t\t<\/div>\n\t\t\t\t\t\t\t\t<div class=\"f-carousel__slide\">\n\t\t\t\t\t<img class=\"wpb--image-fit\" loading=\"lazy\" data-lazy-src=\"\/wp-content\/plugins\/inmobaliaplugin\/image.php?u=B98Le8~d7M9k3DegpEFZhS0lI_F8U4XZVz~HWxt~mGgYekxX9nCAxh0ZjtE2u9zqepXEUrVLqfm8KeIGW6Gtyd4X_S9UmR0vtOTYm1HyzbRq2xxvaaIlNwZCYLc1F_8Z~R8NvHHDjIpCjMGc0~SqWah7mio59Rs8xA--&i=698950-13&s=500&f=sale&r=1.5&ro=exact&k=13\" alt=\"Meisho Hills 204\" \/>\n\t\t\t\t<\/div>\n\t\t\t\t\t\t\t\t<div class=\"f-carousel__slide\">\n\t\t\t\t\t<img class=\"wpb--image-fit\" loading=\"lazy\" data-lazy-src=\"\/wp-content\/plugins\/inmobaliaplugin\/image.php?u=B98Le8~d7M9k3DegpEFZhS0lI_F8U4XZVz~HWxt~mGgYekxX9nCAxh0ZjtE2u9zqepXEUrVLqfm8KeIGW6Gtyd4X_S9UmR0vtOTYm1HyzbRqiOVdQdagF7jfTjcIbhihE9zNiNePQ1AF0RuZ8XAazBQWU3eyMLMdmQ--&i=698950-14&s=500&f=sale&r=1.5&ro=exact&k=14\" alt=\"Meisho Hills 204\" \/>\n\t\t\t\t<\/div>\n\t\t\t\t\t\t\t\t<div class=\"f-carousel__slide\">\n\t\t\t\t\t<img class=\"wpb--image-fit\" loading=\"lazy\" data-lazy-src=\"\/wp-content\/plugins\/inmobaliaplugin\/image.php?u=B98Le8~d7M9k3DegpEFZhS0lI_F8U4XZVz~HWxt~mGgYekxX9nCAxh0ZjtE2u9zqepXEUrVLqfm8KeIGW6Gtyd4X_S9UmR0vtOTYm1HyzbRq20naiWcX21ZBHStvvTyTF4WEAwVNRK0_bGVR3dC8vK~LFQPfQaTQ8w--&i=698950-15&s=500&f=sale&r=1.5&ro=exact&k=15\" alt=\"Meisho Hills 204\" \/>\n\t\t\t\t<\/div>\n\t\t\t\t\t\t\t\t<div class=\"f-carousel__slide\">\n\t\t\t\t\t<img class=\"wpb--image-fit\" loading=\"lazy\" data-lazy-src=\"\/wp-content\/plugins\/inmobaliaplugin\/image.php?u=B98Le8~d7M9k3DegpEFZhS0lI_F8U4XZVz~HWxt~mGgYekxX9nCAxh0ZjtE2u9zqepXEUrVLqfm8KeIGW6Gtyd4X_S9UmR0vtOTYm1HyzbRqjcCyxMEtr0GnYGO2GrJMJd9m_bM_A3OJ_UKVbSCCUJMmv6VuX1DWxQ--&i=698950-16&s=500&f=sale&r=1.5&ro=exact&k=16\" alt=\"Meisho Hills 204\" \/>\n\t\t\t\t<\/div>\n\t\t\t\t\t\t\t\t<div class=\"f-carousel__slide\">\n\t\t\t\t\t<img class=\"wpb--image-fit\" loading=\"lazy\" data-lazy-src=\"\/wp-content\/plugins\/inmobaliaplugin\/image.php?u=B98Le8~d7M9k3DegpEFZhS0lI_F8U4XZVz~HWxt~mGgYekxX9nCAxh0ZjtE2u9zqepXEUrVLqfm8KeIGW6Gtyd4X_S9UmR0vtOTYm1HyzbRqjold3tuGCx~zRaSyYpjENJQeOW_nHnhp8eid7L4C1~iYusZsYqUiuQ--&i=698950-17&s=500&f=sale&r=1.5&ro=exact&k=17\" alt=\"Meisho Hills 204\" \/>\n\t\t\t\t<\/div>\n\t\t\t\t\t\t\t\t<div class=\"f-carousel__slide\">\n\t\t\t\t\t<img class=\"wpb--image-fit\" loading=\"lazy\" data-lazy-src=\"\/wp-content\/plugins\/inmobaliaplugin\/image.php?u=B98Le8~d7M9k3DegpEFZhS0lI_F8U4XZVz~HWxt~mGgYekxX9nCAxh0ZjtE2u9zqepXEUrVLqfm8KeIGW6Gtyd4X_S9UmR0vtOTYm1HyzbRqiOT~t8dtbAms5VD74gj_Aut6V_fOGWxA0iPos5cvxhp75~Asj3rLxw--&i=698950-18&s=500&f=sale&r=1.5&ro=exact&k=18\" alt=\"Meisho Hills 204\" \/>\n\t\t\t\t<\/div>\n\t\t\t\t\t\t\t\t<div class=\"f-carousel__slide\">\n\t\t\t\t\t<img class=\"wpb--image-fit\" loading=\"lazy\" data-lazy-src=\"\/wp-content\/plugins\/inmobaliaplugin\/image.php?u=B98Le8~d7M9k3DegpEFZhS0lI_F8U4XZVz~HWxt~mGgYekxX9nCAxh0ZjtE2u9zqepXEUrVLqfm8KeIGW6Gtyd4X_S9UmR0vtOTYm1HyzbRq2KEfg1bC_sX~vN8J5lJcYt1CoxLlcUhLbPChd~RZkJrtx61Q7gJQxg--&i=698950-19&s=500&f=sale&r=1.5&ro=exact&k=19\" alt=\"Meisho Hills 204\" \/>\n\t\t\t\t<\/div>\n\t\t\t\t\t\t\t\t<div class=\"f-carousel__slide\">\n\t\t\t\t\t<img class=\"wpb--image-fit\" loading=\"lazy\" data-lazy-src=\"\/wp-content\/plugins\/inmobaliaplugin\/image.php?u=B98Le8~d7M9k3DegpEFZhS0lI_F8U4XZVz~HWxt~mGgYekxX9nCAxh0ZjtE2u9zqepXEUrVLqfm8KeIGW6Gtyd4X_S9UmR0vtOTYm1HyzbRqj~7TB~WzI11sPx9~U42tirHv8R~9xyw5N09fbjyfGypKl~xPTQVXNQ--&i=698950-20&s=500&f=sale&r=1.5&ro=exact&k=20\" alt=\"Meisho Hills 204\" \/>\n\t\t\t\t<\/div>\n\t\t\t\t\t\t\t\t<div class=\"f-carousel__slide\">\n\t\t\t\t\t<img class=\"wpb--image-fit\" loading=\"lazy\" data-lazy-src=\"\/wp-content\/plugins\/inmobaliaplugin\/image.php?u=B98Le8~d7M9k3DegpEFZhS0lI_F8U4XZVz~HWxt~mGgYekxX9nCAxh0ZjtE2u9zqepXEUrVLqfm8KeIGW6Gtyd4X_S9UmR0vtOTYm1HyzbRq0vouSR7K6lHzQhnNxKGJzo9SeIijk4B6~LW5pzhEvHp~XRDEqY2kAA--&i=698950-21&s=500&f=sale&r=1.5&ro=exact&k=21\" alt=\"Meisho Hills 204\" \/>\n\t\t\t\t<\/div>\n\t\t\t\t\t\t\t\t<div class=\"f-carousel__slide\">\n\t\t\t\t\t<img class=\"wpb--image-fit\" loading=\"lazy\" data-lazy-src=\"\/wp-content\/plugins\/inmobaliaplugin\/image.php?u=B98Le8~d7M9k3DegpEFZhS0lI_F8U4XZVz~HWxt~mGgYekxX9nCAxh0ZjtE2u9zqepXEUrVLqfm8KeIGW6Gtyd4X_S9UmR0vtOTYm1HyzbRq2xhG0GekSklAhyTNByPF~12Hy_Y31klAd96BVrlGgBQN_UlhfMXZUQ--&i=698950-22&s=500&f=sale&r=1.5&ro=exact&k=22\" alt=\"Meisho Hills 204\" \/>\n\t\t\t\t<\/div>\n\t\t\t\t\t\t\t\t<div class=\"f-carousel__slide\">\n\t\t\t\t\t<img class=\"wpb--image-fit\" loading=\"lazy\" data-lazy-src=\"\/wp-content\/plugins\/inmobaliaplugin\/image.php?u=B98Le8~d7M9k3DegpEFZhS0lI_F8U4XZVz~HWxt~mGgYekxX9nCAxh0ZjtE2u9zqepXEUrVLqfm8KeIGW6Gtyd4X_S9UmR0vtOTYm1HyzbRq202WyEHwFzN4B2jP1e_JInJn0BAbsdj3M45nI0RrInp6w4M3LlNdJg--&i=698950-23&s=500&f=sale&r=1.5&ro=exact&k=23\" alt=\"Meisho Hills 204\" \/>\n\t\t\t\t<\/div>\n\t\t\t\t\t\t\t\t<div class=\"f-carousel__slide\">\n\t\t\t\t\t<img class=\"wpb--image-fit\" loading=\"lazy\" data-lazy-src=\"\/wp-content\/plugins\/inmobaliaplugin\/image.php?u=B98Le8~d7M9k3DegpEFZhS0lI_F8U4XZVz~HWxt~mGgYekxX9nCAxh0ZjtE2u9zqepXEUrVLqfm8KeIGW6Gtyd4X_S9UmR0vtOTYm1HyzbRq3PHLw9ItoPDCjWMQN5TS_BdsWfG_rYfcT99XV~Q0uQdygxLJjkZbPQ--&i=698950-24&s=500&f=sale&r=1.5&ro=exact&k=24\" alt=\"Meisho Hills 204\" \/>\n\t\t\t\t<\/div>\n\t\t\t\t\t\t\t\t<div class=\"f-carousel__slide\">\n\t\t\t\t\t<img class=\"wpb--image-fit\" loading=\"lazy\" data-lazy-src=\"\/wp-content\/plugins\/inmobaliaplugin\/image.php?u=B98Le8~d7M9k3DegpEFZhS0lI_F8U4XZVz~HWxt~mGgYekxX9nCAxh0ZjtE2u9zqepXEUrVLqfm8KeIGW6Gtyd4X_S9UmR0vtOTYm1HyzbRqj~7dt9_puIvyx5JB_rGMZ60EMgJAI_F37c5ZAtqYTZOD4HR8rY0adg--&i=698950-25&s=500&f=sale&r=1.5&ro=exact&k=25\" alt=\"Meisho Hills 204\" \/>\n\t\t\t\t<\/div>\n\t\t\t\t\t\t\t\t<div class=\"f-carousel__slide\">\n\t\t\t\t\t<img class=\"wpb--image-fit\" loading=\"lazy\" data-lazy-src=\"\/wp-content\/plugins\/inmobaliaplugin\/image.php?u=B98Le8~d7M9k3DegpEFZhS0lI_F8U4XZVz~HWxt~mGgYekxX9nCAxh0ZjtE2u9zqepXEUrVLqfm8KeIGW6Gtyd4X_S9UmR0vtOTYm1HyzbRqj6mYCAXxh3u5lVfr79DoPIUeIRXtaJAM24ksACbYMwlboeyPOQBn9g--&i=698950-26&s=500&f=sale&r=1.5&ro=exact&k=26\" alt=\"Meisho Hills 204\" \/>\n\t\t\t\t<\/div>\n\t\t\t\t\t\t\t\t<div class=\"f-carousel__slide\">\n\t\t\t\t\t<img class=\"wpb--image-fit\" loading=\"lazy\" data-lazy-src=\"\/wp-content\/plugins\/inmobaliaplugin\/image.php?u=B98Le8~d7M9k3DegpEFZhS0lI_F8U4XZVz~HWxt~mGgYekxX9nCAxh0ZjtE2u9zqepXEUrVLqfm8KeIGW6Gtyd4X_S9UmR0vtOTYm1HyzbRq3Pfl0Xppm2TvtqyNeDZCNhZjTc44onovnQ13Ay1UJmMkL~PDhd2cOA--&i=698950-27&s=500&f=sale&r=1.5&ro=exact&k=27\" alt=\"Meisho Hills 204\" \/>\n\t\t\t\t<\/div>\n\t\t\t\t\t\t\t\t<div class=\"f-carousel__slide\">\n\t\t\t\t\t<img class=\"wpb--image-fit\" loading=\"lazy\" data-lazy-src=\"https:\/\/www.luxurylivingmarbella.com\/wp-content\/uploads\/inmoba\/thumb-sale-1.5-exact-698950-28.webp\" alt=\"Meisho Hills 204\" \/>\n\t\t\t\t<\/div>\n\t\t\t\t\t\t\t\t<div class=\"f-carousel__slide\">\n\t\t\t\t\t<img class=\"wpb--image-fit\" loading=\"lazy\" data-lazy-src=\"https:\/\/www.luxurylivingmarbella.com\/wp-content\/uploads\/inmoba\/thumb-sale-1.5-exact-698950-29.webp\" alt=\"Meisho Hills 204\" \/>\n\t\t\t\t<\/div>\n\t\t\t\t\t\t\t\t<div class=\"f-carousel__slide\">\n\t\t\t\t\t<img class=\"wpb--image-fit\" loading=\"lazy\" data-lazy-src=\"https:\/\/www.luxurylivingmarbella.com\/wp-content\/uploads\/inmoba\/thumb-sale-1.5-exact-698950-30.webp\" alt=\"Meisho Hills 204\" \/>\n\t\t\t\t<\/div>\n\t\t\t\t\t\t\t<\/div>\n\t\t\t\t\t<\/div>\n\t\t<div class=\"wpb--action-container\">\n\t\t\t <button>Ver detalles<\/button>\n\t\t<\/div>\n\t<\/div>\n\t<div class=\"wpb--card-body\">\n\t\t<span class=\"wpb--card-body-location\"><span>885-00541P<\/span> | Meisho Hills - Marbella Golden Mile<\/span>\n\t\t<h2 class=\"wpb--card-title\">\n\t\t\t<a class=\"wpb--stretched-link\" href=\"\/es\/propiedad\/venta-meisho-hills-pareado-698950\">\n\t\t\t\tMeisho Hills 204\t\t\t<\/a>\n\t\t<\/h2>\n\t\t<div class=\"wpb--card-data\">\n\t\t\t<div class=\"wpb--card-locationref\">\n\t\t\t\t<ul class=\"wpb--card-features\">\n\t\t\t\t\t\t\t\t\t\t<li>3  Dormitorios<\/li>\n\t\t\t\t\t\t\t\t\t\t<li>3  Ba\u00f1os<\/li>\n\t\t\t\t\t\t\t\t\t\t<li>500 m&sup2; Const.<\/li>\n\t\t\t\t\t\t\t\t\t<\/ul>\n\t\t\t<\/div>\n\t\t\t<div class=\"wpb--card-price\">\n\t\t\t\t3.850.000 &euro;\t\t\t<\/div>\n\t\t<\/div>\n\t<\/div>\n<\/div><div class=\"wpb--card wpb--card-reduced\">\n\t<div class=\"wpb--aspect-box wpb--portrait\">\n\t\t<div class=\"wpb--overflow-hidden\">\n\t\t\t\t\t\t\t\t\t<div class=\"f-carousel\">\n\t\t\t\t\t\t\t\t<div class=\"f-carousel__slide\">\n\t\t\t\t\t<img decoding=\"async\" class=\"wpb--image-fit\" loading=\"lazy\" src=\"https:\/\/www.luxurylivingmarbella.com\/wp-content\/uploads\/inmoba\/thumb-sale-1.5-exact-698908-0.webp\" alt=\"Inmaculada casa adosada de cuatro dormitorios situada en una exclusiva comunidad en La Cala de Mijas\" \/>\n\t\t\t\t<\/div>\n\t\t\t\t\t\t\t\t<div class=\"f-carousel__slide\">\n\t\t\t\t\t<img class=\"wpb--image-fit\" loading=\"lazy\" data-lazy-src=\"\/wp-content\/plugins\/inmobaliaplugin\/image.php?u=B98Le8~d7M9k3DegpEFZhS0lI_F8U4XZVz~HWxt~mGgYekxX9nCAxh0ZjtE2u9zqepXEUrVLqfm8KeIGW6Gtyd4X9W88Pf4a4hBR00RvfDo7bvsZEJiA5lBdhuW9K426agQEbFNoZ0JgHBgvKLQGcZY_WthhOECFjw--&i=698908-1&s=500&f=sale&r=1.5&ro=exact&k=1\" alt=\"Inmaculada casa adosada de cuatro dormitorios situada en una exclusiva comunidad en La Cala de Mijas\" \/>\n\t\t\t\t<\/div>\n\t\t\t\t\t\t\t\t<div class=\"f-carousel__slide\">\n\t\t\t\t\t<img class=\"wpb--image-fit\" loading=\"lazy\" data-lazy-src=\"\/wp-content\/plugins\/inmobaliaplugin\/image.php?u=B98Le8~d7M9k3DegpEFZhS0lI_F8U4XZVz~HWxt~mGgYekxX9nCAxh0ZjtE2u9zqepXEUrVLqfm8KeIGW6Gtyd4X9W88Pf4a4hBR00RvfDo7OJoD4lACdleDfo5_YsckcN7kOjyW9Nn2UsGJkosJoU~Z2232XXkVcA--&i=698908-2&s=500&f=sale&r=1.5&ro=exact&k=2\" alt=\"Inmaculada casa adosada de cuatro dormitorios situada en una exclusiva comunidad en La Cala de Mijas\" \/>\n\t\t\t\t<\/div>\n\t\t\t\t\t\t\t\t<div class=\"f-carousel__slide\">\n\t\t\t\t\t<img class=\"wpb--image-fit\" loading=\"lazy\" data-lazy-src=\"\/wp-content\/plugins\/inmobaliaplugin\/image.php?u=B98Le8~d7M9k3DegpEFZhS0lI_F8U4XZVz~HWxt~mGgYekxX9nCAxh0ZjtE2u9zqepXEUrVLqfm8KeIGW6Gtyd4X9W88Pf4a4hBR00RvfDo7b9qSp3qvof02wdmpQmGbtr_YdUSABxgeRugCZtG5fCQEguE84gLSOQ--&i=698908-3&s=500&f=sale&r=1.5&ro=exact&k=3\" alt=\"Inmaculada casa adosada de cuatro dormitorios situada en una exclusiva comunidad en La Cala de Mijas\" \/>\n\t\t\t\t<\/div>\n\t\t\t\t\t\t\t\t<div class=\"f-carousel__slide\">\n\t\t\t\t\t<img class=\"wpb--image-fit\" loading=\"lazy\" data-lazy-src=\"\/wp-content\/plugins\/inmobaliaplugin\/image.php?u=B98Le8~d7M9k3DegpEFZhS0lI_F8U4XZVz~HWxt~mGgYekxX9nCAxh0ZjtE2u9zqepXEUrVLqfm8KeIGW6Gtyd4X9W88Pf4a4hBR00RvfDo7OYwGF_fLrt_j1sW0ejf_jUDcrou2AVdJdsLlpKSGeE9Ip2npAp~CiA--&i=698908-4&s=500&f=sale&r=1.5&ro=exact&k=4\" alt=\"Inmaculada casa adosada de cuatro dormitorios situada en una exclusiva comunidad en La Cala de Mijas\" \/>\n\t\t\t\t<\/div>\n\t\t\t\t\t\t\t\t<div class=\"f-carousel__slide\">\n\t\t\t\t\t<img class=\"wpb--image-fit\" loading=\"lazy\" data-lazy-src=\"\/wp-content\/plugins\/inmobaliaplugin\/image.php?u=B98Le8~d7M9k3DegpEFZhS0lI_F8U4XZVz~HWxt~mGgYekxX9nCAxh0ZjtE2u9zqepXEUrVLqfm8KeIGW6Gtyd4X9W88Pf4a4hBR00RvfDo7PcIe8zeaTvhJ8pAPtRP9~bdciQrRYV1B8fkvHMhSXXt4ywxQTtnkww--&i=698908-5&s=500&f=sale&r=1.5&ro=exact&k=5\" alt=\"Inmaculada casa adosada de cuatro dormitorios situada en una exclusiva comunidad en La Cala de Mijas\" \/>\n\t\t\t\t<\/div>\n\t\t\t\t\t\t\t\t<div class=\"f-carousel__slide\">\n\t\t\t\t\t<img class=\"wpb--image-fit\" loading=\"lazy\" data-lazy-src=\"\/wp-content\/plugins\/inmobaliaplugin\/image.php?u=B98Le8~d7M9k3DegpEFZhS0lI_F8U4XZVz~HWxt~mGgYekxX9nCAxh0ZjtE2u9zqepXEUrVLqfm8KeIGW6Gtyd4X9W88Pf4a4hBR00RvfDo7bF4tiJZAmjqPgyB4NM8OG6qW0KDiNPlvsn7DZ9Xo8UWuGRyL5Aoq0g--&i=698908-6&s=500&f=sale&r=1.5&ro=exact&k=6\" alt=\"Inmaculada casa adosada de cuatro dormitorios situada en una exclusiva comunidad en La Cala de Mijas\" \/>\n\t\t\t\t<\/div>\n\t\t\t\t\t\t\t\t<div class=\"f-carousel__slide\">\n\t\t\t\t\t<img class=\"wpb--image-fit\" loading=\"lazy\" data-lazy-src=\"\/wp-content\/plugins\/inmobaliaplugin\/image.php?u=B98Le8~d7M9k3DegpEFZhS0lI_F8U4XZVz~HWxt~mGgYekxX9nCAxh0ZjtE2u9zqepXEUrVLqfm8KeIGW6Gtyd4X9W88Pf4a4hBR00RvfDo7PcIYMfXCyJkbaJLVHrZSYY133PZ91wHklduQpEEIPcHO~9Jd0Wu3TA--&i=698908-7&s=500&f=sale&r=1.5&ro=exact&k=7\" alt=\"Inmaculada casa adosada de cuatro dormitorios situada en una exclusiva comunidad en La Cala de Mijas\" \/>\n\t\t\t\t<\/div>\n\t\t\t\t\t\t\t\t<div class=\"f-carousel__slide\">\n\t\t\t\t\t<img class=\"wpb--image-fit\" loading=\"lazy\" data-lazy-src=\"\/wp-content\/plugins\/inmobaliaplugin\/image.php?u=B98Le8~d7M9k3DegpEFZhS0lI_F8U4XZVz~HWxt~mGgYekxX9nCAxh0ZjtE2u9zqepXEUrVLqfm8KeIGW6Gtyd4X9W88Pf4a4hBR00RvfDo7a5nqComxJMIl27jH87Tstyb60ONqNIupjgom7Q88uyFajtQOkxo00Q--&i=698908-8&s=500&f=sale&r=1.5&ro=exact&k=8\" alt=\"Inmaculada casa adosada de cuatro dormitorios situada en una exclusiva comunidad en La Cala de Mijas\" \/>\n\t\t\t\t<\/div>\n\t\t\t\t\t\t\t\t<div class=\"f-carousel__slide\">\n\t\t\t\t\t<img class=\"wpb--image-fit\" loading=\"lazy\" data-lazy-src=\"\/wp-content\/plugins\/inmobaliaplugin\/image.php?u=B98Le8~d7M9k3DegpEFZhS0lI_F8U4XZVz~HWxt~mGgYekxX9nCAxh0ZjtE2u9zqepXEUrVLqfm8KeIGW6Gtyd4X9W88Pf4a4hBR00RvfDo7P8MKnhjgNq1ptUGQ7W5tr8sYZeSBHvxfsBNO609onBBIOnYEDCcdcA--&i=698908-9&s=500&f=sale&r=1.5&ro=exact&k=9\" alt=\"Inmaculada casa adosada de cuatro dormitorios situada en una exclusiva comunidad en La Cala de Mijas\" \/>\n\t\t\t\t<\/div>\n\t\t\t\t\t\t\t\t<div class=\"f-carousel__slide\">\n\t\t\t\t\t<img class=\"wpb--image-fit\" loading=\"lazy\" data-lazy-src=\"\/wp-content\/plugins\/inmobaliaplugin\/image.php?u=B98Le8~d7M9k3DegpEFZhS0lI_F8U4XZVz~HWxt~mGgYekxX9nCAxh0ZjtE2u9zqepXEUrVLqfm8KeIGW6Gtyd4X9W88Pf4a4hBR00RvfDo7aEC5__TDIOux9vjkCaJBbscKs2rh0tStzgeEYDb9PtK6BpoG3TIAFg--&i=698908-10&s=500&f=sale&r=1.5&ro=exact&k=10\" alt=\"Inmaculada casa adosada de cuatro dormitorios situada en una exclusiva comunidad en La Cala de Mijas\" \/>\n\t\t\t\t<\/div>\n\t\t\t\t\t\t\t\t<div class=\"f-carousel__slide\">\n\t\t\t\t\t<img class=\"wpb--image-fit\" loading=\"lazy\" data-lazy-src=\"\/wp-content\/plugins\/inmobaliaplugin\/image.php?u=B98Le8~d7M9k3DegpEFZhS0lI_F8U4XZVz~HWxt~mGgYekxX9nCAxh0ZjtE2u9zqepXEUrVLqfm8KeIGW6Gtyd4X9W88Pf4a4hBR00RvfDo7Odj6HUNyP7860Aui0VGN57wdbgFJ3UqeSFkNDVNj1ut_lcO0a8AQ8Q--&i=698908-11&s=500&f=sale&r=1.5&ro=exact&k=11\" alt=\"Inmaculada casa adosada de cuatro dormitorios situada en una exclusiva comunidad en La Cala de Mijas\" \/>\n\t\t\t\t<\/div>\n\t\t\t\t\t\t\t\t<div class=\"f-carousel__slide\">\n\t\t\t\t\t<img class=\"wpb--image-fit\" loading=\"lazy\" data-lazy-src=\"\/wp-content\/plugins\/inmobaliaplugin\/image.php?u=B98Le8~d7M9k3DegpEFZhS0lI_F8U4XZVz~HWxt~mGgYekxX9nCAxh0ZjtE2u9zqepXEUrVLqfm8KeIGW6Gtyd4X9W88Pf4a4hBR00RvfDo7a5jPvfo2OieDYfDnb~CBbVd6yc_1JK_vhedorAPFd~tHeDcWnIZG_A--&i=698908-12&s=500&f=sale&r=1.5&ro=exact&k=12\" alt=\"Inmaculada casa adosada de cuatro dormitorios situada en una exclusiva comunidad en La Cala de Mijas\" \/>\n\t\t\t\t<\/div>\n\t\t\t\t\t\t\t\t<div class=\"f-carousel__slide\">\n\t\t\t\t\t<img class=\"wpb--image-fit\" loading=\"lazy\" data-lazy-src=\"\/wp-content\/plugins\/inmobaliaplugin\/image.php?u=B98Le8~d7M9k3DegpEFZhS0lI_F8U4XZVz~HWxt~mGgYekxX9nCAxh0ZjtE2u9zqepXEUrVLqfm8KeIGW6Gtyd4X9W88Pf4a4hBR00RvfDo7PnFccATyv~GEjaRsFZ3FMpkQLxdLwAJ2zV~geXh2lvRaiZqBlulxRA--&i=698908-13&s=500&f=sale&r=1.5&ro=exact&k=13\" alt=\"Inmaculada casa adosada de cuatro dormitorios situada en una exclusiva comunidad en La Cala de Mijas\" \/>\n\t\t\t\t<\/div>\n\t\t\t\t\t\t\t\t<div class=\"f-carousel__slide\">\n\t\t\t\t\t<img class=\"wpb--image-fit\" loading=\"lazy\" data-lazy-src=\"\/wp-content\/plugins\/inmobaliaplugin\/image.php?u=B98Le8~d7M9k3DegpEFZhS0lI_F8U4XZVz~HWxt~mGgYekxX9nCAxh0ZjtE2u9zqepXEUrVLqfm8KeIGW6Gtyd4X9W88Pf4a4hBR00RvfDo7Pnczxy_rb8yFdgq8kgWt_Y6bprhMTNC8Hao~jw6ChcVcT3Jj~kplyg--&i=698908-14&s=500&f=sale&r=1.5&ro=exact&k=14\" alt=\"Inmaculada casa adosada de cuatro dormitorios situada en una exclusiva comunidad en La Cala de Mijas\" \/>\n\t\t\t\t<\/div>\n\t\t\t\t\t\t\t\t<div class=\"f-carousel__slide\">\n\t\t\t\t\t<img class=\"wpb--image-fit\" loading=\"lazy\" data-lazy-src=\"\/wp-content\/plugins\/inmobaliaplugin\/image.php?u=B98Le8~d7M9k3DegpEFZhS0lI_F8U4XZVz~HWxt~mGgYekxX9nCAxh0ZjtE2u9zqepXEUrVLqfm8KeIGW6Gtyd4X9W88Pf4a4hBR00RvfDo7b4lntRbTjZJ_Ux9R1ysy2i5RwKsumCefyfGG6xd~CnifnaPbStfelg--&i=698908-15&s=500&f=sale&r=1.5&ro=exact&k=15\" alt=\"Inmaculada casa adosada de cuatro dormitorios situada en una exclusiva comunidad en La Cala de Mijas\" \/>\n\t\t\t\t<\/div>\n\t\t\t\t\t\t\t\t<div class=\"f-carousel__slide\">\n\t\t\t\t\t<img class=\"wpb--image-fit\" loading=\"lazy\" data-lazy-src=\"\/wp-content\/plugins\/inmobaliaplugin\/image.php?u=B98Le8~d7M9k3DegpEFZhS0lI_F8U4XZVz~HWxt~mGgYekxX9nCAxh0ZjtE2u9zqepXEUrVLqfm8KeIGW6Gtyd4X9W88Pf4a4hBR00RvfDo7a5S4PeJIQSk1t_ELXTHjAx3x_0_c9Jz6eOxoV_wgv2VHHtl5BxqYTA--&i=698908-16&s=500&f=sale&r=1.5&ro=exact&k=16\" alt=\"Inmaculada casa adosada de cuatro dormitorios situada en una exclusiva comunidad en La Cala de Mijas\" \/>\n\t\t\t\t<\/div>\n\t\t\t\t\t\t\t\t<div class=\"f-carousel__slide\">\n\t\t\t\t\t<img class=\"wpb--image-fit\" loading=\"lazy\" data-lazy-src=\"\/wp-content\/plugins\/inmobaliaplugin\/image.php?u=B98Le8~d7M9k3DegpEFZhS0lI_F8U4XZVz~HWxt~mGgYekxX9nCAxh0ZjtE2u9zqepXEUrVLqfm8KeIGW6Gtyd4X9W88Pf4a4hBR00RvfDo7PnFQ7Kfm7QARAF6HI_demacgZDuLZVpo1d8azDKl0cVvXQoE63x0hg--&i=698908-17&s=500&f=sale&r=1.5&ro=exact&k=17\" alt=\"Inmaculada casa adosada de cuatro dormitorios situada en una exclusiva comunidad en La Cala de Mijas\" \/>\n\t\t\t\t<\/div>\n\t\t\t\t\t\t\t\t<div class=\"f-carousel__slide\">\n\t\t\t\t\t<img class=\"wpb--image-fit\" loading=\"lazy\" data-lazy-src=\"\/wp-content\/plugins\/inmobaliaplugin\/image.php?u=B98Le8~d7M9k3DegpEFZhS0lI_F8U4XZVz~HWxt~mGgYekxX9nCAxh0ZjtE2u9zqepXEUrVLqfm8KeIGW6Gtyd4X9W88Pf4a4hBR00RvfDo7bvinksb3KJRHdlN1woEP9uQWoQyHQKN7Jq8Z8GZim_zRSFxGQ6TuKg--&i=698908-18&s=500&f=sale&r=1.5&ro=exact&k=18\" alt=\"Inmaculada casa adosada de cuatro dormitorios situada en una exclusiva comunidad en La Cala de Mijas\" \/>\n\t\t\t\t<\/div>\n\t\t\t\t\t\t\t\t<div class=\"f-carousel__slide\">\n\t\t\t\t\t<img class=\"wpb--image-fit\" loading=\"lazy\" data-lazy-src=\"\/wp-content\/plugins\/inmobaliaplugin\/image.php?u=B98Le8~d7M9k3DegpEFZhS0lI_F8U4XZVz~HWxt~mGgYekxX9nCAxh0ZjtE2u9zqepXEUrVLqfm8KeIGW6Gtyd4X9W88Pf4a4hBR00RvfDo7aBAatFdEF47b2sMSexfIfkeChNM3bk5bfX3l9awE5vwlCaxDYV4YVA--&i=698908-19&s=500&f=sale&r=1.5&ro=exact&k=19\" alt=\"Inmaculada casa adosada de cuatro dormitorios situada en una exclusiva comunidad en La Cala de Mijas\" \/>\n\t\t\t\t<\/div>\n\t\t\t\t\t\t\t\t<div class=\"f-carousel__slide\">\n\t\t\t\t\t<img class=\"wpb--image-fit\" loading=\"lazy\" data-lazy-src=\"\/wp-content\/plugins\/inmobaliaplugin\/image.php?u=B98Le8~d7M9k3DegpEFZhS0lI_F8U4XZVz~HWxt~mGgYekxX9nCAxh0ZjtE2u9zqepXEUrVLqfm8KeIGW6Gtyd4X9W88Pf4a4hBR00RvfDo7PK8MWorVddVxLX2Hxe5Tx2aqdrIT5JoXKMlv1MqtdBvAlj3IGMnzNw--&i=698908-20&s=500&f=sale&r=1.5&ro=exact&k=20\" alt=\"Inmaculada casa adosada de cuatro dormitorios situada en una exclusiva comunidad en La Cala de Mijas\" \/>\n\t\t\t\t<\/div>\n\t\t\t\t\t\t\t\t<div class=\"f-carousel__slide\">\n\t\t\t\t\t<img class=\"wpb--image-fit\" loading=\"lazy\" data-lazy-src=\"\/wp-content\/plugins\/inmobaliaplugin\/image.php?u=B98Le8~d7M9k3DegpEFZhS0lI_F8U4XZVz~HWxt~mGgYekxX9nCAxh0ZjtE2u9zqepXEUrVLqfm8KeIGW6Gtyd4X9W88Pf4a4hBR00RvfDo7b4HiaQZLhMya1XKRxGlr_zLqiIilR7NzyPNSNWWCCBRGZSr6zTjYRg--&i=698908-21&s=500&f=sale&r=1.5&ro=exact&k=21\" alt=\"Inmaculada casa adosada de cuatro dormitorios situada en una exclusiva comunidad en La Cala de Mijas\" \/>\n\t\t\t\t<\/div>\n\t\t\t\t\t\t\t\t<div class=\"f-carousel__slide\">\n\t\t\t\t\t<img class=\"wpb--image-fit\" loading=\"lazy\" data-lazy-src=\"\/wp-content\/plugins\/inmobaliaplugin\/image.php?u=B98Le8~d7M9k3DegpEFZhS0lI_F8U4XZVz~HWxt~mGgYekxX9nCAxh0ZjtE2u9zqepXEUrVLqfm8KeIGW6Gtyd4X9W88Pf4a4hBR00RvfDo7bvxzEVNgwio4WdUSU69e5UMHpC6pnNIytGGNZj1sRpkL8BulodjOcQ--&i=698908-22&s=500&f=sale&r=1.5&ro=exact&k=22\" alt=\"Inmaculada casa adosada de cuatro dormitorios situada en una exclusiva comunidad en La Cala de Mijas\" \/>\n\t\t\t\t<\/div>\n\t\t\t\t\t\t\t\t<div class=\"f-carousel__slide\">\n\t\t\t\t\t<img class=\"wpb--image-fit\" loading=\"lazy\" data-lazy-src=\"\/wp-content\/plugins\/inmobaliaplugin\/image.php?u=B98Le8~d7M9k3DegpEFZhS0lI_F8U4XZVz~HWxt~mGgYekxX9nCAxh0ZjtE2u9zqepXEUrVLqfm8KeIGW6Gtyd4X9W88Pf4a4hBR00RvfDo7bqhsmXG4gCParwN_wH4aknS~LlTyLGwIzed4rOTJy4saOkZf1r4suA--&i=698908-23&s=500&f=sale&r=1.5&ro=exact&k=23\" alt=\"Inmaculada casa adosada de cuatro dormitorios situada en una exclusiva comunidad en La Cala de Mijas\" \/>\n\t\t\t\t<\/div>\n\t\t\t\t\t\t\t\t<div class=\"f-carousel__slide\">\n\t\t\t\t\t<img class=\"wpb--image-fit\" loading=\"lazy\" data-lazy-src=\"\/wp-content\/plugins\/inmobaliaplugin\/image.php?u=B98Le8~d7M9k3DegpEFZhS0lI_F8U4XZVz~HWxt~mGgYekxX9nCAxh0ZjtE2u9zqepXEUrVLqfm8KeIGW6Gtyd4X9W88Pf4a4hBR00RvfDo7NIyPxR4emC24lCNixAA9QaSS~hCw9CPv32GNg_cZ5v3~KzxoSwuzCw--&i=698908-24&s=500&f=sale&r=1.5&ro=exact&k=24\" alt=\"Inmaculada casa adosada de cuatro dormitorios situada en una exclusiva comunidad en La Cala de Mijas\" \/>\n\t\t\t\t<\/div>\n\t\t\t\t\t\t\t\t<div class=\"f-carousel__slide\">\n\t\t\t\t\t<img class=\"wpb--image-fit\" loading=\"lazy\" data-lazy-src=\"\/wp-content\/plugins\/inmobaliaplugin\/image.php?u=B98Le8~d7M9k3DegpEFZhS0lI_F8U4XZVz~HWxt~mGgYekxX9nCAxh0ZjtE2u9zqepXEUrVLqfm8KeIGW6Gtyd4X9W88Pf4a4hBR00RvfDo7NZZOKj6l2V4zhVjnQ8_Rv_Aad7O2m~PTtQr7NIcTlkmYaBHDYhWWfQ--&i=698908-25&s=500&f=sale&r=1.5&ro=exact&k=25\" alt=\"Inmaculada casa adosada de cuatro dormitorios situada en una exclusiva comunidad en La Cala de Mijas\" \/>\n\t\t\t\t<\/div>\n\t\t\t\t\t\t\t\t<div class=\"f-carousel__slide\">\n\t\t\t\t\t<img class=\"wpb--image-fit\" loading=\"lazy\" data-lazy-src=\"\/wp-content\/plugins\/inmobaliaplugin\/image.php?u=B98Le8~d7M9k3DegpEFZhS0lI_F8U4XZVz~HWxt~mGgYekxX9nCAxh0ZjtE2u9zqepXEUrVLqfm8KeIGW6Gtyd4X9W88Pf4a4hBR00RvfDo7NcQvqJx4k_zu3sAYbQzLBFKo3uH2iSHB92LJHO5Dtnisy5bmYu19fA--&i=698908-26&s=500&f=sale&r=1.5&ro=exact&k=26\" alt=\"Inmaculada casa adosada de cuatro dormitorios situada en una exclusiva comunidad en La Cala de Mijas\" \/>\n\t\t\t\t<\/div>\n\t\t\t\t\t\t\t\t<div class=\"f-carousel__slide\">\n\t\t\t\t\t<img class=\"wpb--image-fit\" loading=\"lazy\" data-lazy-src=\"\/wp-content\/plugins\/inmobaliaplugin\/image.php?u=B98Le8~d7M9k3DegpEFZhS0lI_F8U4XZVz~HWxt~mGgYekxX9nCAxh0ZjtE2u9zqepXEUrVLqfm8KeIGW6Gtyd4X9W88Pf4a4hBR00RvfDo7O1Swpnj1795O0wXcU6oZBHUCe9JrnhmWaJIyLfwc08I3x2mtK4h7ZA--&i=698908-27&s=500&f=sale&r=1.5&ro=exact&k=27\" alt=\"Inmaculada casa adosada de cuatro dormitorios situada en una exclusiva comunidad en La Cala de Mijas\" \/>\n\t\t\t\t<\/div>\n\t\t\t\t\t\t\t\t<div class=\"f-carousel__slide\">\n\t\t\t\t\t<img class=\"wpb--image-fit\" loading=\"lazy\" data-lazy-src=\"\/wp-content\/plugins\/inmobaliaplugin\/image.php?u=B98Le8~d7M9k3DegpEFZhS0lI_F8U4XZVz~HWxt~mGgYekxX9nCAxh0ZjtE2u9zqepXEUrVLqfm8KeIGW6Gtyd4X9W88Pf4a4hBR00RvfDo7bqaumF6Ld2lcG20TaJFhIWijqSKyF3F_mDvkPaDKDOzneAM8u_456g--&i=698908-28&s=500&f=sale&r=1.5&ro=exact&k=28\" alt=\"Inmaculada casa adosada de cuatro dormitorios situada en una exclusiva comunidad en La Cala de Mijas\" \/>\n\t\t\t\t<\/div>\n\t\t\t\t\t\t\t\t<div class=\"f-carousel__slide\">\n\t\t\t\t\t<img class=\"wpb--image-fit\" loading=\"lazy\" data-lazy-src=\"\/wp-content\/plugins\/inmobaliaplugin\/image.php?u=B98Le8~d7M9k3DegpEFZhS0lI_F8U4XZVz~HWxt~mGgYekxX9nCAxh0ZjtE2u9zqepXEUrVLqfm8KeIGW6Gtyd4X9W88Pf4a4hBR00RvfDo7PcGVVCnvkAH54zWVb90s5idbs0KvxwLKRmYDBnENdnVrRzCdqrQIow--&i=698908-29&s=500&f=sale&r=1.5&ro=exact&k=29\" alt=\"Inmaculada casa adosada de cuatro dormitorios situada en una exclusiva comunidad en La Cala de Mijas\" \/>\n\t\t\t\t<\/div>\n\t\t\t\t\t\t\t\t<div class=\"f-carousel__slide\">\n\t\t\t\t\t<img class=\"wpb--image-fit\" loading=\"lazy\" data-lazy-src=\"\/wp-content\/plugins\/inmobaliaplugin\/image.php?u=B98Le8~d7M9k3DegpEFZhS0lI_F8U4XZVz~HWxt~mGgYekxX9nCAxh0ZjtE2u9zqepXEUrVLqfm8KeIGW6Gtyd4X9W88Pf4a4hBR00RvfDo7P5E1RJmzOaLe~WvYlRYu0wCyRMw3xaofSd7z0aErkGoP0gQzhHXOIA--&i=698908-30&s=500&f=sale&r=1.5&ro=exact&k=30\" alt=\"Inmaculada casa adosada de cuatro dormitorios situada en una exclusiva comunidad en La Cala de Mijas\" \/>\n\t\t\t\t<\/div>\n\t\t\t\t\t\t\t\t<div class=\"f-carousel__slide\">\n\t\t\t\t\t<img class=\"wpb--image-fit\" loading=\"lazy\" data-lazy-src=\"\/wp-content\/plugins\/inmobaliaplugin\/image.php?u=B98Le8~d7M9k3DegpEFZhS0lI_F8U4XZVz~HWxt~mGgYekxX9nCAxh0ZjtE2u9zqepXEUrVLqfm8KeIGW6Gtyd4X9W88Pf4a4hBR00RvfDo7PcSPDFf1h16el6CN1JWPCJcmRHUE54A7IANRC1IyWIkbdJhi31j_XQ--&i=698908-31&s=500&f=sale&r=1.5&ro=exact&k=31\" alt=\"Inmaculada casa adosada de cuatro dormitorios situada en una exclusiva comunidad en La Cala de Mijas\" \/>\n\t\t\t\t<\/div>\n\t\t\t\t\t\t\t\t<div class=\"f-carousel__slide\">\n\t\t\t\t\t<img class=\"wpb--image-fit\" loading=\"lazy\" data-lazy-src=\"\/wp-content\/plugins\/inmobaliaplugin\/image.php?u=B98Le8~d7M9k3DegpEFZhS0lI_F8U4XZVz~HWxt~mGgYekxX9nCAxh0ZjtE2u9zqepXEUrVLqfm8KeIGW6Gtyd4X9W88Pf4a4hBR00RvfDo7NIoHFTw2qV5Mh3ynu8VViIopnKMwVZjatMLNQE~MGaO2p_Q_uBLjYw--&i=698908-32&s=500&f=sale&r=1.5&ro=exact&k=32\" alt=\"Inmaculada casa adosada de cuatro dormitorios situada en una exclusiva comunidad en La Cala de Mijas\" \/>\n\t\t\t\t<\/div>\n\t\t\t\t\t\t\t<\/div>\n\t\t\t\t\t<\/div>\n\t\t<div class=\"wpb--action-container\">\n\t\t\t <button>Ver detalles<\/button>\n\t\t<\/div>\n\t<\/div>\n\t<div class=\"wpb--card-body\">\n\t\t<span class=\"wpb--card-body-location\"><span>5842MLTH<\/span> | Cala de Mijas - Mijas Costa<\/span>\n\t\t<h2 class=\"wpb--card-title\">\n\t\t\t<a class=\"wpb--stretched-link\" href=\"\/es\/propiedad\/venta-cala-de-mijas-adosado-698908\">\n\t\t\t\tInmaculada casa adosada de cuatro dormitorios situada en una exclusiva comunidad en La Cala de Mijas\t\t\t<\/a>\n\t\t<\/h2>\n\t\t<div class=\"wpb--card-data\">\n\t\t\t<div class=\"wpb--card-locationref\">\n\t\t\t\t<ul class=\"wpb--card-features\">\n\t\t\t\t\t\t\t\t\t\t<li>4  Dormitorios<\/li>\n\t\t\t\t\t\t\t\t\t\t<li>3  Ba\u00f1os<\/li>\n\t\t\t\t\t\t\t\t\t\t<li>278 m&sup2; Const.<\/li>\n\t\t\t\t\t\t\t\t\t<\/ul>\n\t\t\t<\/div>\n\t\t\t<div class=\"wpb--card-price\">\n\t\t\t\t1.295.000 &euro;\t\t\t<\/div>\n\t\t<\/div>\n\t<\/div>\n<\/div><div class=\"wpb--card wpb--card-reduced\">\n\t<div class=\"wpb--aspect-box wpb--portrait\">\n\t\t<div class=\"wpb--overflow-hidden\">\n\t\t\t\t\t\t\t\t\t<div class=\"f-carousel\">\n\t\t\t\t\t\t\t\t<div class=\"f-carousel__slide\">\n\t\t\t\t\t<img decoding=\"async\" class=\"wpb--image-fit\" loading=\"lazy\" src=\"https:\/\/www.luxurylivingmarbella.com\/wp-content\/uploads\/inmoba\/thumb-sale-1.5-exact-698841-0.webp\" alt=\"Chalet pareado con piscina privada, gran terraza y potencial para 4 dormitorios en Alhaur\u00edn de la Torre\" \/>\n\t\t\t\t<\/div>\n\t\t\t\t\t\t\t\t<div class=\"f-carousel__slide\">\n\t\t\t\t\t<img class=\"wpb--image-fit\" loading=\"lazy\" data-lazy-src=\"https:\/\/www.luxurylivingmarbella.com\/wp-content\/uploads\/inmoba\/thumb-sale-1.5-exact-698841-1.webp\" alt=\"Chalet pareado con piscina privada, gran terraza y potencial para 4 dormitorios en Alhaur\u00edn de la Torre\" \/>\n\t\t\t\t<\/div>\n\t\t\t\t\t\t\t\t<div class=\"f-carousel__slide\">\n\t\t\t\t\t<img class=\"wpb--image-fit\" loading=\"lazy\" data-lazy-src=\"https:\/\/www.luxurylivingmarbella.com\/wp-content\/uploads\/inmoba\/thumb-sale-1.5-exact-698841-2.webp\" alt=\"Chalet pareado con piscina privada, gran terraza y potencial para 4 dormitorios en Alhaur\u00edn de la Torre\" \/>\n\t\t\t\t<\/div>\n\t\t\t\t\t\t\t\t<div class=\"f-carousel__slide\">\n\t\t\t\t\t<img class=\"wpb--image-fit\" loading=\"lazy\" data-lazy-src=\"\/wp-content\/plugins\/inmobaliaplugin\/image.php?u=B98Le8~d7M9k3DegpEFZhS0lI_F8U4XZVz~HWxt~mGgYekxX9nCAxh0ZjtE2u9zqepXEUrVLqfm8KeIGW6Gtyd4X_ODuEM~BQ8c55KhyuvpMqM9wMbkZqdS5c_zFF23ASQSCpBFqbA_jl336WXFRFATno9brsQIELw--&i=698841-3&s=500&f=sale&r=1.5&ro=exact&k=3\" alt=\"Chalet pareado con piscina privada, gran terraza y potencial para 4 dormitorios en Alhaur\u00edn de la Torre\" \/>\n\t\t\t\t<\/div>\n\t\t\t\t\t\t\t\t<div class=\"f-carousel__slide\">\n\t\t\t\t\t<img class=\"wpb--image-fit\" loading=\"lazy\" data-lazy-src=\"\/wp-content\/plugins\/inmobaliaplugin\/image.php?u=B98Le8~d7M9k3DegpEFZhS0lI_F8U4XZVz~HWxt~mGgYekxX9nCAxh0ZjtE2u9zqepXEUrVLqfm8KeIGW6Gtyd4X_ODuEM~BQ8c55KhyuvpMqjBAGVRgQr5OiiIwbZdnnYfppJfrYiiU1x0cVY73KXUqnRcL_dqjlw--&i=698841-4&s=500&f=sale&r=1.5&ro=exact&k=4\" alt=\"Chalet pareado con piscina privada, gran terraza y potencial para 4 dormitorios en Alhaur\u00edn de la Torre\" \/>\n\t\t\t\t<\/div>\n\t\t\t\t\t\t\t\t<div class=\"f-carousel__slide\">\n\t\t\t\t\t<img class=\"wpb--image-fit\" loading=\"lazy\" data-lazy-src=\"\/wp-content\/plugins\/inmobaliaplugin\/image.php?u=B98Le8~d7M9k3DegpEFZhS0lI_F8U4XZVz~HWxt~mGgYekxX9nCAxh0ZjtE2u9zqepXEUrVLqfm8KeIGW6Gtyd4X_ODuEM~BQ8c55KhyuvpMr1qJVOF0dG~RgIabI73D9Ytl1volOUL2xe8ltr__zZucDicjq~F4aQ--&i=698841-5&s=500&f=sale&r=1.5&ro=exact&k=5\" alt=\"Chalet pareado con piscina privada, gran terraza y potencial para 4 dormitorios en Alhaur\u00edn de la Torre\" \/>\n\t\t\t\t<\/div>\n\t\t\t\t\t\t\t\t<div class=\"f-carousel__slide\">\n\t\t\t\t\t<img class=\"wpb--image-fit\" loading=\"lazy\" data-lazy-src=\"\/wp-content\/plugins\/inmobaliaplugin\/image.php?u=B98Le8~d7M9k3DegpEFZhS0lI_F8U4XZVz~HWxt~mGgYekxX9nCAxh0ZjtE2u9zqepXEUrVLqfm8KeIGW6Gtyd4X_ODuEM~BQ8c55KhyuvpM_nFMVPTaZmvG8u03FvJoVa8b1hZH7D3CIWq56S_Ke8112w3S4Izd3g--&i=698841-6&s=500&f=sale&r=1.5&ro=exact&k=6\" alt=\"Chalet pareado con piscina privada, gran terraza y potencial para 4 dormitorios en Alhaur\u00edn de la Torre\" \/>\n\t\t\t\t<\/div>\n\t\t\t\t\t\t\t\t<div class=\"f-carousel__slide\">\n\t\t\t\t\t<img class=\"wpb--image-fit\" loading=\"lazy\" data-lazy-src=\"\/wp-content\/plugins\/inmobaliaplugin\/image.php?u=B98Le8~d7M9k3DegpEFZhS0lI_F8U4XZVz~HWxt~mGgYekxX9nCAxh0ZjtE2u9zqepXEUrVLqfm8KeIGW6Gtyd4X_ODuEM~BQ8c55KhyuvpM_3jh99zJ8USP1vWpixotxcosFUrG7CjJT_BlNiynWUYYgmEqzUorxg--&i=698841-7&s=500&f=sale&r=1.5&ro=exact&k=7\" alt=\"Chalet pareado con piscina privada, gran terraza y potencial para 4 dormitorios en Alhaur\u00edn de la Torre\" \/>\n\t\t\t\t<\/div>\n\t\t\t\t\t\t\t\t<div class=\"f-carousel__slide\">\n\t\t\t\t\t<img class=\"wpb--image-fit\" loading=\"lazy\" data-lazy-src=\"\/wp-content\/plugins\/inmobaliaplugin\/image.php?u=B98Le8~d7M9k3DegpEFZhS0lI_F8U4XZVz~HWxt~mGgYekxX9nCAxh0ZjtE2u9zqepXEUrVLqfm8KeIGW6Gtyd4X_ODuEM~BQ8c55KhyuvpM_nKpEbcSUw9yZsDcVGfZ5BRw27S0_~ZEW9gshyolESM7GNp5Xg7mBg--&i=698841-8&s=500&f=sale&r=1.5&ro=exact&k=8\" alt=\"Chalet pareado con piscina privada, gran terraza y potencial para 4 dormitorios en Alhaur\u00edn de la Torre\" \/>\n\t\t\t\t<\/div>\n\t\t\t\t\t\t\t\t<div class=\"f-carousel__slide\">\n\t\t\t\t\t<img class=\"wpb--image-fit\" loading=\"lazy\" data-lazy-src=\"\/wp-content\/plugins\/inmobaliaplugin\/image.php?u=B98Le8~d7M9k3DegpEFZhS0lI_F8U4XZVz~HWxt~mGgYekxX9nCAxh0ZjtE2u9zqepXEUrVLqfm8KeIGW6Gtyd4X_ODuEM~BQ8c55KhyuvpMrsGbM7J7DnaDGmgZZgg0roq9zPhvGjFpxvNL73B7OvW1nUveIN8eEw--&i=698841-9&s=500&f=sale&r=1.5&ro=exact&k=9\" alt=\"Chalet pareado con piscina privada, gran terraza y potencial para 4 dormitorios en Alhaur\u00edn de la Torre\" \/>\n\t\t\t\t<\/div>\n\t\t\t\t\t\t\t\t<div class=\"f-carousel__slide\">\n\t\t\t\t\t<img class=\"wpb--image-fit\" loading=\"lazy\" data-lazy-src=\"\/wp-content\/plugins\/inmobaliaplugin\/image.php?u=B98Le8~d7M9k3DegpEFZhS0lI_F8U4XZVz~HWxt~mGgYekxX9nCAxh0ZjtE2u9zqepXEUrVLqfm8KeIGW6Gtyd4X_ODuEM~BQ8c55KhyuvpM_CCfe537cBS1drhGUoYps7WrfYN07f4kb8LSFpbYJ9xUU9QS7x~mnw--&i=698841-10&s=500&f=sale&r=1.5&ro=exact&k=10\" alt=\"Chalet pareado con piscina privada, gran terraza y potencial para 4 dormitorios en Alhaur\u00edn de la Torre\" \/>\n\t\t\t\t<\/div>\n\t\t\t\t\t\t\t\t<div class=\"f-carousel__slide\">\n\t\t\t\t\t<img class=\"wpb--image-fit\" loading=\"lazy\" data-lazy-src=\"\/wp-content\/plugins\/inmobaliaplugin\/image.php?u=B98Le8~d7M9k3DegpEFZhS0lI_F8U4XZVz~HWxt~mGgYekxX9nCAxh0ZjtE2u9zqepXEUrVLqfm8KeIGW6Gtyd4X_ODuEM~BQ8c55KhyuvpM_ya9QJm5pN9JQKN_C_gVAoHZcRnCKma_ce5QvtprXERFrUfpHS4YWQ--&i=698841-11&s=500&f=sale&r=1.5&ro=exact&k=11\" alt=\"Chalet pareado con piscina privada, gran terraza y potencial para 4 dormitorios en Alhaur\u00edn de la Torre\" \/>\n\t\t\t\t<\/div>\n\t\t\t\t\t\t\t\t<div class=\"f-carousel__slide\">\n\t\t\t\t\t<img class=\"wpb--image-fit\" loading=\"lazy\" data-lazy-src=\"\/wp-content\/plugins\/inmobaliaplugin\/image.php?u=B98Le8~d7M9k3DegpEFZhS0lI_F8U4XZVz~HWxt~mGgYekxX9nCAxh0ZjtE2u9zqepXEUrVLqfm8KeIGW6Gtyd4X_ODuEM~BQ8c55KhyuvpM_nZU8g3scAsP1pzdVH87Hoq~K2M9OpjItRNFwDJO5cIa35a8GAUSXg--&i=698841-12&s=500&f=sale&r=1.5&ro=exact&k=12\" alt=\"Chalet pareado con piscina privada, gran terraza y potencial para 4 dormitorios en Alhaur\u00edn de la Torre\" \/>\n\t\t\t\t<\/div>\n\t\t\t\t\t\t\t\t<div class=\"f-carousel__slide\">\n\t\t\t\t\t<img class=\"wpb--image-fit\" loading=\"lazy\" data-lazy-src=\"\/wp-content\/plugins\/inmobaliaplugin\/image.php?u=B98Le8~d7M9k3DegpEFZhS0lI_F8U4XZVz~HWxt~mGgYekxX9nCAxh0ZjtE2u9zqepXEUrVLqfm8KeIGW6Gtyd4X_ODuEM~BQ8c55KhyuvpMqYBRKEbiYWYYuHWDwHfZjA1AFCPiUVyYGqpzpXjYqsmMO9dbKwTEHw--&i=698841-13&s=500&f=sale&r=1.5&ro=exact&k=13\" alt=\"Chalet pareado con piscina privada, gran terraza y potencial para 4 dormitorios en Alhaur\u00edn de la Torre\" \/>\n\t\t\t\t<\/div>\n\t\t\t\t\t\t\t\t<div class=\"f-carousel__slide\">\n\t\t\t\t\t<img class=\"wpb--image-fit\" loading=\"lazy\" data-lazy-src=\"\/wp-content\/plugins\/inmobaliaplugin\/image.php?u=B98Le8~d7M9k3DegpEFZhS0lI_F8U4XZVz~HWxt~mGgYekxX9nCAxh0ZjtE2u9zqepXEUrVLqfm8KeIGW6Gtyd4X_ODuEM~BQ8c55KhyuvpM~4fR2~tmrgKIEWspMm8SODMj7yGEESNHqyXjUI1MSchCIdDUwKb58Q--&i=698841-14&s=500&f=sale&r=1.5&ro=exact&k=14\" alt=\"Chalet pareado con piscina privada, gran terraza y potencial para 4 dormitorios en Alhaur\u00edn de la Torre\" \/>\n\t\t\t\t<\/div>\n\t\t\t\t\t\t\t\t<div class=\"f-carousel__slide\">\n\t\t\t\t\t<img class=\"wpb--image-fit\" loading=\"lazy\" data-lazy-src=\"\/wp-content\/plugins\/inmobaliaplugin\/image.php?u=B98Le8~d7M9k3DegpEFZhS0lI_F8U4XZVz~HWxt~mGgYekxX9nCAxh0ZjtE2u9zqepXEUrVLqfm8KeIGW6Gtyd4X_ODuEM~BQ8c55KhyuvpM_nKjFEWqQCpAbELK6rlIXOBBzBYHFq6hDAiaAx0zBKBgm2DZC1PvGQ--&i=698841-15&s=500&f=sale&r=1.5&ro=exact&k=15\" alt=\"Chalet pareado con piscina privada, gran terraza y potencial para 4 dormitorios en Alhaur\u00edn de la Torre\" \/>\n\t\t\t\t<\/div>\n\t\t\t\t\t\t\t\t<div class=\"f-carousel__slide\">\n\t\t\t\t\t<img class=\"wpb--image-fit\" loading=\"lazy\" data-lazy-src=\"\/wp-content\/plugins\/inmobaliaplugin\/image.php?u=B98Le8~d7M9k3DegpEFZhS0lI_F8U4XZVz~HWxt~mGgYekxX9nCAxh0ZjtE2u9zqepXEUrVLqfm8KeIGW6Gtyd4X_ODuEM~BQ8c55KhyuvpM~b84jc5~fp7nwudvdRyrnlDEPkAIRD8mFpl1yIWrmaglMBGPxjLuGQ--&i=698841-16&s=500&f=sale&r=1.5&ro=exact&k=16\" alt=\"Chalet pareado con piscina privada, gran terraza y potencial para 4 dormitorios en Alhaur\u00edn de la Torre\" \/>\n\t\t\t\t<\/div>\n\t\t\t\t\t\t\t\t<div class=\"f-carousel__slide\">\n\t\t\t\t\t<img class=\"wpb--image-fit\" loading=\"lazy\" data-lazy-src=\"\/wp-content\/plugins\/inmobaliaplugin\/image.php?u=B98Le8~d7M9k3DegpEFZhS0lI_F8U4XZVz~HWxt~mGgYekxX9nCAxh0ZjtE2u9zqepXEUrVLqfm8KeIGW6Gtyd4X_ODuEM~BQ8c55KhyuvpMrR9I8e~3lcG8isOHwA3m1iW0ww8lMrfCAKmt1zjaN2CrRf8FikbL0w--&i=698841-17&s=500&f=sale&r=1.5&ro=exact&k=17\" alt=\"Chalet pareado con piscina privada, gran terraza y potencial para 4 dormitorios en Alhaur\u00edn de la Torre\" \/>\n\t\t\t\t<\/div>\n\t\t\t\t\t\t\t\t<div class=\"f-carousel__slide\">\n\t\t\t\t\t<img class=\"wpb--image-fit\" loading=\"lazy\" data-lazy-src=\"\/wp-content\/plugins\/inmobaliaplugin\/image.php?u=B98Le8~d7M9k3DegpEFZhS0lI_F8U4XZVz~HWxt~mGgYekxX9nCAxh0ZjtE2u9zqepXEUrVLqfm8KeIGW6Gtyd4X_ODuEM~BQ8c55KhyuvpM~9qZaTYpo9SzXNoAk50MNbYjKvEfUAm_fWIBsCTJOZJCuWPC~AE6yQ--&i=698841-18&s=500&f=sale&r=1.5&ro=exact&k=18\" alt=\"Chalet pareado con piscina privada, gran terraza y potencial para 4 dormitorios en Alhaur\u00edn de la Torre\" \/>\n\t\t\t\t<\/div>\n\t\t\t\t\t\t\t\t<div class=\"f-carousel__slide\">\n\t\t\t\t\t<img class=\"wpb--image-fit\" loading=\"lazy\" data-lazy-src=\"\/wp-content\/plugins\/inmobaliaplugin\/image.php?u=B98Le8~d7M9k3DegpEFZhS0lI_F8U4XZVz~HWxt~mGgYekxX9nCAxh0ZjtE2u9zqepXEUrVLqfm8KeIGW6Gtyd4X_ODuEM~BQ8c55KhyuvpM_ymoYORzKo0v_Lrnh7PAD2vY619s_FAxyv_Ad3n0lwByF~mEqRVFQw--&i=698841-19&s=500&f=sale&r=1.5&ro=exact&k=19\" alt=\"Chalet pareado con piscina privada, gran terraza y potencial para 4 dormitorios en Alhaur\u00edn de la Torre\" \/>\n\t\t\t\t<\/div>\n\t\t\t\t\t\t\t\t<div class=\"f-carousel__slide\">\n\t\t\t\t\t<img class=\"wpb--image-fit\" loading=\"lazy\" data-lazy-src=\"\/wp-content\/plugins\/inmobaliaplugin\/image.php?u=B98Le8~d7M9k3DegpEFZhS0lI_F8U4XZVz~HWxt~mGgYekxX9nCAxh0ZjtE2u9zqepXEUrVLqfm8KeIGW6Gtyd4X_ODuEM~BQ8c55KhyuvpMqYBWdTAL8_UHHxzP8Xge9kaaAnFnMkon3yn6tJYtizenzMlmt3bMUg--&i=698841-20&s=500&f=sale&r=1.5&ro=exact&k=20\" alt=\"Chalet pareado con piscina privada, gran terraza y potencial para 4 dormitorios en Alhaur\u00edn de la Torre\" \/>\n\t\t\t\t<\/div>\n\t\t\t\t\t\t\t\t<div class=\"f-carousel__slide\">\n\t\t\t\t\t<img class=\"wpb--image-fit\" loading=\"lazy\" data-lazy-src=\"\/wp-content\/plugins\/inmobaliaplugin\/image.php?u=B98Le8~d7M9k3DegpEFZhS0lI_F8U4XZVz~HWxt~mGgYekxX9nCAxh0ZjtE2u9zqepXEUrVLqfm8KeIGW6Gtyd4X_ODuEM~BQ8c55KhyuvpMqJP~L4qwX9oY_TU89qGT4KmSTW2GQyCUXTEmP0q2TXfn8ruCD0UM_g--&i=698841-21&s=500&f=sale&r=1.5&ro=exact&k=21\" alt=\"Chalet pareado con piscina privada, gran terraza y potencial para 4 dormitorios en Alhaur\u00edn de la Torre\" \/>\n\t\t\t\t<\/div>\n\t\t\t\t\t\t\t\t<div class=\"f-carousel__slide\">\n\t\t\t\t\t<img class=\"wpb--image-fit\" loading=\"lazy\" data-lazy-src=\"\/wp-content\/plugins\/inmobaliaplugin\/image.php?u=B98Le8~d7M9k3DegpEFZhS0lI_F8U4XZVz~HWxt~mGgYekxX9nCAxh0ZjtE2u9zqepXEUrVLqfm8KeIGW6Gtyd4X_ODuEM~BQ8c55KhyuvpM_H6i8jVY05~xW9W5jC2DPwWz09KZ7v54A54h9fBiVMaANwXpRxHAwA--&i=698841-22&s=500&f=sale&r=1.5&ro=exact&k=22\" alt=\"Chalet pareado con piscina privada, gran terraza y potencial para 4 dormitorios en Alhaur\u00edn de la Torre\" \/>\n\t\t\t\t<\/div>\n\t\t\t\t\t\t\t\t<div class=\"f-carousel__slide\">\n\t\t\t\t\t<img class=\"wpb--image-fit\" loading=\"lazy\" data-lazy-src=\"\/wp-content\/plugins\/inmobaliaplugin\/image.php?u=B98Le8~d7M9k3DegpEFZhS0lI_F8U4XZVz~HWxt~mGgYekxX9nCAxh0ZjtE2u9zqepXEUrVLqfm8KeIGW6Gtyd4X_ODuEM~BQ8c55KhyuvpMrpRfApx9Ga~7NvX4VJAPINNybx~wLShIvEoLc_Iyyib_2utuGKcKqQ--&i=698841-23&s=500&f=sale&r=1.5&ro=exact&k=23\" alt=\"Chalet pareado con piscina privada, gran terraza y potencial para 4 dormitorios en Alhaur\u00edn de la Torre\" \/>\n\t\t\t\t<\/div>\n\t\t\t\t\t\t\t\t<div class=\"f-carousel__slide\">\n\t\t\t\t\t<img class=\"wpb--image-fit\" loading=\"lazy\" data-lazy-src=\"\/wp-content\/plugins\/inmobaliaplugin\/image.php?u=B98Le8~d7M9k3DegpEFZhS0lI_F8U4XZVz~HWxt~mGgYekxX9nCAxh0ZjtE2u9zqepXEUrVLqfm8KeIGW6Gtyd4X_ODuEM~BQ8c55KhyuvpMqjn_Vc3TGWF~DEuSSaUr_YcahWVvwybW0B7kQHb0ApxvifU3RBoh_Q--&i=698841-24&s=500&f=sale&r=1.5&ro=exact&k=24\" alt=\"Chalet pareado con piscina privada, gran terraza y potencial para 4 dormitorios en Alhaur\u00edn de la Torre\" \/>\n\t\t\t\t<\/div>\n\t\t\t\t\t\t\t\t<div class=\"f-carousel__slide\">\n\t\t\t\t\t<img class=\"wpb--image-fit\" loading=\"lazy\" data-lazy-src=\"\/wp-content\/plugins\/inmobaliaplugin\/image.php?u=B98Le8~d7M9k3DegpEFZhS0lI_F8U4XZVz~HWxt~mGgYekxX9nCAxh0ZjtE2u9zqepXEUrVLqfm8KeIGW6Gtyd4X_ODuEM~BQ8c55KhyuvpM~euWueLxRfkLb8olGtewnQ~4yx91RcKEXvZ~OTblVYAKhbi0nW1Hjg--&i=698841-25&s=500&f=sale&r=1.5&ro=exact&k=25\" alt=\"Chalet pareado con piscina privada, gran terraza y potencial para 4 dormitorios en Alhaur\u00edn de la Torre\" \/>\n\t\t\t\t<\/div>\n\t\t\t\t\t\t\t\t<div class=\"f-carousel__slide\">\n\t\t\t\t\t<img class=\"wpb--image-fit\" loading=\"lazy\" data-lazy-src=\"\/wp-content\/plugins\/inmobaliaplugin\/image.php?u=B98Le8~d7M9k3DegpEFZhS0lI_F8U4XZVz~HWxt~mGgYekxX9nCAxh0ZjtE2u9zqepXEUrVLqfm8KeIGW6Gtyd4X_ODuEM~BQ8c55KhyuvpMrw90j916SikC6H2wqHqJdomYu7BoB1ha5TmkahJ_eqw75Qi2MTwvVQ--&i=698841-26&s=500&f=sale&r=1.5&ro=exact&k=26\" alt=\"Chalet pareado con piscina privada, gran terraza y potencial para 4 dormitorios en Alhaur\u00edn de la Torre\" \/>\n\t\t\t\t<\/div>\n\t\t\t\t\t\t\t\t<div class=\"f-carousel__slide\">\n\t\t\t\t\t<img class=\"wpb--image-fit\" loading=\"lazy\" data-lazy-src=\"\/wp-content\/plugins\/inmobaliaplugin\/image.php?u=B98Le8~d7M9k3DegpEFZhS0lI_F8U4XZVz~HWxt~mGgYekxX9nCAxh0ZjtE2u9zqepXEUrVLqfm8KeIGW6Gtyd4X_ODuEM~BQ8c55KhyuvpM~qBxrExI7wlaJWeAQEMA9ldPLSvBFot0JwZXj42qbUHdwuDgw3bwjQ--&i=698841-27&s=500&f=sale&r=1.5&ro=exact&k=27\" alt=\"Chalet pareado con piscina privada, gran terraza y potencial para 4 dormitorios en Alhaur\u00edn de la Torre\" \/>\n\t\t\t\t<\/div>\n\t\t\t\t\t\t\t\t<div class=\"f-carousel__slide\">\n\t\t\t\t\t<img class=\"wpb--image-fit\" loading=\"lazy\" data-lazy-src=\"\/wp-content\/plugins\/inmobaliaplugin\/image.php?u=B98Le8~d7M9k3DegpEFZhS0lI_F8U4XZVz~HWxt~mGgYekxX9nCAxh0ZjtE2u9zqepXEUrVLqfm8KeIGW6Gtyd4X_ODuEM~BQ8c55KhyuvpM822Cla1C13Enkaq7gjjBqczJS0hQ5fg~r3RCcHwLNcaW4BWTKULs7Q--&i=698841-28&s=500&f=sale&r=1.5&ro=exact&k=28\" alt=\"Chalet pareado con piscina privada, gran terraza y potencial para 4 dormitorios en Alhaur\u00edn de la Torre\" \/>\n\t\t\t\t<\/div>\n\t\t\t\t\t\t\t\t<div class=\"f-carousel__slide\">\n\t\t\t\t\t<img class=\"wpb--image-fit\" loading=\"lazy\" data-lazy-src=\"\/wp-content\/plugins\/inmobaliaplugin\/image.php?u=B98Le8~d7M9k3DegpEFZhS0lI_F8U4XZVz~HWxt~mGgYekxX9nCAxh0ZjtE2u9zqepXEUrVLqfm8KeIGW6Gtyd4X_ODuEM~BQ8c55KhyuvpM_dICCvzZ6Srn6dZaYQwE1dabafe7DTjuRXPjdgWMtmNHsPn_qXAXgw--&i=698841-29&s=500&f=sale&r=1.5&ro=exact&k=29\" alt=\"Chalet pareado con piscina privada, gran terraza y potencial para 4 dormitorios en Alhaur\u00edn de la Torre\" \/>\n\t\t\t\t<\/div>\n\t\t\t\t\t\t\t\t<div class=\"f-carousel__slide\">\n\t\t\t\t\t<img class=\"wpb--image-fit\" loading=\"lazy\" data-lazy-src=\"\/wp-content\/plugins\/inmobaliaplugin\/image.php?u=B98Le8~d7M9k3DegpEFZhS0lI_F8U4XZVz~HWxt~mGgYekxX9nCAxh0ZjtE2u9zqepXEUrVLqfm8KeIGW6Gtyd4X_ODuEM~BQ8c55KhyuvpMrUn_m4_4Fr0xNdAeGy5~1nuI3Z9T55~gnvH0ucZE0_UJj0G0ebhJhQ--&i=698841-30&s=500&f=sale&r=1.5&ro=exact&k=30\" alt=\"Chalet pareado con piscina privada, gran terraza y potencial para 4 dormitorios en Alhaur\u00edn de la Torre\" \/>\n\t\t\t\t<\/div>\n\t\t\t\t\t\t\t\t<div class=\"f-carousel__slide\">\n\t\t\t\t\t<img class=\"wpb--image-fit\" loading=\"lazy\" data-lazy-src=\"\/wp-content\/plugins\/inmobaliaplugin\/image.php?u=B98Le8~d7M9k3DegpEFZhS0lI_F8U4XZVz~HWxt~mGgYekxX9nCAxh0ZjtE2u9zqepXEUrVLqfm8KeIGW6Gtyd4X_ODuEM~BQ8c55KhyuvpM~b1rH~MITxkUAZYgz~U7DPgcuWRHbhNBplVQaV9uPVYipy6YfB2c5Q--&i=698841-31&s=500&f=sale&r=1.5&ro=exact&k=31\" alt=\"Chalet pareado con piscina privada, gran terraza y potencial para 4 dormitorios en Alhaur\u00edn de la Torre\" \/>\n\t\t\t\t<\/div>\n\t\t\t\t\t\t\t\t<div class=\"f-carousel__slide\">\n\t\t\t\t\t<img class=\"wpb--image-fit\" loading=\"lazy\" data-lazy-src=\"\/wp-content\/plugins\/inmobaliaplugin\/image.php?u=B98Le8~d7M9k3DegpEFZhS0lI_F8U4XZVz~HWxt~mGgYekxX9nCAxh0ZjtE2u9zqepXEUrVLqfm8KeIGW6Gtyd4X_ODuEM~BQ8c55KhyuvpM~qYFr1iAkMRtOIPBDJgnyyRjSm8TJKaxZ_CoCZskV9LMUl4Rhc7~0Q--&i=698841-32&s=500&f=sale&r=1.5&ro=exact&k=32\" alt=\"Chalet pareado con piscina privada, gran terraza y potencial para 4 dormitorios en Alhaur\u00edn de la Torre\" \/>\n\t\t\t\t<\/div>\n\t\t\t\t\t\t\t\t<div class=\"f-carousel__slide\">\n\t\t\t\t\t<img class=\"wpb--image-fit\" loading=\"lazy\" data-lazy-src=\"\/wp-content\/plugins\/inmobaliaplugin\/image.php?u=B98Le8~d7M9k3DegpEFZhS0lI_F8U4XZVz~HWxt~mGgYekxX9nCAxh0ZjtE2u9zqepXEUrVLqfm8KeIGW6Gtyd4X_ODuEM~BQ8c55KhyuvpMr194B3j93KZsLZkdF_qAj6bXmRBgoZ3K8OR0SNsmHLSK2grL~bfUZw--&i=698841-33&s=500&f=sale&r=1.5&ro=exact&k=33\" alt=\"Chalet pareado con piscina privada, gran terraza y potencial para 4 dormitorios en Alhaur\u00edn de la Torre\" \/>\n\t\t\t\t<\/div>\n\t\t\t\t\t\t\t\t<div class=\"f-carousel__slide\">\n\t\t\t\t\t<img class=\"wpb--image-fit\" loading=\"lazy\" data-lazy-src=\"\/wp-content\/plugins\/inmobaliaplugin\/image.php?u=B98Le8~d7M9k3DegpEFZhS0lI_F8U4XZVz~HWxt~mGgYekxX9nCAxh0ZjtE2u9zqepXEUrVLqfm8KeIGW6Gtyd4X_ODuEM~BQ8c55KhyuvpM_C8XF~a7DAf47_eJOxiRDPLr~pxivkdHg_b9i39GfT9DTVmwWz4t1Q--&i=698841-34&s=500&f=sale&r=1.5&ro=exact&k=34\" alt=\"Chalet pareado con piscina privada, gran terraza y potencial para 4 dormitorios en Alhaur\u00edn de la Torre\" \/>\n\t\t\t\t<\/div>\n\t\t\t\t\t\t\t\t<div class=\"f-carousel__slide\">\n\t\t\t\t\t<img class=\"wpb--image-fit\" loading=\"lazy\" data-lazy-src=\"https:\/\/www.luxurylivingmarbella.com\/wp-content\/uploads\/inmoba\/thumb-sale-1.5-exact-698841-35.webp\" alt=\"Chalet pareado con piscina privada, gran terraza y potencial para 4 dormitorios en Alhaur\u00edn de la Torre\" \/>\n\t\t\t\t<\/div>\n\t\t\t\t\t\t\t<\/div>\n\t\t\t\t\t<\/div>\n\t\t<div class=\"wpb--action-container\">\n\t\t\t <button>Ver detalles<\/button>\n\t\t<\/div>\n\t<\/div>\n\t<div class=\"wpb--card-body\">\n\t\t<span class=\"wpb--card-body-location\"><span>SVS0030<\/span> | Retamar - Alhaurin de la Torre<\/span>\n\t\t<h2 class=\"wpb--card-title\">\n\t\t\t<a class=\"wpb--stretched-link\" href=\"\/es\/propiedad\/venta-retamar-pareado-698841\">\n\t\t\t\tChalet pareado con piscina privada, gran terraza y potencial para 4 dormitorios en Alhaur\u00edn de la Torre\t\t\t<\/a>\n\t\t<\/h2>\n\t\t<div class=\"wpb--card-data\">\n\t\t\t<div class=\"wpb--card-locationref\">\n\t\t\t\t<ul class=\"wpb--card-features\">\n\t\t\t\t\t\t\t\t\t\t<li>3  Dormitorios<\/li>\n\t\t\t\t\t\t\t\t\t\t<li>2  Ba\u00f1os<\/li>\n\t\t\t\t\t\t\t\t\t\t<li>250 m&sup2; Plano<\/li>\n\t\t\t\t\t\t\t\t\t\t<li>204 m&sup2; Const.<\/li>\n\t\t\t\t\t\t\t\t\t<\/ul>\n\t\t\t<\/div>\n\t\t\t<div class=\"wpb--card-price\">\n\t\t\t\t636.300 &euro;\t\t\t<\/div>\n\t\t<\/div>\n\t<\/div>\n<\/div><div class=\"wpb--card wpb--card-reduced\">\n\t<div class=\"wpb--aspect-box wpb--portrait\">\n\t\t<div class=\"wpb--overflow-hidden\">\n\t\t\t\t\t\t\t\t\t<div class=\"f-carousel\">\n\t\t\t\t\t\t\t\t<div class=\"f-carousel__slide\">\n\t\t\t\t\t<img decoding=\"async\" class=\"wpb--image-fit\" loading=\"lazy\" src=\"https:\/\/www.luxurylivingmarbella.com\/wp-content\/uploads\/inmoba\/thumb-sale-1.5-exact-698240-0.webp\" alt=\"Casa adosada de lujo en El Herrojo, Benahav\u00eds con 4 dormitorios\" \/>\n\t\t\t\t<\/div>\n\t\t\t\t\t\t\t\t<div class=\"f-carousel__slide\">\n\t\t\t\t\t<img class=\"wpb--image-fit\" loading=\"lazy\" data-lazy-src=\"https:\/\/www.luxurylivingmarbella.com\/wp-content\/uploads\/inmoba\/thumb-sale-1.5-exact-698240-1.webp\" alt=\"Casa adosada de lujo en El Herrojo, Benahav\u00eds con 4 dormitorios\" \/>\n\t\t\t\t<\/div>\n\t\t\t\t\t\t\t\t<div class=\"f-carousel__slide\">\n\t\t\t\t\t<img class=\"wpb--image-fit\" loading=\"lazy\" data-lazy-src=\"https:\/\/www.luxurylivingmarbella.com\/wp-content\/uploads\/inmoba\/thumb-sale-1.5-exact-698240-2.webp\" alt=\"Casa adosada de lujo en El Herrojo, Benahav\u00eds con 4 dormitorios\" \/>\n\t\t\t\t<\/div>\n\t\t\t\t\t\t\t\t<div class=\"f-carousel__slide\">\n\t\t\t\t\t<img class=\"wpb--image-fit\" loading=\"lazy\" data-lazy-src=\"https:\/\/www.luxurylivingmarbella.com\/wp-content\/uploads\/inmoba\/thumb-sale-1.5-exact-698240-3.webp\" alt=\"Casa adosada de lujo en El Herrojo, Benahav\u00eds con 4 dormitorios\" \/>\n\t\t\t\t<\/div>\n\t\t\t\t\t\t\t\t<div class=\"f-carousel__slide\">\n\t\t\t\t\t<img class=\"wpb--image-fit\" loading=\"lazy\" data-lazy-src=\"https:\/\/www.luxurylivingmarbella.com\/wp-content\/uploads\/inmoba\/thumb-sale-1.5-exact-698240-4.webp\" alt=\"Casa adosada de lujo en El Herrojo, Benahav\u00eds con 4 dormitorios\" \/>\n\t\t\t\t<\/div>\n\t\t\t\t\t\t\t\t<div class=\"f-carousel__slide\">\n\t\t\t\t\t<img class=\"wpb--image-fit\" loading=\"lazy\" data-lazy-src=\"\/wp-content\/plugins\/inmobaliaplugin\/image.php?u=B98Le8~d7M9k3DegpEFZhS0lI_F8U4XZVz~HWxt~mGgYekxX9nCAxh0ZjtE2u9zqepXEUrVLqfm8KeIGW6Gtyd4X99SFYpzUH6zOiEKdFxHOnPGucunLX6kALx96QYk3t5fV9sn3Tr0NAEAXr_73K5JUqoGjmwlozg--&i=698240-5&s=500&f=sale&r=1.5&ro=exact&k=5\" alt=\"Casa adosada de lujo en El Herrojo, Benahav\u00eds con 4 dormitorios\" \/>\n\t\t\t\t<\/div>\n\t\t\t\t\t\t\t\t<div class=\"f-carousel__slide\">\n\t\t\t\t\t<img class=\"wpb--image-fit\" loading=\"lazy\" data-lazy-src=\"\/wp-content\/plugins\/inmobaliaplugin\/image.php?u=B98Le8~d7M9k3DegpEFZhS0lI_F8U4XZVz~HWxt~mGgYekxX9nCAxh0ZjtE2u9zqepXEUrVLqfm8KeIGW6Gtyd4X99SFYpzUH6zOiEKdFxHOkUCWKUEiCmE6QbGEcNdZBrZLEPKYZlrMlOx3~GcxYPsfsl0m1kiRrQ--&i=698240-6&s=500&f=sale&r=1.5&ro=exact&k=6\" alt=\"Casa adosada de lujo en El Herrojo, Benahav\u00eds con 4 dormitorios\" \/>\n\t\t\t\t<\/div>\n\t\t\t\t\t\t\t\t<div class=\"f-carousel__slide\">\n\t\t\t\t\t<img class=\"wpb--image-fit\" loading=\"lazy\" data-lazy-src=\"\/wp-content\/plugins\/inmobaliaplugin\/image.php?u=B98Le8~d7M9k3DegpEFZhS0lI_F8U4XZVz~HWxt~mGgYekxX9nCAxh0ZjtE2u9zqepXEUrVLqfm8KeIGW6Gtyd4X99SFYpzUH6zOiEKdFxHOkRLK~FgBDaoSwBXLS9rTL51NKIpUIvHPZZWnRrunph~XZDu2dUJqgg--&i=698240-7&s=500&f=sale&r=1.5&ro=exact&k=7\" alt=\"Casa adosada de lujo en El Herrojo, Benahav\u00eds con 4 dormitorios\" \/>\n\t\t\t\t<\/div>\n\t\t\t\t\t\t\t\t<div class=\"f-carousel__slide\">\n\t\t\t\t\t<img class=\"wpb--image-fit\" loading=\"lazy\" data-lazy-src=\"\/wp-content\/plugins\/inmobaliaplugin\/image.php?u=B98Le8~d7M9k3DegpEFZhS0lI_F8U4XZVz~HWxt~mGgYekxX9nCAxh0ZjtE2u9zqepXEUrVLqfm8KeIGW6Gtyd4X99SFYpzUH6zOiEKdFxHOnUj017UDgToegf7rQFtiXrNGku1kD3AAbuxL3IqCdYV7kZveB2DXvg--&i=698240-8&s=500&f=sale&r=1.5&ro=exact&k=8\" alt=\"Casa adosada de lujo en El Herrojo, Benahav\u00eds con 4 dormitorios\" \/>\n\t\t\t\t<\/div>\n\t\t\t\t\t\t\t\t<div class=\"f-carousel__slide\">\n\t\t\t\t\t<img class=\"wpb--image-fit\" loading=\"lazy\" data-lazy-src=\"\/wp-content\/plugins\/inmobaliaplugin\/image.php?u=B98Le8~d7M9k3DegpEFZhS0lI_F8U4XZVz~HWxt~mGgYekxX9nCAxh0ZjtE2u9zqepXEUrVLqfm8KeIGW6Gtyd4X99SFYpzUH6zOiEKdFxHOm1TeoQh445ByELCSVNiDm8OnBe_KiPY~Q7evXkSugixKiAmS2dTWVA--&i=698240-9&s=500&f=sale&r=1.5&ro=exact&k=9\" alt=\"Casa adosada de lujo en El Herrojo, Benahav\u00eds con 4 dormitorios\" \/>\n\t\t\t\t<\/div>\n\t\t\t\t\t\t\t\t<div class=\"f-carousel__slide\">\n\t\t\t\t\t<img class=\"wpb--image-fit\" loading=\"lazy\" data-lazy-src=\"\/wp-content\/plugins\/inmobaliaplugin\/image.php?u=B98Le8~d7M9k3DegpEFZhS0lI_F8U4XZVz~HWxt~mGgYekxX9nCAxh0ZjtE2u9zqepXEUrVLqfm8KeIGW6Gtyd4X99SFYpzUH6zOiEKdFxHOmsANLXYGd_eRAurODuObHwWR2x3m~4SMx9iAWGnRiZoY9rAlyyx6jw--&i=698240-10&s=500&f=sale&r=1.5&ro=exact&k=10\" alt=\"Casa adosada de lujo en El Herrojo, Benahav\u00eds con 4 dormitorios\" \/>\n\t\t\t\t<\/div>\n\t\t\t\t\t\t\t\t<div class=\"f-carousel__slide\">\n\t\t\t\t\t<img class=\"wpb--image-fit\" loading=\"lazy\" data-lazy-src=\"\/wp-content\/plugins\/inmobaliaplugin\/image.php?u=B98Le8~d7M9k3DegpEFZhS0lI_F8U4XZVz~HWxt~mGgYekxX9nCAxh0ZjtE2u9zqepXEUrVLqfm8KeIGW6Gtyd4X99SFYpzUH6zOiEKdFxHOz_Oen94xzVFbAFg9IlFm3wl6UdqwXzULUuO8vDNUi8ua6L~bGz5e3g--&i=698240-11&s=500&f=sale&r=1.5&ro=exact&k=11\" alt=\"Casa adosada de lujo en El Herrojo, Benahav\u00eds con 4 dormitorios\" \/>\n\t\t\t\t<\/div>\n\t\t\t\t\t\t\t\t<div class=\"f-carousel__slide\">\n\t\t\t\t\t<img class=\"wpb--image-fit\" loading=\"lazy\" data-lazy-src=\"\/wp-content\/plugins\/inmobaliaplugin\/image.php?u=B98Le8~d7M9k3DegpEFZhS0lI_F8U4XZVz~HWxt~mGgYekxX9nCAxh0ZjtE2u9zqepXEUrVLqfm8KeIGW6Gtyd4X99SFYpzUH6zOiEKdFxHOmwA5cfLiQCoNMjqLpLezFsWlW4df85cG8lx8ocIZ_JxC9L8a~gKMiA--&i=698240-12&s=500&f=sale&r=1.5&ro=exact&k=12\" alt=\"Casa adosada de lujo en El Herrojo, Benahav\u00eds con 4 dormitorios\" \/>\n\t\t\t\t<\/div>\n\t\t\t\t\t\t\t\t<div class=\"f-carousel__slide\">\n\t\t\t\t\t<img class=\"wpb--image-fit\" loading=\"lazy\" data-lazy-src=\"\/wp-content\/plugins\/inmobaliaplugin\/image.php?u=B98Le8~d7M9k3DegpEFZhS0lI_F8U4XZVz~HWxt~mGgYekxX9nCAxh0ZjtE2u9zqepXEUrVLqfm8KeIGW6Gtyd4X99SFYpzUH6zOiEKdFxHOzCt5lQ8R4ziz2Z6nHRneyhctUJ8MydS5kltjA5zCmOVzjJeVs_Vx5A--&i=698240-13&s=500&f=sale&r=1.5&ro=exact&k=13\" alt=\"Casa adosada de lujo en El Herrojo, Benahav\u00eds con 4 dormitorios\" \/>\n\t\t\t\t<\/div>\n\t\t\t\t\t\t\t\t<div class=\"f-carousel__slide\">\n\t\t\t\t\t<img class=\"wpb--image-fit\" loading=\"lazy\" data-lazy-src=\"\/wp-content\/plugins\/inmobaliaplugin\/image.php?u=B98Le8~d7M9k3DegpEFZhS0lI_F8U4XZVz~HWxt~mGgYekxX9nCAxh0ZjtE2u9zqepXEUrVLqfm8KeIGW6Gtyd4X99SFYpzUH6zOiEKdFxHOkRLP30kk85aTvbsyY_vgup1~Hug8LDW5Hzu1uYRKN6hDjbkaAR7ekw--&i=698240-14&s=500&f=sale&r=1.5&ro=exact&k=14\" alt=\"Casa adosada de lujo en El Herrojo, Benahav\u00eds con 4 dormitorios\" \/>\n\t\t\t\t<\/div>\n\t\t\t\t\t\t\t\t<div class=\"f-carousel__slide\">\n\t\t\t\t\t<img class=\"wpb--image-fit\" loading=\"lazy\" data-lazy-src=\"\/wp-content\/plugins\/inmobaliaplugin\/image.php?u=B98Le8~d7M9k3DegpEFZhS0lI_F8U4XZVz~HWxt~mGgYekxX9nCAxh0ZjtE2u9zqepXEUrVLqfm8KeIGW6Gtyd4X99SFYpzUH6zOiEKdFxHOnmKHs6joaEdxt06ex77VUA9~oKX7YBXbjf4~J1IRM2T1Jm6Un74Kzg--&i=698240-15&s=500&f=sale&r=1.5&ro=exact&k=15\" alt=\"Casa adosada de lujo en El Herrojo, Benahav\u00eds con 4 dormitorios\" \/>\n\t\t\t\t<\/div>\n\t\t\t\t\t\t\t\t<div class=\"f-carousel__slide\">\n\t\t\t\t\t<img class=\"wpb--image-fit\" loading=\"lazy\" data-lazy-src=\"\/wp-content\/plugins\/inmobaliaplugin\/image.php?u=B98Le8~d7M9k3DegpEFZhS0lI_F8U4XZVz~HWxt~mGgYekxX9nCAxh0ZjtE2u9zqepXEUrVLqfm8KeIGW6Gtyd4X99SFYpzUH6zOiEKdFxHOmBgY6nk3Gcg3EtjLzPaxFtJqO4Eoacp4L_dKeCCaMfj1rUFWsjVg9g--&i=698240-16&s=500&f=sale&r=1.5&ro=exact&k=16\" alt=\"Casa adosada de lujo en El Herrojo, Benahav\u00eds con 4 dormitorios\" \/>\n\t\t\t\t<\/div>\n\t\t\t\t\t\t\t\t<div class=\"f-carousel__slide\">\n\t\t\t\t\t<img class=\"wpb--image-fit\" loading=\"lazy\" data-lazy-src=\"\/wp-content\/plugins\/inmobaliaplugin\/image.php?u=B98Le8~d7M9k3DegpEFZhS0lI_F8U4XZVz~HWxt~mGgYekxX9nCAxh0ZjtE2u9zqepXEUrVLqfm8KeIGW6Gtyd4X99SFYpzUH6zOiEKdFxHOnKPowdRPffG0d3jGKUxiJgpI8wwTCmw_oU9RYT4vxhqeB00mTUgocw--&i=698240-17&s=500&f=sale&r=1.5&ro=exact&k=17\" alt=\"Casa adosada de lujo en El Herrojo, Benahav\u00eds con 4 dormitorios\" \/>\n\t\t\t\t<\/div>\n\t\t\t\t\t\t\t\t<div class=\"f-carousel__slide\">\n\t\t\t\t\t<img class=\"wpb--image-fit\" loading=\"lazy\" data-lazy-src=\"\/wp-content\/plugins\/inmobaliaplugin\/image.php?u=B98Le8~d7M9k3DegpEFZhS0lI_F8U4XZVz~HWxt~mGgYekxX9nCAxh0ZjtE2u9zqepXEUrVLqfm8KeIGW6Gtyd4X99SFYpzUH6zOiEKdFxHOyBz_BCVSRs458xSxR5RcmjMdbbRn9RXWJRnRb6jBb2CA0L~Vh9liTg--&i=698240-18&s=500&f=sale&r=1.5&ro=exact&k=18\" alt=\"Casa adosada de lujo en El Herrojo, Benahav\u00eds con 4 dormitorios\" \/>\n\t\t\t\t<\/div>\n\t\t\t\t\t\t\t\t<div class=\"f-carousel__slide\">\n\t\t\t\t\t<img class=\"wpb--image-fit\" loading=\"lazy\" data-lazy-src=\"\/wp-content\/plugins\/inmobaliaplugin\/image.php?u=B98Le8~d7M9k3DegpEFZhS0lI_F8U4XZVz~HWxt~mGgYekxX9nCAxh0ZjtE2u9zqepXEUrVLqfm8KeIGW6Gtyd4X99SFYpzUH6zOiEKdFxHOnmH0MGr0RUByyIwKz1m20eS_2M4ehXvjQvr7_x6acIeyPJyYhoQUMg--&i=698240-19&s=500&f=sale&r=1.5&ro=exact&k=19\" alt=\"Casa adosada de lujo en El Herrojo, Benahav\u00eds con 4 dormitorios\" \/>\n\t\t\t\t<\/div>\n\t\t\t\t\t\t\t\t<div class=\"f-carousel__slide\">\n\t\t\t\t\t<img class=\"wpb--image-fit\" loading=\"lazy\" data-lazy-src=\"\/wp-content\/plugins\/inmobaliaplugin\/image.php?u=B98Le8~d7M9k3DegpEFZhS0lI_F8U4XZVz~HWxt~mGgYekxX9nCAxh0ZjtE2u9zqepXEUrVLqfm8KeIGW6Gtyd4X99SFYpzUH6zOiEKdFxHOkMvJda0Uifscwca9FHvZyn4AW4X7QlStjVdtxMQHabFTAQbXak32LQ--&i=698240-20&s=500&f=sale&r=1.5&ro=exact&k=20\" alt=\"Casa adosada de lujo en El Herrojo, Benahav\u00eds con 4 dormitorios\" \/>\n\t\t\t\t<\/div>\n\t\t\t\t\t\t\t\t<div class=\"f-carousel__slide\">\n\t\t\t\t\t<img class=\"wpb--image-fit\" loading=\"lazy\" data-lazy-src=\"\/wp-content\/plugins\/inmobaliaplugin\/image.php?u=B98Le8~d7M9k3DegpEFZhS0lI_F8U4XZVz~HWxt~mGgYekxX9nCAxh0ZjtE2u9zqepXEUrVLqfm8KeIGW6Gtyd4X99SFYpzUH6zOiEKdFxHOzYWQLkfr~IgjEAIZx1cDmsF86crDvWsSRqLl3Ys6TTMN29b3Doeasg--&i=698240-21&s=500&f=sale&r=1.5&ro=exact&k=21\" alt=\"Casa adosada de lujo en El Herrojo, Benahav\u00eds con 4 dormitorios\" \/>\n\t\t\t\t<\/div>\n\t\t\t\t\t\t\t\t<div class=\"f-carousel__slide\">\n\t\t\t\t\t<img class=\"wpb--image-fit\" loading=\"lazy\" data-lazy-src=\"\/wp-content\/plugins\/inmobaliaplugin\/image.php?u=B98Le8~d7M9k3DegpEFZhS0lI_F8U4XZVz~HWxt~mGgYekxX9nCAxh0ZjtE2u9zqepXEUrVLqfm8KeIGW6Gtyd4X99SFYpzUH6zOiEKdFxHOz_e0Y0~_SSwHK2SG7xmMpp8JbM0gAp3bT6h32_n3DSoSsCh9H4~0eQ--&i=698240-22&s=500&f=sale&r=1.5&ro=exact&k=22\" alt=\"Casa adosada de lujo en El Herrojo, Benahav\u00eds con 4 dormitorios\" \/>\n\t\t\t\t<\/div>\n\t\t\t\t\t\t\t\t<div class=\"f-carousel__slide\">\n\t\t\t\t\t<img class=\"wpb--image-fit\" loading=\"lazy\" data-lazy-src=\"\/wp-content\/plugins\/inmobaliaplugin\/image.php?u=B98Le8~d7M9k3DegpEFZhS0lI_F8U4XZVz~HWxt~mGgYekxX9nCAxh0ZjtE2u9zqepXEUrVLqfm8KeIGW6Gtyd4X99SFYpzUH6zOiEKdFxHOnRDMJXHbBmGytH5z9iyxAQSaBc19ThQZse6Rgl_FnodmmipaRl_WUg--&i=698240-23&s=500&f=sale&r=1.5&ro=exact&k=23\" alt=\"Casa adosada de lujo en El Herrojo, Benahav\u00eds con 4 dormitorios\" \/>\n\t\t\t\t<\/div>\n\t\t\t\t\t\t\t\t<div class=\"f-carousel__slide\">\n\t\t\t\t\t<img class=\"wpb--image-fit\" loading=\"lazy\" data-lazy-src=\"\/wp-content\/plugins\/inmobaliaplugin\/image.php?u=B98Le8~d7M9k3DegpEFZhS0lI_F8U4XZVz~HWxt~mGgYekxX9nCAxh0ZjtE2u9zqepXEUrVLqfm8KeIGW6Gtyd4X99SFYpzUH6zOiEKdFxHOn5~UcltNRBdFAXuZRBgbkNznXFDlkPfhKkGCV4uF0Y9Ds4OvGAkb7w--&i=698240-24&s=500&f=sale&r=1.5&ro=exact&k=24\" alt=\"Casa adosada de lujo en El Herrojo, Benahav\u00eds con 4 dormitorios\" \/>\n\t\t\t\t<\/div>\n\t\t\t\t\t\t\t\t<div class=\"f-carousel__slide\">\n\t\t\t\t\t<img class=\"wpb--image-fit\" loading=\"lazy\" data-lazy-src=\"\/wp-content\/plugins\/inmobaliaplugin\/image.php?u=B98Le8~d7M9k3DegpEFZhS0lI_F8U4XZVz~HWxt~mGgYekxX9nCAxh0ZjtE2u9zqepXEUrVLqfm8KeIGW6Gtyd4X99SFYpzUH6zOiEKdFxHOnjbDwAY6ed0UAdAUNCq55tlLcMfhL6ZSzQiKahK9w5ZUA74S7L40zw--&i=698240-25&s=500&f=sale&r=1.5&ro=exact&k=25\" alt=\"Casa adosada de lujo en El Herrojo, Benahav\u00eds con 4 dormitorios\" \/>\n\t\t\t\t<\/div>\n\t\t\t\t\t\t\t\t<div class=\"f-carousel__slide\">\n\t\t\t\t\t<img class=\"wpb--image-fit\" loading=\"lazy\" data-lazy-src=\"\/wp-content\/plugins\/inmobaliaplugin\/image.php?u=B98Le8~d7M9k3DegpEFZhS0lI_F8U4XZVz~HWxt~mGgYekxX9nCAxh0ZjtE2u9zqepXEUrVLqfm8KeIGW6Gtyd4X99SFYpzUH6zOiEKdFxHOy~P6yUH171WAnopxmuwiP~nUjVwKlRgfj08ewY0ad7UOknR2WDdwpQ--&i=698240-26&s=500&f=sale&r=1.5&ro=exact&k=26\" alt=\"Casa adosada de lujo en El Herrojo, Benahav\u00eds con 4 dormitorios\" \/>\n\t\t\t\t<\/div>\n\t\t\t\t\t\t\t\t<div class=\"f-carousel__slide\">\n\t\t\t\t\t<img class=\"wpb--image-fit\" loading=\"lazy\" data-lazy-src=\"\/wp-content\/plugins\/inmobaliaplugin\/image.php?u=B98Le8~d7M9k3DegpEFZhS0lI_F8U4XZVz~HWxt~mGgYekxX9nCAxh0ZjtE2u9zqepXEUrVLqfm8KeIGW6Gtyd4X99SFYpzUH6zOiEKdFxHOnmVkHPFAsg8DHGKPyte9fJm~rOhkszmY~rPmR_GWp881doLfuzdw5w--&i=698240-27&s=500&f=sale&r=1.5&ro=exact&k=27\" alt=\"Casa adosada de lujo en El Herrojo, Benahav\u00eds con 4 dormitorios\" \/>\n\t\t\t\t<\/div>\n\t\t\t\t\t\t\t\t<div class=\"f-carousel__slide\">\n\t\t\t\t\t<img class=\"wpb--image-fit\" loading=\"lazy\" data-lazy-src=\"\/wp-content\/plugins\/inmobaliaplugin\/image.php?u=B98Le8~d7M9k3DegpEFZhS0lI_F8U4XZVz~HWxt~mGgYekxX9nCAxh0ZjtE2u9zqepXEUrVLqfm8KeIGW6Gtyd4X99SFYpzUH6zOiEKdFxHOnmViVd06V_s5CuZJK0~zkUBtVeVdVCDBs3kkji22ktSzh1jTJDO7nA--&i=698240-28&s=500&f=sale&r=1.5&ro=exact&k=28\" alt=\"Casa adosada de lujo en El Herrojo, Benahav\u00eds con 4 dormitorios\" \/>\n\t\t\t\t<\/div>\n\t\t\t\t\t\t\t\t<div class=\"f-carousel__slide\">\n\t\t\t\t\t<img class=\"wpb--image-fit\" loading=\"lazy\" data-lazy-src=\"\/wp-content\/plugins\/inmobaliaplugin\/image.php?u=B98Le8~d7M9k3DegpEFZhS0lI_F8U4XZVz~HWxt~mGgYekxX9nCAxh0ZjtE2u9zqepXEUrVLqfm8KeIGW6Gtyd4X99SFYpzUH6zOiEKdFxHOmsEoBq_5GFgTlmF3H7JmUayEG40RmfTfBQaTs7a9ORyqfu8pqBUXvA--&i=698240-29&s=500&f=sale&r=1.5&ro=exact&k=29\" alt=\"Casa adosada de lujo en El Herrojo, Benahav\u00eds con 4 dormitorios\" \/>\n\t\t\t\t<\/div>\n\t\t\t\t\t\t\t\t<div class=\"f-carousel__slide\">\n\t\t\t\t\t<img class=\"wpb--image-fit\" loading=\"lazy\" data-lazy-src=\"\/wp-content\/plugins\/inmobaliaplugin\/image.php?u=B98Le8~d7M9k3DegpEFZhS0lI_F8U4XZVz~HWxt~mGgYekxX9nCAxh0ZjtE2u9zqepXEUrVLqfm8KeIGW6Gtyd4X99SFYpzUH6zOiEKdFxHOz_Y4PdWhXHwlgDHCa33Kp4vQAkf88L0fQQ2Z17DErpkvYykFK_8_7Q--&i=698240-30&s=500&f=sale&r=1.5&ro=exact&k=30\" alt=\"Casa adosada de lujo en El Herrojo, Benahav\u00eds con 4 dormitorios\" \/>\n\t\t\t\t<\/div>\n\t\t\t\t\t\t\t\t<div class=\"f-carousel__slide\">\n\t\t\t\t\t<img class=\"wpb--image-fit\" loading=\"lazy\" data-lazy-src=\"\/wp-content\/plugins\/inmobaliaplugin\/image.php?u=B98Le8~d7M9k3DegpEFZhS0lI_F8U4XZVz~HWxt~mGgYekxX9nCAxh0ZjtE2u9zqepXEUrVLqfm8KeIGW6Gtyd4X99SFYpzUH6zOiEKdFxHOmwA9BBerkSOw85MOocbCAV_x7vPN8tTEcjm3npdzuRyMI03myKPuvg--&i=698240-31&s=500&f=sale&r=1.5&ro=exact&k=31\" alt=\"Casa adosada de lujo en El Herrojo, Benahav\u00eds con 4 dormitorios\" \/>\n\t\t\t\t<\/div>\n\t\t\t\t\t\t\t\t<div class=\"f-carousel__slide\">\n\t\t\t\t\t<img class=\"wpb--image-fit\" loading=\"lazy\" data-lazy-src=\"\/wp-content\/plugins\/inmobaliaplugin\/image.php?u=B98Le8~d7M9k3DegpEFZhS0lI_F8U4XZVz~HWxt~mGgYekxX9nCAxh0ZjtE2u9zqepXEUrVLqfm8KeIGW6Gtyd4X99SFYpzUH6zOiEKdFxHOkMknXJk5XviLI2J1KYbiEou5vxmfpprSD1QxETA6htE9FUejWnR30Q--&i=698240-32&s=500&f=sale&r=1.5&ro=exact&k=32\" alt=\"Casa adosada de lujo en El Herrojo, Benahav\u00eds con 4 dormitorios\" \/>\n\t\t\t\t<\/div>\n\t\t\t\t\t\t\t\t<div class=\"f-carousel__slide\">\n\t\t\t\t\t<img class=\"wpb--image-fit\" loading=\"lazy\" data-lazy-src=\"\/wp-content\/plugins\/inmobaliaplugin\/image.php?u=B98Le8~d7M9k3DegpEFZhS0lI_F8U4XZVz~HWxt~mGgYekxX9nCAxh0ZjtE2u9zqepXEUrVLqfm8KeIGW6Gtyd4X99SFYpzUH6zOiEKdFxHOmsUCida7meyd0vi8COO06Ow9Wyc0RlOIru8FtZme2ZUC8khSxviI4w--&i=698240-33&s=500&f=sale&r=1.5&ro=exact&k=33\" alt=\"Casa adosada de lujo en El Herrojo, Benahav\u00eds con 4 dormitorios\" \/>\n\t\t\t\t<\/div>\n\t\t\t\t\t\t\t\t<div class=\"f-carousel__slide\">\n\t\t\t\t\t<img class=\"wpb--image-fit\" loading=\"lazy\" data-lazy-src=\"https:\/\/www.luxurylivingmarbella.com\/wp-content\/uploads\/inmoba\/thumb-sale-1.5-exact-698240-34.webp\" alt=\"Casa adosada de lujo en El Herrojo, Benahav\u00eds con 4 dormitorios\" \/>\n\t\t\t\t<\/div>\n\t\t\t\t\t\t\t\t<div class=\"f-carousel__slide\">\n\t\t\t\t\t<img class=\"wpb--image-fit\" loading=\"lazy\" data-lazy-src=\"https:\/\/www.luxurylivingmarbella.com\/wp-content\/uploads\/inmoba\/thumb-sale-1.5-exact-698240-35.webp\" alt=\"Casa adosada de lujo en El Herrojo, Benahav\u00eds con 4 dormitorios\" \/>\n\t\t\t\t<\/div>\n\t\t\t\t\t\t\t\t<div class=\"f-carousel__slide\">\n\t\t\t\t\t<img class=\"wpb--image-fit\" loading=\"lazy\" data-lazy-src=\"https:\/\/www.luxurylivingmarbella.com\/wp-content\/uploads\/inmoba\/thumb-sale-1.5-exact-698240-36.webp\" alt=\"Casa adosada de lujo en El Herrojo, Benahav\u00eds con 4 dormitorios\" \/>\n\t\t\t\t<\/div>\n\t\t\t\t\t\t\t\t<div class=\"f-carousel__slide\">\n\t\t\t\t\t<img class=\"wpb--image-fit\" loading=\"lazy\" data-lazy-src=\"https:\/\/www.luxurylivingmarbella.com\/wp-content\/uploads\/inmoba\/thumb-sale-1.5-exact-698240-37.webp\" alt=\"Casa adosada de lujo en El Herrojo, Benahav\u00eds con 4 dormitorios\" \/>\n\t\t\t\t<\/div>\n\t\t\t\t\t\t\t<\/div>\n\t\t\t\t\t<\/div>\n\t\t<div class=\"wpb--action-container\">\n\t\t\t <button>Ver detalles<\/button>\n\t\t<\/div>\n\t<\/div>\n\t<div class=\"wpb--card-body\">\n\t\t<span class=\"wpb--card-body-location\"><span>145581<\/span> | El Herrojo - Benahavis<\/span>\n\t\t<h2 class=\"wpb--card-title\">\n\t\t\t<a class=\"wpb--stretched-link\" href=\"\/es\/propiedad\/venta-el-herrojo-adosado-698240\">\n\t\t\t\tCasa adosada de lujo en El Herrojo, Benahav\u00eds con 4 dormitorios\t\t\t<\/a>\n\t\t<\/h2>\n\t\t<div class=\"wpb--card-data\">\n\t\t\t<div class=\"wpb--card-locationref\">\n\t\t\t\t<ul class=\"wpb--card-features\">\n\t\t\t\t\t\t\t\t\t\t<li>4  Dormitorios<\/li>\n\t\t\t\t\t\t\t\t\t\t<li>2  Ba\u00f1os<\/li>\n\t\t\t\t\t\t\t\t\t\t<li>304 m&sup2; Plano<\/li>\n\t\t\t\t\t\t\t\t\t\t<li>235 m&sup2; Const.<\/li>\n\t\t\t\t\t\t\t\t\t<\/ul>\n\t\t\t<\/div>\n\t\t\t<div class=\"wpb--card-price\">\n\t\t\t\t1.850.000 &euro;\t\t\t<\/div>\n\t\t<\/div>\n\t<\/div>\n<\/div><div class=\"wpb--card wpb--card-reduced\">\n\t<div class=\"wpb--aspect-box wpb--portrait\">\n\t\t<div class=\"wpb--overflow-hidden\">\n\t\t\t\t\t\t\t\t\t<div class=\"f-carousel\">\n\t\t\t\t\t\t\t\t<div class=\"f-carousel__slide\">\n\t\t\t\t\t<img decoding=\"async\" class=\"wpb--image-fit\" loading=\"lazy\" src=\"https:\/\/www.luxurylivingmarbella.com\/wp-content\/uploads\/inmoba\/thumb-sale-1.5-exact-697073-0.webp\" alt=\"Elegante adosado de tres dormitorios ubicado en la exclusiva comunidad cerrada de Agra Residencial, en Estepona.\" \/>\n\t\t\t\t<\/div>\n\t\t\t\t\t\t\t\t<div class=\"f-carousel__slide\">\n\t\t\t\t\t<img class=\"wpb--image-fit\" loading=\"lazy\" data-lazy-src=\"https:\/\/www.luxurylivingmarbella.com\/wp-content\/uploads\/inmoba\/thumb-sale-1.5-exact-697073-1.webp\" alt=\"Elegante adosado de tres dormitorios ubicado en la exclusiva comunidad cerrada de Agra Residencial, en Estepona.\" \/>\n\t\t\t\t<\/div>\n\t\t\t\t\t\t\t\t<div class=\"f-carousel__slide\">\n\t\t\t\t\t<img class=\"wpb--image-fit\" loading=\"lazy\" data-lazy-src=\"https:\/\/www.luxurylivingmarbella.com\/wp-content\/uploads\/inmoba\/thumb-sale-1.5-exact-697073-2.webp\" alt=\"Elegante adosado de tres dormitorios ubicado en la exclusiva comunidad cerrada de Agra Residencial, en Estepona.\" \/>\n\t\t\t\t<\/div>\n\t\t\t\t\t\t\t\t<div class=\"f-carousel__slide\">\n\t\t\t\t\t<img class=\"wpb--image-fit\" loading=\"lazy\" data-lazy-src=\"https:\/\/www.luxurylivingmarbella.com\/wp-content\/uploads\/inmoba\/thumb-sale-1.5-exact-697073-3.webp\" alt=\"Elegante adosado de tres dormitorios ubicado en la exclusiva comunidad cerrada de Agra Residencial, en Estepona.\" \/>\n\t\t\t\t<\/div>\n\t\t\t\t\t\t\t\t<div class=\"f-carousel__slide\">\n\t\t\t\t\t<img class=\"wpb--image-fit\" loading=\"lazy\" data-lazy-src=\"https:\/\/www.luxurylivingmarbella.com\/wp-content\/uploads\/inmoba\/thumb-sale-1.5-exact-697073-4.webp\" alt=\"Elegante adosado de tres dormitorios ubicado en la exclusiva comunidad cerrada de Agra Residencial, en Estepona.\" \/>\n\t\t\t\t<\/div>\n\t\t\t\t\t\t\t\t<div class=\"f-carousel__slide\">\n\t\t\t\t\t<img class=\"wpb--image-fit\" loading=\"lazy\" data-lazy-src=\"https:\/\/www.luxurylivingmarbella.com\/wp-content\/uploads\/inmoba\/thumb-sale-1.5-exact-697073-5.webp\" alt=\"Elegante adosado de tres dormitorios ubicado en la exclusiva comunidad cerrada de Agra Residencial, en Estepona.\" \/>\n\t\t\t\t<\/div>\n\t\t\t\t\t\t\t\t<div class=\"f-carousel__slide\">\n\t\t\t\t\t<img class=\"wpb--image-fit\" loading=\"lazy\" data-lazy-src=\"https:\/\/www.luxurylivingmarbella.com\/wp-content\/uploads\/inmoba\/thumb-sale-1.5-exact-697073-6.webp\" alt=\"Elegante adosado de tres dormitorios ubicado en la exclusiva comunidad cerrada de Agra Residencial, en Estepona.\" \/>\n\t\t\t\t<\/div>\n\t\t\t\t\t\t\t\t<div class=\"f-carousel__slide\">\n\t\t\t\t\t<img class=\"wpb--image-fit\" loading=\"lazy\" data-lazy-src=\"https:\/\/www.luxurylivingmarbella.com\/wp-content\/uploads\/inmoba\/thumb-sale-1.5-exact-697073-7.webp\" alt=\"Elegante adosado de tres dormitorios ubicado en la exclusiva comunidad cerrada de Agra Residencial, en Estepona.\" \/>\n\t\t\t\t<\/div>\n\t\t\t\t\t\t\t\t<div class=\"f-carousel__slide\">\n\t\t\t\t\t<img class=\"wpb--image-fit\" loading=\"lazy\" data-lazy-src=\"https:\/\/www.luxurylivingmarbella.com\/wp-content\/uploads\/inmoba\/thumb-sale-1.5-exact-697073-8.webp\" alt=\"Elegante adosado de tres dormitorios ubicado en la exclusiva comunidad cerrada de Agra Residencial, en Estepona.\" \/>\n\t\t\t\t<\/div>\n\t\t\t\t\t\t\t\t<div class=\"f-carousel__slide\">\n\t\t\t\t\t<img class=\"wpb--image-fit\" loading=\"lazy\" data-lazy-src=\"https:\/\/www.luxurylivingmarbella.com\/wp-content\/uploads\/inmoba\/thumb-sale-1.5-exact-697073-9.webp\" alt=\"Elegante adosado de tres dormitorios ubicado en la exclusiva comunidad cerrada de Agra Residencial, en Estepona.\" \/>\n\t\t\t\t<\/div>\n\t\t\t\t\t\t\t\t<div class=\"f-carousel__slide\">\n\t\t\t\t\t<img class=\"wpb--image-fit\" loading=\"lazy\" data-lazy-src=\"https:\/\/www.luxurylivingmarbella.com\/wp-content\/uploads\/inmoba\/thumb-sale-1.5-exact-697073-10.webp\" alt=\"Elegante adosado de tres dormitorios ubicado en la exclusiva comunidad cerrada de Agra Residencial, en Estepona.\" \/>\n\t\t\t\t<\/div>\n\t\t\t\t\t\t\t\t<div class=\"f-carousel__slide\">\n\t\t\t\t\t<img class=\"wpb--image-fit\" loading=\"lazy\" data-lazy-src=\"https:\/\/www.luxurylivingmarbella.com\/wp-content\/uploads\/inmoba\/thumb-sale-1.5-exact-697073-11.webp\" alt=\"Elegante adosado de tres dormitorios ubicado en la exclusiva comunidad cerrada de Agra Residencial, en Estepona.\" \/>\n\t\t\t\t<\/div>\n\t\t\t\t\t\t\t\t<div class=\"f-carousel__slide\">\n\t\t\t\t\t<img class=\"wpb--image-fit\" loading=\"lazy\" data-lazy-src=\"https:\/\/www.luxurylivingmarbella.com\/wp-content\/uploads\/inmoba\/thumb-sale-1.5-exact-697073-12.webp\" alt=\"Elegante adosado de tres dormitorios ubicado en la exclusiva comunidad cerrada de Agra Residencial, en Estepona.\" \/>\n\t\t\t\t<\/div>\n\t\t\t\t\t\t\t\t<div class=\"f-carousel__slide\">\n\t\t\t\t\t<img class=\"wpb--image-fit\" loading=\"lazy\" data-lazy-src=\"\/wp-content\/plugins\/inmobaliaplugin\/image.php?u=B98Le8~d7M9k3DegpEFZhS0lI_F8U4XZVz~HWxt~mGgYekxX9nCAxh0ZjtE2u9zqepXEUrVLqfm8KeIGW6Gtyd4X9W88Pf4a4hBR00RvdvLWvkhN54gvwMEhgMX1htKdtI_Q0TXWQFI~MSVmJ4n2MnnOsOVG6ckedQ--&i=697073-13&s=500&f=sale&r=1.5&ro=exact&k=13\" alt=\"Elegante adosado de tres dormitorios ubicado en la exclusiva comunidad cerrada de Agra Residencial, en Estepona.\" \/>\n\t\t\t\t<\/div>\n\t\t\t\t\t\t\t\t<div class=\"f-carousel__slide\">\n\t\t\t\t\t<img class=\"wpb--image-fit\" loading=\"lazy\" data-lazy-src=\"\/wp-content\/plugins\/inmobaliaplugin\/image.php?u=B98Le8~d7M9k3DegpEFZhS0lI_F8U4XZVz~HWxt~mGgYekxX9nCAxh0ZjtE2u9zqepXEUrVLqfm8KeIGW6Gtyd4X9W88Pf4a4hBR00RvdvLWt0I0dShXA62oVkEc0qaYJGRCLEb_HMvM~GPodYsKtaQ57aAAni3lVQ--&i=697073-14&s=500&f=sale&r=1.5&ro=exact&k=14\" alt=\"Elegante adosado de tres dormitorios ubicado en la exclusiva comunidad cerrada de Agra Residencial, en Estepona.\" \/>\n\t\t\t\t<\/div>\n\t\t\t\t\t\t\t\t<div class=\"f-carousel__slide\">\n\t\t\t\t\t<img class=\"wpb--image-fit\" loading=\"lazy\" data-lazy-src=\"\/wp-content\/plugins\/inmobaliaplugin\/image.php?u=B98Le8~d7M9k3DegpEFZhS0lI_F8U4XZVz~HWxt~mGgYekxX9nCAxh0ZjtE2u9zqepXEUrVLqfm8KeIGW6Gtyd4X9W88Pf4a4hBR00RvdvLWtKKkOv5akSqQxI0V2_AFE0xvdjQddAx6sB8i0HDRNyPk5Ik3buZTAQ--&i=697073-15&s=500&f=sale&r=1.5&ro=exact&k=15\" alt=\"Elegante adosado de tres dormitorios ubicado en la exclusiva comunidad cerrada de Agra Residencial, en Estepona.\" \/>\n\t\t\t\t<\/div>\n\t\t\t\t\t\t\t\t<div class=\"f-carousel__slide\">\n\t\t\t\t\t<img class=\"wpb--image-fit\" loading=\"lazy\" data-lazy-src=\"\/wp-content\/plugins\/inmobaliaplugin\/image.php?u=B98Le8~d7M9k3DegpEFZhS0lI_F8U4XZVz~HWxt~mGgYekxX9nCAxh0ZjtE2u9zqepXEUrVLqfm8KeIGW6Gtyd4X9W88Pf4a4hBR00RvdvLWtKvZMrqFA5Ren98SbKJXe~ny_4ZvmZKV3D8riOt96O5oI9874zk8mg--&i=697073-16&s=500&f=sale&r=1.5&ro=exact&k=16\" alt=\"Elegante adosado de tres dormitorios ubicado en la exclusiva comunidad cerrada de Agra Residencial, en Estepona.\" \/>\n\t\t\t\t<\/div>\n\t\t\t\t\t\t\t\t<div class=\"f-carousel__slide\">\n\t\t\t\t\t<img class=\"wpb--image-fit\" loading=\"lazy\" data-lazy-src=\"\/wp-content\/plugins\/inmobaliaplugin\/image.php?u=B98Le8~d7M9k3DegpEFZhS0lI_F8U4XZVz~HWxt~mGgYekxX9nCAxh0ZjtE2u9zqepXEUrVLqfm8KeIGW6Gtyd4X9W88Pf4a4hBR00RvdvLWsYJ1wZFTIZZVoNs1fWGXOfk5P1c4Puwrl7Vr~h1V1kJVbHa0rcQxNA--&i=697073-17&s=500&f=sale&r=1.5&ro=exact&k=17\" alt=\"Elegante adosado de tres dormitorios ubicado en la exclusiva comunidad cerrada de Agra Residencial, en Estepona.\" \/>\n\t\t\t\t<\/div>\n\t\t\t\t\t\t\t\t<div class=\"f-carousel__slide\">\n\t\t\t\t\t<img class=\"wpb--image-fit\" loading=\"lazy\" data-lazy-src=\"\/wp-content\/plugins\/inmobaliaplugin\/image.php?u=B98Le8~d7M9k3DegpEFZhS0lI_F8U4XZVz~HWxt~mGgYekxX9nCAxh0ZjtE2u9zqepXEUrVLqfm8KeIGW6Gtyd4X9W88Pf4a4hBR00RvdvLWs~uMxqPJMozzB91AD68F4p91_yfiBff~hz9259MiXgGXCZ6BrFOxRw--&i=697073-18&s=500&f=sale&r=1.5&ro=exact&k=18\" alt=\"Elegante adosado de tres dormitorios ubicado en la exclusiva comunidad cerrada de Agra Residencial, en Estepona.\" \/>\n\t\t\t\t<\/div>\n\t\t\t\t\t\t\t\t<div class=\"f-carousel__slide\">\n\t\t\t\t\t<img class=\"wpb--image-fit\" loading=\"lazy\" data-lazy-src=\"\/wp-content\/plugins\/inmobaliaplugin\/image.php?u=B98Le8~d7M9k3DegpEFZhS0lI_F8U4XZVz~HWxt~mGgYekxX9nCAxh0ZjtE2u9zqepXEUrVLqfm8KeIGW6Gtyd4X9W88Pf4a4hBR00RvdvLWsCBQGidi4XNFr46Q~BoAsLuSJdr~CQAcfTDKI4XRnobt0OHw3yCwSQ--&i=697073-19&s=500&f=sale&r=1.5&ro=exact&k=19\" alt=\"Elegante adosado de tres dormitorios ubicado en la exclusiva comunidad cerrada de Agra Residencial, en Estepona.\" \/>\n\t\t\t\t<\/div>\n\t\t\t\t\t\t\t\t<div class=\"f-carousel__slide\">\n\t\t\t\t\t<img class=\"wpb--image-fit\" loading=\"lazy\" data-lazy-src=\"\/wp-content\/plugins\/inmobaliaplugin\/image.php?u=B98Le8~d7M9k3DegpEFZhS0lI_F8U4XZVz~HWxt~mGgYekxX9nCAxh0ZjtE2u9zqepXEUrVLqfm8KeIGW6Gtyd4X9W88Pf4a4hBR00RvdvLW4u3kVl61qKg2e_gPs9U88jq8mu8lZth25AkbIqLmrz9b8r1RxSKXkw--&i=697073-20&s=500&f=sale&r=1.5&ro=exact&k=20\" alt=\"Elegante adosado de tres dormitorios ubicado en la exclusiva comunidad cerrada de Agra Residencial, en Estepona.\" \/>\n\t\t\t\t<\/div>\n\t\t\t\t\t\t\t\t<div class=\"f-carousel__slide\">\n\t\t\t\t\t<img class=\"wpb--image-fit\" loading=\"lazy\" data-lazy-src=\"\/wp-content\/plugins\/inmobaliaplugin\/image.php?u=B98Le8~d7M9k3DegpEFZhS0lI_F8U4XZVz~HWxt~mGgYekxX9nCAxh0ZjtE2u9zqepXEUrVLqfm8KeIGW6Gtyd4X9W88Pf4a4hBR00RvdvLW4wBGCuFnqRectE5Nw5OXOVLW8Yv76mPuf4_OX1TJKlSyPXV0NYOCGg--&i=697073-21&s=500&f=sale&r=1.5&ro=exact&k=21\" alt=\"Elegante adosado de tres dormitorios ubicado en la exclusiva comunidad cerrada de Agra Residencial, en Estepona.\" \/>\n\t\t\t\t<\/div>\n\t\t\t\t\t\t\t\t<div class=\"f-carousel__slide\">\n\t\t\t\t\t<img class=\"wpb--image-fit\" loading=\"lazy\" data-lazy-src=\"\/wp-content\/plugins\/inmobaliaplugin\/image.php?u=B98Le8~d7M9k3DegpEFZhS0lI_F8U4XZVz~HWxt~mGgYekxX9nCAxh0ZjtE2u9zqepXEUrVLqfm8KeIGW6Gtyd4X9W88Pf4a4hBR00RvdvLW4wBANeItMtGFfqtmkqQ0iDzFXgo86t2lQzEgTqH7oJbii7I4UZnIaA--&i=697073-22&s=500&f=sale&r=1.5&ro=exact&k=22\" alt=\"Elegante adosado de tres dormitorios ubicado en la exclusiva comunidad cerrada de Agra Residencial, en Estepona.\" \/>\n\t\t\t\t<\/div>\n\t\t\t\t\t\t\t\t<div class=\"f-carousel__slide\">\n\t\t\t\t\t<img class=\"wpb--image-fit\" loading=\"lazy\" data-lazy-src=\"\/wp-content\/plugins\/inmobaliaplugin\/image.php?u=B98Le8~d7M9k3DegpEFZhS0lI_F8U4XZVz~HWxt~mGgYekxX9nCAxh0ZjtE2u9zqepXEUrVLqfm8KeIGW6Gtyd4X9W88Pf4a4hBR00RvdvLWt02uK7AsjSpoq6TfKrjz_08wQAVlaaaTiI~K39OCXDiDrR6dR_CySQ--&i=697073-23&s=500&f=sale&r=1.5&ro=exact&k=23\" alt=\"Elegante adosado de tres dormitorios ubicado en la exclusiva comunidad cerrada de Agra Residencial, en Estepona.\" \/>\n\t\t\t\t<\/div>\n\t\t\t\t\t\t\t\t<div class=\"f-carousel__slide\">\n\t\t\t\t\t<img class=\"wpb--image-fit\" loading=\"lazy\" data-lazy-src=\"\/wp-content\/plugins\/inmobaliaplugin\/image.php?u=B98Le8~d7M9k3DegpEFZhS0lI_F8U4XZVz~HWxt~mGgYekxX9nCAxh0ZjtE2u9zqepXEUrVLqfm8KeIGW6Gtyd4X9W88Pf4a4hBR00RvdvLW4wk2TMIDSmYJlT0IsPzQAA0xnpBpgq24VZR9NMjtfNKzl5hDh~E1YQ--&i=697073-24&s=500&f=sale&r=1.5&ro=exact&k=24\" alt=\"Elegante adosado de tres dormitorios ubicado en la exclusiva comunidad cerrada de Agra Residencial, en Estepona.\" \/>\n\t\t\t\t<\/div>\n\t\t\t\t\t\t\t\t<div class=\"f-carousel__slide\">\n\t\t\t\t\t<img class=\"wpb--image-fit\" loading=\"lazy\" data-lazy-src=\"\/wp-content\/plugins\/inmobaliaplugin\/image.php?u=B98Le8~d7M9k3DegpEFZhS0lI_F8U4XZVz~HWxt~mGgYekxX9nCAxh0ZjtE2u9zqepXEUrVLqfm8KeIGW6Gtyd4X9W88Pf4a4hBR00RvdvLWteYqVoNQZRma9918tzFx2R~umSzH10CfbVM3nJ8WOdD6ubOSmMxAtQ--&i=697073-25&s=500&f=sale&r=1.5&ro=exact&k=25\" alt=\"Elegante adosado de tres dormitorios ubicado en la exclusiva comunidad cerrada de Agra Residencial, en Estepona.\" \/>\n\t\t\t\t<\/div>\n\t\t\t\t\t\t\t\t<div class=\"f-carousel__slide\">\n\t\t\t\t\t<img class=\"wpb--image-fit\" loading=\"lazy\" data-lazy-src=\"https:\/\/www.luxurylivingmarbella.com\/wp-content\/uploads\/inmoba\/thumb-sale-1.5-exact-697073-26.webp\" alt=\"Elegante adosado de tres dormitorios ubicado en la exclusiva comunidad cerrada de Agra Residencial, en Estepona.\" \/>\n\t\t\t\t<\/div>\n\t\t\t\t\t\t\t\t<div class=\"f-carousel__slide\">\n\t\t\t\t\t<img class=\"wpb--image-fit\" loading=\"lazy\" data-lazy-src=\"https:\/\/www.luxurylivingmarbella.com\/wp-content\/uploads\/inmoba\/thumb-sale-1.5-exact-697073-27.webp\" alt=\"Elegante adosado de tres dormitorios ubicado en la exclusiva comunidad cerrada de Agra Residencial, en Estepona.\" \/>\n\t\t\t\t<\/div>\n\t\t\t\t\t\t\t\t<div class=\"f-carousel__slide\">\n\t\t\t\t\t<img class=\"wpb--image-fit\" loading=\"lazy\" data-lazy-src=\"https:\/\/www.luxurylivingmarbella.com\/wp-content\/uploads\/inmoba\/thumb-sale-1.5-exact-697073-28.webp\" alt=\"Elegante adosado de tres dormitorios ubicado en la exclusiva comunidad cerrada de Agra Residencial, en Estepona.\" \/>\n\t\t\t\t<\/div>\n\t\t\t\t\t\t\t<\/div>\n\t\t\t\t\t<\/div>\n\t\t<div class=\"wpb--action-container\">\n\t\t\t <button>Ver detalles<\/button>\n\t\t<\/div>\n\t<\/div>\n\t<div class=\"wpb--card-body\">\n\t\t<span class=\"wpb--card-body-location\"><span>5838MLTH<\/span> | Agra Residencial - Estepona Este<\/span>\n\t\t<h2 class=\"wpb--card-title\">\n\t\t\t<a class=\"wpb--stretched-link\" href=\"\/es\/propiedad\/venta-agra-residencial-adosado-697073\">\n\t\t\t\tElegante adosado de tres dormitorios ubicado en la exclusiva comunidad cerrada de Agra Residencial, en Estepona.\t\t\t<\/a>\n\t\t<\/h2>\n\t\t<div class=\"wpb--card-data\">\n\t\t\t<div class=\"wpb--card-locationref\">\n\t\t\t\t<ul class=\"wpb--card-features\">\n\t\t\t\t\t\t\t\t\t\t<li>3  Dormitorios<\/li>\n\t\t\t\t\t\t\t\t\t\t<li>4  Ba\u00f1os<\/li>\n\t\t\t\t\t\t\t\t\t\t<li>211 m&sup2; Const.<\/li>\n\t\t\t\t\t\t\t\t\t<\/ul>\n\t\t\t<\/div>\n\t\t\t<div class=\"wpb--card-price\">\n\t\t\t\t549.000 &euro;\t\t\t<\/div>\n\t\t<\/div>\n\t<\/div>\n<\/div><div class=\"wpb--card wpb--card-reduced\">\n\t<div class=\"wpb--aspect-box wpb--portrait\">\n\t\t<div class=\"wpb--overflow-hidden\">\n\t\t\t\t\t\t\t\t\t<div class=\"f-carousel\">\n\t\t\t\t\t\t\t\t<div class=\"f-carousel__slide\">\n\t\t\t\t\t<img decoding=\"async\" class=\"wpb--image-fit\" loading=\"lazy\" src=\"https:\/\/www.luxurylivingmarbella.com\/wp-content\/uploads\/inmoba\/thumb-sale-1.5-exact-696624-0.webp\" alt=\"Hermosa playa de primera l\u00ednea, casa de cuatro dormitorios en la prestigiosa comunidad de Marbellamar, en Marbella Milla de Oro\" \/>\n\t\t\t\t<\/div>\n\t\t\t\t\t\t\t\t<div class=\"f-carousel__slide\">\n\t\t\t\t\t<img class=\"wpb--image-fit\" loading=\"lazy\" data-lazy-src=\"\/wp-content\/plugins\/inmobaliaplugin\/image.php?u=B98Le8~d7M9k3DegpEFZhS0lI_F8U4XZVz~HWxt~mGgYekxX9nCAxh0ZjtE2u9zqepXEUrVLqfm8KeIGW6Gtyd4X9W88Pf4a4hBR00Rvd_g7Zc3NI3EGgfCI05EdnDUwg4O_izDLHj~ANnQS6_IwmemtT8eY7biQWQ--&i=696624-1&s=500&f=sale&r=1.5&ro=exact&k=1\" alt=\"Hermosa playa de primera l\u00ednea, casa de cuatro dormitorios en la prestigiosa comunidad de Marbellamar, en Marbella Milla de Oro\" \/>\n\t\t\t\t<\/div>\n\t\t\t\t\t\t\t\t<div class=\"f-carousel__slide\">\n\t\t\t\t\t<img class=\"wpb--image-fit\" loading=\"lazy\" data-lazy-src=\"\/wp-content\/plugins\/inmobaliaplugin\/image.php?u=B98Le8~d7M9k3DegpEFZhS0lI_F8U4XZVz~HWxt~mGgYekxX9nCAxh0ZjtE2u9zqepXEUrVLqfm8KeIGW6Gtyd4X9W88Pf4a4hBR00Rvd_g7YqBRBWu7q8MhKld0QnKYantb9uHPIkQYJoKNHUykWh8Pf_HcAky2qw--&i=696624-2&s=500&f=sale&r=1.5&ro=exact&k=2\" alt=\"Hermosa playa de primera l\u00ednea, casa de cuatro dormitorios en la prestigiosa comunidad de Marbellamar, en Marbella Milla de Oro\" \/>\n\t\t\t\t<\/div>\n\t\t\t\t\t\t\t\t<div class=\"f-carousel__slide\">\n\t\t\t\t\t<img class=\"wpb--image-fit\" loading=\"lazy\" data-lazy-src=\"\/wp-content\/plugins\/inmobaliaplugin\/image.php?u=B98Le8~d7M9k3DegpEFZhS0lI_F8U4XZVz~HWxt~mGgYekxX9nCAxh0ZjtE2u9zqepXEUrVLqfm8KeIGW6Gtyd4X9W88Pf4a4hBR00Rvd_g7Y_NW7VUCr0Gqh4hp8UXBn6K3iKaYH2hpwkb8JriurAtJmdbXVTo9JA--&i=696624-3&s=500&f=sale&r=1.5&ro=exact&k=3\" alt=\"Hermosa playa de primera l\u00ednea, casa de cuatro dormitorios en la prestigiosa comunidad de Marbellamar, en Marbella Milla de Oro\" \/>\n\t\t\t\t<\/div>\n\t\t\t\t\t\t\t\t<div class=\"f-carousel__slide\">\n\t\t\t\t\t<img class=\"wpb--image-fit\" loading=\"lazy\" data-lazy-src=\"\/wp-content\/plugins\/inmobaliaplugin\/image.php?u=B98Le8~d7M9k3DegpEFZhS0lI_F8U4XZVz~HWxt~mGgYekxX9nCAxh0ZjtE2u9zqepXEUrVLqfm8KeIGW6Gtyd4X9W88Pf4a4hBR00Rvd_g7awDZjJm2tk~tIB9j7VNVfcEGUKpmwQVjidX08XeoBEnLqlmi2AyAMQ--&i=696624-4&s=500&f=sale&r=1.5&ro=exact&k=4\" alt=\"Hermosa playa de primera l\u00ednea, casa de cuatro dormitorios en la prestigiosa comunidad de Marbellamar, en Marbella Milla de Oro\" \/>\n\t\t\t\t<\/div>\n\t\t\t\t\t\t\t\t<div class=\"f-carousel__slide\">\n\t\t\t\t\t<img class=\"wpb--image-fit\" loading=\"lazy\" data-lazy-src=\"\/wp-content\/plugins\/inmobaliaplugin\/image.php?u=B98Le8~d7M9k3DegpEFZhS0lI_F8U4XZVz~HWxt~mGgYekxX9nCAxh0ZjtE2u9zqepXEUrVLqfm8KeIGW6Gtyd4X9W88Pf4a4hBR00Rvd_g7avwoMdtN0Cx6xMNZ3PsgSTvGlsJuC58H4t6rhNIhpWaUvwCO_ZeE9g--&i=696624-5&s=500&f=sale&r=1.5&ro=exact&k=5\" alt=\"Hermosa playa de primera l\u00ednea, casa de cuatro dormitorios en la prestigiosa comunidad de Marbellamar, en Marbella Milla de Oro\" \/>\n\t\t\t\t<\/div>\n\t\t\t\t\t\t\t\t<div class=\"f-carousel__slide\">\n\t\t\t\t\t<img class=\"wpb--image-fit\" loading=\"lazy\" data-lazy-src=\"\/wp-content\/plugins\/inmobaliaplugin\/image.php?u=B98Le8~d7M9k3DegpEFZhS0lI_F8U4XZVz~HWxt~mGgYekxX9nCAxh0ZjtE2u9zqepXEUrVLqfm8KeIGW6Gtyd4X9W88Pf4a4hBR00Rvd_g7Y_ZeBXBY1L9HKgCoi6C9ONG5g~w3MYuPA0aSBnciKbD1OfocDd3NPA--&i=696624-6&s=500&f=sale&r=1.5&ro=exact&k=6\" alt=\"Hermosa playa de primera l\u00ednea, casa de cuatro dormitorios en la prestigiosa comunidad de Marbellamar, en Marbella Milla de Oro\" \/>\n\t\t\t\t<\/div>\n\t\t\t\t\t\t\t\t<div class=\"f-carousel__slide\">\n\t\t\t\t\t<img class=\"wpb--image-fit\" loading=\"lazy\" data-lazy-src=\"\/wp-content\/plugins\/inmobaliaplugin\/image.php?u=B98Le8~d7M9k3DegpEFZhS0lI_F8U4XZVz~HWxt~mGgYekxX9nCAxh0ZjtE2u9zqepXEUrVLqfm8KeIGW6Gtyd4X9W88Pf4a4hBR00Rvd_g7ZqDMt99l7of27RYa9PrleZdsvMEnLK8JWmMdBSv6P4oXlmPxOTxuPw--&i=696624-7&s=500&f=sale&r=1.5&ro=exact&k=7\" alt=\"Hermosa playa de primera l\u00ednea, casa de cuatro dormitorios en la prestigiosa comunidad de Marbellamar, en Marbella Milla de Oro\" \/>\n\t\t\t\t<\/div>\n\t\t\t\t\t\t\t\t<div class=\"f-carousel__slide\">\n\t\t\t\t\t<img class=\"wpb--image-fit\" loading=\"lazy\" data-lazy-src=\"\/wp-content\/plugins\/inmobaliaplugin\/image.php?u=B98Le8~d7M9k3DegpEFZhS0lI_F8U4XZVz~HWxt~mGgYekxX9nCAxh0ZjtE2u9zqepXEUrVLqfm8KeIGW6Gtyd4X9W88Pf4a4hBR00Rvd_g7Yqw7WJdcltneiMVZhxOJuRvTstNBb9ojrlmJ9aGLIlW6fNJyCQuVHg--&i=696624-8&s=500&f=sale&r=1.5&ro=exact&k=8\" alt=\"Hermosa playa de primera l\u00ednea, casa de cuatro dormitorios en la prestigiosa comunidad de Marbellamar, en Marbella Milla de Oro\" \/>\n\t\t\t\t<\/div>\n\t\t\t\t\t\t\t\t<div class=\"f-carousel__slide\">\n\t\t\t\t\t<img class=\"wpb--image-fit\" loading=\"lazy\" data-lazy-src=\"\/wp-content\/plugins\/inmobaliaplugin\/image.php?u=B98Le8~d7M9k3DegpEFZhS0lI_F8U4XZVz~HWxt~mGgYekxX9nCAxh0ZjtE2u9zqepXEUrVLqfm8KeIGW6Gtyd4X9W88Pf4a4hBR00Rvd_g7N~57Dmx4L1qnl6OR3R7k3wp6Mzc4Q7bhvbh9kiLC_Ae82peGLXMnEw--&i=696624-9&s=500&f=sale&r=1.5&ro=exact&k=9\" alt=\"Hermosa playa de primera l\u00ednea, casa de cuatro dormitorios en la prestigiosa comunidad de Marbellamar, en Marbella Milla de Oro\" \/>\n\t\t\t\t<\/div>\n\t\t\t\t\t\t\t\t<div class=\"f-carousel__slide\">\n\t\t\t\t\t<img class=\"wpb--image-fit\" loading=\"lazy\" data-lazy-src=\"\/wp-content\/plugins\/inmobaliaplugin\/image.php?u=B98Le8~d7M9k3DegpEFZhS0lI_F8U4XZVz~HWxt~mGgYekxX9nCAxh0ZjtE2u9zqepXEUrVLqfm8KeIGW6Gtyd4X9W88Pf4a4hBR00Rvd_g7YTM5sDkpczpzo0e6tjJ38ygud~XPUMnNcJGSlY2x60wttLadmB9RHA--&i=696624-10&s=500&f=sale&r=1.5&ro=exact&k=10\" alt=\"Hermosa playa de primera l\u00ednea, casa de cuatro dormitorios en la prestigiosa comunidad de Marbellamar, en Marbella Milla de Oro\" \/>\n\t\t\t\t<\/div>\n\t\t\t\t\t\t\t\t<div class=\"f-carousel__slide\">\n\t\t\t\t\t<img class=\"wpb--image-fit\" loading=\"lazy\" data-lazy-src=\"\/wp-content\/plugins\/inmobaliaplugin\/image.php?u=B98Le8~d7M9k3DegpEFZhS0lI_F8U4XZVz~HWxt~mGgYekxX9nCAxh0ZjtE2u9zqepXEUrVLqfm8KeIGW6Gtyd4X9W88Pf4a4hBR00Rvd_g7a1J5thsho3SbQGDrpBbqM0ALIyfYypsiWCznInHoTFlQR0r8f~rH6g--&i=696624-11&s=500&f=sale&r=1.5&ro=exact&k=11\" alt=\"Hermosa playa de primera l\u00ednea, casa de cuatro dormitorios en la prestigiosa comunidad de Marbellamar, en Marbella Milla de Oro\" \/>\n\t\t\t\t<\/div>\n\t\t\t\t\t\t\t\t<div class=\"f-carousel__slide\">\n\t\t\t\t\t<img class=\"wpb--image-fit\" loading=\"lazy\" data-lazy-src=\"\/wp-content\/plugins\/inmobaliaplugin\/image.php?u=B98Le8~d7M9k3DegpEFZhS0lI_F8U4XZVz~HWxt~mGgYekxX9nCAxh0ZjtE2u9zqepXEUrVLqfm8KeIGW6Gtyd4X9W88Pf4a4hBR00Rvd_g7Nh6_Z3yogdMZjc2~Dsc2YXuX1an~4G_KEwA~_9JuM61sl9EQgGX7Kw--&i=696624-12&s=500&f=sale&r=1.5&ro=exact&k=12\" alt=\"Hermosa playa de primera l\u00ednea, casa de cuatro dormitorios en la prestigiosa comunidad de Marbellamar, en Marbella Milla de Oro\" \/>\n\t\t\t\t<\/div>\n\t\t\t\t\t\t\t\t<div class=\"f-carousel__slide\">\n\t\t\t\t\t<img class=\"wpb--image-fit\" loading=\"lazy\" data-lazy-src=\"\/wp-content\/plugins\/inmobaliaplugin\/image.php?u=B98Le8~d7M9k3DegpEFZhS0lI_F8U4XZVz~HWxt~mGgYekxX9nCAxh0ZjtE2u9zqepXEUrVLqfm8KeIGW6Gtyd4X9W88Pf4a4hBR00Rvd_g7NVzU3kqxl4D2S6ZyHzYR9TvY9fD3Ke9X7YMDa5xGCXaOhudngJeY~A--&i=696624-13&s=500&f=sale&r=1.5&ro=exact&k=13\" alt=\"Hermosa playa de primera l\u00ednea, casa de cuatro dormitorios en la prestigiosa comunidad de Marbellamar, en Marbella Milla de Oro\" \/>\n\t\t\t\t<\/div>\n\t\t\t\t\t\t\t\t<div class=\"f-carousel__slide\">\n\t\t\t\t\t<img class=\"wpb--image-fit\" loading=\"lazy\" data-lazy-src=\"\/wp-content\/plugins\/inmobaliaplugin\/image.php?u=B98Le8~d7M9k3DegpEFZhS0lI_F8U4XZVz~HWxt~mGgYekxX9nCAxh0ZjtE2u9zqepXEUrVLqfm8KeIGW6Gtyd4X9W88Pf4a4hBR00Rvd_g7N6m~ABxnLgoGdvXpDzVfIUbN5JCFAC5R~VvR87cM8hW9rSn0Ib19rQ--&i=696624-14&s=500&f=sale&r=1.5&ro=exact&k=14\" alt=\"Hermosa playa de primera l\u00ednea, casa de cuatro dormitorios en la prestigiosa comunidad de Marbellamar, en Marbella Milla de Oro\" \/>\n\t\t\t\t<\/div>\n\t\t\t\t\t\t\t\t<div class=\"f-carousel__slide\">\n\t\t\t\t\t<img class=\"wpb--image-fit\" loading=\"lazy\" data-lazy-src=\"\/wp-content\/plugins\/inmobaliaplugin\/image.php?u=B98Le8~d7M9k3DegpEFZhS0lI_F8U4XZVz~HWxt~mGgYekxX9nCAxh0ZjtE2u9zqepXEUrVLqfm8KeIGW6Gtyd4X9W88Pf4a4hBR00Rvd_g7Y_WdyUgtYTW7q8OCLfGKyZIGDITAzDhb8O~Zy9XujNjWty~nYWZT_w--&i=696624-15&s=500&f=sale&r=1.5&ro=exact&k=15\" alt=\"Hermosa playa de primera l\u00ednea, casa de cuatro dormitorios en la prestigiosa comunidad de Marbellamar, en Marbella Milla de Oro\" \/>\n\t\t\t\t<\/div>\n\t\t\t\t\t\t\t\t<div class=\"f-carousel__slide\">\n\t\t\t\t\t<img class=\"wpb--image-fit\" loading=\"lazy\" data-lazy-src=\"\/wp-content\/plugins\/inmobaliaplugin\/image.php?u=B98Le8~d7M9k3DegpEFZhS0lI_F8U4XZVz~HWxt~mGgYekxX9nCAxh0ZjtE2u9zqepXEUrVLqfm8KeIGW6Gtyd4X9W88Pf4a4hBR00Rvd_g7ZZtjxddUDHB3UEsN1npQtAOFtOTIJzc75b2sTZwNwutKOd0nLEe1kg--&i=696624-16&s=500&f=sale&r=1.5&ro=exact&k=16\" alt=\"Hermosa playa de primera l\u00ednea, casa de cuatro dormitorios en la prestigiosa comunidad de Marbellamar, en Marbella Milla de Oro\" \/>\n\t\t\t\t<\/div>\n\t\t\t\t\t\t\t\t<div class=\"f-carousel__slide\">\n\t\t\t\t\t<img class=\"wpb--image-fit\" loading=\"lazy\" data-lazy-src=\"\/wp-content\/plugins\/inmobaliaplugin\/image.php?u=B98Le8~d7M9k3DegpEFZhS0lI_F8U4XZVz~HWxt~mGgYekxX9nCAxh0ZjtE2u9zqepXEUrVLqfm8KeIGW6Gtyd4X9W88Pf4a4hBR00Rvd_g7ZxwZL6u7XYh0oU1NSkuAGSuEH~rVZa6eHX7DUSa8ZFxybOc_pArgCg--&i=696624-17&s=500&f=sale&r=1.5&ro=exact&k=17\" alt=\"Hermosa playa de primera l\u00ednea, casa de cuatro dormitorios en la prestigiosa comunidad de Marbellamar, en Marbella Milla de Oro\" \/>\n\t\t\t\t<\/div>\n\t\t\t\t\t\t\t\t<div class=\"f-carousel__slide\">\n\t\t\t\t\t<img class=\"wpb--image-fit\" loading=\"lazy\" data-lazy-src=\"\/wp-content\/plugins\/inmobaliaplugin\/image.php?u=B98Le8~d7M9k3DegpEFZhS0lI_F8U4XZVz~HWxt~mGgYekxX9nCAxh0ZjtE2u9zqepXEUrVLqfm8KeIGW6Gtyd4X9W88Pf4a4hBR00Rvd_g7Zx9j7nRfjlZC4f8xgsjjHWeZqtrMAlh2cFccf7bQaY8sGjHRZHR3lA--&i=696624-18&s=500&f=sale&r=1.5&ro=exact&k=18\" alt=\"Hermosa playa de primera l\u00ednea, casa de cuatro dormitorios en la prestigiosa comunidad de Marbellamar, en Marbella Milla de Oro\" \/>\n\t\t\t\t<\/div>\n\t\t\t\t\t\t\t\t<div class=\"f-carousel__slide\">\n\t\t\t\t\t<img class=\"wpb--image-fit\" loading=\"lazy\" data-lazy-src=\"\/wp-content\/plugins\/inmobaliaplugin\/image.php?u=B98Le8~d7M9k3DegpEFZhS0lI_F8U4XZVz~HWxt~mGgYekxX9nCAxh0ZjtE2u9zqepXEUrVLqfm8KeIGW6Gtyd4X9W88Pf4a4hBR00Rvd_g7Y_WZQduiWvufFzhObG0kOD6dMFNN~o3X9TKt4JrfAKOgMW05_9Ujsw--&i=696624-19&s=500&f=sale&r=1.5&ro=exact&k=19\" alt=\"Hermosa playa de primera l\u00ednea, casa de cuatro dormitorios en la prestigiosa comunidad de Marbellamar, en Marbella Milla de Oro\" \/>\n\t\t\t\t<\/div>\n\t\t\t\t\t\t\t\t<div class=\"f-carousel__slide\">\n\t\t\t\t\t<img class=\"wpb--image-fit\" loading=\"lazy\" data-lazy-src=\"\/wp-content\/plugins\/inmobaliaplugin\/image.php?u=B98Le8~d7M9k3DegpEFZhS0lI_F8U4XZVz~HWxt~mGgYekxX9nCAxh0ZjtE2u9zqepXEUrVLqfm8KeIGW6Gtyd4X9W88Pf4a4hBR00Rvd_g7Y_j2Gd8mNbcs5RRftoQ4CwILo6~gSFdxBHxVU4cVwibrmNRKv43Ozw--&i=696624-20&s=500&f=sale&r=1.5&ro=exact&k=20\" alt=\"Hermosa playa de primera l\u00ednea, casa de cuatro dormitorios en la prestigiosa comunidad de Marbellamar, en Marbella Milla de Oro\" \/>\n\t\t\t\t<\/div>\n\t\t\t\t\t\t\t\t<div class=\"f-carousel__slide\">\n\t\t\t\t\t<img class=\"wpb--image-fit\" loading=\"lazy\" data-lazy-src=\"\/wp-content\/plugins\/inmobaliaplugin\/image.php?u=B98Le8~d7M9k3DegpEFZhS0lI_F8U4XZVz~HWxt~mGgYekxX9nCAxh0ZjtE2u9zqepXEUrVLqfm8KeIGW6Gtyd4X9W88Pf4a4hBR00Rvd_g7Nkh_vMq6FBcyAKR24M8BHVLO5cuzfty4u50l14BVi2XQDnir53Ih9w--&i=696624-21&s=500&f=sale&r=1.5&ro=exact&k=21\" alt=\"Hermosa playa de primera l\u00ednea, casa de cuatro dormitorios en la prestigiosa comunidad de Marbellamar, en Marbella Milla de Oro\" \/>\n\t\t\t\t<\/div>\n\t\t\t\t\t\t\t\t<div class=\"f-carousel__slide\">\n\t\t\t\t\t<img class=\"wpb--image-fit\" loading=\"lazy\" data-lazy-src=\"\/wp-content\/plugins\/inmobaliaplugin\/image.php?u=B98Le8~d7M9k3DegpEFZhS0lI_F8U4XZVz~HWxt~mGgYekxX9nCAxh0ZjtE2u9zqepXEUrVLqfm8KeIGW6Gtyd4X9W88Pf4a4hBR00Rvd_g7Zc5RiSyfa4uk5arJjI~akj~GAiVs6B8dJ4l9hXXU8mskmYKruTWZdQ--&i=696624-22&s=500&f=sale&r=1.5&ro=exact&k=22\" alt=\"Hermosa playa de primera l\u00ednea, casa de cuatro dormitorios en la prestigiosa comunidad de Marbellamar, en Marbella Milla de Oro\" \/>\n\t\t\t\t<\/div>\n\t\t\t\t\t\t\t\t<div class=\"f-carousel__slide\">\n\t\t\t\t\t<img class=\"wpb--image-fit\" loading=\"lazy\" data-lazy-src=\"\/wp-content\/plugins\/inmobaliaplugin\/image.php?u=B98Le8~d7M9k3DegpEFZhS0lI_F8U4XZVz~HWxt~mGgYekxX9nCAxh0ZjtE2u9zqepXEUrVLqfm8KeIGW6Gtyd4X9W88Pf4a4hBR00Rvd_g7Y_CXHmOUnLMPRuabFv7cBuxLVI_MwO9XJYhVzo69f5FxDW_Z4iCRPw--&i=696624-23&s=500&f=sale&r=1.5&ro=exact&k=23\" alt=\"Hermosa playa de primera l\u00ednea, casa de cuatro dormitorios en la prestigiosa comunidad de Marbellamar, en Marbella Milla de Oro\" \/>\n\t\t\t\t<\/div>\n\t\t\t\t\t\t\t\t<div class=\"f-carousel__slide\">\n\t\t\t\t\t<img class=\"wpb--image-fit\" loading=\"lazy\" data-lazy-src=\"\/wp-content\/plugins\/inmobaliaplugin\/image.php?u=B98Le8~d7M9k3DegpEFZhS0lI_F8U4XZVz~HWxt~mGgYekxX9nCAxh0ZjtE2u9zqepXEUrVLqfm8KeIGW6Gtyd4X9W88Pf4a4hBR00Rvd_g7aq1gpKnYh84LrEJJB6z16_ES2ax16I9Kc5tZGXuX9vWfJZfQD6y49g--&i=696624-24&s=500&f=sale&r=1.5&ro=exact&k=24\" alt=\"Hermosa playa de primera l\u00ednea, casa de cuatro dormitorios en la prestigiosa comunidad de Marbellamar, en Marbella Milla de Oro\" \/>\n\t\t\t\t<\/div>\n\t\t\t\t\t\t\t\t<div class=\"f-carousel__slide\">\n\t\t\t\t\t<img class=\"wpb--image-fit\" loading=\"lazy\" data-lazy-src=\"\/wp-content\/plugins\/inmobaliaplugin\/image.php?u=B98Le8~d7M9k3DegpEFZhS0lI_F8U4XZVz~HWxt~mGgYekxX9nCAxh0ZjtE2u9zqepXEUrVLqfm8KeIGW6Gtyd4X9W88Pf4a4hBR00Rvd_g7Yvj4MG59dUHqRlW1SCMRdoUck25x5g~H9B7rTaAaXZAkX6M96PlkCw--&i=696624-25&s=500&f=sale&r=1.5&ro=exact&k=25\" alt=\"Hermosa playa de primera l\u00ednea, casa de cuatro dormitorios en la prestigiosa comunidad de Marbellamar, en Marbella Milla de Oro\" \/>\n\t\t\t\t<\/div>\n\t\t\t\t\t\t\t\t<div class=\"f-carousel__slide\">\n\t\t\t\t\t<img class=\"wpb--image-fit\" loading=\"lazy\" data-lazy-src=\"\/wp-content\/plugins\/inmobaliaplugin\/image.php?u=B98Le8~d7M9k3DegpEFZhS0lI_F8U4XZVz~HWxt~mGgYekxX9nCAxh0ZjtE2u9zqepXEUrVLqfm8KeIGW6Gtyd4X9W88Pf4a4hBR00Rvd_g7YTSda2FgrpMM2RxDMLVzzZNEUeP6hH9XCkxLBDiuF8hPy3ZpLYoQWw--&i=696624-26&s=500&f=sale&r=1.5&ro=exact&k=26\" alt=\"Hermosa playa de primera l\u00ednea, casa de cuatro dormitorios en la prestigiosa comunidad de Marbellamar, en Marbella Milla de Oro\" \/>\n\t\t\t\t<\/div>\n\t\t\t\t\t\t\t\t<div class=\"f-carousel__slide\">\n\t\t\t\t\t<img class=\"wpb--image-fit\" loading=\"lazy\" data-lazy-src=\"\/wp-content\/plugins\/inmobaliaplugin\/image.php?u=B98Le8~d7M9k3DegpEFZhS0lI_F8U4XZVz~HWxt~mGgYekxX9nCAxh0ZjtE2u9zqepXEUrVLqfm8KeIGW6Gtyd4X9W88Pf4a4hBR00Rvd_g7MDV6azMrL8UKVg7LRbDQ4iDIcfBoRP7Tpk_0xzdVECcAZxOIY0Or7w--&i=696624-27&s=500&f=sale&r=1.5&ro=exact&k=27\" alt=\"Hermosa playa de primera l\u00ednea, casa de cuatro dormitorios en la prestigiosa comunidad de Marbellamar, en Marbella Milla de Oro\" \/>\n\t\t\t\t<\/div>\n\t\t\t\t\t\t\t\t<div class=\"f-carousel__slide\">\n\t\t\t\t\t<img class=\"wpb--image-fit\" loading=\"lazy\" data-lazy-src=\"\/wp-content\/plugins\/inmobaliaplugin\/image.php?u=B98Le8~d7M9k3DegpEFZhS0lI_F8U4XZVz~HWxt~mGgYekxX9nCAxh0ZjtE2u9zqepXEUrVLqfm8KeIGW6Gtyd4X9W88Pf4a4hBR00Rvd_g7MqZKYvKqPd~LBotRQxwoD6b0ksGsetpNLruaAA433e29oPi_iUO1CQ--&i=696624-28&s=500&f=sale&r=1.5&ro=exact&k=28\" alt=\"Hermosa playa de primera l\u00ednea, casa de cuatro dormitorios en la prestigiosa comunidad de Marbellamar, en Marbella Milla de Oro\" \/>\n\t\t\t\t<\/div>\n\t\t\t\t\t\t\t\t<div class=\"f-carousel__slide\">\n\t\t\t\t\t<img class=\"wpb--image-fit\" loading=\"lazy\" data-lazy-src=\"\/wp-content\/plugins\/inmobaliaplugin\/image.php?u=B98Le8~d7M9k3DegpEFZhS0lI_F8U4XZVz~HWxt~mGgYekxX9nCAxh0ZjtE2u9zqepXEUrVLqfm8KeIGW6Gtyd4X9W88Pf4a4hBR00Rvd_g7YqppfiopIk2d7W8fT5cnFCplNJu3MXWX3sWHt8XCo4mq8OAff24mRA--&i=696624-29&s=500&f=sale&r=1.5&ro=exact&k=29\" alt=\"Hermosa playa de primera l\u00ednea, casa de cuatro dormitorios en la prestigiosa comunidad de Marbellamar, en Marbella Milla de Oro\" \/>\n\t\t\t\t<\/div>\n\t\t\t\t\t\t\t\t<div class=\"f-carousel__slide\">\n\t\t\t\t\t<img class=\"wpb--image-fit\" loading=\"lazy\" data-lazy-src=\"\/wp-content\/plugins\/inmobaliaplugin\/image.php?u=B98Le8~d7M9k3DegpEFZhS0lI_F8U4XZVz~HWxt~mGgYekxX9nCAxh0ZjtE2u9zqepXEUrVLqfm8KeIGW6Gtyd4X9W88Pf4a4hBR00Rvd_g7ZckAdiIGLmV4iwrlsQuZvO8701FmRnDeaSpYF0LxGscQ_m6Ah_q6Yw--&i=696624-30&s=500&f=sale&r=1.5&ro=exact&k=30\" alt=\"Hermosa playa de primera l\u00ednea, casa de cuatro dormitorios en la prestigiosa comunidad de Marbellamar, en Marbella Milla de Oro\" \/>\n\t\t\t\t<\/div>\n\t\t\t\t\t\t\t<\/div>\n\t\t\t\t\t<\/div>\n\t\t<div class=\"wpb--action-container\">\n\t\t\t <button>Ver detalles<\/button>\n\t\t<\/div>\n\t<\/div>\n\t<div class=\"wpb--card-body\">\n\t\t<span class=\"wpb--card-body-location\"><span>5837MLTH<\/span> | Marbellamar - Marbella Golden Mile<\/span>\n\t\t<h2 class=\"wpb--card-title\">\n\t\t\t<a class=\"wpb--stretched-link\" href=\"\/es\/propiedad\/venta-marbellamar-adosado-696624\">\n\t\t\t\tHermosa playa de primera l\u00ednea, casa de cuatro dormitorios en la prestigiosa comunidad de Marbellamar, en Marbella Milla de Oro\t\t\t<\/a>\n\t\t<\/h2>\n\t\t<div class=\"wpb--card-data\">\n\t\t\t<div class=\"wpb--card-locationref\">\n\t\t\t\t<ul class=\"wpb--card-features\">\n\t\t\t\t\t\t\t\t\t\t<li>4  Dormitorios<\/li>\n\t\t\t\t\t\t\t\t\t\t<li>4  Ba\u00f1os<\/li>\n\t\t\t\t\t\t\t\t\t\t<li>278 m&sup2; Const.<\/li>\n\t\t\t\t\t\t\t\t\t<\/ul>\n\t\t\t<\/div>\n\t\t\t<div class=\"wpb--card-price\">\n\t\t\t\t3.950.000 &euro;\t\t\t<\/div>\n\t\t<\/div>\n\t<\/div>\n<\/div>\t<\/div>\r\n\t<!-- Go to the full list -->\r\n\t\t<div class=\"wpb--center\">\r\n\t\t<a class=\"wpb--btn-outline\" href=\"https:\/\/www.luxurylivingmarbella.com\/es\/propiedades?l=es&f=sale&t=T3\">Ver todo<\/a>\r\n\t<\/div>\r\n\t\n<\/div>\n\n\n\n<section class=\"wp-block-group jaleo-page-related-links has-global-padding is-layout-constrained wp-block-group-is-layout-constrained\">\n<h2 class=\"wp-block-heading\" style=\"margin-top:var(--wp--preset--spacing--50)\">ver todas las casas en venta<\/h2>\n\n\n<ul class=\"wp-block-page-list\"><li class=\"wp-block-pages-list__item\"><a class=\"wp-block-pages-list__item__link\" href=\"https:\/\/www.luxurylivingmarbella.com\/es\/casas\/marbella\">Casas en venta en Marbella<\/a><\/li><li class=\"wp-block-pages-list__item\"><a class=\"wp-block-pages-list__item__link\" href=\"https:\/\/www.luxurylivingmarbella.com\/es\/casas\/estepona\">Casas en venta en Estepona<\/a><\/li><li class=\"wp-block-pages-list__item\"><a class=\"wp-block-pages-list__item__link\" href=\"https:\/\/www.luxurylivingmarbella.com\/es\/casas\/benahavis\">Casas en venta en Benahav\u00eds<\/a><\/li><li class=\"wp-block-pages-list__item\"><a class=\"wp-block-pages-list__item__link\" href=\"https:\/\/www.luxurylivingmarbella.com\/es\/casas\/nueva-andalucia\">Casas en venta en Nueva Andaluc\u00eda<\/a><\/li><li class=\"wp-block-pages-list__item\"><a class=\"wp-block-pages-list__item__link\" href=\"https:\/\/www.luxurylivingmarbella.com\/es\/casas\/marbella-milla-de-oro\">Casas en venta en la Milla de Oro de Marbella<\/a><\/li><\/ul><\/section>\n","protected":false},"excerpt":{"rendered":"<p>Casas en venta en marbella y la costa del sol ver todas las casas en venta<\/p>\n","protected":false},"author":2,"featured_media":0,"parent":0,"menu_order":10,"comment_status":"closed","ping_status":"closed","template":"","meta":{"_acf_changed":false,"footnotes":""},"class_list":["post-544","page","type-page","status-publish","hentry"],"acf":[],"_links":{"self":[{"href":"https:\/\/www.luxurylivingmarbella.com\/es\/wp-json\/wp\/v2\/pages\/544","targetHints":{"allow":["GET"]}}],"collection":[{"href":"https:\/\/www.luxurylivingmarbella.com\/es\/wp-json\/wp\/v2\/pages"}],"about":[{"href":"https:\/\/www.luxurylivingmarbella.com\/es\/wp-json\/wp\/v2\/types\/page"}],"author":[{"embeddable":true,"href":"https:\/\/www.luxurylivingmarbella.com\/es\/wp-json\/wp\/v2\/users\/2"}],"replies":[{"embeddable":true,"href":"https:\/\/www.luxurylivingmarbella.com\/es\/wp-json\/wp\/v2\/comments?post=544"}],"version-history":[{"count":1,"href":"https:\/\/www.luxurylivingmarbella.com\/es\/wp-json\/wp\/v2\/pages\/544\/revisions"}],"predecessor-version":[{"id":947,"href":"https:\/\/www.luxurylivingmarbella.com\/es\/wp-json\/wp\/v2\/pages\/544\/revisions\/947"}],"wp:attachment":[{"href":"https:\/\/www.luxurylivingmarbella.com\/es\/wp-json\/wp\/v2\/media?parent=544"}],"curies":[{"name":"wp","href":"https:\/\/api.w.org\/{rel}","templated":true}]}}